{"id":946,"date":"2012-06-22T22:30:14","date_gmt":"2012-06-22T20:30:14","guid":{"rendered":"http:\/\/www.fannywalz.com\/fw\/?post_type=portfolio&#038;p=946"},"modified":"2016-08-23T22:17:07","modified_gmt":"2016-08-23T20:17:07","slug":"edition-livre-conte-moi-droits-homme","status":"publish","type":"portfolio","link":"https:\/\/www.fannywalz.com\/fw\/portfolio\/edition-livre-conte-moi-droits-homme\/","title":{"rendered":"Conte-moi les droits de l&rsquo;homme"},"content":{"rendered":"<div class=\"tiled-gallery type-rectangular tiled-gallery-unresized\" data-original-width=\"480\" data-carousel-extra='{&quot;blog_id&quot;:1,&quot;permalink&quot;:&quot;https:\\\/\\\/www.fannywalz.com\\\/fw\\\/portfolio\\\/edition-livre-conte-moi-droits-homme\\\/&quot;,&quot;likes_blog_id&quot;:112652587}' itemscope itemtype=\"http:\/\/schema.org\/ImageGallery\" > <div class=\"gallery-row\" style=\"width: 480px; height: 195px;\" data-original-width=\"480\" data-original-height=\"195\" > <div class=\"gallery-group images-1\" style=\"width: 160px; height: 195px;\" data-original-width=\"160\" data-original-height=\"195\" > <div class=\"tiled-gallery-item tiled-gallery-item-small\" itemprop=\"associatedMedia\" itemscope itemtype=\"http:\/\/schema.org\/ImageObject\"> <a href=\"https:\/\/www.fannywalz.com\/fw\/portfolio\/edition-livre-conte-moi-droits-homme\/conte-moi-les-droits-de-lhomme-regards-denfants-couverture\/\" border=\"0\" itemprop=\"url\"> <meta itemprop=\"width\" content=\"156\"> <meta itemprop=\"height\" content=\"191\"> <img decoding=\"async\" class=\"\" data-attachment-id=\"2213\" data-orig-file=\"https:\/\/www.fannywalz.com\/fw\/wp-content\/uploads\/2012\/06\/Conte-moi-les-droits-de-lhomme-Regards-denfants-couverture.jpg\" data-orig-size=\"516,631\" data-comments-opened=\"\" data-image-meta=\"{&quot;aperture&quot;:&quot;0&quot;,&quot;credit&quot;:&quot;&quot;,&quot;camera&quot;:&quot;&quot;,&quot;caption&quot;:&quot;&quot;,&quot;created_timestamp&quot;:&quot;0&quot;,&quot;copyright&quot;:&quot;&quot;,&quot;focal_length&quot;:&quot;0&quot;,&quot;iso&quot;:&quot;0&quot;,&quot;shutter_speed&quot;:&quot;0&quot;,&quot;title&quot;:&quot;&quot;,&quot;orientation&quot;:&quot;1&quot;}\" data-image-title=\"Conte moi les droits de l&amp;rsquo;homme &#8211; Regards d&amp;rsquo;enfants &#8211; couverture\" data-image-description=\"\" data-medium-file=\"https:\/\/i0.wp.com\/www.fannywalz.com\/fw\/wp-content\/uploads\/2012\/06\/Conte-moi-les-droits-de-lhomme-Regards-denfants-couverture.jpg?fit=409%2C500&#038;ssl=1\" data-large-file=\"https:\/\/i0.wp.com\/www.fannywalz.com\/fw\/wp-content\/uploads\/2012\/06\/Conte-moi-les-droits-de-lhomme-Regards-denfants-couverture.jpg?fit=480%2C587&#038;ssl=1\" src=\"https:\/\/i0.wp.com\/www.fannywalz.com\/fw\/wp-content\/uploads\/2012\/06\/Conte-moi-les-droits-de-lhomme-Regards-denfants-couverture.jpg?w=156&#038;h=191&#038;ssl=1\" srcset=\"https:\/\/i0.wp.com\/www.fannywalz.com\/fw\/wp-content\/uploads\/2012\/06\/Conte-moi-les-droits-de-lhomme-Regards-denfants-couverture.jpg?w=516&amp;ssl=1 516w, https:\/\/i0.wp.com\/www.fannywalz.com\/fw\/wp-content\/uploads\/2012\/06\/Conte-moi-les-droits-de-lhomme-Regards-denfants-couverture.jpg?resize=250%2C306&amp;ssl=1 250w, https:\/\/i0.wp.com\/www.fannywalz.com\/fw\/wp-content\/uploads\/2012\/06\/Conte-moi-les-droits-de-lhomme-Regards-denfants-couverture.jpg?resize=409%2C500&amp;ssl=1 409w\" width=\"156\" height=\"191\" loading=\"lazy\" data-original-width=\"156\" data-original-height=\"191\" itemprop=\"http:\/\/schema.org\/image\" title=\"Conte moi les droits de l&#039;homme - Regards d&#039;enfants - couverture\" alt=\"Conte moi les droits de l&#039;homme - Regards d&#039;enfants - couverture\" style=\"width: 156px; height: 191px;\" \/> <\/a> <\/div> <\/div> <!-- close group --> <div class=\"gallery-group images-1\" style=\"width: 160px; height: 195px;\" data-original-width=\"160\" data-original-height=\"195\" > <div class=\"tiled-gallery-item tiled-gallery-item-small\" itemprop=\"associatedMedia\" itemscope itemtype=\"http:\/\/schema.org\/ImageObject\"> <a href=\"https:\/\/www.fannywalz.com\/fw\/portfolio\/edition-livre-conte-moi-droits-homme\/conte-moi-les-droits-de-lhomme-regards-denfants-page14\/\" border=\"0\" itemprop=\"url\"> <meta itemprop=\"width\" content=\"156\"> <meta itemprop=\"height\" content=\"191\"> <img decoding=\"async\" class=\"\" data-attachment-id=\"2214\" data-orig-file=\"https:\/\/www.fannywalz.com\/fw\/wp-content\/uploads\/2012\/06\/Conte-moi-les-droits-de-lhomme-Regards-denfants-page14.jpg\" data-orig-size=\"516,631\" data-comments-opened=\"\" data-image-meta=\"{&quot;aperture&quot;:&quot;0&quot;,&quot;credit&quot;:&quot;&quot;,&quot;camera&quot;:&quot;&quot;,&quot;caption&quot;:&quot;&quot;,&quot;created_timestamp&quot;:&quot;0&quot;,&quot;copyright&quot;:&quot;&quot;,&quot;focal_length&quot;:&quot;0&quot;,&quot;iso&quot;:&quot;0&quot;,&quot;shutter_speed&quot;:&quot;0&quot;,&quot;title&quot;:&quot;&quot;,&quot;orientation&quot;:&quot;1&quot;}\" data-image-title=\"Conte moi les droits de l&amp;rsquo;homme &#8211; Regards d&amp;rsquo;enfants &#8211; page14\" data-image-description=\"\" data-medium-file=\"https:\/\/i0.wp.com\/www.fannywalz.com\/fw\/wp-content\/uploads\/2012\/06\/Conte-moi-les-droits-de-lhomme-Regards-denfants-page14.jpg?fit=409%2C500&#038;ssl=1\" data-large-file=\"https:\/\/i0.wp.com\/www.fannywalz.com\/fw\/wp-content\/uploads\/2012\/06\/Conte-moi-les-droits-de-lhomme-Regards-denfants-page14.jpg?fit=480%2C587&#038;ssl=1\" src=\"https:\/\/i0.wp.com\/www.fannywalz.com\/fw\/wp-content\/uploads\/2012\/06\/Conte-moi-les-droits-de-lhomme-Regards-denfants-page14.jpg?w=156&#038;h=191&#038;ssl=1\" srcset=\"https:\/\/i0.wp.com\/www.fannywalz.com\/fw\/wp-content\/uploads\/2012\/06\/Conte-moi-les-droits-de-lhomme-Regards-denfants-page14.jpg?w=516&amp;ssl=1 516w, https:\/\/i0.wp.com\/www.fannywalz.com\/fw\/wp-content\/uploads\/2012\/06\/Conte-moi-les-droits-de-lhomme-Regards-denfants-page14.jpg?resize=250%2C306&amp;ssl=1 250w, https:\/\/i0.wp.com\/www.fannywalz.com\/fw\/wp-content\/uploads\/2012\/06\/Conte-moi-les-droits-de-lhomme-Regards-denfants-page14.jpg?resize=409%2C500&amp;ssl=1 409w\" width=\"156\" height=\"191\" loading=\"lazy\" data-original-width=\"156\" data-original-height=\"191\" itemprop=\"http:\/\/schema.org\/image\" title=\"Conte moi les droits de l&#039;homme - Regards d&#039;enfants - page14\" alt=\"Conte moi les droits de l&#039;homme - Regards d&#039;enfants - page14\" style=\"width: 156px; height: 191px;\" \/> <\/a> <\/div> <\/div> <!-- close group --> <div class=\"gallery-group images-1\" style=\"width: 160px; height: 195px;\" data-original-width=\"160\" data-original-height=\"195\" > <div class=\"tiled-gallery-item tiled-gallery-item-small\" itemprop=\"associatedMedia\" itemscope itemtype=\"http:\/\/schema.org\/ImageObject\"> <a href=\"https:\/\/www.fannywalz.com\/fw\/portfolio\/edition-livre-conte-moi-droits-homme\/conte-moi-les-droits-de-lhomme-regards-denfants-page15\/\" border=\"0\" itemprop=\"url\"> <meta itemprop=\"width\" content=\"156\"> <meta itemprop=\"height\" content=\"191\"> <img decoding=\"async\" class=\"\" data-attachment-id=\"2215\" data-orig-file=\"https:\/\/www.fannywalz.com\/fw\/wp-content\/uploads\/2012\/06\/Conte-moi-les-droits-de-lhomme-Regards-denfants-page15.jpg\" data-orig-size=\"516,631\" data-comments-opened=\"\" data-image-meta=\"{&quot;aperture&quot;:&quot;0&quot;,&quot;credit&quot;:&quot;&quot;,&quot;camera&quot;:&quot;&quot;,&quot;caption&quot;:&quot;&quot;,&quot;created_timestamp&quot;:&quot;0&quot;,&quot;copyright&quot;:&quot;&quot;,&quot;focal_length&quot;:&quot;0&quot;,&quot;iso&quot;:&quot;0&quot;,&quot;shutter_speed&quot;:&quot;0&quot;,&quot;title&quot;:&quot;&quot;,&quot;orientation&quot;:&quot;1&quot;}\" data-image-title=\"Conte moi les droits de l&amp;rsquo;homme &#8211; Regards d&amp;rsquo;enfants &#8211; page15\" data-image-description=\"\" data-medium-file=\"https:\/\/i0.wp.com\/www.fannywalz.com\/fw\/wp-content\/uploads\/2012\/06\/Conte-moi-les-droits-de-lhomme-Regards-denfants-page15.jpg?fit=409%2C500&#038;ssl=1\" data-large-file=\"https:\/\/i0.wp.com\/www.fannywalz.com\/fw\/wp-content\/uploads\/2012\/06\/Conte-moi-les-droits-de-lhomme-Regards-denfants-page15.jpg?fit=480%2C587&#038;ssl=1\" src=\"https:\/\/i0.wp.com\/www.fannywalz.com\/fw\/wp-content\/uploads\/2012\/06\/Conte-moi-les-droits-de-lhomme-Regards-denfants-page15.jpg?w=156&#038;h=191&#038;ssl=1\" srcset=\"https:\/\/i0.wp.com\/www.fannywalz.com\/fw\/wp-content\/uploads\/2012\/06\/Conte-moi-les-droits-de-lhomme-Regards-denfants-page15.jpg?w=516&amp;ssl=1 516w, https:\/\/i0.wp.com\/www.fannywalz.com\/fw\/wp-content\/uploads\/2012\/06\/Conte-moi-les-droits-de-lhomme-Regards-denfants-page15.jpg?resize=250%2C306&amp;ssl=1 250w, https:\/\/i0.wp.com\/www.fannywalz.com\/fw\/wp-content\/uploads\/2012\/06\/Conte-moi-les-droits-de-lhomme-Regards-denfants-page15.jpg?resize=409%2C500&amp;ssl=1 409w\" width=\"156\" height=\"191\" loading=\"lazy\" data-original-width=\"156\" data-original-height=\"191\" itemprop=\"http:\/\/schema.org\/image\" title=\"Conte moi les droits de l&#039;homme - Regards d&#039;enfants - page15\" alt=\"Conte moi les droits de l&#039;homme - Regards d&#039;enfants - page15\" style=\"width: 156px; height: 191px;\" \/> <\/a> <\/div> <\/div> <!-- close group --> <\/div> <!-- close row --> <div class=\"gallery-row\" style=\"width: 480px; height: 293px;\" data-original-width=\"480\" data-original-height=\"293\" > <div class=\"gallery-group images-1\" style=\"width: 240px; height: 293px;\" data-original-width=\"240\" data-original-height=\"293\" > <div class=\"tiled-gallery-item tiled-gallery-item-small\" itemprop=\"associatedMedia\" itemscope itemtype=\"http:\/\/schema.org\/ImageObject\"> <a href=\"https:\/\/www.fannywalz.com\/fw\/portfolio\/edition-livre-conte-moi-droits-homme\/conte-moi-les-droits-de-lhomme-regards-denfants-page40\/\" border=\"0\" itemprop=\"url\"> <meta itemprop=\"width\" content=\"236\"> <meta itemprop=\"height\" content=\"289\"> <img decoding=\"async\" class=\"\" data-attachment-id=\"2216\" data-orig-file=\"https:\/\/www.fannywalz.com\/fw\/wp-content\/uploads\/2012\/06\/Conte-moi-les-droits-de-lhomme-Regards-denfants-page40.jpg\" data-orig-size=\"516,631\" data-comments-opened=\"\" data-image-meta=\"{&quot;aperture&quot;:&quot;0&quot;,&quot;credit&quot;:&quot;&quot;,&quot;camera&quot;:&quot;&quot;,&quot;caption&quot;:&quot;&quot;,&quot;created_timestamp&quot;:&quot;0&quot;,&quot;copyright&quot;:&quot;&quot;,&quot;focal_length&quot;:&quot;0&quot;,&quot;iso&quot;:&quot;0&quot;,&quot;shutter_speed&quot;:&quot;0&quot;,&quot;title&quot;:&quot;&quot;,&quot;orientation&quot;:&quot;1&quot;}\" data-image-title=\"Conte moi les droits de l&amp;rsquo;homme &#8211; Regards d&amp;rsquo;enfants &#8211; page40\" data-image-description=\"\" data-medium-file=\"https:\/\/i0.wp.com\/www.fannywalz.com\/fw\/wp-content\/uploads\/2012\/06\/Conte-moi-les-droits-de-lhomme-Regards-denfants-page40.jpg?fit=409%2C500&#038;ssl=1\" data-large-file=\"https:\/\/i0.wp.com\/www.fannywalz.com\/fw\/wp-content\/uploads\/2012\/06\/Conte-moi-les-droits-de-lhomme-Regards-denfants-page40.jpg?fit=480%2C587&#038;ssl=1\" src=\"https:\/\/i0.wp.com\/www.fannywalz.com\/fw\/wp-content\/uploads\/2012\/06\/Conte-moi-les-droits-de-lhomme-Regards-denfants-page40.jpg?w=236&#038;h=289&#038;ssl=1\" srcset=\"https:\/\/i0.wp.com\/www.fannywalz.com\/fw\/wp-content\/uploads\/2012\/06\/Conte-moi-les-droits-de-lhomme-Regards-denfants-page40.jpg?w=516&amp;ssl=1 516w, https:\/\/i0.wp.com\/www.fannywalz.com\/fw\/wp-content\/uploads\/2012\/06\/Conte-moi-les-droits-de-lhomme-Regards-denfants-page40.jpg?resize=250%2C306&amp;ssl=1 250w, https:\/\/i0.wp.com\/www.fannywalz.com\/fw\/wp-content\/uploads\/2012\/06\/Conte-moi-les-droits-de-lhomme-Regards-denfants-page40.jpg?resize=409%2C500&amp;ssl=1 409w\" width=\"236\" height=\"289\" loading=\"lazy\" data-original-width=\"236\" data-original-height=\"289\" itemprop=\"http:\/\/schema.org\/image\" title=\"Conte moi les droits de l&#039;homme - Regards d&#039;enfants - page40\" alt=\"Conte moi les droits de l&#039;homme - Regards d&#039;enfants - page40\" style=\"width: 236px; height: 289px;\" \/> <\/a> <\/div> <\/div> <!-- close group --> <div class=\"gallery-group images-1\" style=\"width: 240px; height: 293px;\" data-original-width=\"240\" data-original-height=\"293\" > <div class=\"tiled-gallery-item tiled-gallery-item-small\" itemprop=\"associatedMedia\" itemscope itemtype=\"http:\/\/schema.org\/ImageObject\"> <a href=\"https:\/\/www.fannywalz.com\/fw\/portfolio\/edition-livre-conte-moi-droits-homme\/conte-moi-les-droits-de-lhomme-regards-denfants-page41\/\" border=\"0\" itemprop=\"url\"> <meta itemprop=\"width\" content=\"236\"> <meta itemprop=\"height\" content=\"289\"> <img decoding=\"async\" class=\"\" data-attachment-id=\"2217\" data-orig-file=\"https:\/\/www.fannywalz.com\/fw\/wp-content\/uploads\/2012\/06\/Conte-moi-les-droits-de-lhomme-Regards-denfants-page41.jpg\" data-orig-size=\"516,631\" data-comments-opened=\"\" data-image-meta=\"{&quot;aperture&quot;:&quot;0&quot;,&quot;credit&quot;:&quot;&quot;,&quot;camera&quot;:&quot;&quot;,&quot;caption&quot;:&quot;&quot;,&quot;created_timestamp&quot;:&quot;0&quot;,&quot;copyright&quot;:&quot;&quot;,&quot;focal_length&quot;:&quot;0&quot;,&quot;iso&quot;:&quot;0&quot;,&quot;shutter_speed&quot;:&quot;0&quot;,&quot;title&quot;:&quot;&quot;,&quot;orientation&quot;:&quot;1&quot;}\" data-image-title=\"Conte moi les droits de l&amp;rsquo;homme &#8211; Regards d&amp;rsquo;enfants &#8211; page41\" data-image-description=\"\" data-medium-file=\"https:\/\/i0.wp.com\/www.fannywalz.com\/fw\/wp-content\/uploads\/2012\/06\/Conte-moi-les-droits-de-lhomme-Regards-denfants-page41.jpg?fit=409%2C500&#038;ssl=1\" data-large-file=\"https:\/\/i0.wp.com\/www.fannywalz.com\/fw\/wp-content\/uploads\/2012\/06\/Conte-moi-les-droits-de-lhomme-Regards-denfants-page41.jpg?fit=480%2C587&#038;ssl=1\" src=\"https:\/\/i0.wp.com\/www.fannywalz.com\/fw\/wp-content\/uploads\/2012\/06\/Conte-moi-les-droits-de-lhomme-Regards-denfants-page41.jpg?w=236&#038;h=289&#038;ssl=1\" srcset=\"https:\/\/i0.wp.com\/www.fannywalz.com\/fw\/wp-content\/uploads\/2012\/06\/Conte-moi-les-droits-de-lhomme-Regards-denfants-page41.jpg?w=516&amp;ssl=1 516w, https:\/\/i0.wp.com\/www.fannywalz.com\/fw\/wp-content\/uploads\/2012\/06\/Conte-moi-les-droits-de-lhomme-Regards-denfants-page41.jpg?resize=250%2C306&amp;ssl=1 250w, https:\/\/i0.wp.com\/www.fannywalz.com\/fw\/wp-content\/uploads\/2012\/06\/Conte-moi-les-droits-de-lhomme-Regards-denfants-page41.jpg?resize=409%2C500&amp;ssl=1 409w\" width=\"236\" height=\"289\" loading=\"lazy\" data-original-width=\"236\" data-original-height=\"289\" itemprop=\"http:\/\/schema.org\/image\" title=\"Conte moi les droits de l&#039;homme - Regards d&#039;enfants - page41\" alt=\"Conte moi les droits de l&#039;homme - Regards d&#039;enfants - page41\" style=\"width: 236px; height: 289px;\" \/> <\/a> <\/div> <\/div> <!-- close group --> <\/div> <!-- close row --> <\/div>\n","protected":false},"excerpt":{"rendered":"<p>R\u00e9alisation du livre pr\u00e9sentant les r\u00e9sultats<br \/>\ndu concours de conte organis\u00e9 par l\u2019association<br \/>\nRegards d\u2019Enfants aupr\u00e8s de jeunes europ\u00e9ens.<br \/>\nCr\u00e9ation originale de la couverture : maquette<br \/>\npapier des arbres et prise de vue en studio.<\/p>\n<p class=\"detail-projet\">Format 122\u2009x\u2009217\u2009mm<\/p>\n<p>96 pages<\/p>\n","protected":false},"author":1,"featured_media":947,"comment_status":"closed","ping_status":"closed","template":"","meta":{"jetpack_post_was_ever_published":false,"footnotes":""},"portfolio-category":[24],"portfolio-tag":[],"yoast_head":"<!-- This site is optimized with the Yoast SEO plugin v24.4 - https:\/\/yoast.com\/wordpress\/plugins\/seo\/ -->\n<title>Conte-moi les droits de l&#039;homme - Fanny Walz<\/title>\n<meta name=\"description\" content=\"Cr\u00e9ation graphique du livre Conte-moi les droits de l&#039;homme pr\u00e9sentant les r\u00e9sultats du concours du m\u00eame titre organis\u00e9 par l&#039;association Regards d&#039;Enfants.\" \/>\n<meta name=\"robots\" content=\"index, follow, max-snippet:-1, max-image-preview:large, max-video-preview:-1\" \/>\n<link rel=\"canonical\" href=\"https:\/\/www.fannywalz.com\/fw\/portfolio\/edition-livre-conte-moi-droits-homme\/\" \/>\n<meta property=\"og:locale\" content=\"fr_FR\" \/>\n<meta property=\"og:type\" content=\"article\" \/>\n<meta property=\"og:title\" content=\"Conte-moi les droits de l&#039;homme - Fanny Walz\" \/>\n<meta property=\"og:description\" content=\"Cr\u00e9ation graphique du livre Conte-moi les droits de l&#039;homme pr\u00e9sentant les r\u00e9sultats du concours du m\u00eame titre organis\u00e9 par l&#039;association Regards d&#039;Enfants.\" \/>\n<meta property=\"og:url\" content=\"https:\/\/www.fannywalz.com\/fw\/portfolio\/edition-livre-conte-moi-droits-homme\/\" \/>\n<meta property=\"og:site_name\" content=\"Fanny Walz\" \/>\n<meta property=\"article:modified_time\" content=\"2016-08-23T20:17:07+00:00\" \/>\n<meta property=\"og:image\" content=\"https:\/\/i0.wp.com\/www.fannywalz.com\/fw\/wp-content\/uploads\/2016\/06\/conte-moi-droits-homme_thumb.jpg?fit=315%2C315&ssl=1\" \/>\n\t<meta property=\"og:image:width\" content=\"315\" \/>\n\t<meta property=\"og:image:height\" content=\"315\" \/>\n\t<meta property=\"og:image:type\" content=\"image\/jpeg\" \/>\n<meta name=\"twitter:card\" content=\"summary_large_image\" \/>\n<script type=\"application\/ld+json\" class=\"yoast-schema-graph\">{\"@context\":\"https:\/\/schema.org\",\"@graph\":[{\"@type\":\"WebPage\",\"@id\":\"https:\/\/www.fannywalz.com\/fw\/portfolio\/edition-livre-conte-moi-droits-homme\/\",\"url\":\"https:\/\/www.fannywalz.com\/fw\/portfolio\/edition-livre-conte-moi-droits-homme\/\",\"name\":\"Conte-moi les droits de l'homme - Fanny Walz\",\"isPartOf\":{\"@id\":\"http:\/\/www.fannywalz.com\/fw\/#website\"},\"primaryImageOfPage\":{\"@id\":\"https:\/\/www.fannywalz.com\/fw\/portfolio\/edition-livre-conte-moi-droits-homme\/#primaryimage\"},\"image\":{\"@id\":\"https:\/\/www.fannywalz.com\/fw\/portfolio\/edition-livre-conte-moi-droits-homme\/#primaryimage\"},\"thumbnailUrl\":\"https:\/\/i0.wp.com\/www.fannywalz.com\/fw\/wp-content\/uploads\/2016\/06\/conte-moi-droits-homme_thumb.jpg?fit=315%2C315&ssl=1\",\"datePublished\":\"2012-06-22T20:30:14+00:00\",\"dateModified\":\"2016-08-23T20:17:07+00:00\",\"description\":\"Cr\u00e9ation graphique du livre Conte-moi les droits de l'homme pr\u00e9sentant les r\u00e9sultats du concours du m\u00eame titre organis\u00e9 par l'association Regards d'Enfants.\",\"breadcrumb\":{\"@id\":\"https:\/\/www.fannywalz.com\/fw\/portfolio\/edition-livre-conte-moi-droits-homme\/#breadcrumb\"},\"inLanguage\":\"fr-FR\",\"potentialAction\":[{\"@type\":\"ReadAction\",\"target\":[\"https:\/\/www.fannywalz.com\/fw\/portfolio\/edition-livre-conte-moi-droits-homme\/\"]}]},{\"@type\":\"ImageObject\",\"inLanguage\":\"fr-FR\",\"@id\":\"https:\/\/www.fannywalz.com\/fw\/portfolio\/edition-livre-conte-moi-droits-homme\/#primaryimage\",\"url\":\"https:\/\/i0.wp.com\/www.fannywalz.com\/fw\/wp-content\/uploads\/2016\/06\/conte-moi-droits-homme_thumb.jpg?fit=315%2C315&ssl=1\",\"contentUrl\":\"https:\/\/i0.wp.com\/www.fannywalz.com\/fw\/wp-content\/uploads\/2016\/06\/conte-moi-droits-homme_thumb.jpg?fit=315%2C315&ssl=1\",\"width\":315,\"height\":315,\"caption\":\"Conte-moi les droits de l'homme\"},{\"@type\":\"BreadcrumbList\",\"@id\":\"https:\/\/www.fannywalz.com\/fw\/portfolio\/edition-livre-conte-moi-droits-homme\/#breadcrumb\",\"itemListElement\":[{\"@type\":\"ListItem\",\"position\":1,\"name\":\"Accueil\",\"item\":\"http:\/\/www.fannywalz.com\/fw\/\"},{\"@type\":\"ListItem\",\"position\":2,\"name\":\"Projects\",\"item\":\"http:\/\/www.fannywalz.com\/fw\/portfolio\/\"},{\"@type\":\"ListItem\",\"position\":3,\"name\":\"Conte-moi les droits de l&rsquo;homme\"}]},{\"@type\":\"WebSite\",\"@id\":\"http:\/\/www.fannywalz.com\/fw\/#website\",\"url\":\"http:\/\/www.fannywalz.com\/fw\/\",\"name\":\"Fanny Walz\",\"description\":\"Graphisme et cr\u00e9ations artisanales\",\"potentialAction\":[{\"@type\":\"SearchAction\",\"target\":{\"@type\":\"EntryPoint\",\"urlTemplate\":\"http:\/\/www.fannywalz.com\/fw\/?s={search_term_string}\"},\"query-input\":{\"@type\":\"PropertyValueSpecification\",\"valueRequired\":true,\"valueName\":\"search_term_string\"}}],\"inLanguage\":\"fr-FR\"}]}<\/script>\n<!-- \/ Yoast SEO plugin. -->","yoast_head_json":{"title":"Conte-moi les droits de l'homme - Fanny Walz","description":"Cr\u00e9ation graphique du livre Conte-moi les droits de l'homme pr\u00e9sentant les r\u00e9sultats du concours du m\u00eame titre organis\u00e9 par l'association Regards d'Enfants.","robots":{"index":"index","follow":"follow","max-snippet":"max-snippet:-1","max-image-preview":"max-image-preview:large","max-video-preview":"max-video-preview:-1"},"canonical":"https:\/\/www.fannywalz.com\/fw\/portfolio\/edition-livre-conte-moi-droits-homme\/","og_locale":"fr_FR","og_type":"article","og_title":"Conte-moi les droits de l'homme - Fanny Walz","og_description":"Cr\u00e9ation graphique du livre Conte-moi les droits de l'homme pr\u00e9sentant les r\u00e9sultats du concours du m\u00eame titre organis\u00e9 par l'association Regards d'Enfants.","og_url":"https:\/\/www.fannywalz.com\/fw\/portfolio\/edition-livre-conte-moi-droits-homme\/","og_site_name":"Fanny Walz","article_modified_time":"2016-08-23T20:17:07+00:00","og_image":[{"width":315,"height":315,"url":"https:\/\/i0.wp.com\/www.fannywalz.com\/fw\/wp-content\/uploads\/2016\/06\/conte-moi-droits-homme_thumb.jpg?fit=315%2C315&ssl=1","type":"image\/jpeg"}],"twitter_card":"summary_large_image","schema":{"@context":"https:\/\/schema.org","@graph":[{"@type":"WebPage","@id":"https:\/\/www.fannywalz.com\/fw\/portfolio\/edition-livre-conte-moi-droits-homme\/","url":"https:\/\/www.fannywalz.com\/fw\/portfolio\/edition-livre-conte-moi-droits-homme\/","name":"Conte-moi les droits de l'homme - Fanny Walz","isPartOf":{"@id":"http:\/\/www.fannywalz.com\/fw\/#website"},"primaryImageOfPage":{"@id":"https:\/\/www.fannywalz.com\/fw\/portfolio\/edition-livre-conte-moi-droits-homme\/#primaryimage"},"image":{"@id":"https:\/\/www.fannywalz.com\/fw\/portfolio\/edition-livre-conte-moi-droits-homme\/#primaryimage"},"thumbnailUrl":"https:\/\/i0.wp.com\/www.fannywalz.com\/fw\/wp-content\/uploads\/2016\/06\/conte-moi-droits-homme_thumb.jpg?fit=315%2C315&ssl=1","datePublished":"2012-06-22T20:30:14+00:00","dateModified":"2016-08-23T20:17:07+00:00","description":"Cr\u00e9ation graphique du livre Conte-moi les droits de l'homme pr\u00e9sentant les r\u00e9sultats du concours du m\u00eame titre organis\u00e9 par l'association Regards d'Enfants.","breadcrumb":{"@id":"https:\/\/www.fannywalz.com\/fw\/portfolio\/edition-livre-conte-moi-droits-homme\/#breadcrumb"},"inLanguage":"fr-FR","potentialAction":[{"@type":"ReadAction","target":["https:\/\/www.fannywalz.com\/fw\/portfolio\/edition-livre-conte-moi-droits-homme\/"]}]},{"@type":"ImageObject","inLanguage":"fr-FR","@id":"https:\/\/www.fannywalz.com\/fw\/portfolio\/edition-livre-conte-moi-droits-homme\/#primaryimage","url":"https:\/\/i0.wp.com\/www.fannywalz.com\/fw\/wp-content\/uploads\/2016\/06\/conte-moi-droits-homme_thumb.jpg?fit=315%2C315&ssl=1","contentUrl":"https:\/\/i0.wp.com\/www.fannywalz.com\/fw\/wp-content\/uploads\/2016\/06\/conte-moi-droits-homme_thumb.jpg?fit=315%2C315&ssl=1","width":315,"height":315,"caption":"Conte-moi les droits de l'homme"},{"@type":"BreadcrumbList","@id":"https:\/\/www.fannywalz.com\/fw\/portfolio\/edition-livre-conte-moi-droits-homme\/#breadcrumb","itemListElement":[{"@type":"ListItem","position":1,"name":"Accueil","item":"http:\/\/www.fannywalz.com\/fw\/"},{"@type":"ListItem","position":2,"name":"Projects","item":"http:\/\/www.fannywalz.com\/fw\/portfolio\/"},{"@type":"ListItem","position":3,"name":"Conte-moi les droits de l&rsquo;homme"}]},{"@type":"WebSite","@id":"http:\/\/www.fannywalz.com\/fw\/#website","url":"http:\/\/www.fannywalz.com\/fw\/","name":"Fanny Walz","description":"Graphisme et cr\u00e9ations artisanales","potentialAction":[{"@type":"SearchAction","target":{"@type":"EntryPoint","urlTemplate":"http:\/\/www.fannywalz.com\/fw\/?s={search_term_string}"},"query-input":{"@type":"PropertyValueSpecification","valueRequired":true,"valueName":"search_term_string"}}],"inLanguage":"fr-FR"}]}},"jetpack_sharing_enabled":true,"_links":{"self":[{"href":"https:\/\/www.fannywalz.com\/fw\/wp-json\/wp\/v2\/portfolio\/946"}],"collection":[{"href":"https:\/\/www.fannywalz.com\/fw\/wp-json\/wp\/v2\/portfolio"}],"about":[{"href":"https:\/\/www.fannywalz.com\/fw\/wp-json\/wp\/v2\/types\/portfolio"}],"author":[{"embeddable":true,"href":"https:\/\/www.fannywalz.com\/fw\/wp-json\/wp\/v2\/users\/1"}],"replies":[{"embeddable":true,"href":"https:\/\/www.fannywalz.com\/fw\/wp-json\/wp\/v2\/comments?post=946"}],"version-history":[{"count":4,"href":"https:\/\/www.fannywalz.com\/fw\/wp-json\/wp\/v2\/portfolio\/946\/revisions"}],"predecessor-version":[{"id":2218,"href":"https:\/\/www.fannywalz.com\/fw\/wp-json\/wp\/v2\/portfolio\/946\/revisions\/2218"}],"wp:featuredmedia":[{"embeddable":true,"href":"https:\/\/www.fannywalz.com\/fw\/wp-json\/wp\/v2\/media\/947"}],"wp:attachment":[{"href":"https:\/\/www.fannywalz.com\/fw\/wp-json\/wp\/v2\/media?parent=946"}],"wp:term":[{"taxonomy":"portfolio-category","embeddable":true,"href":"https:\/\/www.fannywalz.com\/fw\/wp-json\/wp\/v2\/portfolio-category?post=946"},{"taxonomy":"portfolio-tag","embeddable":true,"href":"https:\/\/www.fannywalz.com\/fw\/wp-json\/wp\/v2\/portfolio-tag?post=946"}],"curies":[{"name":"wp","href":"https:\/\/api.w.org\/{rel}","templated":true}]}}