{"id":922,"date":"2010-06-21T22:34:05","date_gmt":"2010-06-21T20:34:05","guid":{"rendered":"http:\/\/www.fannywalz.com\/fw\/?post_type=portfolio&#038;p=922"},"modified":"2016-08-23T22:35:07","modified_gmt":"2016-08-23T20:35:07","slug":"edition-livre-poemes-denfants-europeens-association-regards-enfants","status":"publish","type":"portfolio","link":"https:\/\/www.fannywalz.com\/fw\/portfolio\/edition-livre-poemes-denfants-europeens-association-regards-enfants\/","title":{"rendered":"Po\u00e8mes d\u2019enfants europ\u00e9ens"},"content":{"rendered":"<div class=\"tiled-gallery type-rectangular tiled-gallery-unresized\" data-original-width=\"480\" data-carousel-extra='{&quot;blog_id&quot;:1,&quot;permalink&quot;:&quot;https:\\\/\\\/www.fannywalz.com\\\/fw\\\/portfolio\\\/edition-livre-poemes-denfants-europeens-association-regards-enfants\\\/&quot;,&quot;likes_blog_id&quot;:112652587}' itemscope itemtype=\"http:\/\/schema.org\/ImageGallery\" > <div class=\"gallery-row\" style=\"width: 480px; height: 141px;\" data-original-width=\"480\" data-original-height=\"141\" > <div class=\"gallery-group images-1\" style=\"width: 120px; height: 141px;\" data-original-width=\"120\" data-original-height=\"141\" > <div class=\"tiled-gallery-item tiled-gallery-item-small\" itemprop=\"associatedMedia\" itemscope itemtype=\"http:\/\/schema.org\/ImageObject\"> <a href=\"https:\/\/www.fannywalz.com\/fw\/portfolio\/edition-livre-poemes-denfants-europeens-association-regards-enfants\/regards-denfants-poemes-denfants-europeens-1\/\" border=\"0\" itemprop=\"url\"> <meta itemprop=\"width\" content=\"116\"> <meta itemprop=\"height\" content=\"137\"> <img decoding=\"async\" class=\"\" data-attachment-id=\"2165\" data-orig-file=\"https:\/\/www.fannywalz.com\/fw\/wp-content\/uploads\/2010\/06\/Regards-denfants-Poemes-denfants-europeens-1.jpg\" data-orig-size=\"534,631\" data-comments-opened=\"\" data-image-meta=\"{&quot;aperture&quot;:&quot;0&quot;,&quot;credit&quot;:&quot;&quot;,&quot;camera&quot;:&quot;&quot;,&quot;caption&quot;:&quot;&quot;,&quot;created_timestamp&quot;:&quot;0&quot;,&quot;copyright&quot;:&quot;&quot;,&quot;focal_length&quot;:&quot;0&quot;,&quot;iso&quot;:&quot;0&quot;,&quot;shutter_speed&quot;:&quot;0&quot;,&quot;title&quot;:&quot;&quot;,&quot;orientation&quot;:&quot;1&quot;}\" data-image-title=\"Regards d&amp;rsquo;enfants &#8211; Poemes d&amp;rsquo;enfants europeens 1\" data-image-description=\"\" data-medium-file=\"https:\/\/i0.wp.com\/www.fannywalz.com\/fw\/wp-content\/uploads\/2010\/06\/Regards-denfants-Poemes-denfants-europeens-1.jpg?fit=423%2C500&#038;ssl=1\" data-large-file=\"https:\/\/i0.wp.com\/www.fannywalz.com\/fw\/wp-content\/uploads\/2010\/06\/Regards-denfants-Poemes-denfants-europeens-1.jpg?fit=480%2C567&#038;ssl=1\" src=\"https:\/\/i0.wp.com\/www.fannywalz.com\/fw\/wp-content\/uploads\/2010\/06\/Regards-denfants-Poemes-denfants-europeens-1.jpg?w=116&#038;h=137&#038;ssl=1\" srcset=\"https:\/\/i0.wp.com\/www.fannywalz.com\/fw\/wp-content\/uploads\/2010\/06\/Regards-denfants-Poemes-denfants-europeens-1.jpg?w=534&amp;ssl=1 534w, https:\/\/i0.wp.com\/www.fannywalz.com\/fw\/wp-content\/uploads\/2010\/06\/Regards-denfants-Poemes-denfants-europeens-1.jpg?resize=250%2C295&amp;ssl=1 250w, https:\/\/i0.wp.com\/www.fannywalz.com\/fw\/wp-content\/uploads\/2010\/06\/Regards-denfants-Poemes-denfants-europeens-1.jpg?resize=423%2C500&amp;ssl=1 423w\" width=\"116\" height=\"137\" loading=\"lazy\" data-original-width=\"116\" data-original-height=\"137\" itemprop=\"http:\/\/schema.org\/image\" title=\"Regards d&#039;enfants - Poemes d&#039;enfants europeens 1\" alt=\"Regards d&#039;enfants - Po\u00e8mes d&#039;enfants europ\u00e9ens 1\" style=\"width: 116px; height: 137px;\" \/> <\/a> <\/div> <\/div> <!-- close group --> <div class=\"gallery-group images-1\" style=\"width: 120px; height: 141px;\" data-original-width=\"120\" data-original-height=\"141\" > <div class=\"tiled-gallery-item tiled-gallery-item-small\" itemprop=\"associatedMedia\" itemscope itemtype=\"http:\/\/schema.org\/ImageObject\"> <a href=\"https:\/\/www.fannywalz.com\/fw\/portfolio\/edition-livre-poemes-denfants-europeens-association-regards-enfants\/regards-denfants-poemes-denfants-europeens-2\/\" border=\"0\" itemprop=\"url\"> <meta itemprop=\"width\" content=\"116\"> <meta itemprop=\"height\" content=\"137\"> <img decoding=\"async\" class=\"\" data-attachment-id=\"2166\" data-orig-file=\"https:\/\/www.fannywalz.com\/fw\/wp-content\/uploads\/2010\/06\/Regards-denfants-Poemes-denfants-europeens-2.jpg\" data-orig-size=\"534,631\" data-comments-opened=\"\" data-image-meta=\"{&quot;aperture&quot;:&quot;0&quot;,&quot;credit&quot;:&quot;&quot;,&quot;camera&quot;:&quot;&quot;,&quot;caption&quot;:&quot;&quot;,&quot;created_timestamp&quot;:&quot;0&quot;,&quot;copyright&quot;:&quot;&quot;,&quot;focal_length&quot;:&quot;0&quot;,&quot;iso&quot;:&quot;0&quot;,&quot;shutter_speed&quot;:&quot;0&quot;,&quot;title&quot;:&quot;&quot;,&quot;orientation&quot;:&quot;1&quot;}\" data-image-title=\"Regards d&amp;rsquo;enfants &#8211; Poemes d&amp;rsquo;enfants europeens 2\" data-image-description=\"\" data-medium-file=\"https:\/\/i0.wp.com\/www.fannywalz.com\/fw\/wp-content\/uploads\/2010\/06\/Regards-denfants-Poemes-denfants-europeens-2.jpg?fit=423%2C500&#038;ssl=1\" data-large-file=\"https:\/\/i0.wp.com\/www.fannywalz.com\/fw\/wp-content\/uploads\/2010\/06\/Regards-denfants-Poemes-denfants-europeens-2.jpg?fit=480%2C567&#038;ssl=1\" src=\"https:\/\/i0.wp.com\/www.fannywalz.com\/fw\/wp-content\/uploads\/2010\/06\/Regards-denfants-Poemes-denfants-europeens-2.jpg?w=116&#038;h=137&#038;ssl=1\" srcset=\"https:\/\/i0.wp.com\/www.fannywalz.com\/fw\/wp-content\/uploads\/2010\/06\/Regards-denfants-Poemes-denfants-europeens-2.jpg?w=534&amp;ssl=1 534w, https:\/\/i0.wp.com\/www.fannywalz.com\/fw\/wp-content\/uploads\/2010\/06\/Regards-denfants-Poemes-denfants-europeens-2.jpg?resize=250%2C295&amp;ssl=1 250w, https:\/\/i0.wp.com\/www.fannywalz.com\/fw\/wp-content\/uploads\/2010\/06\/Regards-denfants-Poemes-denfants-europeens-2.jpg?resize=423%2C500&amp;ssl=1 423w\" width=\"116\" height=\"137\" loading=\"lazy\" data-original-width=\"116\" data-original-height=\"137\" itemprop=\"http:\/\/schema.org\/image\" title=\"Regards d&#039;enfants - Poemes d&#039;enfants europeens 2\" alt=\"Regards d&#039;enfants - Po\u00e8mes d&#039;enfants europ\u00e9ens 2\" style=\"width: 116px; height: 137px;\" \/> <\/a> <\/div> <\/div> <!-- close group --> <div class=\"gallery-group images-1\" style=\"width: 120px; height: 141px;\" data-original-width=\"120\" data-original-height=\"141\" > <div class=\"tiled-gallery-item tiled-gallery-item-small\" itemprop=\"associatedMedia\" itemscope itemtype=\"http:\/\/schema.org\/ImageObject\"> <a href=\"https:\/\/www.fannywalz.com\/fw\/portfolio\/edition-livre-poemes-denfants-europeens-association-regards-enfants\/regards-denfants-poemes-denfants-europeens-3\/\" border=\"0\" itemprop=\"url\"> <meta itemprop=\"width\" content=\"116\"> <meta itemprop=\"height\" content=\"137\"> <img decoding=\"async\" class=\"\" data-attachment-id=\"2167\" data-orig-file=\"https:\/\/www.fannywalz.com\/fw\/wp-content\/uploads\/2010\/06\/Regards-denfants-Poemes-denfants-europeens-3.jpg\" data-orig-size=\"534,631\" data-comments-opened=\"\" data-image-meta=\"{&quot;aperture&quot;:&quot;0&quot;,&quot;credit&quot;:&quot;&quot;,&quot;camera&quot;:&quot;&quot;,&quot;caption&quot;:&quot;&quot;,&quot;created_timestamp&quot;:&quot;0&quot;,&quot;copyright&quot;:&quot;&quot;,&quot;focal_length&quot;:&quot;0&quot;,&quot;iso&quot;:&quot;0&quot;,&quot;shutter_speed&quot;:&quot;0&quot;,&quot;title&quot;:&quot;&quot;,&quot;orientation&quot;:&quot;1&quot;}\" data-image-title=\"Regards d&amp;rsquo;enfants &#8211; Poemes d&amp;rsquo;enfants europeens 3\" data-image-description=\"\" data-medium-file=\"https:\/\/i0.wp.com\/www.fannywalz.com\/fw\/wp-content\/uploads\/2010\/06\/Regards-denfants-Poemes-denfants-europeens-3.jpg?fit=423%2C500&#038;ssl=1\" data-large-file=\"https:\/\/i0.wp.com\/www.fannywalz.com\/fw\/wp-content\/uploads\/2010\/06\/Regards-denfants-Poemes-denfants-europeens-3.jpg?fit=480%2C567&#038;ssl=1\" src=\"https:\/\/i0.wp.com\/www.fannywalz.com\/fw\/wp-content\/uploads\/2010\/06\/Regards-denfants-Poemes-denfants-europeens-3.jpg?w=116&#038;h=137&#038;ssl=1\" srcset=\"https:\/\/i0.wp.com\/www.fannywalz.com\/fw\/wp-content\/uploads\/2010\/06\/Regards-denfants-Poemes-denfants-europeens-3.jpg?w=534&amp;ssl=1 534w, https:\/\/i0.wp.com\/www.fannywalz.com\/fw\/wp-content\/uploads\/2010\/06\/Regards-denfants-Poemes-denfants-europeens-3.jpg?resize=250%2C295&amp;ssl=1 250w, https:\/\/i0.wp.com\/www.fannywalz.com\/fw\/wp-content\/uploads\/2010\/06\/Regards-denfants-Poemes-denfants-europeens-3.jpg?resize=423%2C500&amp;ssl=1 423w\" width=\"116\" height=\"137\" loading=\"lazy\" data-original-width=\"116\" data-original-height=\"137\" itemprop=\"http:\/\/schema.org\/image\" title=\"Regards d&#039;enfants - Poemes d&#039;enfants europeens 3\" alt=\"Regards d&#039;enfants - Po\u00e8mes d&#039;enfants europ\u00e9ens 3\" style=\"width: 116px; height: 137px;\" \/> <\/a> <\/div> <\/div> <!-- close group --> <div class=\"gallery-group images-1\" style=\"width: 120px; height: 141px;\" data-original-width=\"120\" data-original-height=\"141\" > <div class=\"tiled-gallery-item tiled-gallery-item-small\" itemprop=\"associatedMedia\" itemscope itemtype=\"http:\/\/schema.org\/ImageObject\"> <a href=\"https:\/\/www.fannywalz.com\/fw\/portfolio\/edition-livre-poemes-denfants-europeens-association-regards-enfants\/regards-denfants-poemes-denfants-europeens-4\/\" border=\"0\" itemprop=\"url\"> <meta itemprop=\"width\" content=\"116\"> <meta itemprop=\"height\" content=\"137\"> <img decoding=\"async\" class=\"\" data-attachment-id=\"2168\" data-orig-file=\"https:\/\/www.fannywalz.com\/fw\/wp-content\/uploads\/2010\/06\/Regards-denfants-Poemes-denfants-europeens-4.jpg\" data-orig-size=\"534,631\" data-comments-opened=\"\" data-image-meta=\"{&quot;aperture&quot;:&quot;0&quot;,&quot;credit&quot;:&quot;&quot;,&quot;camera&quot;:&quot;&quot;,&quot;caption&quot;:&quot;&quot;,&quot;created_timestamp&quot;:&quot;0&quot;,&quot;copyright&quot;:&quot;&quot;,&quot;focal_length&quot;:&quot;0&quot;,&quot;iso&quot;:&quot;0&quot;,&quot;shutter_speed&quot;:&quot;0&quot;,&quot;title&quot;:&quot;&quot;,&quot;orientation&quot;:&quot;1&quot;}\" data-image-title=\"Regards d&amp;rsquo;enfants &#8211; Poemes d&amp;rsquo;enfants europeens 4\" data-image-description=\"\" data-medium-file=\"https:\/\/i0.wp.com\/www.fannywalz.com\/fw\/wp-content\/uploads\/2010\/06\/Regards-denfants-Poemes-denfants-europeens-4.jpg?fit=423%2C500&#038;ssl=1\" data-large-file=\"https:\/\/i0.wp.com\/www.fannywalz.com\/fw\/wp-content\/uploads\/2010\/06\/Regards-denfants-Poemes-denfants-europeens-4.jpg?fit=480%2C567&#038;ssl=1\" src=\"https:\/\/i0.wp.com\/www.fannywalz.com\/fw\/wp-content\/uploads\/2010\/06\/Regards-denfants-Poemes-denfants-europeens-4.jpg?w=116&#038;h=137&#038;ssl=1\" srcset=\"https:\/\/i0.wp.com\/www.fannywalz.com\/fw\/wp-content\/uploads\/2010\/06\/Regards-denfants-Poemes-denfants-europeens-4.jpg?w=534&amp;ssl=1 534w, https:\/\/i0.wp.com\/www.fannywalz.com\/fw\/wp-content\/uploads\/2010\/06\/Regards-denfants-Poemes-denfants-europeens-4.jpg?resize=250%2C295&amp;ssl=1 250w, https:\/\/i0.wp.com\/www.fannywalz.com\/fw\/wp-content\/uploads\/2010\/06\/Regards-denfants-Poemes-denfants-europeens-4.jpg?resize=423%2C500&amp;ssl=1 423w\" width=\"116\" height=\"137\" loading=\"lazy\" data-original-width=\"116\" data-original-height=\"137\" itemprop=\"http:\/\/schema.org\/image\" title=\"Regards d&#039;enfants - Poemes d&#039;enfants europeens 4\" alt=\"Regards d&#039;enfants - Po\u00e8mes d&#039;enfants europ\u00e9ens 4\" style=\"width: 116px; height: 137px;\" \/> <\/a> <\/div> <\/div> <!-- close group --> <\/div> <!-- close row --> <div class=\"gallery-row\" style=\"width: 480px; height: 188px;\" data-original-width=\"480\" data-original-height=\"188\" > <div class=\"gallery-group images-1\" style=\"width: 160px; height: 188px;\" data-original-width=\"160\" data-original-height=\"188\" > <div class=\"tiled-gallery-item tiled-gallery-item-small\" itemprop=\"associatedMedia\" itemscope itemtype=\"http:\/\/schema.org\/ImageObject\"> <a href=\"https:\/\/www.fannywalz.com\/fw\/portfolio\/edition-livre-poemes-denfants-europeens-association-regards-enfants\/regards-denfants-poemes-denfants-europeens-5\/\" border=\"0\" itemprop=\"url\"> <meta itemprop=\"width\" content=\"156\"> <meta itemprop=\"height\" content=\"184\"> <img decoding=\"async\" class=\"\" data-attachment-id=\"2169\" data-orig-file=\"https:\/\/www.fannywalz.com\/fw\/wp-content\/uploads\/2010\/06\/Regards-denfants-Poemes-denfants-europeens-5.jpg\" data-orig-size=\"534,631\" data-comments-opened=\"\" data-image-meta=\"{&quot;aperture&quot;:&quot;0&quot;,&quot;credit&quot;:&quot;&quot;,&quot;camera&quot;:&quot;&quot;,&quot;caption&quot;:&quot;&quot;,&quot;created_timestamp&quot;:&quot;0&quot;,&quot;copyright&quot;:&quot;&quot;,&quot;focal_length&quot;:&quot;0&quot;,&quot;iso&quot;:&quot;0&quot;,&quot;shutter_speed&quot;:&quot;0&quot;,&quot;title&quot;:&quot;&quot;,&quot;orientation&quot;:&quot;1&quot;}\" data-image-title=\"Regards d&amp;rsquo;enfants &#8211; Poemes d&amp;rsquo;enfants europeens 5\" data-image-description=\"\" data-medium-file=\"https:\/\/i0.wp.com\/www.fannywalz.com\/fw\/wp-content\/uploads\/2010\/06\/Regards-denfants-Poemes-denfants-europeens-5.jpg?fit=423%2C500&#038;ssl=1\" data-large-file=\"https:\/\/i0.wp.com\/www.fannywalz.com\/fw\/wp-content\/uploads\/2010\/06\/Regards-denfants-Poemes-denfants-europeens-5.jpg?fit=480%2C567&#038;ssl=1\" src=\"https:\/\/i0.wp.com\/www.fannywalz.com\/fw\/wp-content\/uploads\/2010\/06\/Regards-denfants-Poemes-denfants-europeens-5.jpg?w=156&#038;h=184&#038;ssl=1\" srcset=\"https:\/\/i0.wp.com\/www.fannywalz.com\/fw\/wp-content\/uploads\/2010\/06\/Regards-denfants-Poemes-denfants-europeens-5.jpg?w=534&amp;ssl=1 534w, https:\/\/i0.wp.com\/www.fannywalz.com\/fw\/wp-content\/uploads\/2010\/06\/Regards-denfants-Poemes-denfants-europeens-5.jpg?resize=250%2C295&amp;ssl=1 250w, https:\/\/i0.wp.com\/www.fannywalz.com\/fw\/wp-content\/uploads\/2010\/06\/Regards-denfants-Poemes-denfants-europeens-5.jpg?resize=423%2C500&amp;ssl=1 423w\" width=\"156\" height=\"184\" loading=\"lazy\" data-original-width=\"156\" data-original-height=\"184\" itemprop=\"http:\/\/schema.org\/image\" title=\"Regards d&#039;enfants - Poemes d&#039;enfants europeens 5\" alt=\"Regards d&#039;enfants - Po\u00e8mes d&#039;enfants europ\u00e9ens 5\" style=\"width: 156px; height: 184px;\" \/> <\/a> <\/div> <\/div> <!-- close group --> <div class=\"gallery-group images-1\" style=\"width: 160px; height: 188px;\" data-original-width=\"160\" data-original-height=\"188\" > <div class=\"tiled-gallery-item tiled-gallery-item-small\" itemprop=\"associatedMedia\" itemscope itemtype=\"http:\/\/schema.org\/ImageObject\"> <a href=\"https:\/\/www.fannywalz.com\/fw\/portfolio\/edition-livre-poemes-denfants-europeens-association-regards-enfants\/regards-denfants-poemes-denfants-europeens-6\/\" border=\"0\" itemprop=\"url\"> <meta itemprop=\"width\" content=\"156\"> <meta itemprop=\"height\" content=\"184\"> <img decoding=\"async\" class=\"\" data-attachment-id=\"2170\" data-orig-file=\"https:\/\/www.fannywalz.com\/fw\/wp-content\/uploads\/2010\/06\/Regards-denfants-Poemes-denfants-europeens-6.jpg\" data-orig-size=\"534,631\" data-comments-opened=\"\" data-image-meta=\"{&quot;aperture&quot;:&quot;0&quot;,&quot;credit&quot;:&quot;&quot;,&quot;camera&quot;:&quot;&quot;,&quot;caption&quot;:&quot;&quot;,&quot;created_timestamp&quot;:&quot;0&quot;,&quot;copyright&quot;:&quot;&quot;,&quot;focal_length&quot;:&quot;0&quot;,&quot;iso&quot;:&quot;0&quot;,&quot;shutter_speed&quot;:&quot;0&quot;,&quot;title&quot;:&quot;&quot;,&quot;orientation&quot;:&quot;1&quot;}\" data-image-title=\"Regards d&amp;rsquo;enfants &#8211; Poemes d&amp;rsquo;enfants europeens 6\" data-image-description=\"\" data-medium-file=\"https:\/\/i0.wp.com\/www.fannywalz.com\/fw\/wp-content\/uploads\/2010\/06\/Regards-denfants-Poemes-denfants-europeens-6.jpg?fit=423%2C500&#038;ssl=1\" data-large-file=\"https:\/\/i0.wp.com\/www.fannywalz.com\/fw\/wp-content\/uploads\/2010\/06\/Regards-denfants-Poemes-denfants-europeens-6.jpg?fit=480%2C567&#038;ssl=1\" src=\"https:\/\/i0.wp.com\/www.fannywalz.com\/fw\/wp-content\/uploads\/2010\/06\/Regards-denfants-Poemes-denfants-europeens-6.jpg?w=156&#038;h=184&#038;ssl=1\" srcset=\"https:\/\/i0.wp.com\/www.fannywalz.com\/fw\/wp-content\/uploads\/2010\/06\/Regards-denfants-Poemes-denfants-europeens-6.jpg?w=534&amp;ssl=1 534w, https:\/\/i0.wp.com\/www.fannywalz.com\/fw\/wp-content\/uploads\/2010\/06\/Regards-denfants-Poemes-denfants-europeens-6.jpg?resize=250%2C295&amp;ssl=1 250w, https:\/\/i0.wp.com\/www.fannywalz.com\/fw\/wp-content\/uploads\/2010\/06\/Regards-denfants-Poemes-denfants-europeens-6.jpg?resize=423%2C500&amp;ssl=1 423w\" width=\"156\" height=\"184\" loading=\"lazy\" data-original-width=\"156\" data-original-height=\"184\" itemprop=\"http:\/\/schema.org\/image\" title=\"Regards d&#039;enfants - Poemes d&#039;enfants europeens 6\" alt=\"Regards d&#039;enfants - Po\u00e8mes d&#039;enfants europ\u00e9ens 6\" style=\"width: 156px; height: 184px;\" \/> <\/a> <\/div> <\/div> <!-- close group --> <div class=\"gallery-group images-1\" style=\"width: 160px; height: 188px;\" data-original-width=\"160\" data-original-height=\"188\" > <div class=\"tiled-gallery-item tiled-gallery-item-small\" itemprop=\"associatedMedia\" itemscope itemtype=\"http:\/\/schema.org\/ImageObject\"> <a href=\"https:\/\/www.fannywalz.com\/fw\/portfolio\/edition-livre-poemes-denfants-europeens-association-regards-enfants\/regards-denfants-poemes-denfants-europeens-7\/\" border=\"0\" itemprop=\"url\"> <meta itemprop=\"width\" content=\"156\"> <meta itemprop=\"height\" content=\"184\"> <img decoding=\"async\" class=\"\" data-attachment-id=\"2171\" data-orig-file=\"https:\/\/www.fannywalz.com\/fw\/wp-content\/uploads\/2010\/06\/Regards-denfants-Poemes-denfants-europeens-7.jpg\" data-orig-size=\"534,631\" data-comments-opened=\"\" data-image-meta=\"{&quot;aperture&quot;:&quot;0&quot;,&quot;credit&quot;:&quot;&quot;,&quot;camera&quot;:&quot;&quot;,&quot;caption&quot;:&quot;&quot;,&quot;created_timestamp&quot;:&quot;0&quot;,&quot;copyright&quot;:&quot;&quot;,&quot;focal_length&quot;:&quot;0&quot;,&quot;iso&quot;:&quot;0&quot;,&quot;shutter_speed&quot;:&quot;0&quot;,&quot;title&quot;:&quot;&quot;,&quot;orientation&quot;:&quot;1&quot;}\" data-image-title=\"Regards d&amp;rsquo;enfants &#8211; Poemes d&amp;rsquo;enfants europeens 7\" data-image-description=\"\" data-medium-file=\"https:\/\/i0.wp.com\/www.fannywalz.com\/fw\/wp-content\/uploads\/2010\/06\/Regards-denfants-Poemes-denfants-europeens-7.jpg?fit=423%2C500&#038;ssl=1\" data-large-file=\"https:\/\/i0.wp.com\/www.fannywalz.com\/fw\/wp-content\/uploads\/2010\/06\/Regards-denfants-Poemes-denfants-europeens-7.jpg?fit=480%2C567&#038;ssl=1\" src=\"https:\/\/i0.wp.com\/www.fannywalz.com\/fw\/wp-content\/uploads\/2010\/06\/Regards-denfants-Poemes-denfants-europeens-7.jpg?w=156&#038;h=184&#038;ssl=1\" srcset=\"https:\/\/i0.wp.com\/www.fannywalz.com\/fw\/wp-content\/uploads\/2010\/06\/Regards-denfants-Poemes-denfants-europeens-7.jpg?w=534&amp;ssl=1 534w, https:\/\/i0.wp.com\/www.fannywalz.com\/fw\/wp-content\/uploads\/2010\/06\/Regards-denfants-Poemes-denfants-europeens-7.jpg?resize=250%2C295&amp;ssl=1 250w, https:\/\/i0.wp.com\/www.fannywalz.com\/fw\/wp-content\/uploads\/2010\/06\/Regards-denfants-Poemes-denfants-europeens-7.jpg?resize=423%2C500&amp;ssl=1 423w\" width=\"156\" height=\"184\" loading=\"lazy\" data-original-width=\"156\" data-original-height=\"184\" itemprop=\"http:\/\/schema.org\/image\" title=\"Regards d&#039;enfants - Poemes d&#039;enfants europeens 7\" alt=\"Regards d&#039;enfants - Po\u00e8mes d&#039;enfants europ\u00e9ens 7\" style=\"width: 156px; height: 184px;\" \/> <\/a> <\/div> <\/div> <!-- close group --> <\/div> <!-- close row --> <\/div>\n","protected":false},"excerpt":{"rendered":"<p>R\u00e9alisation du livre pr\u00e9sentant les r\u00e9sultats du concours de po\u00e8mes organis\u00e9 par l\u2019association Regards d\u2019Enfants aupr\u00e8s de jeunes europ\u00e9ens.<br \/>\nExposition du livre grand format au Mus\u00e9e W\u00fcrth.<\/p>\n<p class=\"detail-projet\">\nFormat 210\u2009x\u2009270\u2009mm et 400\u2009x\u2009500 mm<br \/>\nLettrage couverture : Lo\u00efc Sander<\/p>\n","protected":false},"author":1,"featured_media":934,"comment_status":"closed","ping_status":"closed","template":"","meta":{"jetpack_post_was_ever_published":false,"footnotes":""},"portfolio-category":[24],"portfolio-tag":[],"yoast_head":"<!-- This site is optimized with the Yoast SEO plugin v24.4 - https:\/\/yoast.com\/wordpress\/plugins\/seo\/ -->\n<title>Po\u00e8mes d\u2019enfants europ\u00e9ens - Fanny Walz<\/title>\n<meta name=\"robots\" content=\"index, follow, max-snippet:-1, max-image-preview:large, max-video-preview:-1\" \/>\n<link rel=\"canonical\" href=\"https:\/\/www.fannywalz.com\/fw\/portfolio\/edition-livre-poemes-denfants-europeens-association-regards-enfants\/\" \/>\n<meta property=\"og:locale\" content=\"fr_FR\" \/>\n<meta property=\"og:type\" content=\"article\" \/>\n<meta property=\"og:title\" content=\"Po\u00e8mes d\u2019enfants europ\u00e9ens - Fanny Walz\" \/>\n<meta property=\"og:description\" content=\"R\u00e9alisation du livre pr\u00e9sentant les r\u00e9sultats du concours de po\u00e8mes organis\u00e9 par l\u2019association Regards d\u2019Enfants aupr\u00e8s de jeunes europ\u00e9ens. Exposition du livre grand format au Mus\u00e9e W\u00fcrth.  Format 210\u2009x\u2009270\u2009mm et 400\u2009x\u2009500 mm Lettrage couverture : Lo\u00efc Sander\" \/>\n<meta property=\"og:url\" content=\"https:\/\/www.fannywalz.com\/fw\/portfolio\/edition-livre-poemes-denfants-europeens-association-regards-enfants\/\" \/>\n<meta property=\"og:site_name\" content=\"Fanny Walz\" \/>\n<meta property=\"article:modified_time\" content=\"2016-08-23T20:35:07+00:00\" \/>\n<meta property=\"og:image\" content=\"https:\/\/i0.wp.com\/www.fannywalz.com\/fw\/wp-content\/uploads\/2016\/06\/poemes-enfants-europeens_thumb.jpg?fit=315%2C315&ssl=1\" \/>\n\t<meta property=\"og:image:width\" content=\"315\" \/>\n\t<meta property=\"og:image:height\" content=\"315\" \/>\n\t<meta property=\"og:image:type\" content=\"image\/jpeg\" \/>\n<meta name=\"twitter:card\" content=\"summary_large_image\" \/>\n<script type=\"application\/ld+json\" class=\"yoast-schema-graph\">{\"@context\":\"https:\/\/schema.org\",\"@graph\":[{\"@type\":\"WebPage\",\"@id\":\"https:\/\/www.fannywalz.com\/fw\/portfolio\/edition-livre-poemes-denfants-europeens-association-regards-enfants\/\",\"url\":\"https:\/\/www.fannywalz.com\/fw\/portfolio\/edition-livre-poemes-denfants-europeens-association-regards-enfants\/\",\"name\":\"Po\u00e8mes d\u2019enfants europ\u00e9ens - Fanny Walz\",\"isPartOf\":{\"@id\":\"http:\/\/www.fannywalz.com\/fw\/#website\"},\"primaryImageOfPage\":{\"@id\":\"https:\/\/www.fannywalz.com\/fw\/portfolio\/edition-livre-poemes-denfants-europeens-association-regards-enfants\/#primaryimage\"},\"image\":{\"@id\":\"https:\/\/www.fannywalz.com\/fw\/portfolio\/edition-livre-poemes-denfants-europeens-association-regards-enfants\/#primaryimage\"},\"thumbnailUrl\":\"https:\/\/i0.wp.com\/www.fannywalz.com\/fw\/wp-content\/uploads\/2016\/06\/poemes-enfants-europeens_thumb.jpg?fit=315%2C315&ssl=1\",\"datePublished\":\"2010-06-21T20:34:05+00:00\",\"dateModified\":\"2016-08-23T20:35:07+00:00\",\"breadcrumb\":{\"@id\":\"https:\/\/www.fannywalz.com\/fw\/portfolio\/edition-livre-poemes-denfants-europeens-association-regards-enfants\/#breadcrumb\"},\"inLanguage\":\"fr-FR\",\"potentialAction\":[{\"@type\":\"ReadAction\",\"target\":[\"https:\/\/www.fannywalz.com\/fw\/portfolio\/edition-livre-poemes-denfants-europeens-association-regards-enfants\/\"]}]},{\"@type\":\"ImageObject\",\"inLanguage\":\"fr-FR\",\"@id\":\"https:\/\/www.fannywalz.com\/fw\/portfolio\/edition-livre-poemes-denfants-europeens-association-regards-enfants\/#primaryimage\",\"url\":\"https:\/\/i0.wp.com\/www.fannywalz.com\/fw\/wp-content\/uploads\/2016\/06\/poemes-enfants-europeens_thumb.jpg?fit=315%2C315&ssl=1\",\"contentUrl\":\"https:\/\/i0.wp.com\/www.fannywalz.com\/fw\/wp-content\/uploads\/2016\/06\/poemes-enfants-europeens_thumb.jpg?fit=315%2C315&ssl=1\",\"width\":315,\"height\":315,\"caption\":\"Po\u00e8mes d'enfants europ\u00e9ens\"},{\"@type\":\"BreadcrumbList\",\"@id\":\"https:\/\/www.fannywalz.com\/fw\/portfolio\/edition-livre-poemes-denfants-europeens-association-regards-enfants\/#breadcrumb\",\"itemListElement\":[{\"@type\":\"ListItem\",\"position\":1,\"name\":\"Accueil\",\"item\":\"http:\/\/www.fannywalz.com\/fw\/\"},{\"@type\":\"ListItem\",\"position\":2,\"name\":\"Projects\",\"item\":\"http:\/\/www.fannywalz.com\/fw\/portfolio\/\"},{\"@type\":\"ListItem\",\"position\":3,\"name\":\"Po\u00e8mes d\u2019enfants europ\u00e9ens\"}]},{\"@type\":\"WebSite\",\"@id\":\"http:\/\/www.fannywalz.com\/fw\/#website\",\"url\":\"http:\/\/www.fannywalz.com\/fw\/\",\"name\":\"Fanny Walz\",\"description\":\"Graphisme et cr\u00e9ations artisanales\",\"potentialAction\":[{\"@type\":\"SearchAction\",\"target\":{\"@type\":\"EntryPoint\",\"urlTemplate\":\"http:\/\/www.fannywalz.com\/fw\/?s={search_term_string}\"},\"query-input\":{\"@type\":\"PropertyValueSpecification\",\"valueRequired\":true,\"valueName\":\"search_term_string\"}}],\"inLanguage\":\"fr-FR\"}]}<\/script>\n<!-- \/ Yoast SEO plugin. -->","yoast_head_json":{"title":"Po\u00e8mes d\u2019enfants europ\u00e9ens - Fanny Walz","robots":{"index":"index","follow":"follow","max-snippet":"max-snippet:-1","max-image-preview":"max-image-preview:large","max-video-preview":"max-video-preview:-1"},"canonical":"https:\/\/www.fannywalz.com\/fw\/portfolio\/edition-livre-poemes-denfants-europeens-association-regards-enfants\/","og_locale":"fr_FR","og_type":"article","og_title":"Po\u00e8mes d\u2019enfants europ\u00e9ens - Fanny Walz","og_description":"R\u00e9alisation du livre pr\u00e9sentant les r\u00e9sultats du concours de po\u00e8mes organis\u00e9 par l\u2019association Regards d\u2019Enfants aupr\u00e8s de jeunes europ\u00e9ens. Exposition du livre grand format au Mus\u00e9e W\u00fcrth.  Format 210\u2009x\u2009270\u2009mm et 400\u2009x\u2009500 mm Lettrage couverture : Lo\u00efc Sander","og_url":"https:\/\/www.fannywalz.com\/fw\/portfolio\/edition-livre-poemes-denfants-europeens-association-regards-enfants\/","og_site_name":"Fanny Walz","article_modified_time":"2016-08-23T20:35:07+00:00","og_image":[{"width":315,"height":315,"url":"https:\/\/i0.wp.com\/www.fannywalz.com\/fw\/wp-content\/uploads\/2016\/06\/poemes-enfants-europeens_thumb.jpg?fit=315%2C315&ssl=1","type":"image\/jpeg"}],"twitter_card":"summary_large_image","schema":{"@context":"https:\/\/schema.org","@graph":[{"@type":"WebPage","@id":"https:\/\/www.fannywalz.com\/fw\/portfolio\/edition-livre-poemes-denfants-europeens-association-regards-enfants\/","url":"https:\/\/www.fannywalz.com\/fw\/portfolio\/edition-livre-poemes-denfants-europeens-association-regards-enfants\/","name":"Po\u00e8mes d\u2019enfants europ\u00e9ens - Fanny Walz","isPartOf":{"@id":"http:\/\/www.fannywalz.com\/fw\/#website"},"primaryImageOfPage":{"@id":"https:\/\/www.fannywalz.com\/fw\/portfolio\/edition-livre-poemes-denfants-europeens-association-regards-enfants\/#primaryimage"},"image":{"@id":"https:\/\/www.fannywalz.com\/fw\/portfolio\/edition-livre-poemes-denfants-europeens-association-regards-enfants\/#primaryimage"},"thumbnailUrl":"https:\/\/i0.wp.com\/www.fannywalz.com\/fw\/wp-content\/uploads\/2016\/06\/poemes-enfants-europeens_thumb.jpg?fit=315%2C315&ssl=1","datePublished":"2010-06-21T20:34:05+00:00","dateModified":"2016-08-23T20:35:07+00:00","breadcrumb":{"@id":"https:\/\/www.fannywalz.com\/fw\/portfolio\/edition-livre-poemes-denfants-europeens-association-regards-enfants\/#breadcrumb"},"inLanguage":"fr-FR","potentialAction":[{"@type":"ReadAction","target":["https:\/\/www.fannywalz.com\/fw\/portfolio\/edition-livre-poemes-denfants-europeens-association-regards-enfants\/"]}]},{"@type":"ImageObject","inLanguage":"fr-FR","@id":"https:\/\/www.fannywalz.com\/fw\/portfolio\/edition-livre-poemes-denfants-europeens-association-regards-enfants\/#primaryimage","url":"https:\/\/i0.wp.com\/www.fannywalz.com\/fw\/wp-content\/uploads\/2016\/06\/poemes-enfants-europeens_thumb.jpg?fit=315%2C315&ssl=1","contentUrl":"https:\/\/i0.wp.com\/www.fannywalz.com\/fw\/wp-content\/uploads\/2016\/06\/poemes-enfants-europeens_thumb.jpg?fit=315%2C315&ssl=1","width":315,"height":315,"caption":"Po\u00e8mes d'enfants europ\u00e9ens"},{"@type":"BreadcrumbList","@id":"https:\/\/www.fannywalz.com\/fw\/portfolio\/edition-livre-poemes-denfants-europeens-association-regards-enfants\/#breadcrumb","itemListElement":[{"@type":"ListItem","position":1,"name":"Accueil","item":"http:\/\/www.fannywalz.com\/fw\/"},{"@type":"ListItem","position":2,"name":"Projects","item":"http:\/\/www.fannywalz.com\/fw\/portfolio\/"},{"@type":"ListItem","position":3,"name":"Po\u00e8mes d\u2019enfants europ\u00e9ens"}]},{"@type":"WebSite","@id":"http:\/\/www.fannywalz.com\/fw\/#website","url":"http:\/\/www.fannywalz.com\/fw\/","name":"Fanny Walz","description":"Graphisme et cr\u00e9ations artisanales","potentialAction":[{"@type":"SearchAction","target":{"@type":"EntryPoint","urlTemplate":"http:\/\/www.fannywalz.com\/fw\/?s={search_term_string}"},"query-input":{"@type":"PropertyValueSpecification","valueRequired":true,"valueName":"search_term_string"}}],"inLanguage":"fr-FR"}]}},"jetpack_sharing_enabled":true,"_links":{"self":[{"href":"https:\/\/www.fannywalz.com\/fw\/wp-json\/wp\/v2\/portfolio\/922"}],"collection":[{"href":"https:\/\/www.fannywalz.com\/fw\/wp-json\/wp\/v2\/portfolio"}],"about":[{"href":"https:\/\/www.fannywalz.com\/fw\/wp-json\/wp\/v2\/types\/portfolio"}],"author":[{"embeddable":true,"href":"https:\/\/www.fannywalz.com\/fw\/wp-json\/wp\/v2\/users\/1"}],"replies":[{"embeddable":true,"href":"https:\/\/www.fannywalz.com\/fw\/wp-json\/wp\/v2\/comments?post=922"}],"version-history":[{"count":12,"href":"https:\/\/www.fannywalz.com\/fw\/wp-json\/wp\/v2\/portfolio\/922\/revisions"}],"predecessor-version":[{"id":2176,"href":"https:\/\/www.fannywalz.com\/fw\/wp-json\/wp\/v2\/portfolio\/922\/revisions\/2176"}],"wp:featuredmedia":[{"embeddable":true,"href":"https:\/\/www.fannywalz.com\/fw\/wp-json\/wp\/v2\/media\/934"}],"wp:attachment":[{"href":"https:\/\/www.fannywalz.com\/fw\/wp-json\/wp\/v2\/media?parent=922"}],"wp:term":[{"taxonomy":"portfolio-category","embeddable":true,"href":"https:\/\/www.fannywalz.com\/fw\/wp-json\/wp\/v2\/portfolio-category?post=922"},{"taxonomy":"portfolio-tag","embeddable":true,"href":"https:\/\/www.fannywalz.com\/fw\/wp-json\/wp\/v2\/portfolio-tag?post=922"}],"curies":[{"name":"wp","href":"https:\/\/api.w.org\/{rel}","templated":true}]}}