{"id":4421,"date":"2017-10-05T11:25:20","date_gmt":"2017-10-05T09:25:20","guid":{"rendered":"http:\/\/www.fannywalz.com\/fw\/?post_type=portfolio&#038;p=4421"},"modified":"2022-03-14T17:30:05","modified_gmt":"2022-03-14T16:30:05","slug":"mireille-oster-pain-epice-livre-recette-cuisine-edition-creation-editoriale-charte-graphique-fanny-walz-strasbourg-alsace","status":"publish","type":"portfolio","link":"https:\/\/www.fannywalz.com\/fw\/portfolio\/mireille-oster-pain-epice-livre-recette-cuisine-edition-creation-editoriale-charte-graphique-fanny-walz-strasbourg-alsace\/","title":{"rendered":"Mireille Oster \u2013 Et si on regardait le pain d&rsquo;\u00e9pices autrement ?"},"content":{"rendered":"<div class=\"tiled-gallery type-rectangular tiled-gallery-unresized\" data-original-width=\"480\" data-carousel-extra='{&quot;blog_id&quot;:1,&quot;permalink&quot;:&quot;https:\\\/\\\/www.fannywalz.com\\\/fw\\\/portfolio\\\/mireille-oster-pain-epice-livre-recette-cuisine-edition-creation-editoriale-charte-graphique-fanny-walz-strasbourg-alsace\\\/&quot;,&quot;likes_blog_id&quot;:112652587}' itemscope itemtype=\"http:\/\/schema.org\/ImageGallery\" > <div class=\"gallery-row\" style=\"width: 480px; height: 136px;\" data-original-width=\"480\" data-original-height=\"136\" > <div class=\"gallery-group images-1\" style=\"width: 240px; height: 136px;\" data-original-width=\"240\" data-original-height=\"136\" > <div class=\"tiled-gallery-item tiled-gallery-item-small\" itemprop=\"associatedMedia\" itemscope itemtype=\"http:\/\/schema.org\/ImageObject\"> <a href=\"https:\/\/www.fannywalz.com\/fw\/portfolio\/mireille-oster-pain-epice-livre-recette-cuisine-edition-creation-editoriale-charte-graphique-fanny-walz-strasbourg-alsace\/livre-mireille-oster-14-dsc01339-2\/\" border=\"0\" itemprop=\"url\"> <meta itemprop=\"width\" content=\"236\"> <meta itemprop=\"height\" content=\"132\"> <img decoding=\"async\" class=\"\" data-attachment-id=\"4424\" data-orig-file=\"https:\/\/www.fannywalz.com\/fw\/wp-content\/uploads\/2019\/09\/livre-mireille-oster-14-DSC01339-2.jpg\" data-orig-size=\"1000,559\" data-comments-opened=\"\" data-image-meta=\"{&quot;aperture&quot;:&quot;5.6&quot;,&quot;credit&quot;:&quot;&quot;,&quot;camera&quot;:&quot;NEX-7&quot;,&quot;caption&quot;:&quot;&quot;,&quot;created_timestamp&quot;:&quot;1569842955&quot;,&quot;copyright&quot;:&quot;&quot;,&quot;focal_length&quot;:&quot;33&quot;,&quot;iso&quot;:&quot;100&quot;,&quot;shutter_speed&quot;:&quot;0.01&quot;,&quot;title&quot;:&quot;&quot;,&quot;orientation&quot;:&quot;0&quot;}\" data-image-title=\"livre-mireille-oster-14-DSC01339-2\" data-image-description=\"\" data-medium-file=\"https:\/\/i0.wp.com\/www.fannywalz.com\/fw\/wp-content\/uploads\/2019\/09\/livre-mireille-oster-14-DSC01339-2.jpg?fit=500%2C280&#038;ssl=1\" data-large-file=\"https:\/\/i0.wp.com\/www.fannywalz.com\/fw\/wp-content\/uploads\/2019\/09\/livre-mireille-oster-14-DSC01339-2.jpg?fit=480%2C268&#038;ssl=1\" src=\"https:\/\/i0.wp.com\/www.fannywalz.com\/fw\/wp-content\/uploads\/2019\/09\/livre-mireille-oster-14-DSC01339-2.jpg?w=236&#038;h=132&#038;ssl=1\" srcset=\"https:\/\/i0.wp.com\/www.fannywalz.com\/fw\/wp-content\/uploads\/2019\/09\/livre-mireille-oster-14-DSC01339-2.jpg?w=1000&amp;ssl=1 1000w, https:\/\/i0.wp.com\/www.fannywalz.com\/fw\/wp-content\/uploads\/2019\/09\/livre-mireille-oster-14-DSC01339-2.jpg?resize=250%2C140&amp;ssl=1 250w, https:\/\/i0.wp.com\/www.fannywalz.com\/fw\/wp-content\/uploads\/2019\/09\/livre-mireille-oster-14-DSC01339-2.jpg?resize=500%2C280&amp;ssl=1 500w, https:\/\/i0.wp.com\/www.fannywalz.com\/fw\/wp-content\/uploads\/2019\/09\/livre-mireille-oster-14-DSC01339-2.jpg?resize=700%2C391&amp;ssl=1 700w, https:\/\/i0.wp.com\/www.fannywalz.com\/fw\/wp-content\/uploads\/2019\/09\/livre-mireille-oster-14-DSC01339-2.jpg?resize=738%2C413&amp;ssl=1 738w, https:\/\/i0.wp.com\/www.fannywalz.com\/fw\/wp-content\/uploads\/2019\/09\/livre-mireille-oster-14-DSC01339-2.jpg?resize=996%2C557&amp;ssl=1 996w\" width=\"236\" height=\"132\" loading=\"lazy\" data-original-width=\"236\" data-original-height=\"132\" itemprop=\"http:\/\/schema.org\/image\" title=\"livre-mireille-oster-14-DSC01339-2\" alt=\"Livre Mireille Oster - Couverture\" style=\"width: 236px; height: 132px;\" \/> <\/a> <\/div> <\/div> <!-- close group --> <div class=\"gallery-group images-1\" style=\"width: 240px; height: 136px;\" data-original-width=\"240\" data-original-height=\"136\" > <div class=\"tiled-gallery-item tiled-gallery-item-small\" itemprop=\"associatedMedia\" itemscope itemtype=\"http:\/\/schema.org\/ImageObject\"> <a href=\"https:\/\/www.fannywalz.com\/fw\/portfolio\/mireille-oster-pain-epice-livre-recette-cuisine-edition-creation-editoriale-charte-graphique-fanny-walz-strasbourg-alsace\/livre-mireille-oster-16-dsc01367-2\/\" border=\"0\" itemprop=\"url\"> <meta itemprop=\"width\" content=\"236\"> <meta itemprop=\"height\" content=\"132\"> <img decoding=\"async\" class=\"\" data-attachment-id=\"4426\" data-orig-file=\"https:\/\/www.fannywalz.com\/fw\/wp-content\/uploads\/2019\/09\/livre-mireille-oster-16-DSC01367-2.jpg\" data-orig-size=\"1000,559\" data-comments-opened=\"\" data-image-meta=\"{&quot;aperture&quot;:&quot;5&quot;,&quot;credit&quot;:&quot;&quot;,&quot;camera&quot;:&quot;NEX-7&quot;,&quot;caption&quot;:&quot;&quot;,&quot;created_timestamp&quot;:&quot;1569843081&quot;,&quot;copyright&quot;:&quot;&quot;,&quot;focal_length&quot;:&quot;33&quot;,&quot;iso&quot;:&quot;100&quot;,&quot;shutter_speed&quot;:&quot;0.0125&quot;,&quot;title&quot;:&quot;&quot;,&quot;orientation&quot;:&quot;0&quot;}\" data-image-title=\"livre-mireille-oster-16-DSC01367-2\" data-image-description=\"\" data-medium-file=\"https:\/\/i0.wp.com\/www.fannywalz.com\/fw\/wp-content\/uploads\/2019\/09\/livre-mireille-oster-16-DSC01367-2.jpg?fit=500%2C280&#038;ssl=1\" data-large-file=\"https:\/\/i0.wp.com\/www.fannywalz.com\/fw\/wp-content\/uploads\/2019\/09\/livre-mireille-oster-16-DSC01367-2.jpg?fit=480%2C268&#038;ssl=1\" src=\"https:\/\/i0.wp.com\/www.fannywalz.com\/fw\/wp-content\/uploads\/2019\/09\/livre-mireille-oster-16-DSC01367-2.jpg?w=236&#038;h=132&#038;ssl=1\" srcset=\"https:\/\/i0.wp.com\/www.fannywalz.com\/fw\/wp-content\/uploads\/2019\/09\/livre-mireille-oster-16-DSC01367-2.jpg?w=1000&amp;ssl=1 1000w, https:\/\/i0.wp.com\/www.fannywalz.com\/fw\/wp-content\/uploads\/2019\/09\/livre-mireille-oster-16-DSC01367-2.jpg?resize=250%2C140&amp;ssl=1 250w, https:\/\/i0.wp.com\/www.fannywalz.com\/fw\/wp-content\/uploads\/2019\/09\/livre-mireille-oster-16-DSC01367-2.jpg?resize=500%2C280&amp;ssl=1 500w, https:\/\/i0.wp.com\/www.fannywalz.com\/fw\/wp-content\/uploads\/2019\/09\/livre-mireille-oster-16-DSC01367-2.jpg?resize=700%2C391&amp;ssl=1 700w, https:\/\/i0.wp.com\/www.fannywalz.com\/fw\/wp-content\/uploads\/2019\/09\/livre-mireille-oster-16-DSC01367-2.jpg?resize=738%2C413&amp;ssl=1 738w, https:\/\/i0.wp.com\/www.fannywalz.com\/fw\/wp-content\/uploads\/2019\/09\/livre-mireille-oster-16-DSC01367-2.jpg?resize=996%2C557&amp;ssl=1 996w\" width=\"236\" height=\"132\" loading=\"lazy\" data-original-width=\"236\" data-original-height=\"132\" itemprop=\"http:\/\/schema.org\/image\" title=\"livre-mireille-oster-16-DSC01367-2\" alt=\"Livre Mireille Oster - Pages int\u00e9rieures\" style=\"width: 236px; height: 132px;\" \/> <\/a> <\/div> <\/div> <!-- close group --> <\/div> <!-- close row --> <div class=\"gallery-row\" style=\"width: 480px; height: 136px;\" data-original-width=\"480\" data-original-height=\"136\" > <div class=\"gallery-group images-1\" style=\"width: 240px; height: 136px;\" data-original-width=\"240\" data-original-height=\"136\" > <div class=\"tiled-gallery-item tiled-gallery-item-small\" itemprop=\"associatedMedia\" itemscope itemtype=\"http:\/\/schema.org\/ImageObject\"> <a href=\"https:\/\/www.fannywalz.com\/fw\/portfolio\/mireille-oster-pain-epice-livre-recette-cuisine-edition-creation-editoriale-charte-graphique-fanny-walz-strasbourg-alsace\/livre-mireille-oster-17-dsc01374-2\/\" border=\"0\" itemprop=\"url\"> <meta itemprop=\"width\" content=\"236\"> <meta itemprop=\"height\" content=\"132\"> <img decoding=\"async\" class=\"\" data-attachment-id=\"4427\" data-orig-file=\"https:\/\/www.fannywalz.com\/fw\/wp-content\/uploads\/2019\/09\/livre-mireille-oster-17-DSC01374-2.jpg\" data-orig-size=\"1000,559\" data-comments-opened=\"\" data-image-meta=\"{&quot;aperture&quot;:&quot;5.6&quot;,&quot;credit&quot;:&quot;&quot;,&quot;camera&quot;:&quot;NEX-7&quot;,&quot;caption&quot;:&quot;&quot;,&quot;created_timestamp&quot;:&quot;1569843095&quot;,&quot;copyright&quot;:&quot;&quot;,&quot;focal_length&quot;:&quot;33&quot;,&quot;iso&quot;:&quot;100&quot;,&quot;shutter_speed&quot;:&quot;0.01&quot;,&quot;title&quot;:&quot;&quot;,&quot;orientation&quot;:&quot;0&quot;}\" data-image-title=\"livre-mireille-oster-17-DSC01374-2\" data-image-description=\"\" data-medium-file=\"https:\/\/i0.wp.com\/www.fannywalz.com\/fw\/wp-content\/uploads\/2019\/09\/livre-mireille-oster-17-DSC01374-2.jpg?fit=500%2C280&#038;ssl=1\" data-large-file=\"https:\/\/i0.wp.com\/www.fannywalz.com\/fw\/wp-content\/uploads\/2019\/09\/livre-mireille-oster-17-DSC01374-2.jpg?fit=480%2C268&#038;ssl=1\" src=\"https:\/\/i0.wp.com\/www.fannywalz.com\/fw\/wp-content\/uploads\/2019\/09\/livre-mireille-oster-17-DSC01374-2.jpg?w=236&#038;h=132&#038;ssl=1\" srcset=\"https:\/\/i0.wp.com\/www.fannywalz.com\/fw\/wp-content\/uploads\/2019\/09\/livre-mireille-oster-17-DSC01374-2.jpg?w=1000&amp;ssl=1 1000w, https:\/\/i0.wp.com\/www.fannywalz.com\/fw\/wp-content\/uploads\/2019\/09\/livre-mireille-oster-17-DSC01374-2.jpg?resize=250%2C140&amp;ssl=1 250w, https:\/\/i0.wp.com\/www.fannywalz.com\/fw\/wp-content\/uploads\/2019\/09\/livre-mireille-oster-17-DSC01374-2.jpg?resize=500%2C280&amp;ssl=1 500w, https:\/\/i0.wp.com\/www.fannywalz.com\/fw\/wp-content\/uploads\/2019\/09\/livre-mireille-oster-17-DSC01374-2.jpg?resize=700%2C391&amp;ssl=1 700w, https:\/\/i0.wp.com\/www.fannywalz.com\/fw\/wp-content\/uploads\/2019\/09\/livre-mireille-oster-17-DSC01374-2.jpg?resize=738%2C413&amp;ssl=1 738w, https:\/\/i0.wp.com\/www.fannywalz.com\/fw\/wp-content\/uploads\/2019\/09\/livre-mireille-oster-17-DSC01374-2.jpg?resize=996%2C557&amp;ssl=1 996w\" width=\"236\" height=\"132\" loading=\"lazy\" data-original-width=\"236\" data-original-height=\"132\" itemprop=\"http:\/\/schema.org\/image\" title=\"livre-mireille-oster-17-DSC01374-2\" alt=\"Livre Mireille Oster - Pages int\u00e9rieures\" style=\"width: 236px; height: 132px;\" \/> <\/a> <\/div> <\/div> <!-- close group --> <div class=\"gallery-group images-1\" style=\"width: 240px; height: 136px;\" data-original-width=\"240\" data-original-height=\"136\" > <div class=\"tiled-gallery-item tiled-gallery-item-small\" itemprop=\"associatedMedia\" itemscope itemtype=\"http:\/\/schema.org\/ImageObject\"> <a href=\"https:\/\/www.fannywalz.com\/fw\/portfolio\/mireille-oster-pain-epice-livre-recette-cuisine-edition-creation-editoriale-charte-graphique-fanny-walz-strasbourg-alsace\/livre-mireille-oster-18-dsc01377-2\/\" border=\"0\" itemprop=\"url\"> <meta itemprop=\"width\" content=\"236\"> <meta itemprop=\"height\" content=\"132\"> <img decoding=\"async\" class=\"\" data-attachment-id=\"4428\" data-orig-file=\"https:\/\/www.fannywalz.com\/fw\/wp-content\/uploads\/2019\/09\/livre-mireille-oster-18-DSC01377-2.jpg\" data-orig-size=\"1000,559\" data-comments-opened=\"\" data-image-meta=\"{&quot;aperture&quot;:&quot;4.5&quot;,&quot;credit&quot;:&quot;&quot;,&quot;camera&quot;:&quot;NEX-7&quot;,&quot;caption&quot;:&quot;&quot;,&quot;created_timestamp&quot;:&quot;1569843098&quot;,&quot;copyright&quot;:&quot;&quot;,&quot;focal_length&quot;:&quot;33&quot;,&quot;iso&quot;:&quot;250&quot;,&quot;shutter_speed&quot;:&quot;0.016666666666667&quot;,&quot;title&quot;:&quot;&quot;,&quot;orientation&quot;:&quot;0&quot;}\" data-image-title=\"livre-mireille-oster-18-DSC01377-2\" data-image-description=\"\" data-medium-file=\"https:\/\/i0.wp.com\/www.fannywalz.com\/fw\/wp-content\/uploads\/2019\/09\/livre-mireille-oster-18-DSC01377-2.jpg?fit=500%2C280&#038;ssl=1\" data-large-file=\"https:\/\/i0.wp.com\/www.fannywalz.com\/fw\/wp-content\/uploads\/2019\/09\/livre-mireille-oster-18-DSC01377-2.jpg?fit=480%2C268&#038;ssl=1\" src=\"https:\/\/i0.wp.com\/www.fannywalz.com\/fw\/wp-content\/uploads\/2019\/09\/livre-mireille-oster-18-DSC01377-2.jpg?w=236&#038;h=132&#038;ssl=1\" srcset=\"https:\/\/i0.wp.com\/www.fannywalz.com\/fw\/wp-content\/uploads\/2019\/09\/livre-mireille-oster-18-DSC01377-2.jpg?w=1000&amp;ssl=1 1000w, https:\/\/i0.wp.com\/www.fannywalz.com\/fw\/wp-content\/uploads\/2019\/09\/livre-mireille-oster-18-DSC01377-2.jpg?resize=250%2C140&amp;ssl=1 250w, https:\/\/i0.wp.com\/www.fannywalz.com\/fw\/wp-content\/uploads\/2019\/09\/livre-mireille-oster-18-DSC01377-2.jpg?resize=500%2C280&amp;ssl=1 500w, https:\/\/i0.wp.com\/www.fannywalz.com\/fw\/wp-content\/uploads\/2019\/09\/livre-mireille-oster-18-DSC01377-2.jpg?resize=700%2C391&amp;ssl=1 700w, https:\/\/i0.wp.com\/www.fannywalz.com\/fw\/wp-content\/uploads\/2019\/09\/livre-mireille-oster-18-DSC01377-2.jpg?resize=738%2C413&amp;ssl=1 738w, https:\/\/i0.wp.com\/www.fannywalz.com\/fw\/wp-content\/uploads\/2019\/09\/livre-mireille-oster-18-DSC01377-2.jpg?resize=996%2C557&amp;ssl=1 996w\" width=\"236\" height=\"132\" loading=\"lazy\" data-original-width=\"236\" data-original-height=\"132\" itemprop=\"http:\/\/schema.org\/image\" title=\"livre-mireille-oster-18-DSC01377-2\" alt=\"Livre Mireille Oster - Pages int\u00e9rieures\" style=\"width: 236px; height: 132px;\" \/> <\/a> <\/div> <\/div> <!-- close group --> <\/div> <!-- close row --> <div class=\"gallery-row\" style=\"width: 480px; height: 136px;\" data-original-width=\"480\" data-original-height=\"136\" > <div class=\"gallery-group images-1\" style=\"width: 240px; height: 136px;\" data-original-width=\"240\" data-original-height=\"136\" > <div class=\"tiled-gallery-item tiled-gallery-item-small\" itemprop=\"associatedMedia\" itemscope itemtype=\"http:\/\/schema.org\/ImageObject\"> <a href=\"https:\/\/www.fannywalz.com\/fw\/portfolio\/mireille-oster-pain-epice-livre-recette-cuisine-edition-creation-editoriale-charte-graphique-fanny-walz-strasbourg-alsace\/livre-mireille-oster-19-dsc01376-2\/\" border=\"0\" itemprop=\"url\"> <meta itemprop=\"width\" content=\"236\"> <meta itemprop=\"height\" content=\"132\"> <img decoding=\"async\" class=\"\" data-attachment-id=\"4429\" data-orig-file=\"https:\/\/www.fannywalz.com\/fw\/wp-content\/uploads\/2019\/09\/livre-mireille-oster-19-DSC01376-2.jpg\" data-orig-size=\"1000,559\" data-comments-opened=\"\" data-image-meta=\"{&quot;aperture&quot;:&quot;4.5&quot;,&quot;credit&quot;:&quot;&quot;,&quot;camera&quot;:&quot;NEX-7&quot;,&quot;caption&quot;:&quot;&quot;,&quot;created_timestamp&quot;:&quot;1569843097&quot;,&quot;copyright&quot;:&quot;&quot;,&quot;focal_length&quot;:&quot;33&quot;,&quot;iso&quot;:&quot;160&quot;,&quot;shutter_speed&quot;:&quot;0.016666666666667&quot;,&quot;title&quot;:&quot;&quot;,&quot;orientation&quot;:&quot;0&quot;}\" data-image-title=\"livre-mireille-oster-19-DSC01376-2\" data-image-description=\"\" data-medium-file=\"https:\/\/i0.wp.com\/www.fannywalz.com\/fw\/wp-content\/uploads\/2019\/09\/livre-mireille-oster-19-DSC01376-2.jpg?fit=500%2C280&#038;ssl=1\" data-large-file=\"https:\/\/i0.wp.com\/www.fannywalz.com\/fw\/wp-content\/uploads\/2019\/09\/livre-mireille-oster-19-DSC01376-2.jpg?fit=480%2C268&#038;ssl=1\" src=\"https:\/\/i0.wp.com\/www.fannywalz.com\/fw\/wp-content\/uploads\/2019\/09\/livre-mireille-oster-19-DSC01376-2.jpg?w=236&#038;h=132&#038;ssl=1\" srcset=\"https:\/\/i0.wp.com\/www.fannywalz.com\/fw\/wp-content\/uploads\/2019\/09\/livre-mireille-oster-19-DSC01376-2.jpg?w=1000&amp;ssl=1 1000w, https:\/\/i0.wp.com\/www.fannywalz.com\/fw\/wp-content\/uploads\/2019\/09\/livre-mireille-oster-19-DSC01376-2.jpg?resize=250%2C140&amp;ssl=1 250w, https:\/\/i0.wp.com\/www.fannywalz.com\/fw\/wp-content\/uploads\/2019\/09\/livre-mireille-oster-19-DSC01376-2.jpg?resize=500%2C280&amp;ssl=1 500w, https:\/\/i0.wp.com\/www.fannywalz.com\/fw\/wp-content\/uploads\/2019\/09\/livre-mireille-oster-19-DSC01376-2.jpg?resize=700%2C391&amp;ssl=1 700w, https:\/\/i0.wp.com\/www.fannywalz.com\/fw\/wp-content\/uploads\/2019\/09\/livre-mireille-oster-19-DSC01376-2.jpg?resize=738%2C413&amp;ssl=1 738w, https:\/\/i0.wp.com\/www.fannywalz.com\/fw\/wp-content\/uploads\/2019\/09\/livre-mireille-oster-19-DSC01376-2.jpg?resize=996%2C557&amp;ssl=1 996w\" width=\"236\" height=\"132\" loading=\"lazy\" data-original-width=\"236\" data-original-height=\"132\" itemprop=\"http:\/\/schema.org\/image\" title=\"livre-mireille-oster-19-DSC01376-2\" alt=\"Livre Mireille Oster - Pages int\u00e9rieures\" style=\"width: 236px; height: 132px;\" \/> <\/a> <\/div> <\/div> <!-- close group --> <div class=\"gallery-group images-1\" style=\"width: 240px; height: 136px;\" data-original-width=\"240\" data-original-height=\"136\" > <div class=\"tiled-gallery-item tiled-gallery-item-small\" itemprop=\"associatedMedia\" itemscope itemtype=\"http:\/\/schema.org\/ImageObject\"> <a href=\"https:\/\/www.fannywalz.com\/fw\/portfolio\/mireille-oster-pain-epice-livre-recette-cuisine-edition-creation-editoriale-charte-graphique-fanny-walz-strasbourg-alsace\/livre-mireille-oster-20-dsc01359-2\/\" border=\"0\" itemprop=\"url\"> <meta itemprop=\"width\" content=\"236\"> <meta itemprop=\"height\" content=\"132\"> <img decoding=\"async\" class=\"\" data-attachment-id=\"4430\" data-orig-file=\"https:\/\/www.fannywalz.com\/fw\/wp-content\/uploads\/2019\/09\/livre-mireille-oster-20-DSC01359-2.jpg\" data-orig-size=\"1000,559\" data-comments-opened=\"\" data-image-meta=\"{&quot;aperture&quot;:&quot;4.5&quot;,&quot;credit&quot;:&quot;&quot;,&quot;camera&quot;:&quot;NEX-7&quot;,&quot;caption&quot;:&quot;&quot;,&quot;created_timestamp&quot;:&quot;1569843047&quot;,&quot;copyright&quot;:&quot;&quot;,&quot;focal_length&quot;:&quot;33&quot;,&quot;iso&quot;:&quot;250&quot;,&quot;shutter_speed&quot;:&quot;0.016666666666667&quot;,&quot;title&quot;:&quot;&quot;,&quot;orientation&quot;:&quot;0&quot;}\" data-image-title=\"livre-mireille-oster-20-DSC01359-2\" data-image-description=\"\" data-medium-file=\"https:\/\/i0.wp.com\/www.fannywalz.com\/fw\/wp-content\/uploads\/2019\/09\/livre-mireille-oster-20-DSC01359-2.jpg?fit=500%2C280&#038;ssl=1\" data-large-file=\"https:\/\/i0.wp.com\/www.fannywalz.com\/fw\/wp-content\/uploads\/2019\/09\/livre-mireille-oster-20-DSC01359-2.jpg?fit=480%2C268&#038;ssl=1\" src=\"https:\/\/i0.wp.com\/www.fannywalz.com\/fw\/wp-content\/uploads\/2019\/09\/livre-mireille-oster-20-DSC01359-2.jpg?w=236&#038;h=132&#038;ssl=1\" srcset=\"https:\/\/i0.wp.com\/www.fannywalz.com\/fw\/wp-content\/uploads\/2019\/09\/livre-mireille-oster-20-DSC01359-2.jpg?w=1000&amp;ssl=1 1000w, https:\/\/i0.wp.com\/www.fannywalz.com\/fw\/wp-content\/uploads\/2019\/09\/livre-mireille-oster-20-DSC01359-2.jpg?resize=250%2C140&amp;ssl=1 250w, https:\/\/i0.wp.com\/www.fannywalz.com\/fw\/wp-content\/uploads\/2019\/09\/livre-mireille-oster-20-DSC01359-2.jpg?resize=500%2C280&amp;ssl=1 500w, https:\/\/i0.wp.com\/www.fannywalz.com\/fw\/wp-content\/uploads\/2019\/09\/livre-mireille-oster-20-DSC01359-2.jpg?resize=700%2C391&amp;ssl=1 700w, https:\/\/i0.wp.com\/www.fannywalz.com\/fw\/wp-content\/uploads\/2019\/09\/livre-mireille-oster-20-DSC01359-2.jpg?resize=738%2C413&amp;ssl=1 738w, https:\/\/i0.wp.com\/www.fannywalz.com\/fw\/wp-content\/uploads\/2019\/09\/livre-mireille-oster-20-DSC01359-2.jpg?resize=996%2C557&amp;ssl=1 996w\" width=\"236\" height=\"132\" loading=\"lazy\" data-original-width=\"236\" data-original-height=\"132\" itemprop=\"http:\/\/schema.org\/image\" title=\"livre-mireille-oster-20-DSC01359-2\" alt=\"Livre Mireille Oster - Pages int\u00e9rieures\" style=\"width: 236px; height: 132px;\" \/> <\/a> <\/div> <\/div> <!-- close group --> <\/div> <!-- close row --> <div class=\"gallery-row\" style=\"width: 480px; height: 137px;\" data-original-width=\"480\" data-original-height=\"137\" > <div class=\"gallery-group images-1\" style=\"width: 240px; height: 137px;\" data-original-width=\"240\" data-original-height=\"137\" > <div class=\"tiled-gallery-item tiled-gallery-item-small\" itemprop=\"associatedMedia\" itemscope itemtype=\"http:\/\/schema.org\/ImageObject\"> <a href=\"https:\/\/www.fannywalz.com\/fw\/portfolio\/mireille-oster-pain-epice-livre-recette-cuisine-edition-creation-editoriale-charte-graphique-fanny-walz-strasbourg-alsace\/livre-mireille-oster-1\/\" border=\"0\" itemprop=\"url\"> <meta itemprop=\"width\" content=\"236\"> <meta itemprop=\"height\" content=\"133\"> <img decoding=\"async\" class=\"\" data-attachment-id=\"4433\" data-orig-file=\"https:\/\/www.fannywalz.com\/fw\/wp-content\/uploads\/2019\/09\/livre-mireille-oster-1.jpg\" data-orig-size=\"900,508\" data-comments-opened=\"\" data-image-meta=\"{&quot;aperture&quot;:&quot;0&quot;,&quot;credit&quot;:&quot;&quot;,&quot;camera&quot;:&quot;&quot;,&quot;caption&quot;:&quot;&quot;,&quot;created_timestamp&quot;:&quot;0&quot;,&quot;copyright&quot;:&quot;&quot;,&quot;focal_length&quot;:&quot;0&quot;,&quot;iso&quot;:&quot;0&quot;,&quot;shutter_speed&quot;:&quot;0&quot;,&quot;title&quot;:&quot;&quot;,&quot;orientation&quot;:&quot;1&quot;}\" data-image-title=\"livre-mireille-oster-1\" data-image-description=\"\" data-medium-file=\"https:\/\/i0.wp.com\/www.fannywalz.com\/fw\/wp-content\/uploads\/2019\/09\/livre-mireille-oster-1.jpg?fit=500%2C282&#038;ssl=1\" data-large-file=\"https:\/\/i0.wp.com\/www.fannywalz.com\/fw\/wp-content\/uploads\/2019\/09\/livre-mireille-oster-1.jpg?fit=480%2C271&#038;ssl=1\" src=\"https:\/\/i0.wp.com\/www.fannywalz.com\/fw\/wp-content\/uploads\/2019\/09\/livre-mireille-oster-1.jpg?w=236&#038;h=133&#038;ssl=1\" srcset=\"https:\/\/i0.wp.com\/www.fannywalz.com\/fw\/wp-content\/uploads\/2019\/09\/livre-mireille-oster-1.jpg?w=900&amp;ssl=1 900w, https:\/\/i0.wp.com\/www.fannywalz.com\/fw\/wp-content\/uploads\/2019\/09\/livre-mireille-oster-1.jpg?resize=250%2C141&amp;ssl=1 250w, https:\/\/i0.wp.com\/www.fannywalz.com\/fw\/wp-content\/uploads\/2019\/09\/livre-mireille-oster-1.jpg?resize=500%2C282&amp;ssl=1 500w, https:\/\/i0.wp.com\/www.fannywalz.com\/fw\/wp-content\/uploads\/2019\/09\/livre-mireille-oster-1.jpg?resize=700%2C395&amp;ssl=1 700w, https:\/\/i0.wp.com\/www.fannywalz.com\/fw\/wp-content\/uploads\/2019\/09\/livre-mireille-oster-1.jpg?resize=738%2C417&amp;ssl=1 738w\" width=\"236\" height=\"133\" loading=\"lazy\" data-original-width=\"236\" data-original-height=\"133\" itemprop=\"http:\/\/schema.org\/image\" title=\"livre-mireille-oster-1\" alt=\"Livre Mireille Oster - Couverture\" style=\"width: 236px; height: 133px;\" \/> <\/a> <\/div> <\/div> <!-- close group --> <div class=\"gallery-group images-1\" style=\"width: 240px; height: 137px;\" data-original-width=\"240\" data-original-height=\"137\" > <div class=\"tiled-gallery-item tiled-gallery-item-small\" itemprop=\"associatedMedia\" itemscope itemtype=\"http:\/\/schema.org\/ImageObject\"> <a href=\"https:\/\/www.fannywalz.com\/fw\/portfolio\/mireille-oster-pain-epice-livre-recette-cuisine-edition-creation-editoriale-charte-graphique-fanny-walz-strasbourg-alsace\/livre-mireille-oster-2\/\" border=\"0\" itemprop=\"url\"> <meta itemprop=\"width\" content=\"236\"> <meta itemprop=\"height\" content=\"133\"> <img decoding=\"async\" class=\"\" data-attachment-id=\"4434\" data-orig-file=\"https:\/\/www.fannywalz.com\/fw\/wp-content\/uploads\/2019\/09\/livre-mireille-oster-2.jpg\" data-orig-size=\"900,508\" data-comments-opened=\"\" data-image-meta=\"{&quot;aperture&quot;:&quot;0&quot;,&quot;credit&quot;:&quot;&quot;,&quot;camera&quot;:&quot;&quot;,&quot;caption&quot;:&quot;&quot;,&quot;created_timestamp&quot;:&quot;0&quot;,&quot;copyright&quot;:&quot;&quot;,&quot;focal_length&quot;:&quot;0&quot;,&quot;iso&quot;:&quot;0&quot;,&quot;shutter_speed&quot;:&quot;0&quot;,&quot;title&quot;:&quot;&quot;,&quot;orientation&quot;:&quot;1&quot;}\" data-image-title=\"livre-mireille-oster-2\" data-image-description=\"\" data-medium-file=\"https:\/\/i0.wp.com\/www.fannywalz.com\/fw\/wp-content\/uploads\/2019\/09\/livre-mireille-oster-2.jpg?fit=500%2C282&#038;ssl=1\" data-large-file=\"https:\/\/i0.wp.com\/www.fannywalz.com\/fw\/wp-content\/uploads\/2019\/09\/livre-mireille-oster-2.jpg?fit=480%2C271&#038;ssl=1\" src=\"https:\/\/i0.wp.com\/www.fannywalz.com\/fw\/wp-content\/uploads\/2019\/09\/livre-mireille-oster-2.jpg?w=236&#038;h=133&#038;ssl=1\" srcset=\"https:\/\/i0.wp.com\/www.fannywalz.com\/fw\/wp-content\/uploads\/2019\/09\/livre-mireille-oster-2.jpg?w=900&amp;ssl=1 900w, https:\/\/i0.wp.com\/www.fannywalz.com\/fw\/wp-content\/uploads\/2019\/09\/livre-mireille-oster-2.jpg?resize=250%2C141&amp;ssl=1 250w, https:\/\/i0.wp.com\/www.fannywalz.com\/fw\/wp-content\/uploads\/2019\/09\/livre-mireille-oster-2.jpg?resize=500%2C282&amp;ssl=1 500w, https:\/\/i0.wp.com\/www.fannywalz.com\/fw\/wp-content\/uploads\/2019\/09\/livre-mireille-oster-2.jpg?resize=700%2C395&amp;ssl=1 700w, https:\/\/i0.wp.com\/www.fannywalz.com\/fw\/wp-content\/uploads\/2019\/09\/livre-mireille-oster-2.jpg?resize=738%2C417&amp;ssl=1 738w\" width=\"236\" height=\"133\" loading=\"lazy\" data-original-width=\"236\" data-original-height=\"133\" itemprop=\"http:\/\/schema.org\/image\" title=\"livre-mireille-oster-2\" alt=\"Livre Mireille Oster - 4e Couverture\" style=\"width: 236px; height: 133px;\" \/> <\/a> <\/div> <\/div> <!-- close group --> <\/div> <!-- close row --> <div class=\"gallery-row\" style=\"width: 480px; height: 137px;\" data-original-width=\"480\" data-original-height=\"137\" > <div class=\"gallery-group images-1\" style=\"width: 240px; height: 137px;\" data-original-width=\"240\" data-original-height=\"137\" > <div class=\"tiled-gallery-item tiled-gallery-item-small\" itemprop=\"associatedMedia\" itemscope itemtype=\"http:\/\/schema.org\/ImageObject\"> <a href=\"https:\/\/www.fannywalz.com\/fw\/portfolio\/mireille-oster-pain-epice-livre-recette-cuisine-edition-creation-editoriale-charte-graphique-fanny-walz-strasbourg-alsace\/livre-mireille-oster-8\/\" border=\"0\" itemprop=\"url\"> <meta itemprop=\"width\" content=\"236\"> <meta itemprop=\"height\" content=\"133\"> <img decoding=\"async\" class=\"\" data-attachment-id=\"4440\" data-orig-file=\"https:\/\/www.fannywalz.com\/fw\/wp-content\/uploads\/2019\/09\/livre-mireille-oster-8.jpg\" data-orig-size=\"900,508\" data-comments-opened=\"\" data-image-meta=\"{&quot;aperture&quot;:&quot;0&quot;,&quot;credit&quot;:&quot;&quot;,&quot;camera&quot;:&quot;&quot;,&quot;caption&quot;:&quot;&quot;,&quot;created_timestamp&quot;:&quot;0&quot;,&quot;copyright&quot;:&quot;&quot;,&quot;focal_length&quot;:&quot;0&quot;,&quot;iso&quot;:&quot;0&quot;,&quot;shutter_speed&quot;:&quot;0&quot;,&quot;title&quot;:&quot;&quot;,&quot;orientation&quot;:&quot;1&quot;}\" data-image-title=\"livre-mireille-oster-8\" data-image-description=\"\" data-medium-file=\"https:\/\/i0.wp.com\/www.fannywalz.com\/fw\/wp-content\/uploads\/2019\/09\/livre-mireille-oster-8.jpg?fit=500%2C282&#038;ssl=1\" data-large-file=\"https:\/\/i0.wp.com\/www.fannywalz.com\/fw\/wp-content\/uploads\/2019\/09\/livre-mireille-oster-8.jpg?fit=480%2C271&#038;ssl=1\" src=\"https:\/\/i0.wp.com\/www.fannywalz.com\/fw\/wp-content\/uploads\/2019\/09\/livre-mireille-oster-8.jpg?w=236&#038;h=133&#038;ssl=1\" srcset=\"https:\/\/i0.wp.com\/www.fannywalz.com\/fw\/wp-content\/uploads\/2019\/09\/livre-mireille-oster-8.jpg?w=900&amp;ssl=1 900w, https:\/\/i0.wp.com\/www.fannywalz.com\/fw\/wp-content\/uploads\/2019\/09\/livre-mireille-oster-8.jpg?resize=250%2C141&amp;ssl=1 250w, https:\/\/i0.wp.com\/www.fannywalz.com\/fw\/wp-content\/uploads\/2019\/09\/livre-mireille-oster-8.jpg?resize=500%2C282&amp;ssl=1 500w, https:\/\/i0.wp.com\/www.fannywalz.com\/fw\/wp-content\/uploads\/2019\/09\/livre-mireille-oster-8.jpg?resize=700%2C395&amp;ssl=1 700w, https:\/\/i0.wp.com\/www.fannywalz.com\/fw\/wp-content\/uploads\/2019\/09\/livre-mireille-oster-8.jpg?resize=738%2C417&amp;ssl=1 738w\" width=\"236\" height=\"133\" loading=\"lazy\" data-original-width=\"236\" data-original-height=\"133\" itemprop=\"http:\/\/schema.org\/image\" title=\"livre-mireille-oster-8\" alt=\"Livre Mireille Oster - Pages int\u00e9rieures\" style=\"width: 236px; height: 133px;\" \/> <\/a> <\/div> <\/div> <!-- close group --> <div class=\"gallery-group images-1\" style=\"width: 240px; height: 137px;\" data-original-width=\"240\" data-original-height=\"137\" > <div class=\"tiled-gallery-item tiled-gallery-item-small\" itemprop=\"associatedMedia\" itemscope itemtype=\"http:\/\/schema.org\/ImageObject\"> <a href=\"https:\/\/www.fannywalz.com\/fw\/portfolio\/mireille-oster-pain-epice-livre-recette-cuisine-edition-creation-editoriale-charte-graphique-fanny-walz-strasbourg-alsace\/livre-mireille-oster-9\/\" border=\"0\" itemprop=\"url\"> <meta itemprop=\"width\" content=\"236\"> <meta itemprop=\"height\" content=\"133\"> <img decoding=\"async\" class=\"\" data-attachment-id=\"4441\" data-orig-file=\"https:\/\/www.fannywalz.com\/fw\/wp-content\/uploads\/2019\/09\/livre-mireille-oster-9.jpg\" data-orig-size=\"900,508\" data-comments-opened=\"\" data-image-meta=\"{&quot;aperture&quot;:&quot;0&quot;,&quot;credit&quot;:&quot;&quot;,&quot;camera&quot;:&quot;&quot;,&quot;caption&quot;:&quot;&quot;,&quot;created_timestamp&quot;:&quot;0&quot;,&quot;copyright&quot;:&quot;&quot;,&quot;focal_length&quot;:&quot;0&quot;,&quot;iso&quot;:&quot;0&quot;,&quot;shutter_speed&quot;:&quot;0&quot;,&quot;title&quot;:&quot;&quot;,&quot;orientation&quot;:&quot;1&quot;}\" data-image-title=\"livre-mireille-oster-9\" data-image-description=\"\" data-medium-file=\"https:\/\/i0.wp.com\/www.fannywalz.com\/fw\/wp-content\/uploads\/2019\/09\/livre-mireille-oster-9.jpg?fit=500%2C282&#038;ssl=1\" data-large-file=\"https:\/\/i0.wp.com\/www.fannywalz.com\/fw\/wp-content\/uploads\/2019\/09\/livre-mireille-oster-9.jpg?fit=480%2C271&#038;ssl=1\" src=\"https:\/\/i0.wp.com\/www.fannywalz.com\/fw\/wp-content\/uploads\/2019\/09\/livre-mireille-oster-9.jpg?w=236&#038;h=133&#038;ssl=1\" srcset=\"https:\/\/i0.wp.com\/www.fannywalz.com\/fw\/wp-content\/uploads\/2019\/09\/livre-mireille-oster-9.jpg?w=900&amp;ssl=1 900w, https:\/\/i0.wp.com\/www.fannywalz.com\/fw\/wp-content\/uploads\/2019\/09\/livre-mireille-oster-9.jpg?resize=250%2C141&amp;ssl=1 250w, https:\/\/i0.wp.com\/www.fannywalz.com\/fw\/wp-content\/uploads\/2019\/09\/livre-mireille-oster-9.jpg?resize=500%2C282&amp;ssl=1 500w, https:\/\/i0.wp.com\/www.fannywalz.com\/fw\/wp-content\/uploads\/2019\/09\/livre-mireille-oster-9.jpg?resize=700%2C395&amp;ssl=1 700w, https:\/\/i0.wp.com\/www.fannywalz.com\/fw\/wp-content\/uploads\/2019\/09\/livre-mireille-oster-9.jpg?resize=738%2C417&amp;ssl=1 738w\" width=\"236\" height=\"133\" loading=\"lazy\" data-original-width=\"236\" data-original-height=\"133\" itemprop=\"http:\/\/schema.org\/image\" title=\"livre-mireille-oster-9\" alt=\"Livre Mireille Oster - Pages int\u00e9rieures\" style=\"width: 236px; height: 133px;\" \/> <\/a> <\/div> <\/div> <!-- close group --> <\/div> <!-- close row --> <div class=\"gallery-row\" style=\"width: 480px; height: 137px;\" data-original-width=\"480\" data-original-height=\"137\" > <div class=\"gallery-group images-1\" style=\"width: 240px; height: 137px;\" data-original-width=\"240\" data-original-height=\"137\" > <div class=\"tiled-gallery-item tiled-gallery-item-small\" itemprop=\"associatedMedia\" itemscope itemtype=\"http:\/\/schema.org\/ImageObject\"> <a href=\"https:\/\/www.fannywalz.com\/fw\/portfolio\/mireille-oster-pain-epice-livre-recette-cuisine-edition-creation-editoriale-charte-graphique-fanny-walz-strasbourg-alsace\/livre-mireille-oster-7\/\" border=\"0\" itemprop=\"url\"> <meta itemprop=\"width\" content=\"236\"> <meta itemprop=\"height\" content=\"133\"> <img decoding=\"async\" class=\"\" data-attachment-id=\"4439\" data-orig-file=\"https:\/\/www.fannywalz.com\/fw\/wp-content\/uploads\/2019\/09\/livre-mireille-oster-7.jpg\" data-orig-size=\"900,508\" data-comments-opened=\"\" data-image-meta=\"{&quot;aperture&quot;:&quot;0&quot;,&quot;credit&quot;:&quot;&quot;,&quot;camera&quot;:&quot;&quot;,&quot;caption&quot;:&quot;&quot;,&quot;created_timestamp&quot;:&quot;0&quot;,&quot;copyright&quot;:&quot;&quot;,&quot;focal_length&quot;:&quot;0&quot;,&quot;iso&quot;:&quot;0&quot;,&quot;shutter_speed&quot;:&quot;0&quot;,&quot;title&quot;:&quot;&quot;,&quot;orientation&quot;:&quot;1&quot;}\" data-image-title=\"livre-mireille-oster-7\" data-image-description=\"\" data-medium-file=\"https:\/\/i0.wp.com\/www.fannywalz.com\/fw\/wp-content\/uploads\/2019\/09\/livre-mireille-oster-7.jpg?fit=500%2C282&#038;ssl=1\" data-large-file=\"https:\/\/i0.wp.com\/www.fannywalz.com\/fw\/wp-content\/uploads\/2019\/09\/livre-mireille-oster-7.jpg?fit=480%2C271&#038;ssl=1\" src=\"https:\/\/i0.wp.com\/www.fannywalz.com\/fw\/wp-content\/uploads\/2019\/09\/livre-mireille-oster-7.jpg?w=236&#038;h=133&#038;ssl=1\" srcset=\"https:\/\/i0.wp.com\/www.fannywalz.com\/fw\/wp-content\/uploads\/2019\/09\/livre-mireille-oster-7.jpg?w=900&amp;ssl=1 900w, https:\/\/i0.wp.com\/www.fannywalz.com\/fw\/wp-content\/uploads\/2019\/09\/livre-mireille-oster-7.jpg?resize=250%2C141&amp;ssl=1 250w, https:\/\/i0.wp.com\/www.fannywalz.com\/fw\/wp-content\/uploads\/2019\/09\/livre-mireille-oster-7.jpg?resize=500%2C282&amp;ssl=1 500w, https:\/\/i0.wp.com\/www.fannywalz.com\/fw\/wp-content\/uploads\/2019\/09\/livre-mireille-oster-7.jpg?resize=700%2C395&amp;ssl=1 700w, https:\/\/i0.wp.com\/www.fannywalz.com\/fw\/wp-content\/uploads\/2019\/09\/livre-mireille-oster-7.jpg?resize=738%2C417&amp;ssl=1 738w\" width=\"236\" height=\"133\" loading=\"lazy\" data-original-width=\"236\" data-original-height=\"133\" itemprop=\"http:\/\/schema.org\/image\" title=\"livre-mireille-oster-7\" alt=\"Livre Mireille Oster - Pages int\u00e9rieures\" style=\"width: 236px; height: 133px;\" \/> <\/a> <\/div> <\/div> <!-- close group --> <div class=\"gallery-group images-1\" style=\"width: 240px; height: 137px;\" data-original-width=\"240\" data-original-height=\"137\" > <div class=\"tiled-gallery-item tiled-gallery-item-small\" itemprop=\"associatedMedia\" itemscope itemtype=\"http:\/\/schema.org\/ImageObject\"> <a href=\"https:\/\/www.fannywalz.com\/fw\/portfolio\/mireille-oster-pain-epice-livre-recette-cuisine-edition-creation-editoriale-charte-graphique-fanny-walz-strasbourg-alsace\/livre-mireille-oster-4\/\" border=\"0\" itemprop=\"url\"> <meta itemprop=\"width\" content=\"236\"> <meta itemprop=\"height\" content=\"133\"> <img decoding=\"async\" class=\"\" data-attachment-id=\"4436\" data-orig-file=\"https:\/\/www.fannywalz.com\/fw\/wp-content\/uploads\/2019\/09\/livre-mireille-oster-4.jpg\" data-orig-size=\"900,508\" data-comments-opened=\"\" data-image-meta=\"{&quot;aperture&quot;:&quot;0&quot;,&quot;credit&quot;:&quot;&quot;,&quot;camera&quot;:&quot;&quot;,&quot;caption&quot;:&quot;&quot;,&quot;created_timestamp&quot;:&quot;0&quot;,&quot;copyright&quot;:&quot;&quot;,&quot;focal_length&quot;:&quot;0&quot;,&quot;iso&quot;:&quot;0&quot;,&quot;shutter_speed&quot;:&quot;0&quot;,&quot;title&quot;:&quot;&quot;,&quot;orientation&quot;:&quot;1&quot;}\" data-image-title=\"livre-mireille-oster-4\" data-image-description=\"\" data-medium-file=\"https:\/\/i0.wp.com\/www.fannywalz.com\/fw\/wp-content\/uploads\/2019\/09\/livre-mireille-oster-4.jpg?fit=500%2C282&#038;ssl=1\" data-large-file=\"https:\/\/i0.wp.com\/www.fannywalz.com\/fw\/wp-content\/uploads\/2019\/09\/livre-mireille-oster-4.jpg?fit=480%2C271&#038;ssl=1\" src=\"https:\/\/i0.wp.com\/www.fannywalz.com\/fw\/wp-content\/uploads\/2019\/09\/livre-mireille-oster-4.jpg?w=236&#038;h=133&#038;ssl=1\" srcset=\"https:\/\/i0.wp.com\/www.fannywalz.com\/fw\/wp-content\/uploads\/2019\/09\/livre-mireille-oster-4.jpg?w=900&amp;ssl=1 900w, https:\/\/i0.wp.com\/www.fannywalz.com\/fw\/wp-content\/uploads\/2019\/09\/livre-mireille-oster-4.jpg?resize=250%2C141&amp;ssl=1 250w, https:\/\/i0.wp.com\/www.fannywalz.com\/fw\/wp-content\/uploads\/2019\/09\/livre-mireille-oster-4.jpg?resize=500%2C282&amp;ssl=1 500w, https:\/\/i0.wp.com\/www.fannywalz.com\/fw\/wp-content\/uploads\/2019\/09\/livre-mireille-oster-4.jpg?resize=700%2C395&amp;ssl=1 700w, https:\/\/i0.wp.com\/www.fannywalz.com\/fw\/wp-content\/uploads\/2019\/09\/livre-mireille-oster-4.jpg?resize=738%2C417&amp;ssl=1 738w\" width=\"236\" height=\"133\" loading=\"lazy\" data-original-width=\"236\" data-original-height=\"133\" itemprop=\"http:\/\/schema.org\/image\" title=\"livre-mireille-oster-4\" alt=\"Livre Mireille Oster - Pages int\u00e9rieures\" style=\"width: 236px; height: 133px;\" \/> <\/a> <\/div> <\/div> <!-- close group --> <\/div> <!-- close row --> <div class=\"gallery-row\" style=\"width: 480px; height: 137px;\" data-original-width=\"480\" data-original-height=\"137\" > <div class=\"gallery-group images-1\" style=\"width: 240px; height: 137px;\" data-original-width=\"240\" data-original-height=\"137\" > <div class=\"tiled-gallery-item tiled-gallery-item-small\" itemprop=\"associatedMedia\" itemscope itemtype=\"http:\/\/schema.org\/ImageObject\"> <a href=\"https:\/\/www.fannywalz.com\/fw\/portfolio\/mireille-oster-pain-epice-livre-recette-cuisine-edition-creation-editoriale-charte-graphique-fanny-walz-strasbourg-alsace\/livre-mireille-oster-6\/\" border=\"0\" itemprop=\"url\"> <meta itemprop=\"width\" content=\"236\"> <meta itemprop=\"height\" content=\"133\"> <img decoding=\"async\" class=\"\" data-attachment-id=\"4438\" data-orig-file=\"https:\/\/www.fannywalz.com\/fw\/wp-content\/uploads\/2019\/09\/livre-mireille-oster-6.jpg\" data-orig-size=\"900,508\" data-comments-opened=\"\" data-image-meta=\"{&quot;aperture&quot;:&quot;0&quot;,&quot;credit&quot;:&quot;&quot;,&quot;camera&quot;:&quot;&quot;,&quot;caption&quot;:&quot;&quot;,&quot;created_timestamp&quot;:&quot;0&quot;,&quot;copyright&quot;:&quot;&quot;,&quot;focal_length&quot;:&quot;0&quot;,&quot;iso&quot;:&quot;0&quot;,&quot;shutter_speed&quot;:&quot;0&quot;,&quot;title&quot;:&quot;&quot;,&quot;orientation&quot;:&quot;1&quot;}\" data-image-title=\"livre-mireille-oster-6\" data-image-description=\"\" data-medium-file=\"https:\/\/i0.wp.com\/www.fannywalz.com\/fw\/wp-content\/uploads\/2019\/09\/livre-mireille-oster-6.jpg?fit=500%2C282&#038;ssl=1\" data-large-file=\"https:\/\/i0.wp.com\/www.fannywalz.com\/fw\/wp-content\/uploads\/2019\/09\/livre-mireille-oster-6.jpg?fit=480%2C271&#038;ssl=1\" src=\"https:\/\/i0.wp.com\/www.fannywalz.com\/fw\/wp-content\/uploads\/2019\/09\/livre-mireille-oster-6.jpg?w=236&#038;h=133&#038;ssl=1\" srcset=\"https:\/\/i0.wp.com\/www.fannywalz.com\/fw\/wp-content\/uploads\/2019\/09\/livre-mireille-oster-6.jpg?w=900&amp;ssl=1 900w, https:\/\/i0.wp.com\/www.fannywalz.com\/fw\/wp-content\/uploads\/2019\/09\/livre-mireille-oster-6.jpg?resize=250%2C141&amp;ssl=1 250w, https:\/\/i0.wp.com\/www.fannywalz.com\/fw\/wp-content\/uploads\/2019\/09\/livre-mireille-oster-6.jpg?resize=500%2C282&amp;ssl=1 500w, https:\/\/i0.wp.com\/www.fannywalz.com\/fw\/wp-content\/uploads\/2019\/09\/livre-mireille-oster-6.jpg?resize=700%2C395&amp;ssl=1 700w, https:\/\/i0.wp.com\/www.fannywalz.com\/fw\/wp-content\/uploads\/2019\/09\/livre-mireille-oster-6.jpg?resize=738%2C417&amp;ssl=1 738w\" width=\"236\" height=\"133\" loading=\"lazy\" data-original-width=\"236\" data-original-height=\"133\" itemprop=\"http:\/\/schema.org\/image\" title=\"livre-mireille-oster-6\" alt=\"Livre Mireille Oster - Pages int\u00e9rieures\" style=\"width: 236px; height: 133px;\" \/> <\/a> <\/div> <\/div> <!-- close group --> <div class=\"gallery-group images-1\" style=\"width: 240px; height: 137px;\" data-original-width=\"240\" data-original-height=\"137\" > <div class=\"tiled-gallery-item tiled-gallery-item-small\" itemprop=\"associatedMedia\" itemscope itemtype=\"http:\/\/schema.org\/ImageObject\"> <a href=\"https:\/\/www.fannywalz.com\/fw\/portfolio\/mireille-oster-pain-epice-livre-recette-cuisine-edition-creation-editoriale-charte-graphique-fanny-walz-strasbourg-alsace\/livre-mireille-oster-3\/\" border=\"0\" itemprop=\"url\"> <meta itemprop=\"width\" content=\"236\"> <meta itemprop=\"height\" content=\"133\"> <img decoding=\"async\" class=\"\" data-attachment-id=\"4435\" data-orig-file=\"https:\/\/www.fannywalz.com\/fw\/wp-content\/uploads\/2019\/09\/livre-mireille-oster-3.jpg\" data-orig-size=\"900,508\" data-comments-opened=\"\" data-image-meta=\"{&quot;aperture&quot;:&quot;0&quot;,&quot;credit&quot;:&quot;&quot;,&quot;camera&quot;:&quot;&quot;,&quot;caption&quot;:&quot;&quot;,&quot;created_timestamp&quot;:&quot;0&quot;,&quot;copyright&quot;:&quot;&quot;,&quot;focal_length&quot;:&quot;0&quot;,&quot;iso&quot;:&quot;0&quot;,&quot;shutter_speed&quot;:&quot;0&quot;,&quot;title&quot;:&quot;&quot;,&quot;orientation&quot;:&quot;1&quot;}\" data-image-title=\"livre-mireille-oster-3\" data-image-description=\"\" data-medium-file=\"https:\/\/i0.wp.com\/www.fannywalz.com\/fw\/wp-content\/uploads\/2019\/09\/livre-mireille-oster-3.jpg?fit=500%2C282&#038;ssl=1\" data-large-file=\"https:\/\/i0.wp.com\/www.fannywalz.com\/fw\/wp-content\/uploads\/2019\/09\/livre-mireille-oster-3.jpg?fit=480%2C271&#038;ssl=1\" src=\"https:\/\/i0.wp.com\/www.fannywalz.com\/fw\/wp-content\/uploads\/2019\/09\/livre-mireille-oster-3.jpg?w=236&#038;h=133&#038;ssl=1\" srcset=\"https:\/\/i0.wp.com\/www.fannywalz.com\/fw\/wp-content\/uploads\/2019\/09\/livre-mireille-oster-3.jpg?w=900&amp;ssl=1 900w, https:\/\/i0.wp.com\/www.fannywalz.com\/fw\/wp-content\/uploads\/2019\/09\/livre-mireille-oster-3.jpg?resize=250%2C141&amp;ssl=1 250w, https:\/\/i0.wp.com\/www.fannywalz.com\/fw\/wp-content\/uploads\/2019\/09\/livre-mireille-oster-3.jpg?resize=500%2C282&amp;ssl=1 500w, https:\/\/i0.wp.com\/www.fannywalz.com\/fw\/wp-content\/uploads\/2019\/09\/livre-mireille-oster-3.jpg?resize=700%2C395&amp;ssl=1 700w, https:\/\/i0.wp.com\/www.fannywalz.com\/fw\/wp-content\/uploads\/2019\/09\/livre-mireille-oster-3.jpg?resize=738%2C417&amp;ssl=1 738w\" width=\"236\" height=\"133\" loading=\"lazy\" data-original-width=\"236\" data-original-height=\"133\" itemprop=\"http:\/\/schema.org\/image\" title=\"livre-mireille-oster-3\" alt=\"Livre Mireille Oster - Pages int\u00e9rieures\" style=\"width: 236px; height: 133px;\" \/> <\/a> <\/div> <\/div> <!-- close group --> <\/div> <!-- close row --> <div class=\"gallery-row\" style=\"width: 480px; height: 137px;\" data-original-width=\"480\" data-original-height=\"137\" > <div class=\"gallery-group images-1\" style=\"width: 240px; height: 137px;\" data-original-width=\"240\" data-original-height=\"137\" > <div class=\"tiled-gallery-item tiled-gallery-item-small\" itemprop=\"associatedMedia\" itemscope itemtype=\"http:\/\/schema.org\/ImageObject\"> <a href=\"https:\/\/www.fannywalz.com\/fw\/portfolio\/mireille-oster-pain-epice-livre-recette-cuisine-edition-creation-editoriale-charte-graphique-fanny-walz-strasbourg-alsace\/livre-mireille-oster-10\/\" border=\"0\" itemprop=\"url\"> <meta itemprop=\"width\" content=\"236\"> <meta itemprop=\"height\" content=\"133\"> <img decoding=\"async\" class=\"\" data-attachment-id=\"4442\" data-orig-file=\"https:\/\/www.fannywalz.com\/fw\/wp-content\/uploads\/2019\/09\/livre-mireille-oster-10.jpg\" data-orig-size=\"900,508\" data-comments-opened=\"\" data-image-meta=\"{&quot;aperture&quot;:&quot;0&quot;,&quot;credit&quot;:&quot;&quot;,&quot;camera&quot;:&quot;&quot;,&quot;caption&quot;:&quot;&quot;,&quot;created_timestamp&quot;:&quot;0&quot;,&quot;copyright&quot;:&quot;&quot;,&quot;focal_length&quot;:&quot;0&quot;,&quot;iso&quot;:&quot;0&quot;,&quot;shutter_speed&quot;:&quot;0&quot;,&quot;title&quot;:&quot;&quot;,&quot;orientation&quot;:&quot;1&quot;}\" data-image-title=\"livre-mireille-oster-10\" data-image-description=\"\" data-medium-file=\"https:\/\/i0.wp.com\/www.fannywalz.com\/fw\/wp-content\/uploads\/2019\/09\/livre-mireille-oster-10.jpg?fit=500%2C282&#038;ssl=1\" data-large-file=\"https:\/\/i0.wp.com\/www.fannywalz.com\/fw\/wp-content\/uploads\/2019\/09\/livre-mireille-oster-10.jpg?fit=480%2C271&#038;ssl=1\" src=\"https:\/\/i0.wp.com\/www.fannywalz.com\/fw\/wp-content\/uploads\/2019\/09\/livre-mireille-oster-10.jpg?w=236&#038;h=133&#038;ssl=1\" srcset=\"https:\/\/i0.wp.com\/www.fannywalz.com\/fw\/wp-content\/uploads\/2019\/09\/livre-mireille-oster-10.jpg?w=900&amp;ssl=1 900w, https:\/\/i0.wp.com\/www.fannywalz.com\/fw\/wp-content\/uploads\/2019\/09\/livre-mireille-oster-10.jpg?resize=250%2C141&amp;ssl=1 250w, https:\/\/i0.wp.com\/www.fannywalz.com\/fw\/wp-content\/uploads\/2019\/09\/livre-mireille-oster-10.jpg?resize=500%2C282&amp;ssl=1 500w, https:\/\/i0.wp.com\/www.fannywalz.com\/fw\/wp-content\/uploads\/2019\/09\/livre-mireille-oster-10.jpg?resize=700%2C395&amp;ssl=1 700w, https:\/\/i0.wp.com\/www.fannywalz.com\/fw\/wp-content\/uploads\/2019\/09\/livre-mireille-oster-10.jpg?resize=738%2C417&amp;ssl=1 738w\" width=\"236\" height=\"133\" loading=\"lazy\" data-original-width=\"236\" data-original-height=\"133\" itemprop=\"http:\/\/schema.org\/image\" title=\"livre-mireille-oster-10\" alt=\"Livre Mireille Oster - Pages int\u00e9rieures\" style=\"width: 236px; height: 133px;\" \/> <\/a> <\/div> <\/div> <!-- close group --> <div class=\"gallery-group images-1\" style=\"width: 240px; height: 137px;\" data-original-width=\"240\" data-original-height=\"137\" > <div class=\"tiled-gallery-item tiled-gallery-item-small\" itemprop=\"associatedMedia\" itemscope itemtype=\"http:\/\/schema.org\/ImageObject\"> <a href=\"https:\/\/www.fannywalz.com\/fw\/portfolio\/mireille-oster-pain-epice-livre-recette-cuisine-edition-creation-editoriale-charte-graphique-fanny-walz-strasbourg-alsace\/livre-mireille-oster-11\/\" border=\"0\" itemprop=\"url\"> <meta itemprop=\"width\" content=\"236\"> <meta itemprop=\"height\" content=\"133\"> <img decoding=\"async\" class=\"\" data-attachment-id=\"4443\" data-orig-file=\"https:\/\/www.fannywalz.com\/fw\/wp-content\/uploads\/2019\/09\/livre-mireille-oster-11.jpg\" data-orig-size=\"900,508\" data-comments-opened=\"\" data-image-meta=\"{&quot;aperture&quot;:&quot;0&quot;,&quot;credit&quot;:&quot;&quot;,&quot;camera&quot;:&quot;&quot;,&quot;caption&quot;:&quot;&quot;,&quot;created_timestamp&quot;:&quot;0&quot;,&quot;copyright&quot;:&quot;&quot;,&quot;focal_length&quot;:&quot;0&quot;,&quot;iso&quot;:&quot;0&quot;,&quot;shutter_speed&quot;:&quot;0&quot;,&quot;title&quot;:&quot;&quot;,&quot;orientation&quot;:&quot;1&quot;}\" data-image-title=\"livre-mireille-oster-11\" data-image-description=\"\" data-medium-file=\"https:\/\/i0.wp.com\/www.fannywalz.com\/fw\/wp-content\/uploads\/2019\/09\/livre-mireille-oster-11.jpg?fit=500%2C282&#038;ssl=1\" data-large-file=\"https:\/\/i0.wp.com\/www.fannywalz.com\/fw\/wp-content\/uploads\/2019\/09\/livre-mireille-oster-11.jpg?fit=480%2C271&#038;ssl=1\" src=\"https:\/\/i0.wp.com\/www.fannywalz.com\/fw\/wp-content\/uploads\/2019\/09\/livre-mireille-oster-11.jpg?w=236&#038;h=133&#038;ssl=1\" srcset=\"https:\/\/i0.wp.com\/www.fannywalz.com\/fw\/wp-content\/uploads\/2019\/09\/livre-mireille-oster-11.jpg?w=900&amp;ssl=1 900w, https:\/\/i0.wp.com\/www.fannywalz.com\/fw\/wp-content\/uploads\/2019\/09\/livre-mireille-oster-11.jpg?resize=250%2C141&amp;ssl=1 250w, https:\/\/i0.wp.com\/www.fannywalz.com\/fw\/wp-content\/uploads\/2019\/09\/livre-mireille-oster-11.jpg?resize=500%2C282&amp;ssl=1 500w, https:\/\/i0.wp.com\/www.fannywalz.com\/fw\/wp-content\/uploads\/2019\/09\/livre-mireille-oster-11.jpg?resize=700%2C395&amp;ssl=1 700w, https:\/\/i0.wp.com\/www.fannywalz.com\/fw\/wp-content\/uploads\/2019\/09\/livre-mireille-oster-11.jpg?resize=738%2C417&amp;ssl=1 738w\" width=\"236\" height=\"133\" loading=\"lazy\" data-original-width=\"236\" data-original-height=\"133\" itemprop=\"http:\/\/schema.org\/image\" title=\"livre-mireille-oster-11\" alt=\"Livre Mireille Oster - Pages int\u00e9rieures\" style=\"width: 236px; height: 133px;\" \/> <\/a> <\/div> <\/div> <!-- close group --> <\/div> <!-- close row --> <div class=\"gallery-row\" style=\"width: 480px; height: 137px;\" data-original-width=\"480\" data-original-height=\"137\" > <div class=\"gallery-group images-1\" style=\"width: 240px; height: 137px;\" data-original-width=\"240\" data-original-height=\"137\" > <div class=\"tiled-gallery-item tiled-gallery-item-small\" itemprop=\"associatedMedia\" itemscope itemtype=\"http:\/\/schema.org\/ImageObject\"> <a href=\"https:\/\/www.fannywalz.com\/fw\/portfolio\/mireille-oster-pain-epice-livre-recette-cuisine-edition-creation-editoriale-charte-graphique-fanny-walz-strasbourg-alsace\/livre-mireille-oster-12\/\" border=\"0\" itemprop=\"url\"> <meta itemprop=\"width\" content=\"236\"> <meta itemprop=\"height\" content=\"133\"> <img decoding=\"async\" class=\"\" data-attachment-id=\"4444\" data-orig-file=\"https:\/\/www.fannywalz.com\/fw\/wp-content\/uploads\/2019\/09\/livre-mireille-oster-12.jpg\" data-orig-size=\"900,508\" data-comments-opened=\"\" data-image-meta=\"{&quot;aperture&quot;:&quot;0&quot;,&quot;credit&quot;:&quot;&quot;,&quot;camera&quot;:&quot;&quot;,&quot;caption&quot;:&quot;&quot;,&quot;created_timestamp&quot;:&quot;0&quot;,&quot;copyright&quot;:&quot;&quot;,&quot;focal_length&quot;:&quot;0&quot;,&quot;iso&quot;:&quot;0&quot;,&quot;shutter_speed&quot;:&quot;0&quot;,&quot;title&quot;:&quot;&quot;,&quot;orientation&quot;:&quot;1&quot;}\" data-image-title=\"livre-mireille-oster-12\" data-image-description=\"\" data-medium-file=\"https:\/\/i0.wp.com\/www.fannywalz.com\/fw\/wp-content\/uploads\/2019\/09\/livre-mireille-oster-12.jpg?fit=500%2C282&#038;ssl=1\" data-large-file=\"https:\/\/i0.wp.com\/www.fannywalz.com\/fw\/wp-content\/uploads\/2019\/09\/livre-mireille-oster-12.jpg?fit=480%2C271&#038;ssl=1\" src=\"https:\/\/i0.wp.com\/www.fannywalz.com\/fw\/wp-content\/uploads\/2019\/09\/livre-mireille-oster-12.jpg?w=236&#038;h=133&#038;ssl=1\" srcset=\"https:\/\/i0.wp.com\/www.fannywalz.com\/fw\/wp-content\/uploads\/2019\/09\/livre-mireille-oster-12.jpg?w=900&amp;ssl=1 900w, https:\/\/i0.wp.com\/www.fannywalz.com\/fw\/wp-content\/uploads\/2019\/09\/livre-mireille-oster-12.jpg?resize=250%2C141&amp;ssl=1 250w, https:\/\/i0.wp.com\/www.fannywalz.com\/fw\/wp-content\/uploads\/2019\/09\/livre-mireille-oster-12.jpg?resize=500%2C282&amp;ssl=1 500w, https:\/\/i0.wp.com\/www.fannywalz.com\/fw\/wp-content\/uploads\/2019\/09\/livre-mireille-oster-12.jpg?resize=700%2C395&amp;ssl=1 700w, https:\/\/i0.wp.com\/www.fannywalz.com\/fw\/wp-content\/uploads\/2019\/09\/livre-mireille-oster-12.jpg?resize=738%2C417&amp;ssl=1 738w\" width=\"236\" height=\"133\" loading=\"lazy\" data-original-width=\"236\" data-original-height=\"133\" itemprop=\"http:\/\/schema.org\/image\" title=\"livre-mireille-oster-12\" alt=\"Livre Mireille Oster - Pages int\u00e9rieures\" style=\"width: 236px; height: 133px;\" \/> <\/a> <\/div> <\/div> <!-- close group --> <div class=\"gallery-group images-1\" style=\"width: 240px; height: 137px;\" data-original-width=\"240\" data-original-height=\"137\" > <div class=\"tiled-gallery-item tiled-gallery-item-small\" itemprop=\"associatedMedia\" itemscope itemtype=\"http:\/\/schema.org\/ImageObject\"> <a href=\"https:\/\/www.fannywalz.com\/fw\/portfolio\/mireille-oster-pain-epice-livre-recette-cuisine-edition-creation-editoriale-charte-graphique-fanny-walz-strasbourg-alsace\/livre-mireille-oster-13\/\" border=\"0\" itemprop=\"url\"> <meta itemprop=\"width\" content=\"236\"> <meta itemprop=\"height\" content=\"133\"> <img decoding=\"async\" class=\"\" data-attachment-id=\"4445\" data-orig-file=\"https:\/\/www.fannywalz.com\/fw\/wp-content\/uploads\/2019\/09\/livre-mireille-oster-13.jpg\" data-orig-size=\"900,508\" data-comments-opened=\"\" data-image-meta=\"{&quot;aperture&quot;:&quot;0&quot;,&quot;credit&quot;:&quot;&quot;,&quot;camera&quot;:&quot;&quot;,&quot;caption&quot;:&quot;&quot;,&quot;created_timestamp&quot;:&quot;0&quot;,&quot;copyright&quot;:&quot;&quot;,&quot;focal_length&quot;:&quot;0&quot;,&quot;iso&quot;:&quot;0&quot;,&quot;shutter_speed&quot;:&quot;0&quot;,&quot;title&quot;:&quot;&quot;,&quot;orientation&quot;:&quot;1&quot;}\" data-image-title=\"livre-mireille-oster-13\" data-image-description=\"\" data-medium-file=\"https:\/\/i0.wp.com\/www.fannywalz.com\/fw\/wp-content\/uploads\/2019\/09\/livre-mireille-oster-13.jpg?fit=500%2C282&#038;ssl=1\" data-large-file=\"https:\/\/i0.wp.com\/www.fannywalz.com\/fw\/wp-content\/uploads\/2019\/09\/livre-mireille-oster-13.jpg?fit=480%2C271&#038;ssl=1\" src=\"https:\/\/i0.wp.com\/www.fannywalz.com\/fw\/wp-content\/uploads\/2019\/09\/livre-mireille-oster-13.jpg?w=236&#038;h=133&#038;ssl=1\" srcset=\"https:\/\/i0.wp.com\/www.fannywalz.com\/fw\/wp-content\/uploads\/2019\/09\/livre-mireille-oster-13.jpg?w=900&amp;ssl=1 900w, https:\/\/i0.wp.com\/www.fannywalz.com\/fw\/wp-content\/uploads\/2019\/09\/livre-mireille-oster-13.jpg?resize=250%2C141&amp;ssl=1 250w, https:\/\/i0.wp.com\/www.fannywalz.com\/fw\/wp-content\/uploads\/2019\/09\/livre-mireille-oster-13.jpg?resize=500%2C282&amp;ssl=1 500w, https:\/\/i0.wp.com\/www.fannywalz.com\/fw\/wp-content\/uploads\/2019\/09\/livre-mireille-oster-13.jpg?resize=700%2C395&amp;ssl=1 700w, https:\/\/i0.wp.com\/www.fannywalz.com\/fw\/wp-content\/uploads\/2019\/09\/livre-mireille-oster-13.jpg?resize=738%2C417&amp;ssl=1 738w\" width=\"236\" height=\"133\" loading=\"lazy\" data-original-width=\"236\" data-original-height=\"133\" itemprop=\"http:\/\/schema.org\/image\" title=\"livre-mireille-oster-13\" alt=\"livre-mireille-oster-13\" style=\"width: 236px; height: 133px;\" \/> <\/a> <\/div> <\/div> <!-- close group --> <\/div> <!-- close row --> <\/div>\n","protected":false},"excerpt":{"rendered":"<p>Cr\u00e9ation graphique et mise en page du livre de recette de <a href=\"https:\/\/www.mireilleoster.com\/\" target=\"_blank\" rel=\"noopener\">Mireille Oster<\/a> <br \/><i>Et si on regardait le pain d&rsquo;\u00e9pices autrement ? <\/i>. <\/p>\n<p class=\"detail-projet\">96 pages <br \/>\nFormat 240\u2009x\u2009230\u2009mm<br \/>\nAcheter sur <a href=\"https:\/\/www.baobab-conseil.fr\/boutique\/et-si-on-regardait-le-pain-depices-autrement-mireille-oster\/\" target=\"_blank\" rel=\"noopener\">www.baobab-conseil.fr<\/a><\/p>\n","protected":false},"author":1,"featured_media":4423,"comment_status":"closed","ping_status":"closed","template":"","meta":{"jetpack_post_was_ever_published":false,"footnotes":""},"portfolio-category":[24],"portfolio-tag":[],"yoast_head":"<!-- This site is optimized with the Yoast SEO plugin v24.4 - https:\/\/yoast.com\/wordpress\/plugins\/seo\/ -->\n<title>Mireille Oster \u2013 Et si on regardait le pain d&#039;\u00e9pices autrement ? - Fanny Walz<\/title>\n<meta name=\"description\" content=\"Cr\u00e9ation graphique du livre de recettes de Mireille Oster : Et si on regardait le pain d&#039;\u00e9pices autrement ? Recettes sucr\u00e9es et sal\u00e9es.\" \/>\n<meta name=\"robots\" content=\"index, follow, max-snippet:-1, max-image-preview:large, max-video-preview:-1\" \/>\n<link rel=\"canonical\" href=\"https:\/\/www.fannywalz.com\/fw\/portfolio\/mireille-oster-pain-epice-livre-recette-cuisine-edition-creation-editoriale-charte-graphique-fanny-walz-strasbourg-alsace\/\" \/>\n<meta property=\"og:locale\" content=\"fr_FR\" \/>\n<meta property=\"og:type\" content=\"article\" \/>\n<meta property=\"og:title\" content=\"Mireille Oster \u2013 Et si on regardait le pain d&#039;\u00e9pices autrement ? - Fanny Walz\" \/>\n<meta property=\"og:description\" content=\"Cr\u00e9ation graphique du livre de recettes de Mireille Oster : Et si on regardait le pain d&#039;\u00e9pices autrement ? Recettes sucr\u00e9es et sal\u00e9es.\" \/>\n<meta property=\"og:url\" content=\"https:\/\/www.fannywalz.com\/fw\/portfolio\/mireille-oster-pain-epice-livre-recette-cuisine-edition-creation-editoriale-charte-graphique-fanny-walz-strasbourg-alsace\/\" \/>\n<meta property=\"og:site_name\" content=\"Fanny Walz\" \/>\n<meta property=\"article:modified_time\" content=\"2022-03-14T16:30:05+00:00\" \/>\n<meta property=\"og:image\" content=\"https:\/\/i0.wp.com\/www.fannywalz.com\/fw\/wp-content\/uploads\/2019\/09\/mireille-oster-thumb.jpg?fit=315%2C315&ssl=1\" \/>\n\t<meta property=\"og:image:width\" content=\"315\" \/>\n\t<meta property=\"og:image:height\" content=\"315\" \/>\n\t<meta property=\"og:image:type\" content=\"image\/jpeg\" \/>\n<meta name=\"twitter:card\" content=\"summary_large_image\" \/>\n<meta name=\"twitter:label1\" content=\"Dur\u00e9e de lecture estim\u00e9e\" \/>\n\t<meta name=\"twitter:data1\" content=\"1 minute\" \/>\n<script type=\"application\/ld+json\" class=\"yoast-schema-graph\">{\"@context\":\"https:\/\/schema.org\",\"@graph\":[{\"@type\":\"WebPage\",\"@id\":\"https:\/\/www.fannywalz.com\/fw\/portfolio\/mireille-oster-pain-epice-livre-recette-cuisine-edition-creation-editoriale-charte-graphique-fanny-walz-strasbourg-alsace\/\",\"url\":\"https:\/\/www.fannywalz.com\/fw\/portfolio\/mireille-oster-pain-epice-livre-recette-cuisine-edition-creation-editoriale-charte-graphique-fanny-walz-strasbourg-alsace\/\",\"name\":\"Mireille Oster \u2013 Et si on regardait le pain d'\u00e9pices autrement ? - Fanny Walz\",\"isPartOf\":{\"@id\":\"http:\/\/www.fannywalz.com\/fw\/#website\"},\"primaryImageOfPage\":{\"@id\":\"https:\/\/www.fannywalz.com\/fw\/portfolio\/mireille-oster-pain-epice-livre-recette-cuisine-edition-creation-editoriale-charte-graphique-fanny-walz-strasbourg-alsace\/#primaryimage\"},\"image\":{\"@id\":\"https:\/\/www.fannywalz.com\/fw\/portfolio\/mireille-oster-pain-epice-livre-recette-cuisine-edition-creation-editoriale-charte-graphique-fanny-walz-strasbourg-alsace\/#primaryimage\"},\"thumbnailUrl\":\"https:\/\/i0.wp.com\/www.fannywalz.com\/fw\/wp-content\/uploads\/2019\/09\/mireille-oster-thumb.jpg?fit=315%2C315&ssl=1\",\"datePublished\":\"2017-10-05T09:25:20+00:00\",\"dateModified\":\"2022-03-14T16:30:05+00:00\",\"description\":\"Cr\u00e9ation graphique du livre de recettes de Mireille Oster : Et si on regardait le pain d'\u00e9pices autrement ? Recettes sucr\u00e9es et sal\u00e9es.\",\"breadcrumb\":{\"@id\":\"https:\/\/www.fannywalz.com\/fw\/portfolio\/mireille-oster-pain-epice-livre-recette-cuisine-edition-creation-editoriale-charte-graphique-fanny-walz-strasbourg-alsace\/#breadcrumb\"},\"inLanguage\":\"fr-FR\",\"potentialAction\":[{\"@type\":\"ReadAction\",\"target\":[\"https:\/\/www.fannywalz.com\/fw\/portfolio\/mireille-oster-pain-epice-livre-recette-cuisine-edition-creation-editoriale-charte-graphique-fanny-walz-strasbourg-alsace\/\"]}]},{\"@type\":\"ImageObject\",\"inLanguage\":\"fr-FR\",\"@id\":\"https:\/\/www.fannywalz.com\/fw\/portfolio\/mireille-oster-pain-epice-livre-recette-cuisine-edition-creation-editoriale-charte-graphique-fanny-walz-strasbourg-alsace\/#primaryimage\",\"url\":\"https:\/\/i0.wp.com\/www.fannywalz.com\/fw\/wp-content\/uploads\/2019\/09\/mireille-oster-thumb.jpg?fit=315%2C315&ssl=1\",\"contentUrl\":\"https:\/\/i0.wp.com\/www.fannywalz.com\/fw\/wp-content\/uploads\/2019\/09\/mireille-oster-thumb.jpg?fit=315%2C315&ssl=1\",\"width\":315,\"height\":315,\"caption\":\"Livre Mireille Oster\"},{\"@type\":\"BreadcrumbList\",\"@id\":\"https:\/\/www.fannywalz.com\/fw\/portfolio\/mireille-oster-pain-epice-livre-recette-cuisine-edition-creation-editoriale-charte-graphique-fanny-walz-strasbourg-alsace\/#breadcrumb\",\"itemListElement\":[{\"@type\":\"ListItem\",\"position\":1,\"name\":\"Accueil\",\"item\":\"http:\/\/www.fannywalz.com\/fw\/\"},{\"@type\":\"ListItem\",\"position\":2,\"name\":\"Projects\",\"item\":\"http:\/\/www.fannywalz.com\/fw\/portfolio\/\"},{\"@type\":\"ListItem\",\"position\":3,\"name\":\"Mireille Oster \u2013 Et si on regardait le pain d&rsquo;\u00e9pices autrement ?\"}]},{\"@type\":\"WebSite\",\"@id\":\"http:\/\/www.fannywalz.com\/fw\/#website\",\"url\":\"http:\/\/www.fannywalz.com\/fw\/\",\"name\":\"Fanny Walz\",\"description\":\"Graphisme et cr\u00e9ations artisanales\",\"potentialAction\":[{\"@type\":\"SearchAction\",\"target\":{\"@type\":\"EntryPoint\",\"urlTemplate\":\"http:\/\/www.fannywalz.com\/fw\/?s={search_term_string}\"},\"query-input\":{\"@type\":\"PropertyValueSpecification\",\"valueRequired\":true,\"valueName\":\"search_term_string\"}}],\"inLanguage\":\"fr-FR\"}]}<\/script>\n<!-- \/ Yoast SEO plugin. -->","yoast_head_json":{"title":"Mireille Oster \u2013 Et si on regardait le pain d'\u00e9pices autrement ? - Fanny Walz","description":"Cr\u00e9ation graphique du livre de recettes de Mireille Oster : Et si on regardait le pain d'\u00e9pices autrement ? Recettes sucr\u00e9es et sal\u00e9es.","robots":{"index":"index","follow":"follow","max-snippet":"max-snippet:-1","max-image-preview":"max-image-preview:large","max-video-preview":"max-video-preview:-1"},"canonical":"https:\/\/www.fannywalz.com\/fw\/portfolio\/mireille-oster-pain-epice-livre-recette-cuisine-edition-creation-editoriale-charte-graphique-fanny-walz-strasbourg-alsace\/","og_locale":"fr_FR","og_type":"article","og_title":"Mireille Oster \u2013 Et si on regardait le pain d'\u00e9pices autrement ? - Fanny Walz","og_description":"Cr\u00e9ation graphique du livre de recettes de Mireille Oster : Et si on regardait le pain d'\u00e9pices autrement ? Recettes sucr\u00e9es et sal\u00e9es.","og_url":"https:\/\/www.fannywalz.com\/fw\/portfolio\/mireille-oster-pain-epice-livre-recette-cuisine-edition-creation-editoriale-charte-graphique-fanny-walz-strasbourg-alsace\/","og_site_name":"Fanny Walz","article_modified_time":"2022-03-14T16:30:05+00:00","og_image":[{"width":315,"height":315,"url":"https:\/\/i0.wp.com\/www.fannywalz.com\/fw\/wp-content\/uploads\/2019\/09\/mireille-oster-thumb.jpg?fit=315%2C315&ssl=1","type":"image\/jpeg"}],"twitter_card":"summary_large_image","twitter_misc":{"Dur\u00e9e de lecture estim\u00e9e":"1 minute"},"schema":{"@context":"https:\/\/schema.org","@graph":[{"@type":"WebPage","@id":"https:\/\/www.fannywalz.com\/fw\/portfolio\/mireille-oster-pain-epice-livre-recette-cuisine-edition-creation-editoriale-charte-graphique-fanny-walz-strasbourg-alsace\/","url":"https:\/\/www.fannywalz.com\/fw\/portfolio\/mireille-oster-pain-epice-livre-recette-cuisine-edition-creation-editoriale-charte-graphique-fanny-walz-strasbourg-alsace\/","name":"Mireille Oster \u2013 Et si on regardait le pain d'\u00e9pices autrement ? - Fanny Walz","isPartOf":{"@id":"http:\/\/www.fannywalz.com\/fw\/#website"},"primaryImageOfPage":{"@id":"https:\/\/www.fannywalz.com\/fw\/portfolio\/mireille-oster-pain-epice-livre-recette-cuisine-edition-creation-editoriale-charte-graphique-fanny-walz-strasbourg-alsace\/#primaryimage"},"image":{"@id":"https:\/\/www.fannywalz.com\/fw\/portfolio\/mireille-oster-pain-epice-livre-recette-cuisine-edition-creation-editoriale-charte-graphique-fanny-walz-strasbourg-alsace\/#primaryimage"},"thumbnailUrl":"https:\/\/i0.wp.com\/www.fannywalz.com\/fw\/wp-content\/uploads\/2019\/09\/mireille-oster-thumb.jpg?fit=315%2C315&ssl=1","datePublished":"2017-10-05T09:25:20+00:00","dateModified":"2022-03-14T16:30:05+00:00","description":"Cr\u00e9ation graphique du livre de recettes de Mireille Oster : Et si on regardait le pain d'\u00e9pices autrement ? Recettes sucr\u00e9es et sal\u00e9es.","breadcrumb":{"@id":"https:\/\/www.fannywalz.com\/fw\/portfolio\/mireille-oster-pain-epice-livre-recette-cuisine-edition-creation-editoriale-charte-graphique-fanny-walz-strasbourg-alsace\/#breadcrumb"},"inLanguage":"fr-FR","potentialAction":[{"@type":"ReadAction","target":["https:\/\/www.fannywalz.com\/fw\/portfolio\/mireille-oster-pain-epice-livre-recette-cuisine-edition-creation-editoriale-charte-graphique-fanny-walz-strasbourg-alsace\/"]}]},{"@type":"ImageObject","inLanguage":"fr-FR","@id":"https:\/\/www.fannywalz.com\/fw\/portfolio\/mireille-oster-pain-epice-livre-recette-cuisine-edition-creation-editoriale-charte-graphique-fanny-walz-strasbourg-alsace\/#primaryimage","url":"https:\/\/i0.wp.com\/www.fannywalz.com\/fw\/wp-content\/uploads\/2019\/09\/mireille-oster-thumb.jpg?fit=315%2C315&ssl=1","contentUrl":"https:\/\/i0.wp.com\/www.fannywalz.com\/fw\/wp-content\/uploads\/2019\/09\/mireille-oster-thumb.jpg?fit=315%2C315&ssl=1","width":315,"height":315,"caption":"Livre Mireille Oster"},{"@type":"BreadcrumbList","@id":"https:\/\/www.fannywalz.com\/fw\/portfolio\/mireille-oster-pain-epice-livre-recette-cuisine-edition-creation-editoriale-charte-graphique-fanny-walz-strasbourg-alsace\/#breadcrumb","itemListElement":[{"@type":"ListItem","position":1,"name":"Accueil","item":"http:\/\/www.fannywalz.com\/fw\/"},{"@type":"ListItem","position":2,"name":"Projects","item":"http:\/\/www.fannywalz.com\/fw\/portfolio\/"},{"@type":"ListItem","position":3,"name":"Mireille Oster \u2013 Et si on regardait le pain d&rsquo;\u00e9pices autrement ?"}]},{"@type":"WebSite","@id":"http:\/\/www.fannywalz.com\/fw\/#website","url":"http:\/\/www.fannywalz.com\/fw\/","name":"Fanny Walz","description":"Graphisme et cr\u00e9ations artisanales","potentialAction":[{"@type":"SearchAction","target":{"@type":"EntryPoint","urlTemplate":"http:\/\/www.fannywalz.com\/fw\/?s={search_term_string}"},"query-input":{"@type":"PropertyValueSpecification","valueRequired":true,"valueName":"search_term_string"}}],"inLanguage":"fr-FR"}]}},"jetpack_sharing_enabled":true,"_links":{"self":[{"href":"https:\/\/www.fannywalz.com\/fw\/wp-json\/wp\/v2\/portfolio\/4421"}],"collection":[{"href":"https:\/\/www.fannywalz.com\/fw\/wp-json\/wp\/v2\/portfolio"}],"about":[{"href":"https:\/\/www.fannywalz.com\/fw\/wp-json\/wp\/v2\/types\/portfolio"}],"author":[{"embeddable":true,"href":"https:\/\/www.fannywalz.com\/fw\/wp-json\/wp\/v2\/users\/1"}],"replies":[{"embeddable":true,"href":"https:\/\/www.fannywalz.com\/fw\/wp-json\/wp\/v2\/comments?post=4421"}],"version-history":[{"count":5,"href":"https:\/\/www.fannywalz.com\/fw\/wp-json\/wp\/v2\/portfolio\/4421\/revisions"}],"predecessor-version":[{"id":13139,"href":"https:\/\/www.fannywalz.com\/fw\/wp-json\/wp\/v2\/portfolio\/4421\/revisions\/13139"}],"wp:featuredmedia":[{"embeddable":true,"href":"https:\/\/www.fannywalz.com\/fw\/wp-json\/wp\/v2\/media\/4423"}],"wp:attachment":[{"href":"https:\/\/www.fannywalz.com\/fw\/wp-json\/wp\/v2\/media?parent=4421"}],"wp:term":[{"taxonomy":"portfolio-category","embeddable":true,"href":"https:\/\/www.fannywalz.com\/fw\/wp-json\/wp\/v2\/portfolio-category?post=4421"},{"taxonomy":"portfolio-tag","embeddable":true,"href":"https:\/\/www.fannywalz.com\/fw\/wp-json\/wp\/v2\/portfolio-tag?post=4421"}],"curies":[{"name":"wp","href":"https:\/\/api.w.org\/{rel}","templated":true}]}}