{"id":2303,"date":"2014-10-23T14:07:38","date_gmt":"2014-10-23T12:07:38","guid":{"rendered":"http:\/\/www.fannywalz.com\/fw\/?post_type=portfolio&#038;p=2303"},"modified":"2016-09-01T21:03:06","modified_gmt":"2016-09-01T19:03:06","slug":"site-internet-ages-vie-humaine","status":"publish","type":"portfolio","link":"https:\/\/www.fannywalz.com\/fw\/portfolio\/site-internet-ages-vie-humaine\/","title":{"rendered":"Les \u00e2ges de la vie humaine : le site"},"content":{"rendered":"<div class=\"tiled-gallery type-rectangular tiled-gallery-unresized\" data-original-width=\"480\" data-carousel-extra='{&quot;blog_id&quot;:1,&quot;permalink&quot;:&quot;https:\\\/\\\/www.fannywalz.com\\\/fw\\\/portfolio\\\/site-internet-ages-vie-humaine\\\/&quot;,&quot;likes_blog_id&quot;:112652587}' itemscope itemtype=\"http:\/\/schema.org\/ImageGallery\" > <div class=\"gallery-row\" style=\"width: 480px; height: 212px;\" data-original-width=\"480\" data-original-height=\"212\" > <div class=\"gallery-group images-1\" style=\"width: 321px; height: 212px;\" data-original-width=\"321\" data-original-height=\"212\" > <div class=\"tiled-gallery-item tiled-gallery-item-large\" itemprop=\"associatedMedia\" itemscope itemtype=\"http:\/\/schema.org\/ImageObject\"> <a href=\"https:\/\/www.fannywalz.com\/fw\/portfolio\/site-internet-ages-vie-humaine\/site-les-ages-de-la-vie-humaine-01\/\" border=\"0\" itemprop=\"url\"> <meta itemprop=\"width\" content=\"317\"> <meta itemprop=\"height\" content=\"208\"> <img decoding=\"async\" class=\"\" data-attachment-id=\"2304\" data-orig-file=\"https:\/\/www.fannywalz.com\/fw\/wp-content\/uploads\/2016\/08\/Site-Les-ages-de-la-vie-humaine-01.jpg\" data-orig-size=\"1033,680\" data-comments-opened=\"\" data-image-meta=\"{&quot;aperture&quot;:&quot;0&quot;,&quot;credit&quot;:&quot;&quot;,&quot;camera&quot;:&quot;&quot;,&quot;caption&quot;:&quot;&quot;,&quot;created_timestamp&quot;:&quot;0&quot;,&quot;copyright&quot;:&quot;&quot;,&quot;focal_length&quot;:&quot;0&quot;,&quot;iso&quot;:&quot;0&quot;,&quot;shutter_speed&quot;:&quot;0&quot;,&quot;title&quot;:&quot;&quot;,&quot;orientation&quot;:&quot;1&quot;}\" data-image-title=\"Site Les ages de la vie humaine 01\" data-image-description=\"\" data-medium-file=\"https:\/\/i0.wp.com\/www.fannywalz.com\/fw\/wp-content\/uploads\/2016\/08\/Site-Les-ages-de-la-vie-humaine-01.jpg?fit=500%2C329&#038;ssl=1\" data-large-file=\"https:\/\/i0.wp.com\/www.fannywalz.com\/fw\/wp-content\/uploads\/2016\/08\/Site-Les-ages-de-la-vie-humaine-01.jpg?fit=480%2C316&#038;ssl=1\" src=\"https:\/\/i0.wp.com\/www.fannywalz.com\/fw\/wp-content\/uploads\/2016\/08\/Site-Les-ages-de-la-vie-humaine-01.jpg?w=317&#038;h=208&#038;ssl=1\" srcset=\"https:\/\/i0.wp.com\/www.fannywalz.com\/fw\/wp-content\/uploads\/2016\/08\/Site-Les-ages-de-la-vie-humaine-01.jpg?w=1033&amp;ssl=1 1033w, https:\/\/i0.wp.com\/www.fannywalz.com\/fw\/wp-content\/uploads\/2016\/08\/Site-Les-ages-de-la-vie-humaine-01.jpg?resize=250%2C165&amp;ssl=1 250w, https:\/\/i0.wp.com\/www.fannywalz.com\/fw\/wp-content\/uploads\/2016\/08\/Site-Les-ages-de-la-vie-humaine-01.jpg?resize=500%2C329&amp;ssl=1 500w, https:\/\/i0.wp.com\/www.fannywalz.com\/fw\/wp-content\/uploads\/2016\/08\/Site-Les-ages-de-la-vie-humaine-01.jpg?resize=700%2C461&amp;ssl=1 700w, https:\/\/i0.wp.com\/www.fannywalz.com\/fw\/wp-content\/uploads\/2016\/08\/Site-Les-ages-de-la-vie-humaine-01.jpg?w=960 960w\" width=\"317\" height=\"208\" loading=\"lazy\" data-original-width=\"317\" data-original-height=\"208\" itemprop=\"http:\/\/schema.org\/image\" title=\"Site Les ages de la vie humaine 01\" alt=\"Site Les ages de la vie humaine 01\" style=\"width: 317px; height: 208px;\" \/> <\/a> <\/div> <\/div> <!-- close group --> <div class=\"gallery-group images-2\" style=\"width: 159px; height: 212px;\" data-original-width=\"159\" data-original-height=\"212\" > <div class=\"tiled-gallery-item tiled-gallery-item-small\" itemprop=\"associatedMedia\" itemscope itemtype=\"http:\/\/schema.org\/ImageObject\"> <a href=\"https:\/\/www.fannywalz.com\/fw\/portfolio\/site-internet-ages-vie-humaine\/site-les-ages-de-la-vie-humaine-02\/\" border=\"0\" itemprop=\"url\"> <meta itemprop=\"width\" content=\"155\"> <meta itemprop=\"height\" content=\"102\"> <img decoding=\"async\" class=\"\" data-attachment-id=\"2305\" data-orig-file=\"https:\/\/www.fannywalz.com\/fw\/wp-content\/uploads\/2016\/08\/Site-Les-ages-de-la-vie-humaine-02.jpg\" data-orig-size=\"1033,680\" data-comments-opened=\"\" data-image-meta=\"{&quot;aperture&quot;:&quot;0&quot;,&quot;credit&quot;:&quot;&quot;,&quot;camera&quot;:&quot;&quot;,&quot;caption&quot;:&quot;&quot;,&quot;created_timestamp&quot;:&quot;0&quot;,&quot;copyright&quot;:&quot;&quot;,&quot;focal_length&quot;:&quot;0&quot;,&quot;iso&quot;:&quot;0&quot;,&quot;shutter_speed&quot;:&quot;0&quot;,&quot;title&quot;:&quot;&quot;,&quot;orientation&quot;:&quot;1&quot;}\" data-image-title=\"Site Les ages de la vie humaine 02\" data-image-description=\"\" data-medium-file=\"https:\/\/i0.wp.com\/www.fannywalz.com\/fw\/wp-content\/uploads\/2016\/08\/Site-Les-ages-de-la-vie-humaine-02.jpg?fit=500%2C329&#038;ssl=1\" data-large-file=\"https:\/\/i0.wp.com\/www.fannywalz.com\/fw\/wp-content\/uploads\/2016\/08\/Site-Les-ages-de-la-vie-humaine-02.jpg?fit=480%2C316&#038;ssl=1\" src=\"https:\/\/i0.wp.com\/www.fannywalz.com\/fw\/wp-content\/uploads\/2016\/08\/Site-Les-ages-de-la-vie-humaine-02.jpg?w=155&#038;h=102&#038;ssl=1\" srcset=\"https:\/\/i0.wp.com\/www.fannywalz.com\/fw\/wp-content\/uploads\/2016\/08\/Site-Les-ages-de-la-vie-humaine-02.jpg?w=1033&amp;ssl=1 1033w, https:\/\/i0.wp.com\/www.fannywalz.com\/fw\/wp-content\/uploads\/2016\/08\/Site-Les-ages-de-la-vie-humaine-02.jpg?resize=250%2C165&amp;ssl=1 250w, https:\/\/i0.wp.com\/www.fannywalz.com\/fw\/wp-content\/uploads\/2016\/08\/Site-Les-ages-de-la-vie-humaine-02.jpg?resize=500%2C329&amp;ssl=1 500w, https:\/\/i0.wp.com\/www.fannywalz.com\/fw\/wp-content\/uploads\/2016\/08\/Site-Les-ages-de-la-vie-humaine-02.jpg?resize=700%2C461&amp;ssl=1 700w, https:\/\/i0.wp.com\/www.fannywalz.com\/fw\/wp-content\/uploads\/2016\/08\/Site-Les-ages-de-la-vie-humaine-02.jpg?w=960 960w\" width=\"155\" height=\"102\" loading=\"lazy\" data-original-width=\"155\" data-original-height=\"102\" itemprop=\"http:\/\/schema.org\/image\" title=\"Site Les ages de la vie humaine 02\" alt=\"Site Les ages de la vie humaine 02\" style=\"width: 155px; height: 102px;\" \/> <\/a> <\/div> <div class=\"tiled-gallery-item tiled-gallery-item-small\" itemprop=\"associatedMedia\" itemscope itemtype=\"http:\/\/schema.org\/ImageObject\"> <a href=\"https:\/\/www.fannywalz.com\/fw\/portfolio\/site-internet-ages-vie-humaine\/site-les-ages-de-la-vie-humaine-03\/\" border=\"0\" itemprop=\"url\"> <meta itemprop=\"width\" content=\"155\"> <meta itemprop=\"height\" content=\"102\"> <img decoding=\"async\" class=\"\" data-attachment-id=\"2306\" data-orig-file=\"https:\/\/www.fannywalz.com\/fw\/wp-content\/uploads\/2016\/08\/Site-Les-ages-de-la-vie-humaine-03.jpg\" data-orig-size=\"1033,680\" data-comments-opened=\"\" data-image-meta=\"{&quot;aperture&quot;:&quot;0&quot;,&quot;credit&quot;:&quot;&quot;,&quot;camera&quot;:&quot;&quot;,&quot;caption&quot;:&quot;&quot;,&quot;created_timestamp&quot;:&quot;0&quot;,&quot;copyright&quot;:&quot;&quot;,&quot;focal_length&quot;:&quot;0&quot;,&quot;iso&quot;:&quot;0&quot;,&quot;shutter_speed&quot;:&quot;0&quot;,&quot;title&quot;:&quot;&quot;,&quot;orientation&quot;:&quot;1&quot;}\" data-image-title=\"Site Les ages de la vie humaine 03\" data-image-description=\"\" data-medium-file=\"https:\/\/i0.wp.com\/www.fannywalz.com\/fw\/wp-content\/uploads\/2016\/08\/Site-Les-ages-de-la-vie-humaine-03.jpg?fit=500%2C329&#038;ssl=1\" data-large-file=\"https:\/\/i0.wp.com\/www.fannywalz.com\/fw\/wp-content\/uploads\/2016\/08\/Site-Les-ages-de-la-vie-humaine-03.jpg?fit=480%2C316&#038;ssl=1\" src=\"https:\/\/i0.wp.com\/www.fannywalz.com\/fw\/wp-content\/uploads\/2016\/08\/Site-Les-ages-de-la-vie-humaine-03.jpg?w=155&#038;h=102&#038;ssl=1\" srcset=\"https:\/\/i0.wp.com\/www.fannywalz.com\/fw\/wp-content\/uploads\/2016\/08\/Site-Les-ages-de-la-vie-humaine-03.jpg?w=1033&amp;ssl=1 1033w, https:\/\/i0.wp.com\/www.fannywalz.com\/fw\/wp-content\/uploads\/2016\/08\/Site-Les-ages-de-la-vie-humaine-03.jpg?resize=250%2C165&amp;ssl=1 250w, https:\/\/i0.wp.com\/www.fannywalz.com\/fw\/wp-content\/uploads\/2016\/08\/Site-Les-ages-de-la-vie-humaine-03.jpg?resize=500%2C329&amp;ssl=1 500w, https:\/\/i0.wp.com\/www.fannywalz.com\/fw\/wp-content\/uploads\/2016\/08\/Site-Les-ages-de-la-vie-humaine-03.jpg?resize=700%2C461&amp;ssl=1 700w, https:\/\/i0.wp.com\/www.fannywalz.com\/fw\/wp-content\/uploads\/2016\/08\/Site-Les-ages-de-la-vie-humaine-03.jpg?w=960 960w\" width=\"155\" height=\"102\" loading=\"lazy\" data-original-width=\"155\" data-original-height=\"102\" itemprop=\"http:\/\/schema.org\/image\" title=\"Site Les ages de la vie humaine 03\" alt=\"Site Les ages de la vie humaine 03\" style=\"width: 155px; height: 102px;\" \/> <\/a> <\/div> <\/div> <!-- close group --> <\/div> <!-- close row --> <\/div>\n","protected":false},"excerpt":{"rendered":"<p>Cr\u00e9ation du graphisme du site du livre <i> Les \u00e2ges de la vie humaine.<\/i><\/p>\n<p class=\"detail-projet\">D\u00e9veloppement r\u00e9alis\u00e9 par <a href=\"http:\/\/alterdia.com\/fr\/articles.php\" target=\"_blank\">Alterdia<\/a><\/p>\n<p><a href=\"http:\/\/lesagesdelavie.fr\" target=\"_blank\">Voir le site <i>Les \u00e2ges de la vie humaine<\/i><\/a><br \/>\n<br \/><a href=\"http:\/\/www.fannywalz.com\/fw\/portfolio\/les-ages-de-la-vie-humaine\/\">Voir le projet du livre <i>Les \u00e2ges de la vie humaine<\/i><\/a><\/p>\n","protected":false},"author":1,"featured_media":2309,"comment_status":"closed","ping_status":"closed","template":"","meta":{"jetpack_post_was_ever_published":false,"footnotes":""},"portfolio-category":[15],"portfolio-tag":[],"yoast_head":"<!-- This site is optimized with the Yoast SEO plugin v24.4 - https:\/\/yoast.com\/wordpress\/plugins\/seo\/ -->\n<title>Les \u00e2ges de la vie humaine : le site - Fanny Walz<\/title>\n<meta name=\"description\" content=\"Cr\u00e9ation de la charte graphique du site internet Les \u00e2ges de la vie humaine, v\u00e9ritable outil de communication pour promouvoir le livre du m\u00eame titre.\" \/>\n<meta name=\"robots\" content=\"index, follow, max-snippet:-1, max-image-preview:large, max-video-preview:-1\" \/>\n<link rel=\"canonical\" href=\"https:\/\/www.fannywalz.com\/fw\/portfolio\/site-internet-ages-vie-humaine\/\" \/>\n<meta property=\"og:locale\" content=\"fr_FR\" \/>\n<meta property=\"og:type\" content=\"article\" \/>\n<meta property=\"og:title\" content=\"Les \u00e2ges de la vie humaine : le site - Fanny Walz\" \/>\n<meta property=\"og:description\" content=\"Cr\u00e9ation de la charte graphique du site internet Les \u00e2ges de la vie humaine, v\u00e9ritable outil de communication pour promouvoir le livre du m\u00eame titre.\" \/>\n<meta property=\"og:url\" content=\"https:\/\/www.fannywalz.com\/fw\/portfolio\/site-internet-ages-vie-humaine\/\" \/>\n<meta property=\"og:site_name\" content=\"Fanny Walz\" \/>\n<meta property=\"article:modified_time\" content=\"2016-09-01T19:03:06+00:00\" \/>\n<meta property=\"og:image\" content=\"https:\/\/i0.wp.com\/www.fannywalz.com\/fw\/wp-content\/uploads\/2016\/08\/site-age-vie-humaine_thumb.jpg?fit=315%2C315&ssl=1\" \/>\n\t<meta property=\"og:image:width\" content=\"315\" \/>\n\t<meta property=\"og:image:height\" content=\"315\" \/>\n\t<meta property=\"og:image:type\" content=\"image\/jpeg\" \/>\n<meta name=\"twitter:card\" content=\"summary_large_image\" \/>\n<script type=\"application\/ld+json\" class=\"yoast-schema-graph\">{\"@context\":\"https:\/\/schema.org\",\"@graph\":[{\"@type\":\"WebPage\",\"@id\":\"https:\/\/www.fannywalz.com\/fw\/portfolio\/site-internet-ages-vie-humaine\/\",\"url\":\"https:\/\/www.fannywalz.com\/fw\/portfolio\/site-internet-ages-vie-humaine\/\",\"name\":\"Les \u00e2ges de la vie humaine : le site - Fanny Walz\",\"isPartOf\":{\"@id\":\"http:\/\/www.fannywalz.com\/fw\/#website\"},\"primaryImageOfPage\":{\"@id\":\"https:\/\/www.fannywalz.com\/fw\/portfolio\/site-internet-ages-vie-humaine\/#primaryimage\"},\"image\":{\"@id\":\"https:\/\/www.fannywalz.com\/fw\/portfolio\/site-internet-ages-vie-humaine\/#primaryimage\"},\"thumbnailUrl\":\"https:\/\/i0.wp.com\/www.fannywalz.com\/fw\/wp-content\/uploads\/2016\/08\/site-age-vie-humaine_thumb.jpg?fit=315%2C315&ssl=1\",\"datePublished\":\"2014-10-23T12:07:38+00:00\",\"dateModified\":\"2016-09-01T19:03:06+00:00\",\"description\":\"Cr\u00e9ation de la charte graphique du site internet Les \u00e2ges de la vie humaine, v\u00e9ritable outil de communication pour promouvoir le livre du m\u00eame titre.\",\"breadcrumb\":{\"@id\":\"https:\/\/www.fannywalz.com\/fw\/portfolio\/site-internet-ages-vie-humaine\/#breadcrumb\"},\"inLanguage\":\"fr-FR\",\"potentialAction\":[{\"@type\":\"ReadAction\",\"target\":[\"https:\/\/www.fannywalz.com\/fw\/portfolio\/site-internet-ages-vie-humaine\/\"]}]},{\"@type\":\"ImageObject\",\"inLanguage\":\"fr-FR\",\"@id\":\"https:\/\/www.fannywalz.com\/fw\/portfolio\/site-internet-ages-vie-humaine\/#primaryimage\",\"url\":\"https:\/\/i0.wp.com\/www.fannywalz.com\/fw\/wp-content\/uploads\/2016\/08\/site-age-vie-humaine_thumb.jpg?fit=315%2C315&ssl=1\",\"contentUrl\":\"https:\/\/i0.wp.com\/www.fannywalz.com\/fw\/wp-content\/uploads\/2016\/08\/site-age-vie-humaine_thumb.jpg?fit=315%2C315&ssl=1\",\"width\":315,\"height\":315,\"caption\":\"Site du livre Les \u00e2ges de la vie humaine\"},{\"@type\":\"BreadcrumbList\",\"@id\":\"https:\/\/www.fannywalz.com\/fw\/portfolio\/site-internet-ages-vie-humaine\/#breadcrumb\",\"itemListElement\":[{\"@type\":\"ListItem\",\"position\":1,\"name\":\"Accueil\",\"item\":\"http:\/\/www.fannywalz.com\/fw\/\"},{\"@type\":\"ListItem\",\"position\":2,\"name\":\"Projects\",\"item\":\"http:\/\/www.fannywalz.com\/fw\/portfolio\/\"},{\"@type\":\"ListItem\",\"position\":3,\"name\":\"Les \u00e2ges de la vie humaine : le site\"}]},{\"@type\":\"WebSite\",\"@id\":\"http:\/\/www.fannywalz.com\/fw\/#website\",\"url\":\"http:\/\/www.fannywalz.com\/fw\/\",\"name\":\"Fanny Walz\",\"description\":\"Graphisme et cr\u00e9ations artisanales\",\"potentialAction\":[{\"@type\":\"SearchAction\",\"target\":{\"@type\":\"EntryPoint\",\"urlTemplate\":\"http:\/\/www.fannywalz.com\/fw\/?s={search_term_string}\"},\"query-input\":{\"@type\":\"PropertyValueSpecification\",\"valueRequired\":true,\"valueName\":\"search_term_string\"}}],\"inLanguage\":\"fr-FR\"}]}<\/script>\n<!-- \/ Yoast SEO plugin. -->","yoast_head_json":{"title":"Les \u00e2ges de la vie humaine : le site - Fanny Walz","description":"Cr\u00e9ation de la charte graphique du site internet Les \u00e2ges de la vie humaine, v\u00e9ritable outil de communication pour promouvoir le livre du m\u00eame titre.","robots":{"index":"index","follow":"follow","max-snippet":"max-snippet:-1","max-image-preview":"max-image-preview:large","max-video-preview":"max-video-preview:-1"},"canonical":"https:\/\/www.fannywalz.com\/fw\/portfolio\/site-internet-ages-vie-humaine\/","og_locale":"fr_FR","og_type":"article","og_title":"Les \u00e2ges de la vie humaine : le site - Fanny Walz","og_description":"Cr\u00e9ation de la charte graphique du site internet Les \u00e2ges de la vie humaine, v\u00e9ritable outil de communication pour promouvoir le livre du m\u00eame titre.","og_url":"https:\/\/www.fannywalz.com\/fw\/portfolio\/site-internet-ages-vie-humaine\/","og_site_name":"Fanny Walz","article_modified_time":"2016-09-01T19:03:06+00:00","og_image":[{"width":315,"height":315,"url":"https:\/\/i0.wp.com\/www.fannywalz.com\/fw\/wp-content\/uploads\/2016\/08\/site-age-vie-humaine_thumb.jpg?fit=315%2C315&ssl=1","type":"image\/jpeg"}],"twitter_card":"summary_large_image","schema":{"@context":"https:\/\/schema.org","@graph":[{"@type":"WebPage","@id":"https:\/\/www.fannywalz.com\/fw\/portfolio\/site-internet-ages-vie-humaine\/","url":"https:\/\/www.fannywalz.com\/fw\/portfolio\/site-internet-ages-vie-humaine\/","name":"Les \u00e2ges de la vie humaine : le site - Fanny Walz","isPartOf":{"@id":"http:\/\/www.fannywalz.com\/fw\/#website"},"primaryImageOfPage":{"@id":"https:\/\/www.fannywalz.com\/fw\/portfolio\/site-internet-ages-vie-humaine\/#primaryimage"},"image":{"@id":"https:\/\/www.fannywalz.com\/fw\/portfolio\/site-internet-ages-vie-humaine\/#primaryimage"},"thumbnailUrl":"https:\/\/i0.wp.com\/www.fannywalz.com\/fw\/wp-content\/uploads\/2016\/08\/site-age-vie-humaine_thumb.jpg?fit=315%2C315&ssl=1","datePublished":"2014-10-23T12:07:38+00:00","dateModified":"2016-09-01T19:03:06+00:00","description":"Cr\u00e9ation de la charte graphique du site internet Les \u00e2ges de la vie humaine, v\u00e9ritable outil de communication pour promouvoir le livre du m\u00eame titre.","breadcrumb":{"@id":"https:\/\/www.fannywalz.com\/fw\/portfolio\/site-internet-ages-vie-humaine\/#breadcrumb"},"inLanguage":"fr-FR","potentialAction":[{"@type":"ReadAction","target":["https:\/\/www.fannywalz.com\/fw\/portfolio\/site-internet-ages-vie-humaine\/"]}]},{"@type":"ImageObject","inLanguage":"fr-FR","@id":"https:\/\/www.fannywalz.com\/fw\/portfolio\/site-internet-ages-vie-humaine\/#primaryimage","url":"https:\/\/i0.wp.com\/www.fannywalz.com\/fw\/wp-content\/uploads\/2016\/08\/site-age-vie-humaine_thumb.jpg?fit=315%2C315&ssl=1","contentUrl":"https:\/\/i0.wp.com\/www.fannywalz.com\/fw\/wp-content\/uploads\/2016\/08\/site-age-vie-humaine_thumb.jpg?fit=315%2C315&ssl=1","width":315,"height":315,"caption":"Site du livre Les \u00e2ges de la vie humaine"},{"@type":"BreadcrumbList","@id":"https:\/\/www.fannywalz.com\/fw\/portfolio\/site-internet-ages-vie-humaine\/#breadcrumb","itemListElement":[{"@type":"ListItem","position":1,"name":"Accueil","item":"http:\/\/www.fannywalz.com\/fw\/"},{"@type":"ListItem","position":2,"name":"Projects","item":"http:\/\/www.fannywalz.com\/fw\/portfolio\/"},{"@type":"ListItem","position":3,"name":"Les \u00e2ges de la vie humaine : le site"}]},{"@type":"WebSite","@id":"http:\/\/www.fannywalz.com\/fw\/#website","url":"http:\/\/www.fannywalz.com\/fw\/","name":"Fanny Walz","description":"Graphisme et cr\u00e9ations artisanales","potentialAction":[{"@type":"SearchAction","target":{"@type":"EntryPoint","urlTemplate":"http:\/\/www.fannywalz.com\/fw\/?s={search_term_string}"},"query-input":{"@type":"PropertyValueSpecification","valueRequired":true,"valueName":"search_term_string"}}],"inLanguage":"fr-FR"}]}},"jetpack_sharing_enabled":true,"_links":{"self":[{"href":"https:\/\/www.fannywalz.com\/fw\/wp-json\/wp\/v2\/portfolio\/2303"}],"collection":[{"href":"https:\/\/www.fannywalz.com\/fw\/wp-json\/wp\/v2\/portfolio"}],"about":[{"href":"https:\/\/www.fannywalz.com\/fw\/wp-json\/wp\/v2\/types\/portfolio"}],"author":[{"embeddable":true,"href":"https:\/\/www.fannywalz.com\/fw\/wp-json\/wp\/v2\/users\/1"}],"replies":[{"embeddable":true,"href":"https:\/\/www.fannywalz.com\/fw\/wp-json\/wp\/v2\/comments?post=2303"}],"version-history":[{"count":6,"href":"https:\/\/www.fannywalz.com\/fw\/wp-json\/wp\/v2\/portfolio\/2303\/revisions"}],"predecessor-version":[{"id":2632,"href":"https:\/\/www.fannywalz.com\/fw\/wp-json\/wp\/v2\/portfolio\/2303\/revisions\/2632"}],"wp:featuredmedia":[{"embeddable":true,"href":"https:\/\/www.fannywalz.com\/fw\/wp-json\/wp\/v2\/media\/2309"}],"wp:attachment":[{"href":"https:\/\/www.fannywalz.com\/fw\/wp-json\/wp\/v2\/media?parent=2303"}],"wp:term":[{"taxonomy":"portfolio-category","embeddable":true,"href":"https:\/\/www.fannywalz.com\/fw\/wp-json\/wp\/v2\/portfolio-category?post=2303"},{"taxonomy":"portfolio-tag","embeddable":true,"href":"https:\/\/www.fannywalz.com\/fw\/wp-json\/wp\/v2\/portfolio-tag?post=2303"}],"curies":[{"name":"wp","href":"https:\/\/api.w.org\/{rel}","templated":true}]}}