{"id":16536,"date":"2024-03-06T16:30:16","date_gmt":"2024-03-06T15:30:16","guid":{"rendered":"http:\/\/www.fannywalz.com\/fw\/?post_type=portfolio&#038;p=16536"},"modified":"2024-03-06T17:35:38","modified_gmt":"2024-03-06T16:35:38","slug":"devenir-pro-livre-defi-pro-edition-creation-editoriale-charte-graphique-fanny-walz-strasbourg-alsace","status":"publish","type":"portfolio","link":"https:\/\/www.fannywalz.com\/fw\/portfolio\/devenir-pro-livre-defi-pro-edition-creation-editoriale-charte-graphique-fanny-walz-strasbourg-alsace\/","title":{"rendered":"Devenir Pro"},"content":{"rendered":"\n\n\n<figure class=\"wp-block-gallery has-nested-images columns-default is-cropped wp-block-gallery-1 is-layout-flex wp-block-gallery-is-layout-flex\">\n<figure class=\"wp-block-image size-large\"><img loading=\"lazy\" decoding=\"async\" width=\"480\" height=\"480\" data-attachment-id=\"16552\" data-permalink=\"https:\/\/www.fannywalz.com\/fw\/portfolio\/devenir-pro-livre-defi-pro-edition-creation-editoriale-charte-graphique-fanny-walz-strasbourg-alsace\/devenir-pro-4\/\" data-orig-file=\"https:\/\/i0.wp.com\/www.fannywalz.com\/fw\/wp-content\/uploads\/2024\/03\/devenir-pro-4.jpg?fit=900%2C900&amp;ssl=1\" data-orig-size=\"900,900\" data-comments-opened=\"0\" data-image-meta=\"{&quot;aperture&quot;:&quot;0&quot;,&quot;credit&quot;:&quot;&quot;,&quot;camera&quot;:&quot;&quot;,&quot;caption&quot;:&quot;&quot;,&quot;created_timestamp&quot;:&quot;0&quot;,&quot;copyright&quot;:&quot;&quot;,&quot;focal_length&quot;:&quot;0&quot;,&quot;iso&quot;:&quot;0&quot;,&quot;shutter_speed&quot;:&quot;0&quot;,&quot;title&quot;:&quot;&quot;,&quot;orientation&quot;:&quot;0&quot;}\" data-image-title=\"devenir-pro-4\" data-image-description=\"\" data-image-caption=\"\" data-medium-file=\"https:\/\/i0.wp.com\/www.fannywalz.com\/fw\/wp-content\/uploads\/2024\/03\/devenir-pro-4.jpg?fit=500%2C500&amp;ssl=1\" data-large-file=\"https:\/\/i0.wp.com\/www.fannywalz.com\/fw\/wp-content\/uploads\/2024\/03\/devenir-pro-4.jpg?fit=480%2C480&amp;ssl=1\" data-id=\"16552\" src=\"https:\/\/i0.wp.com\/www.fannywalz.com\/fw\/wp-content\/uploads\/2024\/03\/devenir-pro-4.jpg?resize=480%2C480\" alt=\"\" class=\"wp-image-16552\" srcset=\"https:\/\/i0.wp.com\/www.fannywalz.com\/fw\/wp-content\/uploads\/2024\/03\/devenir-pro-4.jpg?resize=700%2C700&amp;ssl=1 700w, https:\/\/i0.wp.com\/www.fannywalz.com\/fw\/wp-content\/uploads\/2024\/03\/devenir-pro-4.jpg?resize=500%2C500&amp;ssl=1 500w, https:\/\/i0.wp.com\/www.fannywalz.com\/fw\/wp-content\/uploads\/2024\/03\/devenir-pro-4.jpg?resize=250%2C250&amp;ssl=1 250w, https:\/\/i0.wp.com\/www.fannywalz.com\/fw\/wp-content\/uploads\/2024\/03\/devenir-pro-4.jpg?resize=100%2C100&amp;ssl=1 100w, https:\/\/i0.wp.com\/www.fannywalz.com\/fw\/wp-content\/uploads\/2024\/03\/devenir-pro-4.jpg?resize=738%2C738&amp;ssl=1 738w, https:\/\/i0.wp.com\/www.fannywalz.com\/fw\/wp-content\/uploads\/2024\/03\/devenir-pro-4.jpg?resize=480%2C480&amp;ssl=1 480w, https:\/\/i0.wp.com\/www.fannywalz.com\/fw\/wp-content\/uploads\/2024\/03\/devenir-pro-4.jpg?w=900&amp;ssl=1 900w\" sizes=\"(max-width: 480px) 100vw, 480px\" data-recalc-dims=\"1\" \/><\/figure>\n\n\n\n<figure class=\"wp-block-image size-large\"><img loading=\"lazy\" decoding=\"async\" width=\"480\" height=\"480\" data-attachment-id=\"16553\" data-permalink=\"https:\/\/www.fannywalz.com\/fw\/portfolio\/devenir-pro-livre-defi-pro-edition-creation-editoriale-charte-graphique-fanny-walz-strasbourg-alsace\/devenir-pro-5\/\" data-orig-file=\"https:\/\/i0.wp.com\/www.fannywalz.com\/fw\/wp-content\/uploads\/2024\/03\/devenir-pro-5.jpg?fit=900%2C900&amp;ssl=1\" data-orig-size=\"900,900\" data-comments-opened=\"0\" data-image-meta=\"{&quot;aperture&quot;:&quot;0&quot;,&quot;credit&quot;:&quot;&quot;,&quot;camera&quot;:&quot;&quot;,&quot;caption&quot;:&quot;&quot;,&quot;created_timestamp&quot;:&quot;0&quot;,&quot;copyright&quot;:&quot;&quot;,&quot;focal_length&quot;:&quot;0&quot;,&quot;iso&quot;:&quot;0&quot;,&quot;shutter_speed&quot;:&quot;0&quot;,&quot;title&quot;:&quot;&quot;,&quot;orientation&quot;:&quot;0&quot;}\" data-image-title=\"devenir-pro-5\" data-image-description=\"\" data-image-caption=\"\" data-medium-file=\"https:\/\/i0.wp.com\/www.fannywalz.com\/fw\/wp-content\/uploads\/2024\/03\/devenir-pro-5.jpg?fit=500%2C500&amp;ssl=1\" data-large-file=\"https:\/\/i0.wp.com\/www.fannywalz.com\/fw\/wp-content\/uploads\/2024\/03\/devenir-pro-5.jpg?fit=480%2C480&amp;ssl=1\" data-id=\"16553\" src=\"https:\/\/i0.wp.com\/www.fannywalz.com\/fw\/wp-content\/uploads\/2024\/03\/devenir-pro-5.jpg?resize=480%2C480\" alt=\"\" class=\"wp-image-16553\" srcset=\"https:\/\/i0.wp.com\/www.fannywalz.com\/fw\/wp-content\/uploads\/2024\/03\/devenir-pro-5.jpg?resize=700%2C700&amp;ssl=1 700w, https:\/\/i0.wp.com\/www.fannywalz.com\/fw\/wp-content\/uploads\/2024\/03\/devenir-pro-5.jpg?resize=500%2C500&amp;ssl=1 500w, https:\/\/i0.wp.com\/www.fannywalz.com\/fw\/wp-content\/uploads\/2024\/03\/devenir-pro-5.jpg?resize=250%2C250&amp;ssl=1 250w, https:\/\/i0.wp.com\/www.fannywalz.com\/fw\/wp-content\/uploads\/2024\/03\/devenir-pro-5.jpg?resize=100%2C100&amp;ssl=1 100w, https:\/\/i0.wp.com\/www.fannywalz.com\/fw\/wp-content\/uploads\/2024\/03\/devenir-pro-5.jpg?resize=738%2C738&amp;ssl=1 738w, https:\/\/i0.wp.com\/www.fannywalz.com\/fw\/wp-content\/uploads\/2024\/03\/devenir-pro-5.jpg?resize=480%2C480&amp;ssl=1 480w, https:\/\/i0.wp.com\/www.fannywalz.com\/fw\/wp-content\/uploads\/2024\/03\/devenir-pro-5.jpg?w=900&amp;ssl=1 900w\" sizes=\"(max-width: 480px) 100vw, 480px\" data-recalc-dims=\"1\" \/><\/figure>\n\n\n\n<figure class=\"wp-block-image size-large\"><img loading=\"lazy\" decoding=\"async\" width=\"480\" height=\"480\" data-attachment-id=\"16554\" data-permalink=\"https:\/\/www.fannywalz.com\/fw\/portfolio\/devenir-pro-livre-defi-pro-edition-creation-editoriale-charte-graphique-fanny-walz-strasbourg-alsace\/devenir-pro-6\/\" data-orig-file=\"https:\/\/i0.wp.com\/www.fannywalz.com\/fw\/wp-content\/uploads\/2024\/03\/devenir-pro-6.jpg?fit=900%2C900&amp;ssl=1\" data-orig-size=\"900,900\" data-comments-opened=\"0\" data-image-meta=\"{&quot;aperture&quot;:&quot;0&quot;,&quot;credit&quot;:&quot;&quot;,&quot;camera&quot;:&quot;&quot;,&quot;caption&quot;:&quot;&quot;,&quot;created_timestamp&quot;:&quot;0&quot;,&quot;copyright&quot;:&quot;&quot;,&quot;focal_length&quot;:&quot;0&quot;,&quot;iso&quot;:&quot;0&quot;,&quot;shutter_speed&quot;:&quot;0&quot;,&quot;title&quot;:&quot;&quot;,&quot;orientation&quot;:&quot;0&quot;}\" data-image-title=\"devenir-pro-6\" data-image-description=\"\" data-image-caption=\"\" data-medium-file=\"https:\/\/i0.wp.com\/www.fannywalz.com\/fw\/wp-content\/uploads\/2024\/03\/devenir-pro-6.jpg?fit=500%2C500&amp;ssl=1\" data-large-file=\"https:\/\/i0.wp.com\/www.fannywalz.com\/fw\/wp-content\/uploads\/2024\/03\/devenir-pro-6.jpg?fit=480%2C480&amp;ssl=1\" data-id=\"16554\" src=\"https:\/\/i0.wp.com\/www.fannywalz.com\/fw\/wp-content\/uploads\/2024\/03\/devenir-pro-6.jpg?resize=480%2C480\" alt=\"\" class=\"wp-image-16554\" srcset=\"https:\/\/i0.wp.com\/www.fannywalz.com\/fw\/wp-content\/uploads\/2024\/03\/devenir-pro-6.jpg?resize=700%2C700&amp;ssl=1 700w, https:\/\/i0.wp.com\/www.fannywalz.com\/fw\/wp-content\/uploads\/2024\/03\/devenir-pro-6.jpg?resize=500%2C500&amp;ssl=1 500w, https:\/\/i0.wp.com\/www.fannywalz.com\/fw\/wp-content\/uploads\/2024\/03\/devenir-pro-6.jpg?resize=250%2C250&amp;ssl=1 250w, https:\/\/i0.wp.com\/www.fannywalz.com\/fw\/wp-content\/uploads\/2024\/03\/devenir-pro-6.jpg?resize=100%2C100&amp;ssl=1 100w, https:\/\/i0.wp.com\/www.fannywalz.com\/fw\/wp-content\/uploads\/2024\/03\/devenir-pro-6.jpg?resize=738%2C738&amp;ssl=1 738w, https:\/\/i0.wp.com\/www.fannywalz.com\/fw\/wp-content\/uploads\/2024\/03\/devenir-pro-6.jpg?resize=480%2C480&amp;ssl=1 480w, https:\/\/i0.wp.com\/www.fannywalz.com\/fw\/wp-content\/uploads\/2024\/03\/devenir-pro-6.jpg?w=900&amp;ssl=1 900w\" sizes=\"(max-width: 480px) 100vw, 480px\" data-recalc-dims=\"1\" \/><\/figure>\n<\/figure>\n","protected":false},"excerpt":{"rendered":"<p>Cr\u00e9ation de la charte graphique et mise en page du livre <i>Devenir Pro<\/i> propos\u00e9 par GNI Formation aux personnes souhaitant se professionnaliser dans le conseil patrimonial en marketing relationnel.<br \/>\nXavier Nicoli m\u2019a mis au d\u00e9fi de rendre le contenu de sa m\u00e9thode <b>D\u00e9fiPro<\/b> lisible et intelligible.<br \/>\nPari r\u00e9ussi avec ce beau livre proposant une prise en main facile, une lecture agr\u00e9able, ainsi qu\u2019une identification forte avec cette couverture imprim\u00e9e avec un pantone violet.<br \/>\nNos \u00e9changes constructifs et les diff\u00e9rentes \u00e9tapes de travail m\u2019ont permis de proposer un objet qui correspondait aux attentes. Cerise sur le g\u00e2teau, ce f\u00fbt une belle aventure humaine \ud83d\ude42<\/p>\n","protected":false},"author":1,"featured_media":16543,"comment_status":"closed","ping_status":"closed","template":"","meta":{"jetpack_post_was_ever_published":false,"footnotes":""},"portfolio-category":[24],"portfolio-tag":[55],"yoast_head":"<!-- This site is optimized with the Yoast SEO plugin v24.4 - https:\/\/yoast.com\/wordpress\/plugins\/seo\/ -->\n<title>Devenir Pro - Fanny Walz<\/title>\n<meta name=\"description\" content=\"Cr\u00e9ation de la charte graphique et mise en page du livre Devenir Pro. Ce livre pr\u00e9sente la m\u00e9thode D\u00e9fi Pro.\" \/>\n<meta name=\"robots\" content=\"index, follow, max-snippet:-1, max-image-preview:large, max-video-preview:-1\" \/>\n<link rel=\"canonical\" href=\"http:\/\/www.fannywalz.com\/fw\/portfolio\/devenir-pro-livre-defi-pro-edition-creation-editoriale-charte-graphique-fanny-walz-strasbourg-alsace\/\" \/>\n<meta property=\"og:locale\" content=\"fr_FR\" \/>\n<meta property=\"og:type\" content=\"article\" \/>\n<meta property=\"og:title\" content=\"Devenir Pro - Fanny Walz\" \/>\n<meta property=\"og:description\" content=\"Cr\u00e9ation de la charte graphique et mise en page du livre Devenir Pro. Ce livre pr\u00e9sente la m\u00e9thode D\u00e9fi Pro.\" \/>\n<meta property=\"og:url\" content=\"http:\/\/www.fannywalz.com\/fw\/portfolio\/devenir-pro-livre-defi-pro-edition-creation-editoriale-charte-graphique-fanny-walz-strasbourg-alsace\/\" \/>\n<meta property=\"og:site_name\" content=\"Fanny Walz\" \/>\n<meta property=\"article:modified_time\" content=\"2024-03-06T16:35:38+00:00\" \/>\n<meta property=\"og:image\" content=\"https:\/\/i0.wp.com\/www.fannywalz.com\/fw\/wp-content\/uploads\/2024\/03\/devenir-pro-thumb3-.jpg?fit=620%2C619\" \/>\n\t<meta property=\"og:image:width\" content=\"620\" \/>\n\t<meta property=\"og:image:height\" content=\"619\" \/>\n\t<meta property=\"og:image:type\" content=\"image\/jpeg\" \/>\n<meta name=\"twitter:card\" content=\"summary_large_image\" \/>\n<script type=\"application\/ld+json\" class=\"yoast-schema-graph\">{\"@context\":\"https:\/\/schema.org\",\"@graph\":[{\"@type\":\"WebPage\",\"@id\":\"http:\/\/www.fannywalz.com\/fw\/portfolio\/devenir-pro-livre-defi-pro-edition-creation-editoriale-charte-graphique-fanny-walz-strasbourg-alsace\/\",\"url\":\"http:\/\/www.fannywalz.com\/fw\/portfolio\/devenir-pro-livre-defi-pro-edition-creation-editoriale-charte-graphique-fanny-walz-strasbourg-alsace\/\",\"name\":\"Devenir Pro - Fanny Walz\",\"isPartOf\":{\"@id\":\"http:\/\/www.fannywalz.com\/fw\/#website\"},\"primaryImageOfPage\":{\"@id\":\"http:\/\/www.fannywalz.com\/fw\/portfolio\/devenir-pro-livre-defi-pro-edition-creation-editoriale-charte-graphique-fanny-walz-strasbourg-alsace\/#primaryimage\"},\"image\":{\"@id\":\"http:\/\/www.fannywalz.com\/fw\/portfolio\/devenir-pro-livre-defi-pro-edition-creation-editoriale-charte-graphique-fanny-walz-strasbourg-alsace\/#primaryimage\"},\"thumbnailUrl\":\"https:\/\/i0.wp.com\/www.fannywalz.com\/fw\/wp-content\/uploads\/2024\/03\/devenir-pro-thumb3-.jpg?fit=620%2C619&ssl=1\",\"datePublished\":\"2024-03-06T15:30:16+00:00\",\"dateModified\":\"2024-03-06T16:35:38+00:00\",\"description\":\"Cr\u00e9ation de la charte graphique et mise en page du livre Devenir Pro. Ce livre pr\u00e9sente la m\u00e9thode D\u00e9fi Pro.\",\"breadcrumb\":{\"@id\":\"http:\/\/www.fannywalz.com\/fw\/portfolio\/devenir-pro-livre-defi-pro-edition-creation-editoriale-charte-graphique-fanny-walz-strasbourg-alsace\/#breadcrumb\"},\"inLanguage\":\"fr-FR\",\"potentialAction\":[{\"@type\":\"ReadAction\",\"target\":[\"http:\/\/www.fannywalz.com\/fw\/portfolio\/devenir-pro-livre-defi-pro-edition-creation-editoriale-charte-graphique-fanny-walz-strasbourg-alsace\/\"]}]},{\"@type\":\"ImageObject\",\"inLanguage\":\"fr-FR\",\"@id\":\"http:\/\/www.fannywalz.com\/fw\/portfolio\/devenir-pro-livre-defi-pro-edition-creation-editoriale-charte-graphique-fanny-walz-strasbourg-alsace\/#primaryimage\",\"url\":\"https:\/\/i0.wp.com\/www.fannywalz.com\/fw\/wp-content\/uploads\/2024\/03\/devenir-pro-thumb3-.jpg?fit=620%2C619&ssl=1\",\"contentUrl\":\"https:\/\/i0.wp.com\/www.fannywalz.com\/fw\/wp-content\/uploads\/2024\/03\/devenir-pro-thumb3-.jpg?fit=620%2C619&ssl=1\",\"width\":620,\"height\":619,\"caption\":\"Livre Devenir Pro\"},{\"@type\":\"BreadcrumbList\",\"@id\":\"http:\/\/www.fannywalz.com\/fw\/portfolio\/devenir-pro-livre-defi-pro-edition-creation-editoriale-charte-graphique-fanny-walz-strasbourg-alsace\/#breadcrumb\",\"itemListElement\":[{\"@type\":\"ListItem\",\"position\":1,\"name\":\"Accueil\",\"item\":\"http:\/\/www.fannywalz.com\/fw\/\"},{\"@type\":\"ListItem\",\"position\":2,\"name\":\"Projects\",\"item\":\"http:\/\/www.fannywalz.com\/fw\/portfolio\/\"},{\"@type\":\"ListItem\",\"position\":3,\"name\":\"Devenir Pro\"}]},{\"@type\":\"WebSite\",\"@id\":\"http:\/\/www.fannywalz.com\/fw\/#website\",\"url\":\"http:\/\/www.fannywalz.com\/fw\/\",\"name\":\"Fanny Walz\",\"description\":\"Graphisme et cr\u00e9ations artisanales\",\"potentialAction\":[{\"@type\":\"SearchAction\",\"target\":{\"@type\":\"EntryPoint\",\"urlTemplate\":\"http:\/\/www.fannywalz.com\/fw\/?s={search_term_string}\"},\"query-input\":{\"@type\":\"PropertyValueSpecification\",\"valueRequired\":true,\"valueName\":\"search_term_string\"}}],\"inLanguage\":\"fr-FR\"}]}<\/script>\n<!-- \/ Yoast SEO plugin. -->","yoast_head_json":{"title":"Devenir Pro - Fanny Walz","description":"Cr\u00e9ation de la charte graphique et mise en page du livre Devenir Pro. Ce livre pr\u00e9sente la m\u00e9thode D\u00e9fi Pro.","robots":{"index":"index","follow":"follow","max-snippet":"max-snippet:-1","max-image-preview":"max-image-preview:large","max-video-preview":"max-video-preview:-1"},"canonical":"http:\/\/www.fannywalz.com\/fw\/portfolio\/devenir-pro-livre-defi-pro-edition-creation-editoriale-charte-graphique-fanny-walz-strasbourg-alsace\/","og_locale":"fr_FR","og_type":"article","og_title":"Devenir Pro - Fanny Walz","og_description":"Cr\u00e9ation de la charte graphique et mise en page du livre Devenir Pro. Ce livre pr\u00e9sente la m\u00e9thode D\u00e9fi Pro.","og_url":"http:\/\/www.fannywalz.com\/fw\/portfolio\/devenir-pro-livre-defi-pro-edition-creation-editoriale-charte-graphique-fanny-walz-strasbourg-alsace\/","og_site_name":"Fanny Walz","article_modified_time":"2024-03-06T16:35:38+00:00","og_image":[{"width":620,"height":619,"url":"https:\/\/i0.wp.com\/www.fannywalz.com\/fw\/wp-content\/uploads\/2024\/03\/devenir-pro-thumb3-.jpg?fit=620%2C619","type":"image\/jpeg"}],"twitter_card":"summary_large_image","schema":{"@context":"https:\/\/schema.org","@graph":[{"@type":"WebPage","@id":"http:\/\/www.fannywalz.com\/fw\/portfolio\/devenir-pro-livre-defi-pro-edition-creation-editoriale-charte-graphique-fanny-walz-strasbourg-alsace\/","url":"http:\/\/www.fannywalz.com\/fw\/portfolio\/devenir-pro-livre-defi-pro-edition-creation-editoriale-charte-graphique-fanny-walz-strasbourg-alsace\/","name":"Devenir Pro - Fanny Walz","isPartOf":{"@id":"http:\/\/www.fannywalz.com\/fw\/#website"},"primaryImageOfPage":{"@id":"http:\/\/www.fannywalz.com\/fw\/portfolio\/devenir-pro-livre-defi-pro-edition-creation-editoriale-charte-graphique-fanny-walz-strasbourg-alsace\/#primaryimage"},"image":{"@id":"http:\/\/www.fannywalz.com\/fw\/portfolio\/devenir-pro-livre-defi-pro-edition-creation-editoriale-charte-graphique-fanny-walz-strasbourg-alsace\/#primaryimage"},"thumbnailUrl":"https:\/\/i0.wp.com\/www.fannywalz.com\/fw\/wp-content\/uploads\/2024\/03\/devenir-pro-thumb3-.jpg?fit=620%2C619&ssl=1","datePublished":"2024-03-06T15:30:16+00:00","dateModified":"2024-03-06T16:35:38+00:00","description":"Cr\u00e9ation de la charte graphique et mise en page du livre Devenir Pro. Ce livre pr\u00e9sente la m\u00e9thode D\u00e9fi Pro.","breadcrumb":{"@id":"http:\/\/www.fannywalz.com\/fw\/portfolio\/devenir-pro-livre-defi-pro-edition-creation-editoriale-charte-graphique-fanny-walz-strasbourg-alsace\/#breadcrumb"},"inLanguage":"fr-FR","potentialAction":[{"@type":"ReadAction","target":["http:\/\/www.fannywalz.com\/fw\/portfolio\/devenir-pro-livre-defi-pro-edition-creation-editoriale-charte-graphique-fanny-walz-strasbourg-alsace\/"]}]},{"@type":"ImageObject","inLanguage":"fr-FR","@id":"http:\/\/www.fannywalz.com\/fw\/portfolio\/devenir-pro-livre-defi-pro-edition-creation-editoriale-charte-graphique-fanny-walz-strasbourg-alsace\/#primaryimage","url":"https:\/\/i0.wp.com\/www.fannywalz.com\/fw\/wp-content\/uploads\/2024\/03\/devenir-pro-thumb3-.jpg?fit=620%2C619&ssl=1","contentUrl":"https:\/\/i0.wp.com\/www.fannywalz.com\/fw\/wp-content\/uploads\/2024\/03\/devenir-pro-thumb3-.jpg?fit=620%2C619&ssl=1","width":620,"height":619,"caption":"Livre Devenir Pro"},{"@type":"BreadcrumbList","@id":"http:\/\/www.fannywalz.com\/fw\/portfolio\/devenir-pro-livre-defi-pro-edition-creation-editoriale-charte-graphique-fanny-walz-strasbourg-alsace\/#breadcrumb","itemListElement":[{"@type":"ListItem","position":1,"name":"Accueil","item":"http:\/\/www.fannywalz.com\/fw\/"},{"@type":"ListItem","position":2,"name":"Projects","item":"http:\/\/www.fannywalz.com\/fw\/portfolio\/"},{"@type":"ListItem","position":3,"name":"Devenir Pro"}]},{"@type":"WebSite","@id":"http:\/\/www.fannywalz.com\/fw\/#website","url":"http:\/\/www.fannywalz.com\/fw\/","name":"Fanny Walz","description":"Graphisme et cr\u00e9ations artisanales","potentialAction":[{"@type":"SearchAction","target":{"@type":"EntryPoint","urlTemplate":"http:\/\/www.fannywalz.com\/fw\/?s={search_term_string}"},"query-input":{"@type":"PropertyValueSpecification","valueRequired":true,"valueName":"search_term_string"}}],"inLanguage":"fr-FR"}]}},"jetpack_sharing_enabled":true,"_links":{"self":[{"href":"https:\/\/www.fannywalz.com\/fw\/wp-json\/wp\/v2\/portfolio\/16536"}],"collection":[{"href":"https:\/\/www.fannywalz.com\/fw\/wp-json\/wp\/v2\/portfolio"}],"about":[{"href":"https:\/\/www.fannywalz.com\/fw\/wp-json\/wp\/v2\/types\/portfolio"}],"author":[{"embeddable":true,"href":"https:\/\/www.fannywalz.com\/fw\/wp-json\/wp\/v2\/users\/1"}],"replies":[{"embeddable":true,"href":"https:\/\/www.fannywalz.com\/fw\/wp-json\/wp\/v2\/comments?post=16536"}],"version-history":[{"count":6,"href":"https:\/\/www.fannywalz.com\/fw\/wp-json\/wp\/v2\/portfolio\/16536\/revisions"}],"predecessor-version":[{"id":16558,"href":"https:\/\/www.fannywalz.com\/fw\/wp-json\/wp\/v2\/portfolio\/16536\/revisions\/16558"}],"wp:featuredmedia":[{"embeddable":true,"href":"https:\/\/www.fannywalz.com\/fw\/wp-json\/wp\/v2\/media\/16543"}],"wp:attachment":[{"href":"https:\/\/www.fannywalz.com\/fw\/wp-json\/wp\/v2\/media?parent=16536"}],"wp:term":[{"taxonomy":"portfolio-category","embeddable":true,"href":"https:\/\/www.fannywalz.com\/fw\/wp-json\/wp\/v2\/portfolio-category?post=16536"},{"taxonomy":"portfolio-tag","embeddable":true,"href":"https:\/\/www.fannywalz.com\/fw\/wp-json\/wp\/v2\/portfolio-tag?post=16536"}],"curies":[{"name":"wp","href":"https:\/\/api.w.org\/{rel}","templated":true}]}}