{"id":1443,"date":"2014-08-03T21:31:04","date_gmt":"2014-08-03T19:31:04","guid":{"rendered":"http:\/\/www.fannywalz.com\/fw\/?post_type=portfolio&#038;p=1443"},"modified":"2016-09-01T21:20:49","modified_gmt":"2016-09-01T19:20:49","slug":"edition-livre-les-ages-de-la-vie-humaine","status":"publish","type":"portfolio","link":"https:\/\/www.fannywalz.com\/fw\/portfolio\/edition-livre-les-ages-de-la-vie-humaine\/","title":{"rendered":"Les \u00e2ges de la vie humaine"},"content":{"rendered":"<div class=\"tiled-gallery type-rectangular tiled-gallery-unresized\" data-original-width=\"480\" data-carousel-extra='{&quot;blog_id&quot;:1,&quot;permalink&quot;:&quot;https:\\\/\\\/www.fannywalz.com\\\/fw\\\/portfolio\\\/edition-livre-les-ages-de-la-vie-humaine\\\/&quot;,&quot;likes_blog_id&quot;:112652587}' itemscope itemtype=\"http:\/\/schema.org\/ImageGallery\" > <div class=\"gallery-row\" style=\"width: 480px; height: 287px;\" data-original-width=\"480\" data-original-height=\"287\" > <div class=\"gallery-group images-2\" style=\"width: 253px; height: 287px;\" data-original-width=\"253\" data-original-height=\"287\" > <div class=\"tiled-gallery-item tiled-gallery-item-small\" itemprop=\"associatedMedia\" itemscope itemtype=\"http:\/\/schema.org\/ImageObject\"> <a href=\"https:\/\/www.fannywalz.com\/fw\/portfolio\/edition-livre-les-ages-de-la-vie-humaine\/les-ages-de-la-vie-humaine-sialelli-baobab-fanny-walz-3\/\" border=\"0\" itemprop=\"url\"> <meta itemprop=\"width\" content=\"249\"> <meta itemprop=\"height\" content=\"140\"> <img decoding=\"async\" class=\"\" data-attachment-id=\"1447\" data-orig-file=\"https:\/\/www.fannywalz.com\/fw\/wp-content\/uploads\/2016\/08\/les-ages-de-la-vie-humaine-sialelli-baobab-fanny-walz-3.jpg\" data-orig-size=\"700,393\" data-comments-opened=\"\" data-image-meta=\"{&quot;aperture&quot;:&quot;4.5&quot;,&quot;credit&quot;:&quot;&quot;,&quot;camera&quot;:&quot;NEX-7&quot;,&quot;caption&quot;:&quot;&quot;,&quot;created_timestamp&quot;:&quot;1443269772&quot;,&quot;copyright&quot;:&quot;&quot;,&quot;focal_length&quot;:&quot;39&quot;,&quot;iso&quot;:&quot;100&quot;,&quot;shutter_speed&quot;:&quot;0.0125&quot;,&quot;title&quot;:&quot;&quot;,&quot;orientation&quot;:&quot;1&quot;}\" data-image-title=\"les-ages-de-la-vie-humaine-sialelli-baobab-fanny-walz 3\" data-image-description=\"\" data-medium-file=\"https:\/\/i0.wp.com\/www.fannywalz.com\/fw\/wp-content\/uploads\/2016\/08\/les-ages-de-la-vie-humaine-sialelli-baobab-fanny-walz-3.jpg?fit=500%2C281&#038;ssl=1\" data-large-file=\"https:\/\/i0.wp.com\/www.fannywalz.com\/fw\/wp-content\/uploads\/2016\/08\/les-ages-de-la-vie-humaine-sialelli-baobab-fanny-walz-3.jpg?fit=480%2C269&#038;ssl=1\" src=\"https:\/\/i0.wp.com\/www.fannywalz.com\/fw\/wp-content\/uploads\/2016\/08\/les-ages-de-la-vie-humaine-sialelli-baobab-fanny-walz-3.jpg?w=249&#038;h=140&#038;ssl=1\" srcset=\"https:\/\/i0.wp.com\/www.fannywalz.com\/fw\/wp-content\/uploads\/2016\/08\/les-ages-de-la-vie-humaine-sialelli-baobab-fanny-walz-3.jpg?w=700&amp;ssl=1 700w, https:\/\/i0.wp.com\/www.fannywalz.com\/fw\/wp-content\/uploads\/2016\/08\/les-ages-de-la-vie-humaine-sialelli-baobab-fanny-walz-3.jpg?resize=250%2C140&amp;ssl=1 250w, https:\/\/i0.wp.com\/www.fannywalz.com\/fw\/wp-content\/uploads\/2016\/08\/les-ages-de-la-vie-humaine-sialelli-baobab-fanny-walz-3.jpg?resize=500%2C281&amp;ssl=1 500w\" width=\"249\" height=\"140\" loading=\"lazy\" data-original-width=\"249\" data-original-height=\"140\" itemprop=\"http:\/\/schema.org\/image\" title=\"les-ages-de-la-vie-humaine-sialelli-baobab-fanny-walz 3\" alt=\"Les \u00e2ges de la vie humaine - couverture\" style=\"width: 249px; height: 140px;\" \/> <\/a> <\/div> <div class=\"tiled-gallery-item tiled-gallery-item-small\" itemprop=\"associatedMedia\" itemscope itemtype=\"http:\/\/schema.org\/ImageObject\"> <a href=\"https:\/\/www.fannywalz.com\/fw\/portfolio\/edition-livre-les-ages-de-la-vie-humaine\/les-ages-de-la-vie-humaine-sialelli-baobab-fanny-walz-16\/\" border=\"0\" itemprop=\"url\"> <meta itemprop=\"width\" content=\"249\"> <meta itemprop=\"height\" content=\"139\"> <img decoding=\"async\" class=\"\" data-attachment-id=\"1460\" data-orig-file=\"https:\/\/www.fannywalz.com\/fw\/wp-content\/uploads\/2016\/08\/les-ages-de-la-vie-humaine-sialelli-baobab-fanny-walz-16.jpg\" data-orig-size=\"700,393\" data-comments-opened=\"\" data-image-meta=\"{&quot;aperture&quot;:&quot;6.3&quot;,&quot;credit&quot;:&quot;&quot;,&quot;camera&quot;:&quot;NEX-7&quot;,&quot;caption&quot;:&quot;&quot;,&quot;created_timestamp&quot;:&quot;1443270290&quot;,&quot;copyright&quot;:&quot;&quot;,&quot;focal_length&quot;:&quot;49&quot;,&quot;iso&quot;:&quot;100&quot;,&quot;shutter_speed&quot;:&quot;0.008&quot;,&quot;title&quot;:&quot;&quot;,&quot;orientation&quot;:&quot;1&quot;}\" data-image-title=\"les-ages-de-la-vie-humaine-sialelli-baobab-fanny-walz 16\" data-image-description=\"\" data-medium-file=\"https:\/\/i0.wp.com\/www.fannywalz.com\/fw\/wp-content\/uploads\/2016\/08\/les-ages-de-la-vie-humaine-sialelli-baobab-fanny-walz-16.jpg?fit=500%2C281&#038;ssl=1\" data-large-file=\"https:\/\/i0.wp.com\/www.fannywalz.com\/fw\/wp-content\/uploads\/2016\/08\/les-ages-de-la-vie-humaine-sialelli-baobab-fanny-walz-16.jpg?fit=480%2C269&#038;ssl=1\" src=\"https:\/\/i0.wp.com\/www.fannywalz.com\/fw\/wp-content\/uploads\/2016\/08\/les-ages-de-la-vie-humaine-sialelli-baobab-fanny-walz-16.jpg?w=249&#038;h=139&#038;ssl=1\" srcset=\"https:\/\/i0.wp.com\/www.fannywalz.com\/fw\/wp-content\/uploads\/2016\/08\/les-ages-de-la-vie-humaine-sialelli-baobab-fanny-walz-16.jpg?w=700&amp;ssl=1 700w, https:\/\/i0.wp.com\/www.fannywalz.com\/fw\/wp-content\/uploads\/2016\/08\/les-ages-de-la-vie-humaine-sialelli-baobab-fanny-walz-16.jpg?resize=250%2C140&amp;ssl=1 250w, https:\/\/i0.wp.com\/www.fannywalz.com\/fw\/wp-content\/uploads\/2016\/08\/les-ages-de-la-vie-humaine-sialelli-baobab-fanny-walz-16.jpg?resize=500%2C281&amp;ssl=1 500w\" width=\"249\" height=\"139\" loading=\"lazy\" data-original-width=\"249\" data-original-height=\"139\" itemprop=\"http:\/\/schema.org\/image\" title=\"les-ages-de-la-vie-humaine-sialelli-baobab-fanny-walz 16\" alt=\"Les \u00e2ges de la vie humaine - couverture\" style=\"width: 249px; height: 139px;\" \/> <\/a> <\/div> <\/div> <!-- close group --> <div class=\"gallery-group images-1\" style=\"width: 227px; height: 287px;\" data-original-width=\"227\" data-original-height=\"287\" > <div class=\"tiled-gallery-item tiled-gallery-item-small\" itemprop=\"associatedMedia\" itemscope itemtype=\"http:\/\/schema.org\/ImageObject\"> <a href=\"https:\/\/www.fannywalz.com\/fw\/portfolio\/edition-livre-les-ages-de-la-vie-humaine\/livre-les-ages-de-la-vie-humaine-1\/\" border=\"0\" itemprop=\"url\"> <meta itemprop=\"width\" content=\"223\"> <meta itemprop=\"height\" content=\"283\"> <img decoding=\"async\" class=\"\" data-attachment-id=\"2321\" data-orig-file=\"https:\/\/www.fannywalz.com\/fw\/wp-content\/uploads\/2014\/08\/Livre-Les-ages-de-la-vie-humaine-1.jpg\" data-orig-size=\"560,710\" data-comments-opened=\"\" data-image-meta=\"{&quot;aperture&quot;:&quot;0&quot;,&quot;credit&quot;:&quot;&quot;,&quot;camera&quot;:&quot;&quot;,&quot;caption&quot;:&quot;&quot;,&quot;created_timestamp&quot;:&quot;0&quot;,&quot;copyright&quot;:&quot;&quot;,&quot;focal_length&quot;:&quot;0&quot;,&quot;iso&quot;:&quot;0&quot;,&quot;shutter_speed&quot;:&quot;0&quot;,&quot;title&quot;:&quot;&quot;,&quot;orientation&quot;:&quot;1&quot;}\" data-image-title=\"Livre Les ages de la vie humaine 1\" data-image-description=\"\" data-medium-file=\"https:\/\/i0.wp.com\/www.fannywalz.com\/fw\/wp-content\/uploads\/2014\/08\/Livre-Les-ages-de-la-vie-humaine-1.jpg?fit=394%2C500&#038;ssl=1\" data-large-file=\"https:\/\/i0.wp.com\/www.fannywalz.com\/fw\/wp-content\/uploads\/2014\/08\/Livre-Les-ages-de-la-vie-humaine-1.jpg?fit=480%2C609&#038;ssl=1\" src=\"https:\/\/i0.wp.com\/www.fannywalz.com\/fw\/wp-content\/uploads\/2014\/08\/Livre-Les-ages-de-la-vie-humaine-1.jpg?w=223&#038;h=283&#038;ssl=1\" srcset=\"https:\/\/i0.wp.com\/www.fannywalz.com\/fw\/wp-content\/uploads\/2014\/08\/Livre-Les-ages-de-la-vie-humaine-1.jpg?w=560&amp;ssl=1 560w, https:\/\/i0.wp.com\/www.fannywalz.com\/fw\/wp-content\/uploads\/2014\/08\/Livre-Les-ages-de-la-vie-humaine-1.jpg?resize=250%2C317&amp;ssl=1 250w, https:\/\/i0.wp.com\/www.fannywalz.com\/fw\/wp-content\/uploads\/2014\/08\/Livre-Les-ages-de-la-vie-humaine-1.jpg?resize=394%2C500&amp;ssl=1 394w\" width=\"223\" height=\"283\" loading=\"lazy\" data-original-width=\"223\" data-original-height=\"283\" itemprop=\"http:\/\/schema.org\/image\" title=\"Livre Les ages de la vie humaine 1\" alt=\"Livre Les \u00e2ges de la vie humaine - Couverture\" style=\"width: 223px; height: 283px;\" \/> <\/a> <\/div> <\/div> <!-- close group --> <\/div> <!-- close row --> <\/div>\n<p>&nbsp;<\/p>\n<div class=\"tiled-gallery type-rectangular tiled-gallery-unresized\" data-original-width=\"480\" data-carousel-extra='{&quot;blog_id&quot;:1,&quot;permalink&quot;:&quot;https:\\\/\\\/www.fannywalz.com\\\/fw\\\/portfolio\\\/edition-livre-les-ages-de-la-vie-humaine\\\/&quot;,&quot;likes_blog_id&quot;:112652587}' itemscope itemtype=\"http:\/\/schema.org\/ImageGallery\" > <div class=\"gallery-row\" style=\"width: 480px; height: 287px;\" data-original-width=\"480\" data-original-height=\"287\" > <div class=\"gallery-group images-1\" style=\"width: 227px; height: 287px;\" data-original-width=\"227\" data-original-height=\"287\" > <div class=\"tiled-gallery-item tiled-gallery-item-small\" itemprop=\"associatedMedia\" itemscope itemtype=\"http:\/\/schema.org\/ImageObject\"> <a href=\"https:\/\/www.fannywalz.com\/fw\/portfolio\/edition-livre-les-ages-de-la-vie-humaine\/livre-les-ages-de-la-vie-humaine-2\/\" border=\"0\" itemprop=\"url\"> <meta itemprop=\"width\" content=\"223\"> <meta itemprop=\"height\" content=\"283\"> <img decoding=\"async\" class=\"\" data-attachment-id=\"2322\" data-orig-file=\"https:\/\/www.fannywalz.com\/fw\/wp-content\/uploads\/2014\/08\/Livre-Les-ages-de-la-vie-humaine-2.jpg\" data-orig-size=\"560,710\" data-comments-opened=\"\" data-image-meta=\"{&quot;aperture&quot;:&quot;0&quot;,&quot;credit&quot;:&quot;&quot;,&quot;camera&quot;:&quot;&quot;,&quot;caption&quot;:&quot;&quot;,&quot;created_timestamp&quot;:&quot;0&quot;,&quot;copyright&quot;:&quot;&quot;,&quot;focal_length&quot;:&quot;0&quot;,&quot;iso&quot;:&quot;0&quot;,&quot;shutter_speed&quot;:&quot;0&quot;,&quot;title&quot;:&quot;&quot;,&quot;orientation&quot;:&quot;1&quot;}\" data-image-title=\"Livre Les ages de la vie humaine 2\" data-image-description=\"\" data-medium-file=\"https:\/\/i0.wp.com\/www.fannywalz.com\/fw\/wp-content\/uploads\/2014\/08\/Livre-Les-ages-de-la-vie-humaine-2.jpg?fit=394%2C500&#038;ssl=1\" data-large-file=\"https:\/\/i0.wp.com\/www.fannywalz.com\/fw\/wp-content\/uploads\/2014\/08\/Livre-Les-ages-de-la-vie-humaine-2.jpg?fit=480%2C609&#038;ssl=1\" src=\"https:\/\/i0.wp.com\/www.fannywalz.com\/fw\/wp-content\/uploads\/2014\/08\/Livre-Les-ages-de-la-vie-humaine-2.jpg?w=223&#038;h=283&#038;ssl=1\" srcset=\"https:\/\/i0.wp.com\/www.fannywalz.com\/fw\/wp-content\/uploads\/2014\/08\/Livre-Les-ages-de-la-vie-humaine-2.jpg?w=560&amp;ssl=1 560w, https:\/\/i0.wp.com\/www.fannywalz.com\/fw\/wp-content\/uploads\/2014\/08\/Livre-Les-ages-de-la-vie-humaine-2.jpg?resize=250%2C317&amp;ssl=1 250w, https:\/\/i0.wp.com\/www.fannywalz.com\/fw\/wp-content\/uploads\/2014\/08\/Livre-Les-ages-de-la-vie-humaine-2.jpg?resize=394%2C500&amp;ssl=1 394w\" width=\"223\" height=\"283\" loading=\"lazy\" data-original-width=\"223\" data-original-height=\"283\" itemprop=\"http:\/\/schema.org\/image\" title=\"Livre Les ages de la vie humaine 2\" alt=\"Livre Les \u00e2ges de la vie humaine - Couverture\" style=\"width: 223px; height: 283px;\" \/> <\/a> <\/div> <\/div> <!-- close group --> <div class=\"gallery-group images-2\" style=\"width: 253px; height: 287px;\" data-original-width=\"253\" data-original-height=\"287\" > <div class=\"tiled-gallery-item tiled-gallery-item-small\" itemprop=\"associatedMedia\" itemscope itemtype=\"http:\/\/schema.org\/ImageObject\"> <a href=\"https:\/\/www.fannywalz.com\/fw\/portfolio\/edition-livre-les-ages-de-la-vie-humaine\/les-ages-de-la-vie-humaine-sialelli-baobab-fanny-walz-2\/\" border=\"0\" itemprop=\"url\"> <meta itemprop=\"width\" content=\"249\"> <meta itemprop=\"height\" content=\"140\"> <img decoding=\"async\" class=\"\" data-attachment-id=\"1446\" data-orig-file=\"https:\/\/www.fannywalz.com\/fw\/wp-content\/uploads\/2016\/08\/les-ages-de-la-vie-humaine-sialelli-baobab-fanny-walz-2.jpg\" data-orig-size=\"700,393\" data-comments-opened=\"\" data-image-meta=\"{&quot;aperture&quot;:&quot;5.6&quot;,&quot;credit&quot;:&quot;&quot;,&quot;camera&quot;:&quot;NEX-7&quot;,&quot;caption&quot;:&quot;&quot;,&quot;created_timestamp&quot;:&quot;1443269734&quot;,&quot;copyright&quot;:&quot;&quot;,&quot;focal_length&quot;:&quot;39&quot;,&quot;iso&quot;:&quot;100&quot;,&quot;shutter_speed&quot;:&quot;0.01&quot;,&quot;title&quot;:&quot;&quot;,&quot;orientation&quot;:&quot;1&quot;}\" data-image-title=\"les-ages-de-la-vie-humaine-sialelli-baobab-fanny-walz 2\" data-image-description=\"\" data-medium-file=\"https:\/\/i0.wp.com\/www.fannywalz.com\/fw\/wp-content\/uploads\/2016\/08\/les-ages-de-la-vie-humaine-sialelli-baobab-fanny-walz-2.jpg?fit=500%2C281&#038;ssl=1\" data-large-file=\"https:\/\/i0.wp.com\/www.fannywalz.com\/fw\/wp-content\/uploads\/2016\/08\/les-ages-de-la-vie-humaine-sialelli-baobab-fanny-walz-2.jpg?fit=480%2C269&#038;ssl=1\" src=\"https:\/\/i0.wp.com\/www.fannywalz.com\/fw\/wp-content\/uploads\/2016\/08\/les-ages-de-la-vie-humaine-sialelli-baobab-fanny-walz-2.jpg?w=249&#038;h=140&#038;ssl=1\" srcset=\"https:\/\/i0.wp.com\/www.fannywalz.com\/fw\/wp-content\/uploads\/2016\/08\/les-ages-de-la-vie-humaine-sialelli-baobab-fanny-walz-2.jpg?w=700&amp;ssl=1 700w, https:\/\/i0.wp.com\/www.fannywalz.com\/fw\/wp-content\/uploads\/2016\/08\/les-ages-de-la-vie-humaine-sialelli-baobab-fanny-walz-2.jpg?resize=250%2C140&amp;ssl=1 250w, https:\/\/i0.wp.com\/www.fannywalz.com\/fw\/wp-content\/uploads\/2016\/08\/les-ages-de-la-vie-humaine-sialelli-baobab-fanny-walz-2.jpg?resize=500%2C281&amp;ssl=1 500w\" width=\"249\" height=\"140\" loading=\"lazy\" data-original-width=\"249\" data-original-height=\"140\" itemprop=\"http:\/\/schema.org\/image\" title=\"les-ages-de-la-vie-humaine-sialelli-baobab-fanny-walz 2\" alt=\"Les \u00e2ges de la vie humaine - couverture\" style=\"width: 249px; height: 140px;\" \/> <\/a> <\/div> <div class=\"tiled-gallery-item tiled-gallery-item-small\" itemprop=\"associatedMedia\" itemscope itemtype=\"http:\/\/schema.org\/ImageObject\"> <a href=\"https:\/\/www.fannywalz.com\/fw\/portfolio\/edition-livre-les-ages-de-la-vie-humaine\/les-ages-de-la-vie-humaine-sialelli-baobab-fanny-walz-4\/\" border=\"0\" itemprop=\"url\"> <meta itemprop=\"width\" content=\"249\"> <meta itemprop=\"height\" content=\"139\"> <img decoding=\"async\" class=\"\" data-attachment-id=\"1448\" data-orig-file=\"https:\/\/www.fannywalz.com\/fw\/wp-content\/uploads\/2016\/08\/les-ages-de-la-vie-humaine-sialelli-baobab-fanny-walz-4.jpg\" data-orig-size=\"700,393\" data-comments-opened=\"\" data-image-meta=\"{&quot;aperture&quot;:&quot;5.6&quot;,&quot;credit&quot;:&quot;&quot;,&quot;camera&quot;:&quot;NEX-7&quot;,&quot;caption&quot;:&quot;&quot;,&quot;created_timestamp&quot;:&quot;1443269812&quot;,&quot;copyright&quot;:&quot;&quot;,&quot;focal_length&quot;:&quot;39&quot;,&quot;iso&quot;:&quot;100&quot;,&quot;shutter_speed&quot;:&quot;0.01&quot;,&quot;title&quot;:&quot;&quot;,&quot;orientation&quot;:&quot;1&quot;}\" data-image-title=\"les-ages-de-la-vie-humaine-sialelli-baobab-fanny-walz 4\" data-image-description=\"\" data-medium-file=\"https:\/\/i0.wp.com\/www.fannywalz.com\/fw\/wp-content\/uploads\/2016\/08\/les-ages-de-la-vie-humaine-sialelli-baobab-fanny-walz-4.jpg?fit=500%2C281&#038;ssl=1\" data-large-file=\"https:\/\/i0.wp.com\/www.fannywalz.com\/fw\/wp-content\/uploads\/2016\/08\/les-ages-de-la-vie-humaine-sialelli-baobab-fanny-walz-4.jpg?fit=480%2C269&#038;ssl=1\" src=\"https:\/\/i0.wp.com\/www.fannywalz.com\/fw\/wp-content\/uploads\/2016\/08\/les-ages-de-la-vie-humaine-sialelli-baobab-fanny-walz-4.jpg?w=249&#038;h=139&#038;ssl=1\" srcset=\"https:\/\/i0.wp.com\/www.fannywalz.com\/fw\/wp-content\/uploads\/2016\/08\/les-ages-de-la-vie-humaine-sialelli-baobab-fanny-walz-4.jpg?w=700&amp;ssl=1 700w, https:\/\/i0.wp.com\/www.fannywalz.com\/fw\/wp-content\/uploads\/2016\/08\/les-ages-de-la-vie-humaine-sialelli-baobab-fanny-walz-4.jpg?resize=250%2C140&amp;ssl=1 250w, https:\/\/i0.wp.com\/www.fannywalz.com\/fw\/wp-content\/uploads\/2016\/08\/les-ages-de-la-vie-humaine-sialelli-baobab-fanny-walz-4.jpg?resize=500%2C281&amp;ssl=1 500w\" width=\"249\" height=\"139\" loading=\"lazy\" data-original-width=\"249\" data-original-height=\"139\" itemprop=\"http:\/\/schema.org\/image\" title=\"les-ages-de-la-vie-humaine-sialelli-baobab-fanny-walz 4\" alt=\"Les \u00e2ges de la vie humaine - pages int\u00e9rieures\" style=\"width: 249px; height: 139px;\" \/> <\/a> <\/div> <\/div> <!-- close group --> <\/div> <!-- close row --> <\/div>\n<p>&nbsp;<\/p>\n<div class=\"tiled-gallery type-rectangular tiled-gallery-unresized\" data-original-width=\"480\" data-carousel-extra='{&quot;blog_id&quot;:1,&quot;permalink&quot;:&quot;https:\\\/\\\/www.fannywalz.com\\\/fw\\\/portfolio\\\/edition-livre-les-ages-de-la-vie-humaine\\\/&quot;,&quot;likes_blog_id&quot;:112652587}' itemscope itemtype=\"http:\/\/schema.org\/ImageGallery\" > <div class=\"gallery-row\" style=\"width: 480px; height: 151px;\" data-original-width=\"480\" data-original-height=\"151\" > <div class=\"gallery-group images-1\" style=\"width: 120px; height: 151px;\" data-original-width=\"120\" data-original-height=\"151\" > <div class=\"tiled-gallery-item tiled-gallery-item-small\" itemprop=\"associatedMedia\" itemscope itemtype=\"http:\/\/schema.org\/ImageObject\"> <a href=\"https:\/\/www.fannywalz.com\/fw\/portfolio\/edition-livre-les-ages-de-la-vie-humaine\/livre-les-ages-de-la-vie-humaine-3\/\" border=\"0\" itemprop=\"url\"> <meta itemprop=\"width\" content=\"116\"> <meta itemprop=\"height\" content=\"147\"> <img decoding=\"async\" class=\"\" data-attachment-id=\"2323\" data-orig-file=\"https:\/\/www.fannywalz.com\/fw\/wp-content\/uploads\/2014\/08\/Livre-Les-ages-de-la-vie-humaine-3.jpg\" data-orig-size=\"560,710\" data-comments-opened=\"\" data-image-meta=\"{&quot;aperture&quot;:&quot;0&quot;,&quot;credit&quot;:&quot;&quot;,&quot;camera&quot;:&quot;&quot;,&quot;caption&quot;:&quot;&quot;,&quot;created_timestamp&quot;:&quot;0&quot;,&quot;copyright&quot;:&quot;&quot;,&quot;focal_length&quot;:&quot;0&quot;,&quot;iso&quot;:&quot;0&quot;,&quot;shutter_speed&quot;:&quot;0&quot;,&quot;title&quot;:&quot;&quot;,&quot;orientation&quot;:&quot;1&quot;}\" data-image-title=\"Livre Les ages de la vie humaine 3\" data-image-description=\"\" data-medium-file=\"https:\/\/i0.wp.com\/www.fannywalz.com\/fw\/wp-content\/uploads\/2014\/08\/Livre-Les-ages-de-la-vie-humaine-3.jpg?fit=394%2C500&#038;ssl=1\" data-large-file=\"https:\/\/i0.wp.com\/www.fannywalz.com\/fw\/wp-content\/uploads\/2014\/08\/Livre-Les-ages-de-la-vie-humaine-3.jpg?fit=480%2C609&#038;ssl=1\" src=\"https:\/\/i0.wp.com\/www.fannywalz.com\/fw\/wp-content\/uploads\/2014\/08\/Livre-Les-ages-de-la-vie-humaine-3.jpg?w=116&#038;h=147&#038;ssl=1\" srcset=\"https:\/\/i0.wp.com\/www.fannywalz.com\/fw\/wp-content\/uploads\/2014\/08\/Livre-Les-ages-de-la-vie-humaine-3.jpg?w=560&amp;ssl=1 560w, https:\/\/i0.wp.com\/www.fannywalz.com\/fw\/wp-content\/uploads\/2014\/08\/Livre-Les-ages-de-la-vie-humaine-3.jpg?resize=250%2C317&amp;ssl=1 250w, https:\/\/i0.wp.com\/www.fannywalz.com\/fw\/wp-content\/uploads\/2014\/08\/Livre-Les-ages-de-la-vie-humaine-3.jpg?resize=394%2C500&amp;ssl=1 394w\" width=\"116\" height=\"147\" loading=\"lazy\" data-original-width=\"116\" data-original-height=\"147\" itemprop=\"http:\/\/schema.org\/image\" title=\"Livre Les ages de la vie humaine 3\" alt=\"Livre Les \u00e2ges de la vie humaine - Pages Recevoir\" style=\"width: 116px; height: 147px;\" \/> <\/a> <\/div> <\/div> <!-- close group --> <div class=\"gallery-group images-1\" style=\"width: 120px; height: 151px;\" data-original-width=\"120\" data-original-height=\"151\" > <div class=\"tiled-gallery-item tiled-gallery-item-small\" itemprop=\"associatedMedia\" itemscope itemtype=\"http:\/\/schema.org\/ImageObject\"> <a href=\"https:\/\/www.fannywalz.com\/fw\/portfolio\/edition-livre-les-ages-de-la-vie-humaine\/livre-les-ages-de-la-vie-humaine-4\/\" border=\"0\" itemprop=\"url\"> <meta itemprop=\"width\" content=\"116\"> <meta itemprop=\"height\" content=\"147\"> <img decoding=\"async\" class=\"\" data-attachment-id=\"2324\" data-orig-file=\"https:\/\/www.fannywalz.com\/fw\/wp-content\/uploads\/2014\/08\/Livre-Les-ages-de-la-vie-humaine-4.jpg\" data-orig-size=\"560,710\" data-comments-opened=\"\" data-image-meta=\"{&quot;aperture&quot;:&quot;0&quot;,&quot;credit&quot;:&quot;&quot;,&quot;camera&quot;:&quot;&quot;,&quot;caption&quot;:&quot;&quot;,&quot;created_timestamp&quot;:&quot;0&quot;,&quot;copyright&quot;:&quot;&quot;,&quot;focal_length&quot;:&quot;0&quot;,&quot;iso&quot;:&quot;0&quot;,&quot;shutter_speed&quot;:&quot;0&quot;,&quot;title&quot;:&quot;&quot;,&quot;orientation&quot;:&quot;1&quot;}\" data-image-title=\"Livre Les ages de la vie humaine 4\" data-image-description=\"\" data-medium-file=\"https:\/\/i0.wp.com\/www.fannywalz.com\/fw\/wp-content\/uploads\/2014\/08\/Livre-Les-ages-de-la-vie-humaine-4.jpg?fit=394%2C500&#038;ssl=1\" data-large-file=\"https:\/\/i0.wp.com\/www.fannywalz.com\/fw\/wp-content\/uploads\/2014\/08\/Livre-Les-ages-de-la-vie-humaine-4.jpg?fit=480%2C609&#038;ssl=1\" src=\"https:\/\/i0.wp.com\/www.fannywalz.com\/fw\/wp-content\/uploads\/2014\/08\/Livre-Les-ages-de-la-vie-humaine-4.jpg?w=116&#038;h=147&#038;ssl=1\" srcset=\"https:\/\/i0.wp.com\/www.fannywalz.com\/fw\/wp-content\/uploads\/2014\/08\/Livre-Les-ages-de-la-vie-humaine-4.jpg?w=560&amp;ssl=1 560w, https:\/\/i0.wp.com\/www.fannywalz.com\/fw\/wp-content\/uploads\/2014\/08\/Livre-Les-ages-de-la-vie-humaine-4.jpg?resize=250%2C317&amp;ssl=1 250w, https:\/\/i0.wp.com\/www.fannywalz.com\/fw\/wp-content\/uploads\/2014\/08\/Livre-Les-ages-de-la-vie-humaine-4.jpg?resize=394%2C500&amp;ssl=1 394w\" width=\"116\" height=\"147\" loading=\"lazy\" data-original-width=\"116\" data-original-height=\"147\" itemprop=\"http:\/\/schema.org\/image\" title=\"Livre Les ages de la vie humaine 4\" alt=\"Livre Les \u00e2ges de la vie humaine - Pages Recevoir\" style=\"width: 116px; height: 147px;\" \/> <\/a> <\/div> <\/div> <!-- close group --> <div class=\"gallery-group images-1\" style=\"width: 120px; height: 151px;\" data-original-width=\"120\" data-original-height=\"151\" > <div class=\"tiled-gallery-item tiled-gallery-item-small\" itemprop=\"associatedMedia\" itemscope itemtype=\"http:\/\/schema.org\/ImageObject\"> <a href=\"https:\/\/www.fannywalz.com\/fw\/portfolio\/edition-livre-les-ages-de-la-vie-humaine\/livre-les-ages-de-la-vie-humaine-5\/\" border=\"0\" itemprop=\"url\"> <meta itemprop=\"width\" content=\"116\"> <meta itemprop=\"height\" content=\"147\"> <img decoding=\"async\" class=\"\" data-attachment-id=\"2325\" data-orig-file=\"https:\/\/www.fannywalz.com\/fw\/wp-content\/uploads\/2014\/08\/Livre-Les-ages-de-la-vie-humaine-5.jpg\" data-orig-size=\"560,710\" data-comments-opened=\"\" data-image-meta=\"{&quot;aperture&quot;:&quot;0&quot;,&quot;credit&quot;:&quot;&quot;,&quot;camera&quot;:&quot;&quot;,&quot;caption&quot;:&quot;&quot;,&quot;created_timestamp&quot;:&quot;0&quot;,&quot;copyright&quot;:&quot;&quot;,&quot;focal_length&quot;:&quot;0&quot;,&quot;iso&quot;:&quot;0&quot;,&quot;shutter_speed&quot;:&quot;0&quot;,&quot;title&quot;:&quot;&quot;,&quot;orientation&quot;:&quot;1&quot;}\" data-image-title=\"Livre Les ages de la vie humaine 5\" data-image-description=\"\" data-medium-file=\"https:\/\/i0.wp.com\/www.fannywalz.com\/fw\/wp-content\/uploads\/2014\/08\/Livre-Les-ages-de-la-vie-humaine-5.jpg?fit=394%2C500&#038;ssl=1\" data-large-file=\"https:\/\/i0.wp.com\/www.fannywalz.com\/fw\/wp-content\/uploads\/2014\/08\/Livre-Les-ages-de-la-vie-humaine-5.jpg?fit=480%2C609&#038;ssl=1\" src=\"https:\/\/i0.wp.com\/www.fannywalz.com\/fw\/wp-content\/uploads\/2014\/08\/Livre-Les-ages-de-la-vie-humaine-5.jpg?w=116&#038;h=147&#038;ssl=1\" srcset=\"https:\/\/i0.wp.com\/www.fannywalz.com\/fw\/wp-content\/uploads\/2014\/08\/Livre-Les-ages-de-la-vie-humaine-5.jpg?w=560&amp;ssl=1 560w, https:\/\/i0.wp.com\/www.fannywalz.com\/fw\/wp-content\/uploads\/2014\/08\/Livre-Les-ages-de-la-vie-humaine-5.jpg?resize=250%2C317&amp;ssl=1 250w, https:\/\/i0.wp.com\/www.fannywalz.com\/fw\/wp-content\/uploads\/2014\/08\/Livre-Les-ages-de-la-vie-humaine-5.jpg?resize=394%2C500&amp;ssl=1 394w\" width=\"116\" height=\"147\" loading=\"lazy\" data-original-width=\"116\" data-original-height=\"147\" itemprop=\"http:\/\/schema.org\/image\" title=\"Livre Les ages de la vie humaine 5\" alt=\"Livre Les \u00e2ges de la vie humaine - Pages Recevoir\" style=\"width: 116px; height: 147px;\" \/> <\/a> <\/div> <\/div> <!-- close group --> <div class=\"gallery-group images-1\" style=\"width: 120px; height: 151px;\" data-original-width=\"120\" data-original-height=\"151\" > <div class=\"tiled-gallery-item tiled-gallery-item-small\" itemprop=\"associatedMedia\" itemscope itemtype=\"http:\/\/schema.org\/ImageObject\"> <a href=\"https:\/\/www.fannywalz.com\/fw\/portfolio\/edition-livre-les-ages-de-la-vie-humaine\/livre-les-ages-de-la-vie-humaine-6\/\" border=\"0\" itemprop=\"url\"> <meta itemprop=\"width\" content=\"116\"> <meta itemprop=\"height\" content=\"147\"> <img decoding=\"async\" class=\"\" data-attachment-id=\"2326\" data-orig-file=\"https:\/\/www.fannywalz.com\/fw\/wp-content\/uploads\/2014\/08\/Livre-Les-ages-de-la-vie-humaine-6.jpg\" data-orig-size=\"560,710\" data-comments-opened=\"\" data-image-meta=\"{&quot;aperture&quot;:&quot;0&quot;,&quot;credit&quot;:&quot;&quot;,&quot;camera&quot;:&quot;&quot;,&quot;caption&quot;:&quot;&quot;,&quot;created_timestamp&quot;:&quot;0&quot;,&quot;copyright&quot;:&quot;&quot;,&quot;focal_length&quot;:&quot;0&quot;,&quot;iso&quot;:&quot;0&quot;,&quot;shutter_speed&quot;:&quot;0&quot;,&quot;title&quot;:&quot;&quot;,&quot;orientation&quot;:&quot;1&quot;}\" data-image-title=\"Livre Les ages de la vie humaine 6\" data-image-description=\"\" data-medium-file=\"https:\/\/i0.wp.com\/www.fannywalz.com\/fw\/wp-content\/uploads\/2014\/08\/Livre-Les-ages-de-la-vie-humaine-6.jpg?fit=394%2C500&#038;ssl=1\" data-large-file=\"https:\/\/i0.wp.com\/www.fannywalz.com\/fw\/wp-content\/uploads\/2014\/08\/Livre-Les-ages-de-la-vie-humaine-6.jpg?fit=480%2C609&#038;ssl=1\" src=\"https:\/\/i0.wp.com\/www.fannywalz.com\/fw\/wp-content\/uploads\/2014\/08\/Livre-Les-ages-de-la-vie-humaine-6.jpg?w=116&#038;h=147&#038;ssl=1\" srcset=\"https:\/\/i0.wp.com\/www.fannywalz.com\/fw\/wp-content\/uploads\/2014\/08\/Livre-Les-ages-de-la-vie-humaine-6.jpg?w=560&amp;ssl=1 560w, https:\/\/i0.wp.com\/www.fannywalz.com\/fw\/wp-content\/uploads\/2014\/08\/Livre-Les-ages-de-la-vie-humaine-6.jpg?resize=250%2C317&amp;ssl=1 250w, https:\/\/i0.wp.com\/www.fannywalz.com\/fw\/wp-content\/uploads\/2014\/08\/Livre-Les-ages-de-la-vie-humaine-6.jpg?resize=394%2C500&amp;ssl=1 394w\" width=\"116\" height=\"147\" loading=\"lazy\" data-original-width=\"116\" data-original-height=\"147\" itemprop=\"http:\/\/schema.org\/image\" title=\"Livre Les ages de la vie humaine 6\" alt=\"Livre Les \u00e2ges de la vie humaine - Pages Recevoir\" style=\"width: 116px; height: 147px;\" \/> <\/a> <\/div> <\/div> <!-- close group --> <\/div> <!-- close row --> <div class=\"gallery-row\" style=\"width: 480px; height: 303px;\" data-original-width=\"480\" data-original-height=\"303\" > <div class=\"gallery-group images-1\" style=\"width: 240px; height: 303px;\" data-original-width=\"240\" data-original-height=\"303\" > <div class=\"tiled-gallery-item tiled-gallery-item-small\" itemprop=\"associatedMedia\" itemscope itemtype=\"http:\/\/schema.org\/ImageObject\"> <a href=\"https:\/\/www.fannywalz.com\/fw\/portfolio\/edition-livre-les-ages-de-la-vie-humaine\/livre-les-ages-de-la-vie-humaine-7\/\" border=\"0\" itemprop=\"url\"> <meta itemprop=\"width\" content=\"236\"> <meta itemprop=\"height\" content=\"299\"> <img decoding=\"async\" class=\"\" data-attachment-id=\"2327\" data-orig-file=\"https:\/\/www.fannywalz.com\/fw\/wp-content\/uploads\/2014\/08\/Livre-Les-ages-de-la-vie-humaine-7.jpg\" data-orig-size=\"560,710\" data-comments-opened=\"\" data-image-meta=\"{&quot;aperture&quot;:&quot;0&quot;,&quot;credit&quot;:&quot;&quot;,&quot;camera&quot;:&quot;&quot;,&quot;caption&quot;:&quot;&quot;,&quot;created_timestamp&quot;:&quot;0&quot;,&quot;copyright&quot;:&quot;&quot;,&quot;focal_length&quot;:&quot;0&quot;,&quot;iso&quot;:&quot;0&quot;,&quot;shutter_speed&quot;:&quot;0&quot;,&quot;title&quot;:&quot;&quot;,&quot;orientation&quot;:&quot;1&quot;}\" data-image-title=\"Livre Les ages de la vie humaine 7\" data-image-description=\"\" data-medium-file=\"https:\/\/i0.wp.com\/www.fannywalz.com\/fw\/wp-content\/uploads\/2014\/08\/Livre-Les-ages-de-la-vie-humaine-7.jpg?fit=394%2C500&#038;ssl=1\" data-large-file=\"https:\/\/i0.wp.com\/www.fannywalz.com\/fw\/wp-content\/uploads\/2014\/08\/Livre-Les-ages-de-la-vie-humaine-7.jpg?fit=480%2C609&#038;ssl=1\" src=\"https:\/\/i0.wp.com\/www.fannywalz.com\/fw\/wp-content\/uploads\/2014\/08\/Livre-Les-ages-de-la-vie-humaine-7.jpg?w=236&#038;h=299&#038;ssl=1\" srcset=\"https:\/\/i0.wp.com\/www.fannywalz.com\/fw\/wp-content\/uploads\/2014\/08\/Livre-Les-ages-de-la-vie-humaine-7.jpg?w=560&amp;ssl=1 560w, https:\/\/i0.wp.com\/www.fannywalz.com\/fw\/wp-content\/uploads\/2014\/08\/Livre-Les-ages-de-la-vie-humaine-7.jpg?resize=250%2C317&amp;ssl=1 250w, https:\/\/i0.wp.com\/www.fannywalz.com\/fw\/wp-content\/uploads\/2014\/08\/Livre-Les-ages-de-la-vie-humaine-7.jpg?resize=394%2C500&amp;ssl=1 394w\" width=\"236\" height=\"299\" loading=\"lazy\" data-original-width=\"236\" data-original-height=\"299\" itemprop=\"http:\/\/schema.org\/image\" title=\"Livre Les ages de la vie humaine 7\" alt=\"Livre Les \u00e2ges de la vie humaine - Pages Recevoir\" style=\"width: 236px; height: 299px;\" \/> <\/a> <\/div> <\/div> <!-- close group --> <div class=\"gallery-group images-1\" style=\"width: 240px; height: 303px;\" data-original-width=\"240\" data-original-height=\"303\" > <div class=\"tiled-gallery-item tiled-gallery-item-small\" itemprop=\"associatedMedia\" itemscope itemtype=\"http:\/\/schema.org\/ImageObject\"> <a href=\"https:\/\/www.fannywalz.com\/fw\/portfolio\/edition-livre-les-ages-de-la-vie-humaine\/livre-les-ages-de-la-vie-humaine-8\/\" border=\"0\" itemprop=\"url\"> <meta itemprop=\"width\" content=\"236\"> <meta itemprop=\"height\" content=\"299\"> <img decoding=\"async\" class=\"\" data-attachment-id=\"2328\" data-orig-file=\"https:\/\/www.fannywalz.com\/fw\/wp-content\/uploads\/2014\/08\/Livre-Les-ages-de-la-vie-humaine-8.jpg\" data-orig-size=\"560,710\" data-comments-opened=\"\" data-image-meta=\"{&quot;aperture&quot;:&quot;0&quot;,&quot;credit&quot;:&quot;&quot;,&quot;camera&quot;:&quot;&quot;,&quot;caption&quot;:&quot;&quot;,&quot;created_timestamp&quot;:&quot;0&quot;,&quot;copyright&quot;:&quot;&quot;,&quot;focal_length&quot;:&quot;0&quot;,&quot;iso&quot;:&quot;0&quot;,&quot;shutter_speed&quot;:&quot;0&quot;,&quot;title&quot;:&quot;&quot;,&quot;orientation&quot;:&quot;1&quot;}\" data-image-title=\"Livre Les ages de la vie humaine 8\" data-image-description=\"\" data-medium-file=\"https:\/\/i0.wp.com\/www.fannywalz.com\/fw\/wp-content\/uploads\/2014\/08\/Livre-Les-ages-de-la-vie-humaine-8.jpg?fit=394%2C500&#038;ssl=1\" data-large-file=\"https:\/\/i0.wp.com\/www.fannywalz.com\/fw\/wp-content\/uploads\/2014\/08\/Livre-Les-ages-de-la-vie-humaine-8.jpg?fit=480%2C609&#038;ssl=1\" src=\"https:\/\/i0.wp.com\/www.fannywalz.com\/fw\/wp-content\/uploads\/2014\/08\/Livre-Les-ages-de-la-vie-humaine-8.jpg?w=236&#038;h=299&#038;ssl=1\" srcset=\"https:\/\/i0.wp.com\/www.fannywalz.com\/fw\/wp-content\/uploads\/2014\/08\/Livre-Les-ages-de-la-vie-humaine-8.jpg?w=560&amp;ssl=1 560w, https:\/\/i0.wp.com\/www.fannywalz.com\/fw\/wp-content\/uploads\/2014\/08\/Livre-Les-ages-de-la-vie-humaine-8.jpg?resize=250%2C317&amp;ssl=1 250w, https:\/\/i0.wp.com\/www.fannywalz.com\/fw\/wp-content\/uploads\/2014\/08\/Livre-Les-ages-de-la-vie-humaine-8.jpg?resize=394%2C500&amp;ssl=1 394w\" width=\"236\" height=\"299\" loading=\"lazy\" data-original-width=\"236\" data-original-height=\"299\" itemprop=\"http:\/\/schema.org\/image\" title=\"Livre Les ages de la vie humaine 8\" alt=\"Livre Les \u00e2ges de la vie humaine - Pages Recevoir\" style=\"width: 236px; height: 299px;\" \/> <\/a> <\/div> <\/div> <!-- close group --> <\/div> <!-- close row --> <\/div>\n<p>&nbsp;<\/p>\n<div class=\"tiled-gallery type-rectangular tiled-gallery-unresized\" data-original-width=\"480\" data-carousel-extra='{&quot;blog_id&quot;:1,&quot;permalink&quot;:&quot;https:\\\/\\\/www.fannywalz.com\\\/fw\\\/portfolio\\\/edition-livre-les-ages-de-la-vie-humaine\\\/&quot;,&quot;likes_blog_id&quot;:112652587}' itemscope itemtype=\"http:\/\/schema.org\/ImageGallery\" > <div class=\"gallery-row\" style=\"width: 480px; height: 151px;\" data-original-width=\"480\" data-original-height=\"151\" > <div class=\"gallery-group images-1\" style=\"width: 120px; height: 151px;\" data-original-width=\"120\" data-original-height=\"151\" > <div class=\"tiled-gallery-item tiled-gallery-item-small\" itemprop=\"associatedMedia\" itemscope itemtype=\"http:\/\/schema.org\/ImageObject\"> <a href=\"https:\/\/www.fannywalz.com\/fw\/portfolio\/edition-livre-les-ages-de-la-vie-humaine\/livre-les-ages-de-la-vie-humaine-9\/\" border=\"0\" itemprop=\"url\"> <meta itemprop=\"width\" content=\"116\"> <meta itemprop=\"height\" content=\"147\"> <img decoding=\"async\" class=\"\" data-attachment-id=\"2329\" data-orig-file=\"https:\/\/www.fannywalz.com\/fw\/wp-content\/uploads\/2014\/08\/Livre-Les-ages-de-la-vie-humaine-9.jpg\" data-orig-size=\"560,710\" data-comments-opened=\"\" data-image-meta=\"{&quot;aperture&quot;:&quot;0&quot;,&quot;credit&quot;:&quot;&quot;,&quot;camera&quot;:&quot;&quot;,&quot;caption&quot;:&quot;&quot;,&quot;created_timestamp&quot;:&quot;0&quot;,&quot;copyright&quot;:&quot;&quot;,&quot;focal_length&quot;:&quot;0&quot;,&quot;iso&quot;:&quot;0&quot;,&quot;shutter_speed&quot;:&quot;0&quot;,&quot;title&quot;:&quot;&quot;,&quot;orientation&quot;:&quot;1&quot;}\" data-image-title=\"Livre Les ages de la vie humaine 9\" data-image-description=\"\" data-medium-file=\"https:\/\/i0.wp.com\/www.fannywalz.com\/fw\/wp-content\/uploads\/2014\/08\/Livre-Les-ages-de-la-vie-humaine-9.jpg?fit=394%2C500&#038;ssl=1\" data-large-file=\"https:\/\/i0.wp.com\/www.fannywalz.com\/fw\/wp-content\/uploads\/2014\/08\/Livre-Les-ages-de-la-vie-humaine-9.jpg?fit=480%2C609&#038;ssl=1\" src=\"https:\/\/i0.wp.com\/www.fannywalz.com\/fw\/wp-content\/uploads\/2014\/08\/Livre-Les-ages-de-la-vie-humaine-9.jpg?w=116&#038;h=147&#038;ssl=1\" srcset=\"https:\/\/i0.wp.com\/www.fannywalz.com\/fw\/wp-content\/uploads\/2014\/08\/Livre-Les-ages-de-la-vie-humaine-9.jpg?w=560&amp;ssl=1 560w, https:\/\/i0.wp.com\/www.fannywalz.com\/fw\/wp-content\/uploads\/2014\/08\/Livre-Les-ages-de-la-vie-humaine-9.jpg?resize=250%2C317&amp;ssl=1 250w, https:\/\/i0.wp.com\/www.fannywalz.com\/fw\/wp-content\/uploads\/2014\/08\/Livre-Les-ages-de-la-vie-humaine-9.jpg?resize=394%2C500&amp;ssl=1 394w\" width=\"116\" height=\"147\" loading=\"lazy\" data-original-width=\"116\" data-original-height=\"147\" itemprop=\"http:\/\/schema.org\/image\" title=\"Livre Les ages de la vie humaine 9\" alt=\"Livre Les \u00e2ges de la vie humaine - Pages Devenir Soi\" style=\"width: 116px; height: 147px;\" \/> <\/a> <\/div> <\/div> <!-- close group --> <div class=\"gallery-group images-1\" style=\"width: 120px; height: 151px;\" data-original-width=\"120\" data-original-height=\"151\" > <div class=\"tiled-gallery-item tiled-gallery-item-small\" itemprop=\"associatedMedia\" itemscope itemtype=\"http:\/\/schema.org\/ImageObject\"> <a href=\"https:\/\/www.fannywalz.com\/fw\/portfolio\/edition-livre-les-ages-de-la-vie-humaine\/livre-les-ages-de-la-vie-humaine-10\/\" border=\"0\" itemprop=\"url\"> <meta itemprop=\"width\" content=\"116\"> <meta itemprop=\"height\" content=\"147\"> <img decoding=\"async\" class=\"\" data-attachment-id=\"2330\" data-orig-file=\"https:\/\/www.fannywalz.com\/fw\/wp-content\/uploads\/2014\/08\/Livre-Les-ages-de-la-vie-humaine-10.jpg\" data-orig-size=\"560,710\" data-comments-opened=\"\" data-image-meta=\"{&quot;aperture&quot;:&quot;0&quot;,&quot;credit&quot;:&quot;&quot;,&quot;camera&quot;:&quot;&quot;,&quot;caption&quot;:&quot;&quot;,&quot;created_timestamp&quot;:&quot;0&quot;,&quot;copyright&quot;:&quot;&quot;,&quot;focal_length&quot;:&quot;0&quot;,&quot;iso&quot;:&quot;0&quot;,&quot;shutter_speed&quot;:&quot;0&quot;,&quot;title&quot;:&quot;&quot;,&quot;orientation&quot;:&quot;1&quot;}\" data-image-title=\"Livre Les ages de la vie humaine 10\" data-image-description=\"\" data-medium-file=\"https:\/\/i0.wp.com\/www.fannywalz.com\/fw\/wp-content\/uploads\/2014\/08\/Livre-Les-ages-de-la-vie-humaine-10.jpg?fit=394%2C500&#038;ssl=1\" data-large-file=\"https:\/\/i0.wp.com\/www.fannywalz.com\/fw\/wp-content\/uploads\/2014\/08\/Livre-Les-ages-de-la-vie-humaine-10.jpg?fit=480%2C609&#038;ssl=1\" src=\"https:\/\/i0.wp.com\/www.fannywalz.com\/fw\/wp-content\/uploads\/2014\/08\/Livre-Les-ages-de-la-vie-humaine-10.jpg?w=116&#038;h=147&#038;ssl=1\" srcset=\"https:\/\/i0.wp.com\/www.fannywalz.com\/fw\/wp-content\/uploads\/2014\/08\/Livre-Les-ages-de-la-vie-humaine-10.jpg?w=560&amp;ssl=1 560w, https:\/\/i0.wp.com\/www.fannywalz.com\/fw\/wp-content\/uploads\/2014\/08\/Livre-Les-ages-de-la-vie-humaine-10.jpg?resize=250%2C317&amp;ssl=1 250w, https:\/\/i0.wp.com\/www.fannywalz.com\/fw\/wp-content\/uploads\/2014\/08\/Livre-Les-ages-de-la-vie-humaine-10.jpg?resize=394%2C500&amp;ssl=1 394w\" width=\"116\" height=\"147\" loading=\"lazy\" data-original-width=\"116\" data-original-height=\"147\" itemprop=\"http:\/\/schema.org\/image\" title=\"Livre Les ages de la vie humaine 10\" alt=\"Livre Les \u00e2ges de la vie humaine - Pages Devenir Soi\" style=\"width: 116px; height: 147px;\" \/> <\/a> <\/div> <\/div> <!-- close group --> <div class=\"gallery-group images-1\" style=\"width: 120px; height: 151px;\" data-original-width=\"120\" data-original-height=\"151\" > <div class=\"tiled-gallery-item tiled-gallery-item-small\" itemprop=\"associatedMedia\" itemscope itemtype=\"http:\/\/schema.org\/ImageObject\"> <a href=\"https:\/\/www.fannywalz.com\/fw\/portfolio\/edition-livre-les-ages-de-la-vie-humaine\/livre-les-ages-de-la-vie-humaine-11\/\" border=\"0\" itemprop=\"url\"> <meta itemprop=\"width\" content=\"116\"> <meta itemprop=\"height\" content=\"147\"> <img decoding=\"async\" class=\"\" data-attachment-id=\"2331\" data-orig-file=\"https:\/\/www.fannywalz.com\/fw\/wp-content\/uploads\/2014\/08\/Livre-Les-ages-de-la-vie-humaine-11.jpg\" data-orig-size=\"560,710\" data-comments-opened=\"\" data-image-meta=\"{&quot;aperture&quot;:&quot;0&quot;,&quot;credit&quot;:&quot;&quot;,&quot;camera&quot;:&quot;&quot;,&quot;caption&quot;:&quot;&quot;,&quot;created_timestamp&quot;:&quot;0&quot;,&quot;copyright&quot;:&quot;&quot;,&quot;focal_length&quot;:&quot;0&quot;,&quot;iso&quot;:&quot;0&quot;,&quot;shutter_speed&quot;:&quot;0&quot;,&quot;title&quot;:&quot;&quot;,&quot;orientation&quot;:&quot;1&quot;}\" data-image-title=\"Livre Les ages de la vie humaine 11\" data-image-description=\"\" data-medium-file=\"https:\/\/i0.wp.com\/www.fannywalz.com\/fw\/wp-content\/uploads\/2014\/08\/Livre-Les-ages-de-la-vie-humaine-11.jpg?fit=394%2C500&#038;ssl=1\" data-large-file=\"https:\/\/i0.wp.com\/www.fannywalz.com\/fw\/wp-content\/uploads\/2014\/08\/Livre-Les-ages-de-la-vie-humaine-11.jpg?fit=480%2C609&#038;ssl=1\" src=\"https:\/\/i0.wp.com\/www.fannywalz.com\/fw\/wp-content\/uploads\/2014\/08\/Livre-Les-ages-de-la-vie-humaine-11.jpg?w=116&#038;h=147&#038;ssl=1\" srcset=\"https:\/\/i0.wp.com\/www.fannywalz.com\/fw\/wp-content\/uploads\/2014\/08\/Livre-Les-ages-de-la-vie-humaine-11.jpg?w=560&amp;ssl=1 560w, https:\/\/i0.wp.com\/www.fannywalz.com\/fw\/wp-content\/uploads\/2014\/08\/Livre-Les-ages-de-la-vie-humaine-11.jpg?resize=250%2C317&amp;ssl=1 250w, https:\/\/i0.wp.com\/www.fannywalz.com\/fw\/wp-content\/uploads\/2014\/08\/Livre-Les-ages-de-la-vie-humaine-11.jpg?resize=394%2C500&amp;ssl=1 394w\" width=\"116\" height=\"147\" loading=\"lazy\" data-original-width=\"116\" data-original-height=\"147\" itemprop=\"http:\/\/schema.org\/image\" title=\"Livre Les ages de la vie humaine 11\" alt=\"Livre Les \u00e2ges de la vie humaine - Pages Donner\" style=\"width: 116px; height: 147px;\" \/> <\/a> <\/div> <\/div> <!-- close group --> <div class=\"gallery-group images-1\" style=\"width: 120px; height: 151px;\" data-original-width=\"120\" data-original-height=\"151\" > <div class=\"tiled-gallery-item tiled-gallery-item-small\" itemprop=\"associatedMedia\" itemscope itemtype=\"http:\/\/schema.org\/ImageObject\"> <a href=\"https:\/\/www.fannywalz.com\/fw\/portfolio\/edition-livre-les-ages-de-la-vie-humaine\/livre-les-ages-de-la-vie-humaine-12\/\" border=\"0\" itemprop=\"url\"> <meta itemprop=\"width\" content=\"116\"> <meta itemprop=\"height\" content=\"147\"> <img decoding=\"async\" class=\"\" data-attachment-id=\"2332\" data-orig-file=\"https:\/\/www.fannywalz.com\/fw\/wp-content\/uploads\/2014\/08\/Livre-Les-ages-de-la-vie-humaine-12.jpg\" data-orig-size=\"560,710\" data-comments-opened=\"\" data-image-meta=\"{&quot;aperture&quot;:&quot;0&quot;,&quot;credit&quot;:&quot;&quot;,&quot;camera&quot;:&quot;&quot;,&quot;caption&quot;:&quot;&quot;,&quot;created_timestamp&quot;:&quot;0&quot;,&quot;copyright&quot;:&quot;&quot;,&quot;focal_length&quot;:&quot;0&quot;,&quot;iso&quot;:&quot;0&quot;,&quot;shutter_speed&quot;:&quot;0&quot;,&quot;title&quot;:&quot;&quot;,&quot;orientation&quot;:&quot;1&quot;}\" data-image-title=\"Livre Les ages de la vie humaine 12\" data-image-description=\"\" data-medium-file=\"https:\/\/i0.wp.com\/www.fannywalz.com\/fw\/wp-content\/uploads\/2014\/08\/Livre-Les-ages-de-la-vie-humaine-12.jpg?fit=394%2C500&#038;ssl=1\" data-large-file=\"https:\/\/i0.wp.com\/www.fannywalz.com\/fw\/wp-content\/uploads\/2014\/08\/Livre-Les-ages-de-la-vie-humaine-12.jpg?fit=480%2C609&#038;ssl=1\" src=\"https:\/\/i0.wp.com\/www.fannywalz.com\/fw\/wp-content\/uploads\/2014\/08\/Livre-Les-ages-de-la-vie-humaine-12.jpg?w=116&#038;h=147&#038;ssl=1\" srcset=\"https:\/\/i0.wp.com\/www.fannywalz.com\/fw\/wp-content\/uploads\/2014\/08\/Livre-Les-ages-de-la-vie-humaine-12.jpg?w=560&amp;ssl=1 560w, https:\/\/i0.wp.com\/www.fannywalz.com\/fw\/wp-content\/uploads\/2014\/08\/Livre-Les-ages-de-la-vie-humaine-12.jpg?resize=250%2C317&amp;ssl=1 250w, https:\/\/i0.wp.com\/www.fannywalz.com\/fw\/wp-content\/uploads\/2014\/08\/Livre-Les-ages-de-la-vie-humaine-12.jpg?resize=394%2C500&amp;ssl=1 394w\" width=\"116\" height=\"147\" loading=\"lazy\" data-original-width=\"116\" data-original-height=\"147\" itemprop=\"http:\/\/schema.org\/image\" title=\"Livre Les ages de la vie humaine 12\" alt=\"Livre Les \u00e2ges de la vie humaine - Pages Donner\" style=\"width: 116px; height: 147px;\" \/> <\/a> <\/div> <\/div> <!-- close group --> <\/div> <!-- close row --> <\/div>\n<p>&nbsp;<\/p>\n<div class=\"tiled-gallery type-rectangular tiled-gallery-unresized\" data-original-width=\"480\" data-carousel-extra='{&quot;blog_id&quot;:1,&quot;permalink&quot;:&quot;https:\\\/\\\/www.fannywalz.com\\\/fw\\\/portfolio\\\/edition-livre-les-ages-de-la-vie-humaine\\\/&quot;,&quot;likes_blog_id&quot;:112652587}' itemscope itemtype=\"http:\/\/schema.org\/ImageGallery\" > <div class=\"gallery-row\" style=\"width: 480px; height: 136px;\" data-original-width=\"480\" data-original-height=\"136\" > <div class=\"gallery-group images-1\" style=\"width: 240px; height: 136px;\" data-original-width=\"240\" data-original-height=\"136\" > <div class=\"tiled-gallery-item tiled-gallery-item-small\" itemprop=\"associatedMedia\" itemscope itemtype=\"http:\/\/schema.org\/ImageObject\"> <a href=\"https:\/\/www.fannywalz.com\/fw\/portfolio\/edition-livre-les-ages-de-la-vie-humaine\/les-ages-de-la-vie-humaine-sialelli-baobab-fanny-walz-5\/\" border=\"0\" itemprop=\"url\"> <meta itemprop=\"width\" content=\"236\"> <meta itemprop=\"height\" content=\"132\"> <img decoding=\"async\" class=\"\" data-attachment-id=\"1449\" data-orig-file=\"https:\/\/www.fannywalz.com\/fw\/wp-content\/uploads\/2016\/08\/les-ages-de-la-vie-humaine-sialelli-baobab-fanny-walz-5.jpg\" data-orig-size=\"700,393\" data-comments-opened=\"\" data-image-meta=\"{&quot;aperture&quot;:&quot;4.5&quot;,&quot;credit&quot;:&quot;&quot;,&quot;camera&quot;:&quot;NEX-7&quot;,&quot;caption&quot;:&quot;&quot;,&quot;created_timestamp&quot;:&quot;1443269837&quot;,&quot;copyright&quot;:&quot;&quot;,&quot;focal_length&quot;:&quot;39&quot;,&quot;iso&quot;:&quot;200&quot;,&quot;shutter_speed&quot;:&quot;0.00625&quot;,&quot;title&quot;:&quot;&quot;,&quot;orientation&quot;:&quot;1&quot;}\" data-image-title=\"les-ages-de-la-vie-humaine-sialelli-baobab-fanny-walz 5\" data-image-description=\"\" data-medium-file=\"https:\/\/i0.wp.com\/www.fannywalz.com\/fw\/wp-content\/uploads\/2016\/08\/les-ages-de-la-vie-humaine-sialelli-baobab-fanny-walz-5.jpg?fit=500%2C281&#038;ssl=1\" data-large-file=\"https:\/\/i0.wp.com\/www.fannywalz.com\/fw\/wp-content\/uploads\/2016\/08\/les-ages-de-la-vie-humaine-sialelli-baobab-fanny-walz-5.jpg?fit=480%2C269&#038;ssl=1\" src=\"https:\/\/i0.wp.com\/www.fannywalz.com\/fw\/wp-content\/uploads\/2016\/08\/les-ages-de-la-vie-humaine-sialelli-baobab-fanny-walz-5.jpg?w=236&#038;h=132&#038;ssl=1\" srcset=\"https:\/\/i0.wp.com\/www.fannywalz.com\/fw\/wp-content\/uploads\/2016\/08\/les-ages-de-la-vie-humaine-sialelli-baobab-fanny-walz-5.jpg?w=700&amp;ssl=1 700w, https:\/\/i0.wp.com\/www.fannywalz.com\/fw\/wp-content\/uploads\/2016\/08\/les-ages-de-la-vie-humaine-sialelli-baobab-fanny-walz-5.jpg?resize=250%2C140&amp;ssl=1 250w, https:\/\/i0.wp.com\/www.fannywalz.com\/fw\/wp-content\/uploads\/2016\/08\/les-ages-de-la-vie-humaine-sialelli-baobab-fanny-walz-5.jpg?resize=500%2C281&amp;ssl=1 500w\" width=\"236\" height=\"132\" loading=\"lazy\" data-original-width=\"236\" data-original-height=\"132\" itemprop=\"http:\/\/schema.org\/image\" title=\"les-ages-de-la-vie-humaine-sialelli-baobab-fanny-walz 5\" alt=\"Les \u00e2ges de la vie humaine - pages int\u00e9rieures\" style=\"width: 236px; height: 132px;\" \/> <\/a> <\/div> <\/div> <!-- close group --> <div class=\"gallery-group images-1\" style=\"width: 240px; height: 136px;\" data-original-width=\"240\" data-original-height=\"136\" > <div class=\"tiled-gallery-item tiled-gallery-item-small\" itemprop=\"associatedMedia\" itemscope itemtype=\"http:\/\/schema.org\/ImageObject\"> <a href=\"https:\/\/www.fannywalz.com\/fw\/portfolio\/edition-livre-les-ages-de-la-vie-humaine\/les-ages-de-la-vie-humaine-sialelli-baobab-fanny-walz-7\/\" border=\"0\" itemprop=\"url\"> <meta itemprop=\"width\" content=\"236\"> <meta itemprop=\"height\" content=\"132\"> <img decoding=\"async\" class=\"\" data-attachment-id=\"1451\" data-orig-file=\"https:\/\/www.fannywalz.com\/fw\/wp-content\/uploads\/2016\/08\/les-ages-de-la-vie-humaine-sialelli-baobab-fanny-walz-7.jpg\" data-orig-size=\"700,393\" data-comments-opened=\"\" data-image-meta=\"{&quot;aperture&quot;:&quot;5&quot;,&quot;credit&quot;:&quot;&quot;,&quot;camera&quot;:&quot;NEX-7&quot;,&quot;caption&quot;:&quot;&quot;,&quot;created_timestamp&quot;:&quot;1443269886&quot;,&quot;copyright&quot;:&quot;&quot;,&quot;focal_length&quot;:&quot;39&quot;,&quot;iso&quot;:&quot;100&quot;,&quot;shutter_speed&quot;:&quot;0.0166666666667&quot;,&quot;title&quot;:&quot;&quot;,&quot;orientation&quot;:&quot;1&quot;}\" data-image-title=\"les-ages-de-la-vie-humaine-sialelli-baobab-fanny-walz 7\" data-image-description=\"\" data-medium-file=\"https:\/\/i0.wp.com\/www.fannywalz.com\/fw\/wp-content\/uploads\/2016\/08\/les-ages-de-la-vie-humaine-sialelli-baobab-fanny-walz-7.jpg?fit=500%2C281&#038;ssl=1\" data-large-file=\"https:\/\/i0.wp.com\/www.fannywalz.com\/fw\/wp-content\/uploads\/2016\/08\/les-ages-de-la-vie-humaine-sialelli-baobab-fanny-walz-7.jpg?fit=480%2C269&#038;ssl=1\" src=\"https:\/\/i0.wp.com\/www.fannywalz.com\/fw\/wp-content\/uploads\/2016\/08\/les-ages-de-la-vie-humaine-sialelli-baobab-fanny-walz-7.jpg?w=236&#038;h=132&#038;ssl=1\" srcset=\"https:\/\/i0.wp.com\/www.fannywalz.com\/fw\/wp-content\/uploads\/2016\/08\/les-ages-de-la-vie-humaine-sialelli-baobab-fanny-walz-7.jpg?w=700&amp;ssl=1 700w, https:\/\/i0.wp.com\/www.fannywalz.com\/fw\/wp-content\/uploads\/2016\/08\/les-ages-de-la-vie-humaine-sialelli-baobab-fanny-walz-7.jpg?resize=250%2C140&amp;ssl=1 250w, https:\/\/i0.wp.com\/www.fannywalz.com\/fw\/wp-content\/uploads\/2016\/08\/les-ages-de-la-vie-humaine-sialelli-baobab-fanny-walz-7.jpg?resize=500%2C281&amp;ssl=1 500w\" width=\"236\" height=\"132\" loading=\"lazy\" data-original-width=\"236\" data-original-height=\"132\" itemprop=\"http:\/\/schema.org\/image\" title=\"les-ages-de-la-vie-humaine-sialelli-baobab-fanny-walz 7\" alt=\"Les \u00e2ges de la vie humaine - pages int\u00e9rieures\" style=\"width: 236px; height: 132px;\" \/> <\/a> <\/div> <\/div> <!-- close group --> <\/div> <!-- close row --> <div class=\"gallery-row\" style=\"width: 480px; height: 136px;\" data-original-width=\"480\" data-original-height=\"136\" > <div class=\"gallery-group images-1\" style=\"width: 240px; height: 136px;\" data-original-width=\"240\" data-original-height=\"136\" > <div class=\"tiled-gallery-item tiled-gallery-item-small\" itemprop=\"associatedMedia\" itemscope itemtype=\"http:\/\/schema.org\/ImageObject\"> <a href=\"https:\/\/www.fannywalz.com\/fw\/portfolio\/edition-livre-les-ages-de-la-vie-humaine\/les-ages-de-la-vie-humaine-sialelli-baobab-fanny-walz-8\/\" border=\"0\" itemprop=\"url\"> <meta itemprop=\"width\" content=\"236\"> <meta itemprop=\"height\" content=\"132\"> <img decoding=\"async\" class=\"\" data-attachment-id=\"1452\" data-orig-file=\"https:\/\/www.fannywalz.com\/fw\/wp-content\/uploads\/2016\/08\/les-ages-de-la-vie-humaine-sialelli-baobab-fanny-walz-8.jpg\" data-orig-size=\"700,393\" data-comments-opened=\"\" data-image-meta=\"{&quot;aperture&quot;:&quot;6.3&quot;,&quot;credit&quot;:&quot;&quot;,&quot;camera&quot;:&quot;NEX-7&quot;,&quot;caption&quot;:&quot;&quot;,&quot;created_timestamp&quot;:&quot;1443269918&quot;,&quot;copyright&quot;:&quot;&quot;,&quot;focal_length&quot;:&quot;39&quot;,&quot;iso&quot;:&quot;100&quot;,&quot;shutter_speed&quot;:&quot;0.008&quot;,&quot;title&quot;:&quot;&quot;,&quot;orientation&quot;:&quot;1&quot;}\" data-image-title=\"les-ages-de-la-vie-humaine-sialelli-baobab-fanny-walz 8\" data-image-description=\"\" data-medium-file=\"https:\/\/i0.wp.com\/www.fannywalz.com\/fw\/wp-content\/uploads\/2016\/08\/les-ages-de-la-vie-humaine-sialelli-baobab-fanny-walz-8.jpg?fit=500%2C281&#038;ssl=1\" data-large-file=\"https:\/\/i0.wp.com\/www.fannywalz.com\/fw\/wp-content\/uploads\/2016\/08\/les-ages-de-la-vie-humaine-sialelli-baobab-fanny-walz-8.jpg?fit=480%2C269&#038;ssl=1\" src=\"https:\/\/i0.wp.com\/www.fannywalz.com\/fw\/wp-content\/uploads\/2016\/08\/les-ages-de-la-vie-humaine-sialelli-baobab-fanny-walz-8.jpg?w=236&#038;h=132&#038;ssl=1\" srcset=\"https:\/\/i0.wp.com\/www.fannywalz.com\/fw\/wp-content\/uploads\/2016\/08\/les-ages-de-la-vie-humaine-sialelli-baobab-fanny-walz-8.jpg?w=700&amp;ssl=1 700w, https:\/\/i0.wp.com\/www.fannywalz.com\/fw\/wp-content\/uploads\/2016\/08\/les-ages-de-la-vie-humaine-sialelli-baobab-fanny-walz-8.jpg?resize=250%2C140&amp;ssl=1 250w, https:\/\/i0.wp.com\/www.fannywalz.com\/fw\/wp-content\/uploads\/2016\/08\/les-ages-de-la-vie-humaine-sialelli-baobab-fanny-walz-8.jpg?resize=500%2C281&amp;ssl=1 500w\" width=\"236\" height=\"132\" loading=\"lazy\" data-original-width=\"236\" data-original-height=\"132\" itemprop=\"http:\/\/schema.org\/image\" title=\"les-ages-de-la-vie-humaine-sialelli-baobab-fanny-walz 8\" alt=\"Les \u00e2ges de la vie humaine - pages int\u00e9rieures\" style=\"width: 236px; height: 132px;\" \/> <\/a> <\/div> <\/div> <!-- close group --> <div class=\"gallery-group images-1\" style=\"width: 240px; height: 136px;\" data-original-width=\"240\" data-original-height=\"136\" > <div class=\"tiled-gallery-item tiled-gallery-item-small\" itemprop=\"associatedMedia\" itemscope itemtype=\"http:\/\/schema.org\/ImageObject\"> <a href=\"https:\/\/www.fannywalz.com\/fw\/portfolio\/edition-livre-les-ages-de-la-vie-humaine\/les-ages-de-la-vie-humaine-sialelli-baobab-fanny-walz-9\/\" border=\"0\" itemprop=\"url\"> <meta itemprop=\"width\" content=\"236\"> <meta itemprop=\"height\" content=\"132\"> <img decoding=\"async\" class=\"\" data-attachment-id=\"1453\" data-orig-file=\"https:\/\/www.fannywalz.com\/fw\/wp-content\/uploads\/2016\/08\/les-ages-de-la-vie-humaine-sialelli-baobab-fanny-walz-9.jpg\" data-orig-size=\"700,393\" data-comments-opened=\"\" data-image-meta=\"{&quot;aperture&quot;:&quot;5.6&quot;,&quot;credit&quot;:&quot;&quot;,&quot;camera&quot;:&quot;NEX-7&quot;,&quot;caption&quot;:&quot;&quot;,&quot;created_timestamp&quot;:&quot;1443269944&quot;,&quot;copyright&quot;:&quot;&quot;,&quot;focal_length&quot;:&quot;39&quot;,&quot;iso&quot;:&quot;100&quot;,&quot;shutter_speed&quot;:&quot;0.0125&quot;,&quot;title&quot;:&quot;&quot;,&quot;orientation&quot;:&quot;1&quot;}\" data-image-title=\"les-ages-de-la-vie-humaine-sialelli-baobab-fanny-walz 9\" data-image-description=\"\" data-medium-file=\"https:\/\/i0.wp.com\/www.fannywalz.com\/fw\/wp-content\/uploads\/2016\/08\/les-ages-de-la-vie-humaine-sialelli-baobab-fanny-walz-9.jpg?fit=500%2C281&#038;ssl=1\" data-large-file=\"https:\/\/i0.wp.com\/www.fannywalz.com\/fw\/wp-content\/uploads\/2016\/08\/les-ages-de-la-vie-humaine-sialelli-baobab-fanny-walz-9.jpg?fit=480%2C269&#038;ssl=1\" src=\"https:\/\/i0.wp.com\/www.fannywalz.com\/fw\/wp-content\/uploads\/2016\/08\/les-ages-de-la-vie-humaine-sialelli-baobab-fanny-walz-9.jpg?w=236&#038;h=132&#038;ssl=1\" srcset=\"https:\/\/i0.wp.com\/www.fannywalz.com\/fw\/wp-content\/uploads\/2016\/08\/les-ages-de-la-vie-humaine-sialelli-baobab-fanny-walz-9.jpg?w=700&amp;ssl=1 700w, https:\/\/i0.wp.com\/www.fannywalz.com\/fw\/wp-content\/uploads\/2016\/08\/les-ages-de-la-vie-humaine-sialelli-baobab-fanny-walz-9.jpg?resize=250%2C140&amp;ssl=1 250w, https:\/\/i0.wp.com\/www.fannywalz.com\/fw\/wp-content\/uploads\/2016\/08\/les-ages-de-la-vie-humaine-sialelli-baobab-fanny-walz-9.jpg?resize=500%2C281&amp;ssl=1 500w\" width=\"236\" height=\"132\" loading=\"lazy\" data-original-width=\"236\" data-original-height=\"132\" itemprop=\"http:\/\/schema.org\/image\" title=\"les-ages-de-la-vie-humaine-sialelli-baobab-fanny-walz 9\" alt=\"Les \u00e2ges de la vie humaine - pages int\u00e9rieures - Recevoir\" style=\"width: 236px; height: 132px;\" \/> <\/a> <\/div> <\/div> <!-- close group --> <\/div> <!-- close row --> <div class=\"gallery-row\" style=\"width: 480px; height: 136px;\" data-original-width=\"480\" data-original-height=\"136\" > <div class=\"gallery-group images-1\" style=\"width: 240px; height: 136px;\" data-original-width=\"240\" data-original-height=\"136\" > <div class=\"tiled-gallery-item tiled-gallery-item-small\" itemprop=\"associatedMedia\" itemscope itemtype=\"http:\/\/schema.org\/ImageObject\"> <a href=\"https:\/\/www.fannywalz.com\/fw\/portfolio\/edition-livre-les-ages-de-la-vie-humaine\/les-ages-de-la-vie-humaine-sialelli-baobab-fanny-walz-10\/\" border=\"0\" itemprop=\"url\"> <meta itemprop=\"width\" content=\"236\"> <meta itemprop=\"height\" content=\"132\"> <img decoding=\"async\" class=\"\" data-attachment-id=\"1454\" data-orig-file=\"https:\/\/www.fannywalz.com\/fw\/wp-content\/uploads\/2016\/08\/les-ages-de-la-vie-humaine-sialelli-baobab-fanny-walz-10.jpg\" data-orig-size=\"700,393\" data-comments-opened=\"\" data-image-meta=\"{&quot;aperture&quot;:&quot;5.6&quot;,&quot;credit&quot;:&quot;&quot;,&quot;camera&quot;:&quot;NEX-7&quot;,&quot;caption&quot;:&quot;&quot;,&quot;created_timestamp&quot;:&quot;1443269987&quot;,&quot;copyright&quot;:&quot;&quot;,&quot;focal_length&quot;:&quot;39&quot;,&quot;iso&quot;:&quot;100&quot;,&quot;shutter_speed&quot;:&quot;0.01&quot;,&quot;title&quot;:&quot;&quot;,&quot;orientation&quot;:&quot;1&quot;}\" data-image-title=\"les-ages-de-la-vie-humaine-sialelli-baobab-fanny-walz 10\" data-image-description=\"\" data-medium-file=\"https:\/\/i0.wp.com\/www.fannywalz.com\/fw\/wp-content\/uploads\/2016\/08\/les-ages-de-la-vie-humaine-sialelli-baobab-fanny-walz-10.jpg?fit=500%2C281&#038;ssl=1\" data-large-file=\"https:\/\/i0.wp.com\/www.fannywalz.com\/fw\/wp-content\/uploads\/2016\/08\/les-ages-de-la-vie-humaine-sialelli-baobab-fanny-walz-10.jpg?fit=480%2C269&#038;ssl=1\" src=\"https:\/\/i0.wp.com\/www.fannywalz.com\/fw\/wp-content\/uploads\/2016\/08\/les-ages-de-la-vie-humaine-sialelli-baobab-fanny-walz-10.jpg?w=236&#038;h=132&#038;ssl=1\" srcset=\"https:\/\/i0.wp.com\/www.fannywalz.com\/fw\/wp-content\/uploads\/2016\/08\/les-ages-de-la-vie-humaine-sialelli-baobab-fanny-walz-10.jpg?w=700&amp;ssl=1 700w, https:\/\/i0.wp.com\/www.fannywalz.com\/fw\/wp-content\/uploads\/2016\/08\/les-ages-de-la-vie-humaine-sialelli-baobab-fanny-walz-10.jpg?resize=250%2C140&amp;ssl=1 250w, https:\/\/i0.wp.com\/www.fannywalz.com\/fw\/wp-content\/uploads\/2016\/08\/les-ages-de-la-vie-humaine-sialelli-baobab-fanny-walz-10.jpg?resize=500%2C281&amp;ssl=1 500w\" width=\"236\" height=\"132\" loading=\"lazy\" data-original-width=\"236\" data-original-height=\"132\" itemprop=\"http:\/\/schema.org\/image\" title=\"les-ages-de-la-vie-humaine-sialelli-baobab-fanny-walz 10\" alt=\"Les \u00e2ges de la vie humaine - pages int\u00e9rieures\" style=\"width: 236px; height: 132px;\" \/> <\/a> <\/div> <\/div> <!-- close group --> <div class=\"gallery-group images-1\" style=\"width: 240px; height: 136px;\" data-original-width=\"240\" data-original-height=\"136\" > <div class=\"tiled-gallery-item tiled-gallery-item-small\" itemprop=\"associatedMedia\" itemscope itemtype=\"http:\/\/schema.org\/ImageObject\"> <a href=\"https:\/\/www.fannywalz.com\/fw\/portfolio\/edition-livre-les-ages-de-la-vie-humaine\/les-ages-de-la-vie-humaine-sialelli-baobab-fanny-walz-11\/\" border=\"0\" itemprop=\"url\"> <meta itemprop=\"width\" content=\"236\"> <meta itemprop=\"height\" content=\"132\"> <img decoding=\"async\" class=\"\" data-attachment-id=\"1455\" data-orig-file=\"https:\/\/www.fannywalz.com\/fw\/wp-content\/uploads\/2016\/08\/les-ages-de-la-vie-humaine-sialelli-baobab-fanny-walz-11.jpg\" data-orig-size=\"700,393\" data-comments-opened=\"\" data-image-meta=\"{&quot;aperture&quot;:&quot;4.5&quot;,&quot;credit&quot;:&quot;&quot;,&quot;camera&quot;:&quot;NEX-7&quot;,&quot;caption&quot;:&quot;&quot;,&quot;created_timestamp&quot;:&quot;1443270024&quot;,&quot;copyright&quot;:&quot;&quot;,&quot;focal_length&quot;:&quot;39&quot;,&quot;iso&quot;:&quot;100&quot;,&quot;shutter_speed&quot;:&quot;0.0166666666667&quot;,&quot;title&quot;:&quot;&quot;,&quot;orientation&quot;:&quot;1&quot;}\" data-image-title=\"les-ages-de-la-vie-humaine-sialelli-baobab-fanny-walz 11\" data-image-description=\"\" data-medium-file=\"https:\/\/i0.wp.com\/www.fannywalz.com\/fw\/wp-content\/uploads\/2016\/08\/les-ages-de-la-vie-humaine-sialelli-baobab-fanny-walz-11.jpg?fit=500%2C281&#038;ssl=1\" data-large-file=\"https:\/\/i0.wp.com\/www.fannywalz.com\/fw\/wp-content\/uploads\/2016\/08\/les-ages-de-la-vie-humaine-sialelli-baobab-fanny-walz-11.jpg?fit=480%2C269&#038;ssl=1\" src=\"https:\/\/i0.wp.com\/www.fannywalz.com\/fw\/wp-content\/uploads\/2016\/08\/les-ages-de-la-vie-humaine-sialelli-baobab-fanny-walz-11.jpg?w=236&#038;h=132&#038;ssl=1\" srcset=\"https:\/\/i0.wp.com\/www.fannywalz.com\/fw\/wp-content\/uploads\/2016\/08\/les-ages-de-la-vie-humaine-sialelli-baobab-fanny-walz-11.jpg?w=700&amp;ssl=1 700w, https:\/\/i0.wp.com\/www.fannywalz.com\/fw\/wp-content\/uploads\/2016\/08\/les-ages-de-la-vie-humaine-sialelli-baobab-fanny-walz-11.jpg?resize=250%2C140&amp;ssl=1 250w, https:\/\/i0.wp.com\/www.fannywalz.com\/fw\/wp-content\/uploads\/2016\/08\/les-ages-de-la-vie-humaine-sialelli-baobab-fanny-walz-11.jpg?resize=500%2C281&amp;ssl=1 500w\" width=\"236\" height=\"132\" loading=\"lazy\" data-original-width=\"236\" data-original-height=\"132\" itemprop=\"http:\/\/schema.org\/image\" title=\"les-ages-de-la-vie-humaine-sialelli-baobab-fanny-walz 11\" alt=\"Les \u00e2ges de la vie humaine - pages int\u00e9rieures\" style=\"width: 236px; height: 132px;\" \/> <\/a> <\/div> <\/div> <!-- close group --> <\/div> <!-- close row --> <div class=\"gallery-row\" style=\"width: 480px; height: 136px;\" data-original-width=\"480\" data-original-height=\"136\" > <div class=\"gallery-group images-1\" style=\"width: 240px; height: 136px;\" data-original-width=\"240\" data-original-height=\"136\" > <div class=\"tiled-gallery-item tiled-gallery-item-small\" itemprop=\"associatedMedia\" itemscope itemtype=\"http:\/\/schema.org\/ImageObject\"> <a href=\"https:\/\/www.fannywalz.com\/fw\/portfolio\/edition-livre-les-ages-de-la-vie-humaine\/les-ages-de-la-vie-humaine-sialelli-baobab-fanny-walz-12\/\" border=\"0\" itemprop=\"url\"> <meta itemprop=\"width\" content=\"236\"> <meta itemprop=\"height\" content=\"132\"> <img decoding=\"async\" class=\"\" data-attachment-id=\"1456\" data-orig-file=\"https:\/\/www.fannywalz.com\/fw\/wp-content\/uploads\/2016\/08\/les-ages-de-la-vie-humaine-sialelli-baobab-fanny-walz-12.jpg\" data-orig-size=\"700,393\" data-comments-opened=\"\" data-image-meta=\"{&quot;aperture&quot;:&quot;6.3&quot;,&quot;credit&quot;:&quot;&quot;,&quot;camera&quot;:&quot;NEX-7&quot;,&quot;caption&quot;:&quot;&quot;,&quot;created_timestamp&quot;:&quot;1443270056&quot;,&quot;copyright&quot;:&quot;&quot;,&quot;focal_length&quot;:&quot;39&quot;,&quot;iso&quot;:&quot;100&quot;,&quot;shutter_speed&quot;:&quot;0.0125&quot;,&quot;title&quot;:&quot;&quot;,&quot;orientation&quot;:&quot;1&quot;}\" data-image-title=\"les-ages-de-la-vie-humaine-sialelli-baobab-fanny-walz 12\" data-image-description=\"\" data-medium-file=\"https:\/\/i0.wp.com\/www.fannywalz.com\/fw\/wp-content\/uploads\/2016\/08\/les-ages-de-la-vie-humaine-sialelli-baobab-fanny-walz-12.jpg?fit=500%2C281&#038;ssl=1\" data-large-file=\"https:\/\/i0.wp.com\/www.fannywalz.com\/fw\/wp-content\/uploads\/2016\/08\/les-ages-de-la-vie-humaine-sialelli-baobab-fanny-walz-12.jpg?fit=480%2C269&#038;ssl=1\" src=\"https:\/\/i0.wp.com\/www.fannywalz.com\/fw\/wp-content\/uploads\/2016\/08\/les-ages-de-la-vie-humaine-sialelli-baobab-fanny-walz-12.jpg?w=236&#038;h=132&#038;ssl=1\" srcset=\"https:\/\/i0.wp.com\/www.fannywalz.com\/fw\/wp-content\/uploads\/2016\/08\/les-ages-de-la-vie-humaine-sialelli-baobab-fanny-walz-12.jpg?w=700&amp;ssl=1 700w, https:\/\/i0.wp.com\/www.fannywalz.com\/fw\/wp-content\/uploads\/2016\/08\/les-ages-de-la-vie-humaine-sialelli-baobab-fanny-walz-12.jpg?resize=250%2C140&amp;ssl=1 250w, https:\/\/i0.wp.com\/www.fannywalz.com\/fw\/wp-content\/uploads\/2016\/08\/les-ages-de-la-vie-humaine-sialelli-baobab-fanny-walz-12.jpg?resize=500%2C281&amp;ssl=1 500w\" width=\"236\" height=\"132\" loading=\"lazy\" data-original-width=\"236\" data-original-height=\"132\" itemprop=\"http:\/\/schema.org\/image\" title=\"les-ages-de-la-vie-humaine-sialelli-baobab-fanny-walz 12\" alt=\"Les \u00e2ges de la vie humaine - pages int\u00e9rieures - devenir soi\" style=\"width: 236px; height: 132px;\" \/> <\/a> <\/div> <\/div> <!-- close group --> <div class=\"gallery-group images-1\" style=\"width: 240px; height: 136px;\" data-original-width=\"240\" data-original-height=\"136\" > <div class=\"tiled-gallery-item tiled-gallery-item-small\" itemprop=\"associatedMedia\" itemscope itemtype=\"http:\/\/schema.org\/ImageObject\"> <a href=\"https:\/\/www.fannywalz.com\/fw\/portfolio\/edition-livre-les-ages-de-la-vie-humaine\/les-ages-de-la-vie-humaine-sialelli-baobab-fanny-walz-13\/\" border=\"0\" itemprop=\"url\"> <meta itemprop=\"width\" content=\"236\"> <meta itemprop=\"height\" content=\"132\"> <img decoding=\"async\" class=\"\" data-attachment-id=\"1457\" data-orig-file=\"https:\/\/www.fannywalz.com\/fw\/wp-content\/uploads\/2016\/08\/les-ages-de-la-vie-humaine-sialelli-baobab-fanny-walz-13.jpg\" data-orig-size=\"700,393\" data-comments-opened=\"\" data-image-meta=\"{&quot;aperture&quot;:&quot;6.3&quot;,&quot;credit&quot;:&quot;&quot;,&quot;camera&quot;:&quot;NEX-7&quot;,&quot;caption&quot;:&quot;&quot;,&quot;created_timestamp&quot;:&quot;1443270110&quot;,&quot;copyright&quot;:&quot;&quot;,&quot;focal_length&quot;:&quot;39&quot;,&quot;iso&quot;:&quot;100&quot;,&quot;shutter_speed&quot;:&quot;0.01&quot;,&quot;title&quot;:&quot;&quot;,&quot;orientation&quot;:&quot;1&quot;}\" data-image-title=\"les-ages-de-la-vie-humaine-sialelli-baobab-fanny-walz 13\" data-image-description=\"\" data-medium-file=\"https:\/\/i0.wp.com\/www.fannywalz.com\/fw\/wp-content\/uploads\/2016\/08\/les-ages-de-la-vie-humaine-sialelli-baobab-fanny-walz-13.jpg?fit=500%2C281&#038;ssl=1\" data-large-file=\"https:\/\/i0.wp.com\/www.fannywalz.com\/fw\/wp-content\/uploads\/2016\/08\/les-ages-de-la-vie-humaine-sialelli-baobab-fanny-walz-13.jpg?fit=480%2C269&#038;ssl=1\" src=\"https:\/\/i0.wp.com\/www.fannywalz.com\/fw\/wp-content\/uploads\/2016\/08\/les-ages-de-la-vie-humaine-sialelli-baobab-fanny-walz-13.jpg?w=236&#038;h=132&#038;ssl=1\" srcset=\"https:\/\/i0.wp.com\/www.fannywalz.com\/fw\/wp-content\/uploads\/2016\/08\/les-ages-de-la-vie-humaine-sialelli-baobab-fanny-walz-13.jpg?w=700&amp;ssl=1 700w, https:\/\/i0.wp.com\/www.fannywalz.com\/fw\/wp-content\/uploads\/2016\/08\/les-ages-de-la-vie-humaine-sialelli-baobab-fanny-walz-13.jpg?resize=250%2C140&amp;ssl=1 250w, https:\/\/i0.wp.com\/www.fannywalz.com\/fw\/wp-content\/uploads\/2016\/08\/les-ages-de-la-vie-humaine-sialelli-baobab-fanny-walz-13.jpg?resize=500%2C281&amp;ssl=1 500w\" width=\"236\" height=\"132\" loading=\"lazy\" data-original-width=\"236\" data-original-height=\"132\" itemprop=\"http:\/\/schema.org\/image\" title=\"les-ages-de-la-vie-humaine-sialelli-baobab-fanny-walz 13\" alt=\"Les \u00e2ges de la vie humaine - pages int\u00e9rieures\" style=\"width: 236px; height: 132px;\" \/> <\/a> <\/div> <\/div> <!-- close group --> <\/div> <!-- close row --> <div class=\"gallery-row\" style=\"width: 480px; height: 136px;\" data-original-width=\"480\" data-original-height=\"136\" > <div class=\"gallery-group images-1\" style=\"width: 240px; height: 136px;\" data-original-width=\"240\" data-original-height=\"136\" > <div class=\"tiled-gallery-item tiled-gallery-item-small\" itemprop=\"associatedMedia\" itemscope itemtype=\"http:\/\/schema.org\/ImageObject\"> <a href=\"https:\/\/www.fannywalz.com\/fw\/portfolio\/edition-livre-les-ages-de-la-vie-humaine\/les-ages-de-la-vie-humaine-sialelli-baobab-fanny-walz-14\/\" border=\"0\" itemprop=\"url\"> <meta itemprop=\"width\" content=\"236\"> <meta itemprop=\"height\" content=\"132\"> <img decoding=\"async\" class=\"\" data-attachment-id=\"1458\" data-orig-file=\"https:\/\/www.fannywalz.com\/fw\/wp-content\/uploads\/2016\/08\/les-ages-de-la-vie-humaine-sialelli-baobab-fanny-walz-14.jpg\" data-orig-size=\"700,393\" data-comments-opened=\"\" data-image-meta=\"{&quot;aperture&quot;:&quot;5.6&quot;,&quot;credit&quot;:&quot;&quot;,&quot;camera&quot;:&quot;NEX-7&quot;,&quot;caption&quot;:&quot;&quot;,&quot;created_timestamp&quot;:&quot;1443270126&quot;,&quot;copyright&quot;:&quot;&quot;,&quot;focal_length&quot;:&quot;45&quot;,&quot;iso&quot;:&quot;100&quot;,&quot;shutter_speed&quot;:&quot;0.01&quot;,&quot;title&quot;:&quot;&quot;,&quot;orientation&quot;:&quot;1&quot;}\" data-image-title=\"les-ages-de-la-vie-humaine-sialelli-baobab-fanny-walz 14\" data-image-description=\"\" data-medium-file=\"https:\/\/i0.wp.com\/www.fannywalz.com\/fw\/wp-content\/uploads\/2016\/08\/les-ages-de-la-vie-humaine-sialelli-baobab-fanny-walz-14.jpg?fit=500%2C281&#038;ssl=1\" data-large-file=\"https:\/\/i0.wp.com\/www.fannywalz.com\/fw\/wp-content\/uploads\/2016\/08\/les-ages-de-la-vie-humaine-sialelli-baobab-fanny-walz-14.jpg?fit=480%2C269&#038;ssl=1\" src=\"https:\/\/i0.wp.com\/www.fannywalz.com\/fw\/wp-content\/uploads\/2016\/08\/les-ages-de-la-vie-humaine-sialelli-baobab-fanny-walz-14.jpg?w=236&#038;h=132&#038;ssl=1\" srcset=\"https:\/\/i0.wp.com\/www.fannywalz.com\/fw\/wp-content\/uploads\/2016\/08\/les-ages-de-la-vie-humaine-sialelli-baobab-fanny-walz-14.jpg?w=700&amp;ssl=1 700w, https:\/\/i0.wp.com\/www.fannywalz.com\/fw\/wp-content\/uploads\/2016\/08\/les-ages-de-la-vie-humaine-sialelli-baobab-fanny-walz-14.jpg?resize=250%2C140&amp;ssl=1 250w, https:\/\/i0.wp.com\/www.fannywalz.com\/fw\/wp-content\/uploads\/2016\/08\/les-ages-de-la-vie-humaine-sialelli-baobab-fanny-walz-14.jpg?resize=500%2C281&amp;ssl=1 500w\" width=\"236\" height=\"132\" loading=\"lazy\" data-original-width=\"236\" data-original-height=\"132\" itemprop=\"http:\/\/schema.org\/image\" title=\"les-ages-de-la-vie-humaine-sialelli-baobab-fanny-walz 14\" alt=\"Les \u00e2ges de la vie humaine - pages int\u00e9rieures - J&#039;ai 37 ans\" style=\"width: 236px; height: 132px;\" \/> <\/a> <\/div> <\/div> <!-- close group --> <div class=\"gallery-group images-1\" style=\"width: 240px; height: 136px;\" data-original-width=\"240\" data-original-height=\"136\" > <div class=\"tiled-gallery-item tiled-gallery-item-small\" itemprop=\"associatedMedia\" itemscope itemtype=\"http:\/\/schema.org\/ImageObject\"> <a href=\"https:\/\/www.fannywalz.com\/fw\/portfolio\/edition-livre-les-ages-de-la-vie-humaine\/les-ages-de-la-vie-humaine-sialelli-baobab-fanny-walz-15\/\" border=\"0\" itemprop=\"url\"> <meta itemprop=\"width\" content=\"236\"> <meta itemprop=\"height\" content=\"132\"> <img decoding=\"async\" class=\"\" data-attachment-id=\"1459\" data-orig-file=\"https:\/\/www.fannywalz.com\/fw\/wp-content\/uploads\/2016\/08\/les-ages-de-la-vie-humaine-sialelli-baobab-fanny-walz-15.jpg\" data-orig-size=\"700,393\" data-comments-opened=\"\" data-image-meta=\"{&quot;aperture&quot;:&quot;5.6&quot;,&quot;credit&quot;:&quot;&quot;,&quot;camera&quot;:&quot;NEX-7&quot;,&quot;caption&quot;:&quot;&quot;,&quot;created_timestamp&quot;:&quot;1443270179&quot;,&quot;copyright&quot;:&quot;&quot;,&quot;focal_length&quot;:&quot;55&quot;,&quot;iso&quot;:&quot;100&quot;,&quot;shutter_speed&quot;:&quot;0.01&quot;,&quot;title&quot;:&quot;&quot;,&quot;orientation&quot;:&quot;1&quot;}\" data-image-title=\"les-ages-de-la-vie-humaine-sialelli-baobab-fanny-walz 15\" data-image-description=\"\" data-medium-file=\"https:\/\/i0.wp.com\/www.fannywalz.com\/fw\/wp-content\/uploads\/2016\/08\/les-ages-de-la-vie-humaine-sialelli-baobab-fanny-walz-15.jpg?fit=500%2C281&#038;ssl=1\" data-large-file=\"https:\/\/i0.wp.com\/www.fannywalz.com\/fw\/wp-content\/uploads\/2016\/08\/les-ages-de-la-vie-humaine-sialelli-baobab-fanny-walz-15.jpg?fit=480%2C269&#038;ssl=1\" src=\"https:\/\/i0.wp.com\/www.fannywalz.com\/fw\/wp-content\/uploads\/2016\/08\/les-ages-de-la-vie-humaine-sialelli-baobab-fanny-walz-15.jpg?w=236&#038;h=132&#038;ssl=1\" srcset=\"https:\/\/i0.wp.com\/www.fannywalz.com\/fw\/wp-content\/uploads\/2016\/08\/les-ages-de-la-vie-humaine-sialelli-baobab-fanny-walz-15.jpg?w=700&amp;ssl=1 700w, https:\/\/i0.wp.com\/www.fannywalz.com\/fw\/wp-content\/uploads\/2016\/08\/les-ages-de-la-vie-humaine-sialelli-baobab-fanny-walz-15.jpg?resize=250%2C140&amp;ssl=1 250w, https:\/\/i0.wp.com\/www.fannywalz.com\/fw\/wp-content\/uploads\/2016\/08\/les-ages-de-la-vie-humaine-sialelli-baobab-fanny-walz-15.jpg?resize=500%2C281&amp;ssl=1 500w\" width=\"236\" height=\"132\" loading=\"lazy\" data-original-width=\"236\" data-original-height=\"132\" itemprop=\"http:\/\/schema.org\/image\" title=\"les-ages-de-la-vie-humaine-sialelli-baobab-fanny-walz 15\" alt=\"Les \u00e2ges de la vie humaine - pages int\u00e9rieures - Donner\" style=\"width: 236px; height: 132px;\" \/> <\/a> <\/div> <\/div> <!-- close group --> <\/div> <!-- close row --> <\/div>\n","protected":false},"excerpt":{"rendered":"<p>Cr\u00e9ation et mise en page du livre <i>Les \u00e2ges de la vie humaine.<\/i><\/p>\n<p class=\"detail-projet\">336 pages <br \/>\nFormat 185\u2009x\u2009240\u2009mm<\/p>\n<p><a href=\"http:\/\/lesagesdelavie.fr\" target=\"_blank\">Voir le site <i>Les \u00e2ges de la vie humaine<\/i><\/a><\/p>\n","protected":false},"author":1,"featured_media":1444,"comment_status":"closed","ping_status":"open","template":"","meta":{"jetpack_post_was_ever_published":false,"footnotes":""},"portfolio-category":[24],"portfolio-tag":[],"yoast_head":"<!-- This site is optimized with the Yoast SEO plugin v24.4 - https:\/\/yoast.com\/wordpress\/plugins\/seo\/ -->\n<title>Les \u00e2ges de la vie humaine - Fanny Walz<\/title>\n<meta name=\"description\" content=\"Cr\u00e9ation de la charte graphique \u00e9ditoriale et mise en page du livre Les \u00e2ges de la vie humaine.\" \/>\n<meta name=\"robots\" content=\"index, follow, max-snippet:-1, max-image-preview:large, max-video-preview:-1\" \/>\n<link rel=\"canonical\" href=\"https:\/\/www.fannywalz.com\/fw\/portfolio\/edition-livre-les-ages-de-la-vie-humaine\/\" \/>\n<meta property=\"og:locale\" content=\"fr_FR\" \/>\n<meta property=\"og:type\" content=\"article\" \/>\n<meta property=\"og:title\" content=\"Les \u00e2ges de la vie humaine - Fanny Walz\" \/>\n<meta property=\"og:description\" content=\"Cr\u00e9ation de la charte graphique \u00e9ditoriale et mise en page du livre Les \u00e2ges de la vie humaine.\" \/>\n<meta property=\"og:url\" content=\"https:\/\/www.fannywalz.com\/fw\/portfolio\/edition-livre-les-ages-de-la-vie-humaine\/\" \/>\n<meta property=\"og:site_name\" content=\"Fanny Walz\" \/>\n<meta property=\"article:modified_time\" content=\"2016-09-01T19:20:49+00:00\" \/>\n<meta property=\"og:image\" content=\"https:\/\/i0.wp.com\/www.fannywalz.com\/fw\/wp-content\/uploads\/2016\/08\/age-vie_thumb.jpg?fit=315%2C315&ssl=1\" \/>\n\t<meta property=\"og:image:width\" content=\"315\" \/>\n\t<meta property=\"og:image:height\" content=\"315\" \/>\n\t<meta property=\"og:image:type\" content=\"image\/jpeg\" \/>\n<meta name=\"twitter:card\" content=\"summary_large_image\" \/>\n<script type=\"application\/ld+json\" class=\"yoast-schema-graph\">{\"@context\":\"https:\/\/schema.org\",\"@graph\":[{\"@type\":\"WebPage\",\"@id\":\"https:\/\/www.fannywalz.com\/fw\/portfolio\/edition-livre-les-ages-de-la-vie-humaine\/\",\"url\":\"https:\/\/www.fannywalz.com\/fw\/portfolio\/edition-livre-les-ages-de-la-vie-humaine\/\",\"name\":\"Les \u00e2ges de la vie humaine - Fanny Walz\",\"isPartOf\":{\"@id\":\"http:\/\/www.fannywalz.com\/fw\/#website\"},\"primaryImageOfPage\":{\"@id\":\"https:\/\/www.fannywalz.com\/fw\/portfolio\/edition-livre-les-ages-de-la-vie-humaine\/#primaryimage\"},\"image\":{\"@id\":\"https:\/\/www.fannywalz.com\/fw\/portfolio\/edition-livre-les-ages-de-la-vie-humaine\/#primaryimage\"},\"thumbnailUrl\":\"https:\/\/i0.wp.com\/www.fannywalz.com\/fw\/wp-content\/uploads\/2016\/08\/age-vie_thumb.jpg?fit=315%2C315&ssl=1\",\"datePublished\":\"2014-08-03T19:31:04+00:00\",\"dateModified\":\"2016-09-01T19:20:49+00:00\",\"description\":\"Cr\u00e9ation de la charte graphique \u00e9ditoriale et mise en page du livre Les \u00e2ges de la vie humaine.\",\"breadcrumb\":{\"@id\":\"https:\/\/www.fannywalz.com\/fw\/portfolio\/edition-livre-les-ages-de-la-vie-humaine\/#breadcrumb\"},\"inLanguage\":\"fr-FR\",\"potentialAction\":[{\"@type\":\"ReadAction\",\"target\":[\"https:\/\/www.fannywalz.com\/fw\/portfolio\/edition-livre-les-ages-de-la-vie-humaine\/\"]}]},{\"@type\":\"ImageObject\",\"inLanguage\":\"fr-FR\",\"@id\":\"https:\/\/www.fannywalz.com\/fw\/portfolio\/edition-livre-les-ages-de-la-vie-humaine\/#primaryimage\",\"url\":\"https:\/\/i0.wp.com\/www.fannywalz.com\/fw\/wp-content\/uploads\/2016\/08\/age-vie_thumb.jpg?fit=315%2C315&ssl=1\",\"contentUrl\":\"https:\/\/i0.wp.com\/www.fannywalz.com\/fw\/wp-content\/uploads\/2016\/08\/age-vie_thumb.jpg?fit=315%2C315&ssl=1\",\"width\":315,\"height\":315,\"caption\":\"Les \u00e2ges de la vie humaine\"},{\"@type\":\"BreadcrumbList\",\"@id\":\"https:\/\/www.fannywalz.com\/fw\/portfolio\/edition-livre-les-ages-de-la-vie-humaine\/#breadcrumb\",\"itemListElement\":[{\"@type\":\"ListItem\",\"position\":1,\"name\":\"Accueil\",\"item\":\"http:\/\/www.fannywalz.com\/fw\/\"},{\"@type\":\"ListItem\",\"position\":2,\"name\":\"Projects\",\"item\":\"http:\/\/www.fannywalz.com\/fw\/portfolio\/\"},{\"@type\":\"ListItem\",\"position\":3,\"name\":\"Les \u00e2ges de la vie humaine\"}]},{\"@type\":\"WebSite\",\"@id\":\"http:\/\/www.fannywalz.com\/fw\/#website\",\"url\":\"http:\/\/www.fannywalz.com\/fw\/\",\"name\":\"Fanny Walz\",\"description\":\"Graphisme et cr\u00e9ations artisanales\",\"potentialAction\":[{\"@type\":\"SearchAction\",\"target\":{\"@type\":\"EntryPoint\",\"urlTemplate\":\"http:\/\/www.fannywalz.com\/fw\/?s={search_term_string}\"},\"query-input\":{\"@type\":\"PropertyValueSpecification\",\"valueRequired\":true,\"valueName\":\"search_term_string\"}}],\"inLanguage\":\"fr-FR\"}]}<\/script>\n<!-- \/ Yoast SEO plugin. -->","yoast_head_json":{"title":"Les \u00e2ges de la vie humaine - Fanny Walz","description":"Cr\u00e9ation de la charte graphique \u00e9ditoriale et mise en page du livre Les \u00e2ges de la vie humaine.","robots":{"index":"index","follow":"follow","max-snippet":"max-snippet:-1","max-image-preview":"max-image-preview:large","max-video-preview":"max-video-preview:-1"},"canonical":"https:\/\/www.fannywalz.com\/fw\/portfolio\/edition-livre-les-ages-de-la-vie-humaine\/","og_locale":"fr_FR","og_type":"article","og_title":"Les \u00e2ges de la vie humaine - Fanny Walz","og_description":"Cr\u00e9ation de la charte graphique \u00e9ditoriale et mise en page du livre Les \u00e2ges de la vie humaine.","og_url":"https:\/\/www.fannywalz.com\/fw\/portfolio\/edition-livre-les-ages-de-la-vie-humaine\/","og_site_name":"Fanny Walz","article_modified_time":"2016-09-01T19:20:49+00:00","og_image":[{"width":315,"height":315,"url":"https:\/\/i0.wp.com\/www.fannywalz.com\/fw\/wp-content\/uploads\/2016\/08\/age-vie_thumb.jpg?fit=315%2C315&ssl=1","type":"image\/jpeg"}],"twitter_card":"summary_large_image","schema":{"@context":"https:\/\/schema.org","@graph":[{"@type":"WebPage","@id":"https:\/\/www.fannywalz.com\/fw\/portfolio\/edition-livre-les-ages-de-la-vie-humaine\/","url":"https:\/\/www.fannywalz.com\/fw\/portfolio\/edition-livre-les-ages-de-la-vie-humaine\/","name":"Les \u00e2ges de la vie humaine - Fanny Walz","isPartOf":{"@id":"http:\/\/www.fannywalz.com\/fw\/#website"},"primaryImageOfPage":{"@id":"https:\/\/www.fannywalz.com\/fw\/portfolio\/edition-livre-les-ages-de-la-vie-humaine\/#primaryimage"},"image":{"@id":"https:\/\/www.fannywalz.com\/fw\/portfolio\/edition-livre-les-ages-de-la-vie-humaine\/#primaryimage"},"thumbnailUrl":"https:\/\/i0.wp.com\/www.fannywalz.com\/fw\/wp-content\/uploads\/2016\/08\/age-vie_thumb.jpg?fit=315%2C315&ssl=1","datePublished":"2014-08-03T19:31:04+00:00","dateModified":"2016-09-01T19:20:49+00:00","description":"Cr\u00e9ation de la charte graphique \u00e9ditoriale et mise en page du livre Les \u00e2ges de la vie humaine.","breadcrumb":{"@id":"https:\/\/www.fannywalz.com\/fw\/portfolio\/edition-livre-les-ages-de-la-vie-humaine\/#breadcrumb"},"inLanguage":"fr-FR","potentialAction":[{"@type":"ReadAction","target":["https:\/\/www.fannywalz.com\/fw\/portfolio\/edition-livre-les-ages-de-la-vie-humaine\/"]}]},{"@type":"ImageObject","inLanguage":"fr-FR","@id":"https:\/\/www.fannywalz.com\/fw\/portfolio\/edition-livre-les-ages-de-la-vie-humaine\/#primaryimage","url":"https:\/\/i0.wp.com\/www.fannywalz.com\/fw\/wp-content\/uploads\/2016\/08\/age-vie_thumb.jpg?fit=315%2C315&ssl=1","contentUrl":"https:\/\/i0.wp.com\/www.fannywalz.com\/fw\/wp-content\/uploads\/2016\/08\/age-vie_thumb.jpg?fit=315%2C315&ssl=1","width":315,"height":315,"caption":"Les \u00e2ges de la vie humaine"},{"@type":"BreadcrumbList","@id":"https:\/\/www.fannywalz.com\/fw\/portfolio\/edition-livre-les-ages-de-la-vie-humaine\/#breadcrumb","itemListElement":[{"@type":"ListItem","position":1,"name":"Accueil","item":"http:\/\/www.fannywalz.com\/fw\/"},{"@type":"ListItem","position":2,"name":"Projects","item":"http:\/\/www.fannywalz.com\/fw\/portfolio\/"},{"@type":"ListItem","position":3,"name":"Les \u00e2ges de la vie humaine"}]},{"@type":"WebSite","@id":"http:\/\/www.fannywalz.com\/fw\/#website","url":"http:\/\/www.fannywalz.com\/fw\/","name":"Fanny Walz","description":"Graphisme et cr\u00e9ations artisanales","potentialAction":[{"@type":"SearchAction","target":{"@type":"EntryPoint","urlTemplate":"http:\/\/www.fannywalz.com\/fw\/?s={search_term_string}"},"query-input":{"@type":"PropertyValueSpecification","valueRequired":true,"valueName":"search_term_string"}}],"inLanguage":"fr-FR"}]}},"jetpack_sharing_enabled":true,"_links":{"self":[{"href":"https:\/\/www.fannywalz.com\/fw\/wp-json\/wp\/v2\/portfolio\/1443"}],"collection":[{"href":"https:\/\/www.fannywalz.com\/fw\/wp-json\/wp\/v2\/portfolio"}],"about":[{"href":"https:\/\/www.fannywalz.com\/fw\/wp-json\/wp\/v2\/types\/portfolio"}],"author":[{"embeddable":true,"href":"https:\/\/www.fannywalz.com\/fw\/wp-json\/wp\/v2\/users\/1"}],"replies":[{"embeddable":true,"href":"https:\/\/www.fannywalz.com\/fw\/wp-json\/wp\/v2\/comments?post=1443"}],"version-history":[{"count":29,"href":"https:\/\/www.fannywalz.com\/fw\/wp-json\/wp\/v2\/portfolio\/1443\/revisions"}],"predecessor-version":[{"id":2651,"href":"https:\/\/www.fannywalz.com\/fw\/wp-json\/wp\/v2\/portfolio\/1443\/revisions\/2651"}],"wp:featuredmedia":[{"embeddable":true,"href":"https:\/\/www.fannywalz.com\/fw\/wp-json\/wp\/v2\/media\/1444"}],"wp:attachment":[{"href":"https:\/\/www.fannywalz.com\/fw\/wp-json\/wp\/v2\/media?parent=1443"}],"wp:term":[{"taxonomy":"portfolio-category","embeddable":true,"href":"https:\/\/www.fannywalz.com\/fw\/wp-json\/wp\/v2\/portfolio-category?post=1443"},{"taxonomy":"portfolio-tag","embeddable":true,"href":"https:\/\/www.fannywalz.com\/fw\/wp-json\/wp\/v2\/portfolio-tag?post=1443"}],"curies":[{"name":"wp","href":"https:\/\/api.w.org\/{rel}","templated":true}]}}