{"id":1422,"date":"2014-08-03T21:28:20","date_gmt":"2014-08-03T19:28:20","guid":{"rendered":"http:\/\/www.fannywalz.com\/fw\/?post_type=portfolio&#038;p=1422"},"modified":"2018-06-05T11:41:38","modified_gmt":"2018-06-05T09:41:38","slug":"edition-livre-atlas-repartition-mammiferes-alsace","status":"publish","type":"portfolio","link":"https:\/\/www.fannywalz.com\/fw\/portfolio\/edition-livre-atlas-repartition-mammiferes-alsace\/","title":{"rendered":"Atlas de r\u00e9partition des Mammif\u00e8res d\u2019Alsace"},"content":{"rendered":"<div class=\"tiled-gallery type-rectangular tiled-gallery-unresized\" data-original-width=\"480\" data-carousel-extra='{&quot;blog_id&quot;:1,&quot;permalink&quot;:&quot;https:\\\/\\\/www.fannywalz.com\\\/fw\\\/portfolio\\\/edition-livre-atlas-repartition-mammiferes-alsace\\\/&quot;,&quot;likes_blog_id&quot;:112652587}' itemscope itemtype=\"http:\/\/schema.org\/ImageGallery\" > <div class=\"gallery-row\" style=\"width: 480px; height: 329px;\" data-original-width=\"480\" data-original-height=\"329\" > <div class=\"gallery-group images-2\" style=\"width: 290px; height: 329px;\" data-original-width=\"290\" data-original-height=\"329\" > <div class=\"tiled-gallery-item tiled-gallery-item-large\" itemprop=\"associatedMedia\" itemscope itemtype=\"http:\/\/schema.org\/ImageObject\"> <a href=\"https:\/\/www.fannywalz.com\/fw\/portfolio\/edition-livre-atlas-repartition-mammiferes-alsace\/mammiferes-alsace-fanny-walz-baobab-gepma-001\/\" border=\"0\" itemprop=\"url\"> <meta itemprop=\"width\" content=\"286\"> <meta itemprop=\"height\" content=\"161\"> <img decoding=\"async\" class=\"\" data-attachment-id=\"1426\" data-orig-file=\"https:\/\/www.fannywalz.com\/fw\/wp-content\/uploads\/2016\/08\/mammiferes-alsace-fanny-walz-baobab-gepma-001.jpg\" data-orig-size=\"700,393\" data-comments-opened=\"\" data-image-meta=\"{&quot;aperture&quot;:&quot;5.6&quot;,&quot;credit&quot;:&quot;&quot;,&quot;camera&quot;:&quot;NEX-7&quot;,&quot;caption&quot;:&quot;&quot;,&quot;created_timestamp&quot;:&quot;1402943223&quot;,&quot;copyright&quot;:&quot;&quot;,&quot;focal_length&quot;:&quot;37&quot;,&quot;iso&quot;:&quot;800&quot;,&quot;shutter_speed&quot;:&quot;0.05&quot;,&quot;title&quot;:&quot;&quot;,&quot;orientation&quot;:&quot;1&quot;}\" data-image-title=\"mammiferes-alsace-fanny-walz-baobab-gepma-001\" data-image-description=\"\" data-medium-file=\"https:\/\/i0.wp.com\/www.fannywalz.com\/fw\/wp-content\/uploads\/2016\/08\/mammiferes-alsace-fanny-walz-baobab-gepma-001.jpg?fit=500%2C281&#038;ssl=1\" data-large-file=\"https:\/\/i0.wp.com\/www.fannywalz.com\/fw\/wp-content\/uploads\/2016\/08\/mammiferes-alsace-fanny-walz-baobab-gepma-001.jpg?fit=480%2C269&#038;ssl=1\" src=\"https:\/\/i0.wp.com\/www.fannywalz.com\/fw\/wp-content\/uploads\/2016\/08\/mammiferes-alsace-fanny-walz-baobab-gepma-001.jpg?w=286&#038;h=161&#038;ssl=1\" srcset=\"https:\/\/i0.wp.com\/www.fannywalz.com\/fw\/wp-content\/uploads\/2016\/08\/mammiferes-alsace-fanny-walz-baobab-gepma-001.jpg?w=700&amp;ssl=1 700w, https:\/\/i0.wp.com\/www.fannywalz.com\/fw\/wp-content\/uploads\/2016\/08\/mammiferes-alsace-fanny-walz-baobab-gepma-001.jpg?resize=250%2C140&amp;ssl=1 250w, https:\/\/i0.wp.com\/www.fannywalz.com\/fw\/wp-content\/uploads\/2016\/08\/mammiferes-alsace-fanny-walz-baobab-gepma-001.jpg?resize=500%2C281&amp;ssl=1 500w\" width=\"286\" height=\"161\" loading=\"lazy\" data-original-width=\"286\" data-original-height=\"161\" itemprop=\"http:\/\/schema.org\/image\" title=\"mammiferes-alsace-fanny-walz-baobab-gepma-001\" alt=\"Atlas de r\u00e9partition des Mammif\u00e8res d\u2019Alsace - pages int\u00e9rieures\" style=\"width: 286px; height: 161px;\" \/> <\/a> <\/div> <div class=\"tiled-gallery-item tiled-gallery-item-large\" itemprop=\"associatedMedia\" itemscope itemtype=\"http:\/\/schema.org\/ImageObject\"> <a href=\"https:\/\/www.fannywalz.com\/fw\/portfolio\/edition-livre-atlas-repartition-mammiferes-alsace\/mammiferes-alsace-fanny-walz-baobab-gepma-002\/\" border=\"0\" itemprop=\"url\"> <meta itemprop=\"width\" content=\"286\"> <meta itemprop=\"height\" content=\"160\"> <img decoding=\"async\" class=\"\" data-attachment-id=\"1427\" data-orig-file=\"https:\/\/www.fannywalz.com\/fw\/wp-content\/uploads\/2016\/08\/mammiferes-alsace-fanny-walz-baobab-gepma-002.jpg\" data-orig-size=\"700,393\" data-comments-opened=\"\" data-image-meta=\"{&quot;aperture&quot;:&quot;5.6&quot;,&quot;credit&quot;:&quot;&quot;,&quot;camera&quot;:&quot;NEX-7&quot;,&quot;caption&quot;:&quot;&quot;,&quot;created_timestamp&quot;:&quot;1402943026&quot;,&quot;copyright&quot;:&quot;&quot;,&quot;focal_length&quot;:&quot;40&quot;,&quot;iso&quot;:&quot;400&quot;,&quot;shutter_speed&quot;:&quot;0.04&quot;,&quot;title&quot;:&quot;&quot;,&quot;orientation&quot;:&quot;1&quot;}\" data-image-title=\"mammiferes-alsace-fanny-walz-baobab-gepma-002\" data-image-description=\"\" data-medium-file=\"https:\/\/i0.wp.com\/www.fannywalz.com\/fw\/wp-content\/uploads\/2016\/08\/mammiferes-alsace-fanny-walz-baobab-gepma-002.jpg?fit=500%2C281&#038;ssl=1\" data-large-file=\"https:\/\/i0.wp.com\/www.fannywalz.com\/fw\/wp-content\/uploads\/2016\/08\/mammiferes-alsace-fanny-walz-baobab-gepma-002.jpg?fit=480%2C269&#038;ssl=1\" src=\"https:\/\/i0.wp.com\/www.fannywalz.com\/fw\/wp-content\/uploads\/2016\/08\/mammiferes-alsace-fanny-walz-baobab-gepma-002.jpg?w=286&#038;h=160&#038;ssl=1\" srcset=\"https:\/\/i0.wp.com\/www.fannywalz.com\/fw\/wp-content\/uploads\/2016\/08\/mammiferes-alsace-fanny-walz-baobab-gepma-002.jpg?w=700&amp;ssl=1 700w, https:\/\/i0.wp.com\/www.fannywalz.com\/fw\/wp-content\/uploads\/2016\/08\/mammiferes-alsace-fanny-walz-baobab-gepma-002.jpg?resize=250%2C140&amp;ssl=1 250w, https:\/\/i0.wp.com\/www.fannywalz.com\/fw\/wp-content\/uploads\/2016\/08\/mammiferes-alsace-fanny-walz-baobab-gepma-002.jpg?resize=500%2C281&amp;ssl=1 500w\" width=\"286\" height=\"160\" loading=\"lazy\" data-original-width=\"286\" data-original-height=\"160\" itemprop=\"http:\/\/schema.org\/image\" title=\"mammiferes-alsace-fanny-walz-baobab-gepma-002\" alt=\"Atlas de r\u00e9partition des Mammif\u00e8res d\u2019Alsace - pages int\u00e9rieures\" style=\"width: 286px; height: 160px;\" \/> <\/a> <\/div> <\/div> <!-- close group --> <div class=\"gallery-group images-1\" style=\"width: 190px; height: 329px;\" data-original-width=\"190\" data-original-height=\"329\" > <div class=\"tiled-gallery-item tiled-gallery-item-small\" itemprop=\"associatedMedia\" itemscope itemtype=\"http:\/\/schema.org\/ImageObject\"> <a href=\"https:\/\/www.fannywalz.com\/fw\/portfolio\/edition-livre-atlas-repartition-mammiferes-alsace\/mammiferes-alsace-fanny-walz-baobab-gepma-003\/\" border=\"0\" itemprop=\"url\"> <meta itemprop=\"width\" content=\"186\"> <meta itemprop=\"height\" content=\"325\"> <img decoding=\"async\" class=\"\" data-attachment-id=\"1428\" data-orig-file=\"https:\/\/www.fannywalz.com\/fw\/wp-content\/uploads\/2016\/08\/mammiferes-alsace-fanny-walz-baobab-gepma-003.jpg\" data-orig-size=\"700,1219\" data-comments-opened=\"\" data-image-meta=\"{&quot;aperture&quot;:&quot;5.6&quot;,&quot;credit&quot;:&quot;&quot;,&quot;camera&quot;:&quot;NEX-7&quot;,&quot;caption&quot;:&quot;&quot;,&quot;created_timestamp&quot;:&quot;1402943536&quot;,&quot;copyright&quot;:&quot;&quot;,&quot;focal_length&quot;:&quot;47&quot;,&quot;iso&quot;:&quot;800&quot;,&quot;shutter_speed&quot;:&quot;0.0166666666667&quot;,&quot;title&quot;:&quot;&quot;,&quot;orientation&quot;:&quot;1&quot;}\" data-image-title=\"mammiferes-alsace-fanny-walz-baobab-gepma-003\" data-image-description=\"\" data-medium-file=\"https:\/\/i0.wp.com\/www.fannywalz.com\/fw\/wp-content\/uploads\/2016\/08\/mammiferes-alsace-fanny-walz-baobab-gepma-003.jpg?fit=287%2C500&#038;ssl=1\" data-large-file=\"https:\/\/i0.wp.com\/www.fannywalz.com\/fw\/wp-content\/uploads\/2016\/08\/mammiferes-alsace-fanny-walz-baobab-gepma-003.jpg?fit=480%2C836&#038;ssl=1\" src=\"https:\/\/i0.wp.com\/www.fannywalz.com\/fw\/wp-content\/uploads\/2016\/08\/mammiferes-alsace-fanny-walz-baobab-gepma-003.jpg?w=186&#038;h=325&#038;ssl=1\" srcset=\"https:\/\/i0.wp.com\/www.fannywalz.com\/fw\/wp-content\/uploads\/2016\/08\/mammiferes-alsace-fanny-walz-baobab-gepma-003.jpg?w=700&amp;ssl=1 700w, https:\/\/i0.wp.com\/www.fannywalz.com\/fw\/wp-content\/uploads\/2016\/08\/mammiferes-alsace-fanny-walz-baobab-gepma-003.jpg?resize=250%2C435&amp;ssl=1 250w, https:\/\/i0.wp.com\/www.fannywalz.com\/fw\/wp-content\/uploads\/2016\/08\/mammiferes-alsace-fanny-walz-baobab-gepma-003.jpg?resize=287%2C500&amp;ssl=1 287w\" width=\"186\" height=\"325\" loading=\"lazy\" data-original-width=\"186\" data-original-height=\"325\" itemprop=\"http:\/\/schema.org\/image\" title=\"mammiferes-alsace-fanny-walz-baobab-gepma-003\" alt=\"Atlas de r\u00e9partition des Mammif\u00e8res d\u2019Alsace - pages int\u00e9rieures\" style=\"width: 186px; height: 325px;\" \/> <\/a> <\/div> <\/div> <!-- close group --> <\/div> <!-- close row --> <div class=\"gallery-row\" style=\"width: 480px; height: 137px;\" data-original-width=\"480\" data-original-height=\"137\" > <div class=\"gallery-group images-1\" style=\"width: 240px; height: 137px;\" data-original-width=\"240\" data-original-height=\"137\" > <div class=\"tiled-gallery-item tiled-gallery-item-small\" itemprop=\"associatedMedia\" itemscope itemtype=\"http:\/\/schema.org\/ImageObject\"> <a href=\"https:\/\/www.fannywalz.com\/fw\/portfolio\/edition-livre-atlas-repartition-mammiferes-alsace\/mammiferes-alsace-fanny-walz-baobab-gepma-05\/\" border=\"0\" itemprop=\"url\"> <meta itemprop=\"width\" content=\"236\"> <meta itemprop=\"height\" content=\"133\"> <img decoding=\"async\" class=\"\" data-attachment-id=\"1429\" data-orig-file=\"https:\/\/www.fannywalz.com\/fw\/wp-content\/uploads\/2016\/08\/mammiferes-alsace-fanny-walz-baobab-gepma-05.jpg\" data-orig-size=\"700,393\" data-comments-opened=\"\" data-image-meta=\"{&quot;aperture&quot;:&quot;5.6&quot;,&quot;credit&quot;:&quot;&quot;,&quot;camera&quot;:&quot;NEX-7&quot;,&quot;caption&quot;:&quot;&quot;,&quot;created_timestamp&quot;:&quot;1402943254&quot;,&quot;copyright&quot;:&quot;&quot;,&quot;focal_length&quot;:&quot;37&quot;,&quot;iso&quot;:&quot;800&quot;,&quot;shutter_speed&quot;:&quot;0.0333333333333&quot;,&quot;title&quot;:&quot;&quot;,&quot;orientation&quot;:&quot;1&quot;}\" data-image-title=\"mammiferes-alsace-fanny-walz-baobab-gepma-05\" data-image-description=\"\" data-medium-file=\"https:\/\/i0.wp.com\/www.fannywalz.com\/fw\/wp-content\/uploads\/2016\/08\/mammiferes-alsace-fanny-walz-baobab-gepma-05.jpg?fit=500%2C281&#038;ssl=1\" data-large-file=\"https:\/\/i0.wp.com\/www.fannywalz.com\/fw\/wp-content\/uploads\/2016\/08\/mammiferes-alsace-fanny-walz-baobab-gepma-05.jpg?fit=480%2C269&#038;ssl=1\" src=\"https:\/\/i0.wp.com\/www.fannywalz.com\/fw\/wp-content\/uploads\/2016\/08\/mammiferes-alsace-fanny-walz-baobab-gepma-05.jpg?w=236&#038;h=133&#038;ssl=1\" srcset=\"https:\/\/i0.wp.com\/www.fannywalz.com\/fw\/wp-content\/uploads\/2016\/08\/mammiferes-alsace-fanny-walz-baobab-gepma-05.jpg?w=700&amp;ssl=1 700w, https:\/\/i0.wp.com\/www.fannywalz.com\/fw\/wp-content\/uploads\/2016\/08\/mammiferes-alsace-fanny-walz-baobab-gepma-05.jpg?resize=250%2C140&amp;ssl=1 250w, https:\/\/i0.wp.com\/www.fannywalz.com\/fw\/wp-content\/uploads\/2016\/08\/mammiferes-alsace-fanny-walz-baobab-gepma-05.jpg?resize=500%2C281&amp;ssl=1 500w\" width=\"236\" height=\"133\" loading=\"lazy\" data-original-width=\"236\" data-original-height=\"133\" itemprop=\"http:\/\/schema.org\/image\" title=\"mammiferes-alsace-fanny-walz-baobab-gepma-05\" alt=\"Atlas de r\u00e9partition des Mammif\u00e8res d\u2019Alsace - pages int\u00e9rieures\" style=\"width: 236px; height: 133px;\" \/> <\/a> <\/div> <\/div> <!-- close group --> <div class=\"gallery-group images-1\" style=\"width: 240px; height: 137px;\" data-original-width=\"240\" data-original-height=\"137\" > <div class=\"tiled-gallery-item tiled-gallery-item-small\" itemprop=\"associatedMedia\" itemscope itemtype=\"http:\/\/schema.org\/ImageObject\"> <a href=\"https:\/\/www.fannywalz.com\/fw\/portfolio\/edition-livre-atlas-repartition-mammiferes-alsace\/mammiferes-alsace-fanny-walz-baobab-gepma-005\/\" border=\"0\" itemprop=\"url\"> <meta itemprop=\"width\" content=\"236\"> <meta itemprop=\"height\" content=\"133\"> <img decoding=\"async\" class=\"\" data-attachment-id=\"1430\" data-orig-file=\"https:\/\/www.fannywalz.com\/fw\/wp-content\/uploads\/2016\/08\/mammiferes-alsace-fanny-walz-baobab-gepma-005.jpg\" data-orig-size=\"682,383\" data-comments-opened=\"\" data-image-meta=\"{&quot;aperture&quot;:&quot;6.3&quot;,&quot;credit&quot;:&quot;&quot;,&quot;camera&quot;:&quot;NEX-7&quot;,&quot;caption&quot;:&quot;&quot;,&quot;created_timestamp&quot;:&quot;1403031325&quot;,&quot;copyright&quot;:&quot;&quot;,&quot;focal_length&quot;:&quot;18&quot;,&quot;iso&quot;:&quot;800&quot;,&quot;shutter_speed&quot;:&quot;0.00625&quot;,&quot;title&quot;:&quot;&quot;,&quot;orientation&quot;:&quot;1&quot;}\" data-image-title=\"mammiferes-alsace-fanny-walz-baobab-gepma-005\" data-image-description=\"\" data-medium-file=\"https:\/\/i0.wp.com\/www.fannywalz.com\/fw\/wp-content\/uploads\/2016\/08\/mammiferes-alsace-fanny-walz-baobab-gepma-005.jpg?fit=500%2C281&#038;ssl=1\" data-large-file=\"https:\/\/i0.wp.com\/www.fannywalz.com\/fw\/wp-content\/uploads\/2016\/08\/mammiferes-alsace-fanny-walz-baobab-gepma-005.jpg?fit=480%2C270&#038;ssl=1\" src=\"https:\/\/i0.wp.com\/www.fannywalz.com\/fw\/wp-content\/uploads\/2016\/08\/mammiferes-alsace-fanny-walz-baobab-gepma-005.jpg?w=236&#038;h=133&#038;ssl=1\" srcset=\"https:\/\/i0.wp.com\/www.fannywalz.com\/fw\/wp-content\/uploads\/2016\/08\/mammiferes-alsace-fanny-walz-baobab-gepma-005.jpg?w=682&amp;ssl=1 682w, https:\/\/i0.wp.com\/www.fannywalz.com\/fw\/wp-content\/uploads\/2016\/08\/mammiferes-alsace-fanny-walz-baobab-gepma-005.jpg?resize=250%2C140&amp;ssl=1 250w, https:\/\/i0.wp.com\/www.fannywalz.com\/fw\/wp-content\/uploads\/2016\/08\/mammiferes-alsace-fanny-walz-baobab-gepma-005.jpg?resize=500%2C281&amp;ssl=1 500w\" width=\"236\" height=\"133\" loading=\"lazy\" data-original-width=\"236\" data-original-height=\"133\" itemprop=\"http:\/\/schema.org\/image\" title=\"mammiferes-alsace-fanny-walz-baobab-gepma-005\" alt=\"Atlas de r\u00e9partition des Mammif\u00e8res d\u2019Alsace - pages int\u00e9rieures\" style=\"width: 236px; height: 133px;\" \/> <\/a> <\/div> <\/div> <!-- close group --> <\/div> <!-- close row --> <div class=\"gallery-row\" style=\"width: 480px; height: 330px;\" data-original-width=\"480\" data-original-height=\"330\" > <div class=\"gallery-group images-1\" style=\"width: 287px; height: 330px;\" data-original-width=\"287\" data-original-height=\"330\" > <div class=\"tiled-gallery-item tiled-gallery-item-large\" itemprop=\"associatedMedia\" itemscope itemtype=\"http:\/\/schema.org\/ImageObject\"> <a href=\"https:\/\/www.fannywalz.com\/fw\/portfolio\/edition-livre-atlas-repartition-mammiferes-alsace\/mammiferes-alsace-fanny-walz-baobab-gepma-007\/\" border=\"0\" itemprop=\"url\"> <meta itemprop=\"width\" content=\"283\"> <meta itemprop=\"height\" content=\"326\"> <img decoding=\"async\" class=\"\" data-attachment-id=\"1431\" data-orig-file=\"https:\/\/www.fannywalz.com\/fw\/wp-content\/uploads\/2016\/08\/mammiferes-alsace-fanny-walz-baobab-gepma-007.jpg\" data-orig-size=\"700,806\" data-comments-opened=\"\" data-image-meta=\"{&quot;aperture&quot;:&quot;7.1&quot;,&quot;credit&quot;:&quot;&quot;,&quot;camera&quot;:&quot;NEX-7&quot;,&quot;caption&quot;:&quot;&quot;,&quot;created_timestamp&quot;:&quot;1403031250&quot;,&quot;copyright&quot;:&quot;&quot;,&quot;focal_length&quot;:&quot;38&quot;,&quot;iso&quot;:&quot;800&quot;,&quot;shutter_speed&quot;:&quot;0.00625&quot;,&quot;title&quot;:&quot;&quot;,&quot;orientation&quot;:&quot;1&quot;}\" data-image-title=\"mammiferes-alsace-fanny-walz-baobab-gepma-007\" data-image-description=\"\" data-medium-file=\"https:\/\/i0.wp.com\/www.fannywalz.com\/fw\/wp-content\/uploads\/2016\/08\/mammiferes-alsace-fanny-walz-baobab-gepma-007.jpg?fit=434%2C500&#038;ssl=1\" data-large-file=\"https:\/\/i0.wp.com\/www.fannywalz.com\/fw\/wp-content\/uploads\/2016\/08\/mammiferes-alsace-fanny-walz-baobab-gepma-007.jpg?fit=480%2C553&#038;ssl=1\" src=\"https:\/\/i0.wp.com\/www.fannywalz.com\/fw\/wp-content\/uploads\/2016\/08\/mammiferes-alsace-fanny-walz-baobab-gepma-007.jpg?w=283&#038;h=326&#038;ssl=1\" srcset=\"https:\/\/i0.wp.com\/www.fannywalz.com\/fw\/wp-content\/uploads\/2016\/08\/mammiferes-alsace-fanny-walz-baobab-gepma-007.jpg?w=700&amp;ssl=1 700w, https:\/\/i0.wp.com\/www.fannywalz.com\/fw\/wp-content\/uploads\/2016\/08\/mammiferes-alsace-fanny-walz-baobab-gepma-007.jpg?resize=250%2C288&amp;ssl=1 250w, https:\/\/i0.wp.com\/www.fannywalz.com\/fw\/wp-content\/uploads\/2016\/08\/mammiferes-alsace-fanny-walz-baobab-gepma-007.jpg?resize=434%2C500&amp;ssl=1 434w\" width=\"283\" height=\"326\" loading=\"lazy\" data-original-width=\"283\" data-original-height=\"326\" itemprop=\"http:\/\/schema.org\/image\" title=\"mammiferes-alsace-fanny-walz-baobab-gepma-007\" alt=\"Atlas de r\u00e9partition des Mammif\u00e8res d\u2019Alsace - pages int\u00e9rieures\" style=\"width: 283px; height: 326px;\" \/> <\/a> <\/div> <\/div> <!-- close group --> <div class=\"gallery-group images-3\" style=\"width: 193px; height: 330px;\" data-original-width=\"193\" data-original-height=\"330\" > <div class=\"tiled-gallery-item tiled-gallery-item-small\" itemprop=\"associatedMedia\" itemscope itemtype=\"http:\/\/schema.org\/ImageObject\"> <a href=\"https:\/\/www.fannywalz.com\/fw\/portfolio\/edition-livre-atlas-repartition-mammiferes-alsace\/mammiferes-alsace-fanny-walz-baobab-gepma-10\/\" border=\"0\" itemprop=\"url\"> <meta itemprop=\"width\" content=\"189\"> <meta itemprop=\"height\" content=\"106\"> <img decoding=\"async\" class=\"\" data-attachment-id=\"1432\" data-orig-file=\"https:\/\/www.fannywalz.com\/fw\/wp-content\/uploads\/2016\/08\/mammiferes-alsace-fanny-walz-baobab-gepma-10.jpg\" data-orig-size=\"700,393\" data-comments-opened=\"\" data-image-meta=\"{&quot;aperture&quot;:&quot;5.6&quot;,&quot;credit&quot;:&quot;&quot;,&quot;camera&quot;:&quot;NEX-7&quot;,&quot;caption&quot;:&quot;&quot;,&quot;created_timestamp&quot;:&quot;1402944033&quot;,&quot;copyright&quot;:&quot;&quot;,&quot;focal_length&quot;:&quot;35&quot;,&quot;iso&quot;:&quot;800&quot;,&quot;shutter_speed&quot;:&quot;0.0333333333333&quot;,&quot;title&quot;:&quot;&quot;,&quot;orientation&quot;:&quot;1&quot;}\" data-image-title=\"mammiferes-alsace-fanny-walz-baobab-gepma-10\" data-image-description=\"\" data-medium-file=\"https:\/\/i0.wp.com\/www.fannywalz.com\/fw\/wp-content\/uploads\/2016\/08\/mammiferes-alsace-fanny-walz-baobab-gepma-10.jpg?fit=500%2C281&#038;ssl=1\" data-large-file=\"https:\/\/i0.wp.com\/www.fannywalz.com\/fw\/wp-content\/uploads\/2016\/08\/mammiferes-alsace-fanny-walz-baobab-gepma-10.jpg?fit=480%2C269&#038;ssl=1\" src=\"https:\/\/i0.wp.com\/www.fannywalz.com\/fw\/wp-content\/uploads\/2016\/08\/mammiferes-alsace-fanny-walz-baobab-gepma-10.jpg?w=189&#038;h=106&#038;ssl=1\" srcset=\"https:\/\/i0.wp.com\/www.fannywalz.com\/fw\/wp-content\/uploads\/2016\/08\/mammiferes-alsace-fanny-walz-baobab-gepma-10.jpg?w=700&amp;ssl=1 700w, https:\/\/i0.wp.com\/www.fannywalz.com\/fw\/wp-content\/uploads\/2016\/08\/mammiferes-alsace-fanny-walz-baobab-gepma-10.jpg?resize=250%2C140&amp;ssl=1 250w, https:\/\/i0.wp.com\/www.fannywalz.com\/fw\/wp-content\/uploads\/2016\/08\/mammiferes-alsace-fanny-walz-baobab-gepma-10.jpg?resize=500%2C281&amp;ssl=1 500w\" width=\"189\" height=\"106\" loading=\"lazy\" data-original-width=\"189\" data-original-height=\"106\" itemprop=\"http:\/\/schema.org\/image\" title=\"mammiferes-alsace-fanny-walz-baobab-gepma-10\" alt=\"Atlas de r\u00e9partition des Mammif\u00e8res d\u2019Alsace - pages int\u00e9rieures\" style=\"width: 189px; height: 106px;\" \/> <\/a> <\/div> <div class=\"tiled-gallery-item tiled-gallery-item-small\" itemprop=\"associatedMedia\" itemscope itemtype=\"http:\/\/schema.org\/ImageObject\"> <a href=\"https:\/\/www.fannywalz.com\/fw\/portfolio\/edition-livre-atlas-repartition-mammiferes-alsace\/mammiferes-alsace-fanny-walz-baobab-gepma-12\/\" border=\"0\" itemprop=\"url\"> <meta itemprop=\"width\" content=\"189\"> <meta itemprop=\"height\" content=\"106\"> <img decoding=\"async\" class=\"\" data-attachment-id=\"1434\" data-orig-file=\"https:\/\/www.fannywalz.com\/fw\/wp-content\/uploads\/2016\/08\/mammiferes-alsace-fanny-walz-baobab-gepma-12.jpg\" data-orig-size=\"700,393\" data-comments-opened=\"\" data-image-meta=\"{&quot;aperture&quot;:&quot;5.6&quot;,&quot;credit&quot;:&quot;&quot;,&quot;camera&quot;:&quot;NEX-7&quot;,&quot;caption&quot;:&quot;&quot;,&quot;created_timestamp&quot;:&quot;1402944114&quot;,&quot;copyright&quot;:&quot;&quot;,&quot;focal_length&quot;:&quot;44&quot;,&quot;iso&quot;:&quot;800&quot;,&quot;shutter_speed&quot;:&quot;0.0166666666667&quot;,&quot;title&quot;:&quot;&quot;,&quot;orientation&quot;:&quot;1&quot;}\" data-image-title=\"mammiferes-alsace-fanny-walz-baobab-gepma-12\" data-image-description=\"\" data-medium-file=\"https:\/\/i0.wp.com\/www.fannywalz.com\/fw\/wp-content\/uploads\/2016\/08\/mammiferes-alsace-fanny-walz-baobab-gepma-12.jpg?fit=500%2C281&#038;ssl=1\" data-large-file=\"https:\/\/i0.wp.com\/www.fannywalz.com\/fw\/wp-content\/uploads\/2016\/08\/mammiferes-alsace-fanny-walz-baobab-gepma-12.jpg?fit=480%2C269&#038;ssl=1\" src=\"https:\/\/i0.wp.com\/www.fannywalz.com\/fw\/wp-content\/uploads\/2016\/08\/mammiferes-alsace-fanny-walz-baobab-gepma-12.jpg?w=189&#038;h=106&#038;ssl=1\" srcset=\"https:\/\/i0.wp.com\/www.fannywalz.com\/fw\/wp-content\/uploads\/2016\/08\/mammiferes-alsace-fanny-walz-baobab-gepma-12.jpg?w=700&amp;ssl=1 700w, https:\/\/i0.wp.com\/www.fannywalz.com\/fw\/wp-content\/uploads\/2016\/08\/mammiferes-alsace-fanny-walz-baobab-gepma-12.jpg?resize=250%2C140&amp;ssl=1 250w, https:\/\/i0.wp.com\/www.fannywalz.com\/fw\/wp-content\/uploads\/2016\/08\/mammiferes-alsace-fanny-walz-baobab-gepma-12.jpg?resize=500%2C281&amp;ssl=1 500w\" width=\"189\" height=\"106\" loading=\"lazy\" data-original-width=\"189\" data-original-height=\"106\" itemprop=\"http:\/\/schema.org\/image\" title=\"mammiferes-alsace-fanny-walz-baobab-gepma-12\" alt=\"Atlas de r\u00e9partition des Mammif\u00e8res d\u2019Alsace - pages int\u00e9rieures\" style=\"width: 189px; height: 106px;\" \/> <\/a> <\/div> <div class=\"tiled-gallery-item tiled-gallery-item-small\" itemprop=\"associatedMedia\" itemscope itemtype=\"http:\/\/schema.org\/ImageObject\"> <a href=\"https:\/\/www.fannywalz.com\/fw\/portfolio\/edition-livre-atlas-repartition-mammiferes-alsace\/mammiferes-alsace-fanny-walz-baobab-gepma-13\/\" border=\"0\" itemprop=\"url\"> <meta itemprop=\"width\" content=\"189\"> <meta itemprop=\"height\" content=\"106\"> <img decoding=\"async\" class=\"\" data-attachment-id=\"1435\" data-orig-file=\"https:\/\/www.fannywalz.com\/fw\/wp-content\/uploads\/2016\/08\/mammiferes-alsace-fanny-walz-baobab-gepma-13.jpg\" data-orig-size=\"700,393\" data-comments-opened=\"\" data-image-meta=\"{&quot;aperture&quot;:&quot;5.6&quot;,&quot;credit&quot;:&quot;&quot;,&quot;camera&quot;:&quot;NEX-7&quot;,&quot;caption&quot;:&quot;&quot;,&quot;created_timestamp&quot;:&quot;1402945558&quot;,&quot;copyright&quot;:&quot;&quot;,&quot;focal_length&quot;:&quot;53&quot;,&quot;iso&quot;:&quot;800&quot;,&quot;shutter_speed&quot;:&quot;0.0125&quot;,&quot;title&quot;:&quot;&quot;,&quot;orientation&quot;:&quot;1&quot;}\" data-image-title=\"mammiferes-alsace-fanny-walz-baobab-gepma-13\" data-image-description=\"\" data-medium-file=\"https:\/\/i0.wp.com\/www.fannywalz.com\/fw\/wp-content\/uploads\/2016\/08\/mammiferes-alsace-fanny-walz-baobab-gepma-13.jpg?fit=500%2C281&#038;ssl=1\" data-large-file=\"https:\/\/i0.wp.com\/www.fannywalz.com\/fw\/wp-content\/uploads\/2016\/08\/mammiferes-alsace-fanny-walz-baobab-gepma-13.jpg?fit=480%2C269&#038;ssl=1\" src=\"https:\/\/i0.wp.com\/www.fannywalz.com\/fw\/wp-content\/uploads\/2016\/08\/mammiferes-alsace-fanny-walz-baobab-gepma-13.jpg?w=189&#038;h=106&#038;ssl=1\" srcset=\"https:\/\/i0.wp.com\/www.fannywalz.com\/fw\/wp-content\/uploads\/2016\/08\/mammiferes-alsace-fanny-walz-baobab-gepma-13.jpg?w=700&amp;ssl=1 700w, https:\/\/i0.wp.com\/www.fannywalz.com\/fw\/wp-content\/uploads\/2016\/08\/mammiferes-alsace-fanny-walz-baobab-gepma-13.jpg?resize=250%2C140&amp;ssl=1 250w, https:\/\/i0.wp.com\/www.fannywalz.com\/fw\/wp-content\/uploads\/2016\/08\/mammiferes-alsace-fanny-walz-baobab-gepma-13.jpg?resize=500%2C281&amp;ssl=1 500w\" width=\"189\" height=\"106\" loading=\"lazy\" data-original-width=\"189\" data-original-height=\"106\" itemprop=\"http:\/\/schema.org\/image\" title=\"mammiferes-alsace-fanny-walz-baobab-gepma-13\" alt=\"Atlas de r\u00e9partition des Mammif\u00e8res d\u2019Alsace - pages int\u00e9rieures\" style=\"width: 189px; height: 106px;\" \/> <\/a> <\/div> <\/div> <!-- close group --> <\/div> <!-- close row --> <div class=\"gallery-row\" style=\"width: 480px; height: 136px;\" data-original-width=\"480\" data-original-height=\"136\" > <div class=\"gallery-group images-1\" style=\"width: 240px; height: 136px;\" data-original-width=\"240\" data-original-height=\"136\" > <div class=\"tiled-gallery-item tiled-gallery-item-small\" itemprop=\"associatedMedia\" itemscope itemtype=\"http:\/\/schema.org\/ImageObject\"> <a href=\"https:\/\/www.fannywalz.com\/fw\/portfolio\/edition-livre-atlas-repartition-mammiferes-alsace\/mammiferes-alsace-fanny-walz-baobab-gepma-17\/\" border=\"0\" itemprop=\"url\"> <meta itemprop=\"width\" content=\"236\"> <meta itemprop=\"height\" content=\"132\"> <img decoding=\"async\" class=\"\" data-attachment-id=\"1436\" data-orig-file=\"https:\/\/www.fannywalz.com\/fw\/wp-content\/uploads\/2016\/08\/mammiferes-alsace-fanny-walz-baobab-gepma-17.jpg\" data-orig-size=\"700,393\" data-comments-opened=\"\" data-image-meta=\"{&quot;aperture&quot;:&quot;5.6&quot;,&quot;credit&quot;:&quot;&quot;,&quot;camera&quot;:&quot;NEX-7&quot;,&quot;caption&quot;:&quot;&quot;,&quot;created_timestamp&quot;:&quot;1403031358&quot;,&quot;copyright&quot;:&quot;&quot;,&quot;focal_length&quot;:&quot;27&quot;,&quot;iso&quot;:&quot;800&quot;,&quot;shutter_speed&quot;:&quot;0.008&quot;,&quot;title&quot;:&quot;&quot;,&quot;orientation&quot;:&quot;1&quot;}\" data-image-title=\"mammiferes-alsace-fanny-walz-baobab-gepma-17\" data-image-description=\"\" data-medium-file=\"https:\/\/i0.wp.com\/www.fannywalz.com\/fw\/wp-content\/uploads\/2016\/08\/mammiferes-alsace-fanny-walz-baobab-gepma-17.jpg?fit=500%2C281&#038;ssl=1\" data-large-file=\"https:\/\/i0.wp.com\/www.fannywalz.com\/fw\/wp-content\/uploads\/2016\/08\/mammiferes-alsace-fanny-walz-baobab-gepma-17.jpg?fit=480%2C269&#038;ssl=1\" src=\"https:\/\/i0.wp.com\/www.fannywalz.com\/fw\/wp-content\/uploads\/2016\/08\/mammiferes-alsace-fanny-walz-baobab-gepma-17.jpg?w=236&#038;h=132&#038;ssl=1\" srcset=\"https:\/\/i0.wp.com\/www.fannywalz.com\/fw\/wp-content\/uploads\/2016\/08\/mammiferes-alsace-fanny-walz-baobab-gepma-17.jpg?w=700&amp;ssl=1 700w, https:\/\/i0.wp.com\/www.fannywalz.com\/fw\/wp-content\/uploads\/2016\/08\/mammiferes-alsace-fanny-walz-baobab-gepma-17.jpg?resize=250%2C140&amp;ssl=1 250w, https:\/\/i0.wp.com\/www.fannywalz.com\/fw\/wp-content\/uploads\/2016\/08\/mammiferes-alsace-fanny-walz-baobab-gepma-17.jpg?resize=500%2C281&amp;ssl=1 500w\" width=\"236\" height=\"132\" loading=\"lazy\" data-original-width=\"236\" data-original-height=\"132\" itemprop=\"http:\/\/schema.org\/image\" title=\"mammiferes-alsace-fanny-walz-baobab-gepma-17\" alt=\"Atlas de r\u00e9partition des Mammif\u00e8res d\u2019Alsace - pages int\u00e9rieures\" style=\"width: 236px; height: 132px;\" \/> <\/a> <\/div> <\/div> <!-- close group --> <div class=\"gallery-group images-1\" style=\"width: 240px; height: 136px;\" data-original-width=\"240\" data-original-height=\"136\" > <div class=\"tiled-gallery-item tiled-gallery-item-small\" itemprop=\"associatedMedia\" itemscope itemtype=\"http:\/\/schema.org\/ImageObject\"> <a href=\"https:\/\/www.fannywalz.com\/fw\/portfolio\/edition-livre-atlas-repartition-mammiferes-alsace\/mammiferes-alsace-fanny-walz-baobab-gepma-19\/\" border=\"0\" itemprop=\"url\"> <meta itemprop=\"width\" content=\"236\"> <meta itemprop=\"height\" content=\"132\"> <img decoding=\"async\" class=\"\" data-attachment-id=\"1437\" data-orig-file=\"https:\/\/www.fannywalz.com\/fw\/wp-content\/uploads\/2016\/08\/mammiferes-alsace-fanny-walz-baobab-gepma-19.jpg\" data-orig-size=\"700,393\" data-comments-opened=\"\" data-image-meta=\"{&quot;aperture&quot;:&quot;7.1&quot;,&quot;credit&quot;:&quot;&quot;,&quot;camera&quot;:&quot;NEX-7&quot;,&quot;caption&quot;:&quot;&quot;,&quot;created_timestamp&quot;:&quot;1403031418&quot;,&quot;copyright&quot;:&quot;&quot;,&quot;focal_length&quot;:&quot;29&quot;,&quot;iso&quot;:&quot;800&quot;,&quot;shutter_speed&quot;:&quot;0.00625&quot;,&quot;title&quot;:&quot;&quot;,&quot;orientation&quot;:&quot;1&quot;}\" data-image-title=\"mammiferes-alsace-fanny-walz-baobab-gepma-19\" data-image-description=\"\" data-medium-file=\"https:\/\/i0.wp.com\/www.fannywalz.com\/fw\/wp-content\/uploads\/2016\/08\/mammiferes-alsace-fanny-walz-baobab-gepma-19.jpg?fit=500%2C281&#038;ssl=1\" data-large-file=\"https:\/\/i0.wp.com\/www.fannywalz.com\/fw\/wp-content\/uploads\/2016\/08\/mammiferes-alsace-fanny-walz-baobab-gepma-19.jpg?fit=480%2C269&#038;ssl=1\" src=\"https:\/\/i0.wp.com\/www.fannywalz.com\/fw\/wp-content\/uploads\/2016\/08\/mammiferes-alsace-fanny-walz-baobab-gepma-19.jpg?w=236&#038;h=132&#038;ssl=1\" srcset=\"https:\/\/i0.wp.com\/www.fannywalz.com\/fw\/wp-content\/uploads\/2016\/08\/mammiferes-alsace-fanny-walz-baobab-gepma-19.jpg?w=700&amp;ssl=1 700w, https:\/\/i0.wp.com\/www.fannywalz.com\/fw\/wp-content\/uploads\/2016\/08\/mammiferes-alsace-fanny-walz-baobab-gepma-19.jpg?resize=250%2C140&amp;ssl=1 250w, https:\/\/i0.wp.com\/www.fannywalz.com\/fw\/wp-content\/uploads\/2016\/08\/mammiferes-alsace-fanny-walz-baobab-gepma-19.jpg?resize=500%2C281&amp;ssl=1 500w\" width=\"236\" height=\"132\" loading=\"lazy\" data-original-width=\"236\" data-original-height=\"132\" itemprop=\"http:\/\/schema.org\/image\" title=\"mammiferes-alsace-fanny-walz-baobab-gepma-19\" alt=\"Atlas de r\u00e9partition des Mammif\u00e8res d\u2019Alsace - pages int\u00e9rieures\" style=\"width: 236px; height: 132px;\" \/> <\/a> <\/div> <\/div> <!-- close group --> <\/div> <!-- close row --> <\/div>\n<p>&nbsp;<\/p>\n<div class=\"tiled-gallery type-rectangular tiled-gallery-unresized\" data-original-width=\"480\" data-carousel-extra='{&quot;blog_id&quot;:1,&quot;permalink&quot;:&quot;https:\\\/\\\/www.fannywalz.com\\\/fw\\\/portfolio\\\/edition-livre-atlas-repartition-mammiferes-alsace\\\/&quot;,&quot;likes_blog_id&quot;:112652587}' itemscope itemtype=\"http:\/\/schema.org\/ImageGallery\" > <div class=\"gallery-row\" style=\"width: 480px; height: 229px;\" data-original-width=\"480\" data-original-height=\"229\" > <div class=\"gallery-group images-1\" style=\"width: 174px; height: 229px;\" data-original-width=\"174\" data-original-height=\"229\" > <div class=\"tiled-gallery-item tiled-gallery-item-small\" itemprop=\"associatedMedia\" itemscope itemtype=\"http:\/\/schema.org\/ImageObject\"> <a href=\"https:\/\/www.fannywalz.com\/fw\/portfolio\/edition-livre-atlas-repartition-mammiferes-alsace\/atlas-de-repartition-des-mammiferes-dalsace-couverture\/\" border=\"0\" itemprop=\"url\"> <meta itemprop=\"width\" content=\"170\"> <meta itemprop=\"height\" content=\"225\"> <img decoding=\"async\" class=\"\" data-attachment-id=\"2382\" data-orig-file=\"https:\/\/www.fannywalz.com\/fw\/wp-content\/uploads\/2014\/08\/Atlas-de-repartition-des-mammiferes-dalsace-couverture.jpg\" data-orig-size=\"474,625\" data-comments-opened=\"\" data-image-meta=\"{&quot;aperture&quot;:&quot;0&quot;,&quot;credit&quot;:&quot;&quot;,&quot;camera&quot;:&quot;&quot;,&quot;caption&quot;:&quot;&quot;,&quot;created_timestamp&quot;:&quot;0&quot;,&quot;copyright&quot;:&quot;&quot;,&quot;focal_length&quot;:&quot;0&quot;,&quot;iso&quot;:&quot;0&quot;,&quot;shutter_speed&quot;:&quot;0&quot;,&quot;title&quot;:&quot;&quot;,&quot;orientation&quot;:&quot;1&quot;}\" data-image-title=\"Atlas de repartition des mammiferes d&amp;rsquo;alsace &#8211; couverture\" data-image-description=\"\" data-medium-file=\"https:\/\/i0.wp.com\/www.fannywalz.com\/fw\/wp-content\/uploads\/2014\/08\/Atlas-de-repartition-des-mammiferes-dalsace-couverture.jpg?fit=379%2C500&#038;ssl=1\" data-large-file=\"https:\/\/i0.wp.com\/www.fannywalz.com\/fw\/wp-content\/uploads\/2014\/08\/Atlas-de-repartition-des-mammiferes-dalsace-couverture.jpg?fit=474%2C625&#038;ssl=1\" src=\"https:\/\/i0.wp.com\/www.fannywalz.com\/fw\/wp-content\/uploads\/2014\/08\/Atlas-de-repartition-des-mammiferes-dalsace-couverture.jpg?w=170&#038;h=225&#038;ssl=1\" srcset=\"https:\/\/i0.wp.com\/www.fannywalz.com\/fw\/wp-content\/uploads\/2014\/08\/Atlas-de-repartition-des-mammiferes-dalsace-couverture.jpg?w=474&amp;ssl=1 474w, https:\/\/i0.wp.com\/www.fannywalz.com\/fw\/wp-content\/uploads\/2014\/08\/Atlas-de-repartition-des-mammiferes-dalsace-couverture.jpg?resize=250%2C330&amp;ssl=1 250w, https:\/\/i0.wp.com\/www.fannywalz.com\/fw\/wp-content\/uploads\/2014\/08\/Atlas-de-repartition-des-mammiferes-dalsace-couverture.jpg?resize=379%2C500&amp;ssl=1 379w\" width=\"170\" height=\"225\" loading=\"lazy\" data-original-width=\"170\" data-original-height=\"225\" itemprop=\"http:\/\/schema.org\/image\" title=\"Atlas de repartition des mammiferes d&#039;alsace - couverture\" alt=\"Atlas de repartition des mammiferes d&#039;alsace - couverture\" style=\"width: 170px; height: 225px;\" \/> <\/a> <\/div> <\/div> <!-- close group --> <div class=\"gallery-group images-1\" style=\"width: 306px; height: 229px;\" data-original-width=\"306\" data-original-height=\"229\" > <div class=\"tiled-gallery-item tiled-gallery-item-large\" itemprop=\"associatedMedia\" itemscope itemtype=\"http:\/\/schema.org\/ImageObject\"> <a href=\"https:\/\/www.fannywalz.com\/fw\/portfolio\/edition-livre-atlas-repartition-mammiferes-alsace\/atlas-de-repartition-des-mammiferes-dalsace-page-interieures-1\/\" border=\"0\" itemprop=\"url\"> <meta itemprop=\"width\" content=\"302\"> <meta itemprop=\"height\" content=\"225\"> <img decoding=\"async\" class=\"\" data-attachment-id=\"2383\" data-orig-file=\"https:\/\/www.fannywalz.com\/fw\/wp-content\/uploads\/2014\/08\/Atlas-de-repartition-des-mammiferes-dalsace-page-interieures-1.jpg\" data-orig-size=\"738,550\" data-comments-opened=\"\" data-image-meta=\"{&quot;aperture&quot;:&quot;0&quot;,&quot;credit&quot;:&quot;&quot;,&quot;camera&quot;:&quot;&quot;,&quot;caption&quot;:&quot;&quot;,&quot;created_timestamp&quot;:&quot;0&quot;,&quot;copyright&quot;:&quot;&quot;,&quot;focal_length&quot;:&quot;0&quot;,&quot;iso&quot;:&quot;0&quot;,&quot;shutter_speed&quot;:&quot;0&quot;,&quot;title&quot;:&quot;&quot;,&quot;orientation&quot;:&quot;1&quot;}\" data-image-title=\"Atlas de repartition des mammiferes d&amp;rsquo;alsace &#8211; page interieures 1\" data-image-description=\"\" data-medium-file=\"https:\/\/i0.wp.com\/www.fannywalz.com\/fw\/wp-content\/uploads\/2014\/08\/Atlas-de-repartition-des-mammiferes-dalsace-page-interieures-1.jpg?fit=500%2C373&#038;ssl=1\" data-large-file=\"https:\/\/i0.wp.com\/www.fannywalz.com\/fw\/wp-content\/uploads\/2014\/08\/Atlas-de-repartition-des-mammiferes-dalsace-page-interieures-1.jpg?fit=480%2C358&#038;ssl=1\" src=\"https:\/\/i0.wp.com\/www.fannywalz.com\/fw\/wp-content\/uploads\/2014\/08\/Atlas-de-repartition-des-mammiferes-dalsace-page-interieures-1.jpg?w=302&#038;h=225&#038;ssl=1\" srcset=\"https:\/\/i0.wp.com\/www.fannywalz.com\/fw\/wp-content\/uploads\/2014\/08\/Atlas-de-repartition-des-mammiferes-dalsace-page-interieures-1.jpg?w=738&amp;ssl=1 738w, https:\/\/i0.wp.com\/www.fannywalz.com\/fw\/wp-content\/uploads\/2014\/08\/Atlas-de-repartition-des-mammiferes-dalsace-page-interieures-1.jpg?resize=250%2C186&amp;ssl=1 250w, https:\/\/i0.wp.com\/www.fannywalz.com\/fw\/wp-content\/uploads\/2014\/08\/Atlas-de-repartition-des-mammiferes-dalsace-page-interieures-1.jpg?resize=500%2C373&amp;ssl=1 500w, https:\/\/i0.wp.com\/www.fannywalz.com\/fw\/wp-content\/uploads\/2014\/08\/Atlas-de-repartition-des-mammiferes-dalsace-page-interieures-1.jpg?resize=700%2C522&amp;ssl=1 700w\" width=\"302\" height=\"225\" loading=\"lazy\" data-original-width=\"302\" data-original-height=\"225\" itemprop=\"http:\/\/schema.org\/image\" title=\"Atlas de repartition des mammiferes d&#039;alsace - page interieures 1\" alt=\"Atlas de repartition des mammiferes d&#039;alsace - page interieures 1\" style=\"width: 302px; height: 225px;\" \/> <\/a> <\/div> <\/div> <!-- close group --> <\/div> <!-- close row --> <\/div>\n<p>&nbsp;<\/p>\n<div class=\"tiled-gallery type-rectangular tiled-gallery-unresized\" data-original-width=\"480\" data-carousel-extra='{&quot;blog_id&quot;:1,&quot;permalink&quot;:&quot;https:\\\/\\\/www.fannywalz.com\\\/fw\\\/portfolio\\\/edition-livre-atlas-repartition-mammiferes-alsace\\\/&quot;,&quot;likes_blog_id&quot;:112652587}' itemscope itemtype=\"http:\/\/schema.org\/ImageGallery\" > <div class=\"gallery-row\" style=\"width: 480px; height: 240px;\" data-original-width=\"480\" data-original-height=\"240\" > <div class=\"gallery-group images-1\" style=\"width: 320px; height: 240px;\" data-original-width=\"320\" data-original-height=\"240\" > <div class=\"tiled-gallery-item tiled-gallery-item-large\" itemprop=\"associatedMedia\" itemscope itemtype=\"http:\/\/schema.org\/ImageObject\"> <a href=\"https:\/\/www.fannywalz.com\/fw\/portfolio\/edition-livre-atlas-repartition-mammiferes-alsace\/atlas-de-repartition-des-mammiferes-dalsace-page-interieures-2\/\" border=\"0\" itemprop=\"url\"> <meta itemprop=\"width\" content=\"316\"> <meta itemprop=\"height\" content=\"236\"> <img decoding=\"async\" class=\"\" data-attachment-id=\"2384\" data-orig-file=\"https:\/\/www.fannywalz.com\/fw\/wp-content\/uploads\/2014\/08\/Atlas-de-repartition-des-mammiferes-dalsace-page-interieures-2.jpg\" data-orig-size=\"738,550\" data-comments-opened=\"\" data-image-meta=\"{&quot;aperture&quot;:&quot;0&quot;,&quot;credit&quot;:&quot;&quot;,&quot;camera&quot;:&quot;&quot;,&quot;caption&quot;:&quot;&quot;,&quot;created_timestamp&quot;:&quot;0&quot;,&quot;copyright&quot;:&quot;&quot;,&quot;focal_length&quot;:&quot;0&quot;,&quot;iso&quot;:&quot;0&quot;,&quot;shutter_speed&quot;:&quot;0&quot;,&quot;title&quot;:&quot;&quot;,&quot;orientation&quot;:&quot;1&quot;}\" data-image-title=\"Atlas de repartition des mammiferes d&amp;rsquo;alsace &#8211; page interieures 2\" data-image-description=\"\" data-medium-file=\"https:\/\/i0.wp.com\/www.fannywalz.com\/fw\/wp-content\/uploads\/2014\/08\/Atlas-de-repartition-des-mammiferes-dalsace-page-interieures-2.jpg?fit=500%2C373&#038;ssl=1\" data-large-file=\"https:\/\/i0.wp.com\/www.fannywalz.com\/fw\/wp-content\/uploads\/2014\/08\/Atlas-de-repartition-des-mammiferes-dalsace-page-interieures-2.jpg?fit=480%2C358&#038;ssl=1\" src=\"https:\/\/i0.wp.com\/www.fannywalz.com\/fw\/wp-content\/uploads\/2014\/08\/Atlas-de-repartition-des-mammiferes-dalsace-page-interieures-2.jpg?w=316&#038;h=236&#038;ssl=1\" srcset=\"https:\/\/i0.wp.com\/www.fannywalz.com\/fw\/wp-content\/uploads\/2014\/08\/Atlas-de-repartition-des-mammiferes-dalsace-page-interieures-2.jpg?w=738&amp;ssl=1 738w, https:\/\/i0.wp.com\/www.fannywalz.com\/fw\/wp-content\/uploads\/2014\/08\/Atlas-de-repartition-des-mammiferes-dalsace-page-interieures-2.jpg?resize=250%2C186&amp;ssl=1 250w, https:\/\/i0.wp.com\/www.fannywalz.com\/fw\/wp-content\/uploads\/2014\/08\/Atlas-de-repartition-des-mammiferes-dalsace-page-interieures-2.jpg?resize=500%2C373&amp;ssl=1 500w, https:\/\/i0.wp.com\/www.fannywalz.com\/fw\/wp-content\/uploads\/2014\/08\/Atlas-de-repartition-des-mammiferes-dalsace-page-interieures-2.jpg?resize=700%2C522&amp;ssl=1 700w\" width=\"316\" height=\"236\" loading=\"lazy\" data-original-width=\"316\" data-original-height=\"236\" itemprop=\"http:\/\/schema.org\/image\" title=\"Atlas de repartition des mammiferes d&#039;alsace - page interieures 2\" alt=\"Atlas de repartition des mammiferes d&#039;alsace - page interieures 2\" style=\"width: 316px; height: 236px;\" \/> <\/a> <\/div> <\/div> <!-- close group --> <div class=\"gallery-group images-2\" style=\"width: 160px; height: 240px;\" data-original-width=\"160\" data-original-height=\"240\" > <div class=\"tiled-gallery-item tiled-gallery-item-small\" itemprop=\"associatedMedia\" itemscope itemtype=\"http:\/\/schema.org\/ImageObject\"> <a href=\"https:\/\/www.fannywalz.com\/fw\/portfolio\/edition-livre-atlas-repartition-mammiferes-alsace\/atlas-de-repartition-des-mammiferes-dalsace-page-interieures-3\/\" border=\"0\" itemprop=\"url\"> <meta itemprop=\"width\" content=\"156\"> <meta itemprop=\"height\" content=\"116\"> <img decoding=\"async\" class=\"\" data-attachment-id=\"2385\" data-orig-file=\"https:\/\/www.fannywalz.com\/fw\/wp-content\/uploads\/2014\/08\/Atlas-de-repartition-des-mammiferes-dalsace-page-interieures-3.jpg\" data-orig-size=\"738,550\" data-comments-opened=\"\" data-image-meta=\"{&quot;aperture&quot;:&quot;0&quot;,&quot;credit&quot;:&quot;&quot;,&quot;camera&quot;:&quot;&quot;,&quot;caption&quot;:&quot;&quot;,&quot;created_timestamp&quot;:&quot;0&quot;,&quot;copyright&quot;:&quot;&quot;,&quot;focal_length&quot;:&quot;0&quot;,&quot;iso&quot;:&quot;0&quot;,&quot;shutter_speed&quot;:&quot;0&quot;,&quot;title&quot;:&quot;&quot;,&quot;orientation&quot;:&quot;1&quot;}\" data-image-title=\"Atlas de repartition des mammiferes d&amp;rsquo;alsace &#8211; page interieures 3\" data-image-description=\"\" data-medium-file=\"https:\/\/i0.wp.com\/www.fannywalz.com\/fw\/wp-content\/uploads\/2014\/08\/Atlas-de-repartition-des-mammiferes-dalsace-page-interieures-3.jpg?fit=500%2C373&#038;ssl=1\" data-large-file=\"https:\/\/i0.wp.com\/www.fannywalz.com\/fw\/wp-content\/uploads\/2014\/08\/Atlas-de-repartition-des-mammiferes-dalsace-page-interieures-3.jpg?fit=480%2C358&#038;ssl=1\" src=\"https:\/\/i0.wp.com\/www.fannywalz.com\/fw\/wp-content\/uploads\/2014\/08\/Atlas-de-repartition-des-mammiferes-dalsace-page-interieures-3.jpg?w=156&#038;h=116&#038;ssl=1\" srcset=\"https:\/\/i0.wp.com\/www.fannywalz.com\/fw\/wp-content\/uploads\/2014\/08\/Atlas-de-repartition-des-mammiferes-dalsace-page-interieures-3.jpg?w=738&amp;ssl=1 738w, https:\/\/i0.wp.com\/www.fannywalz.com\/fw\/wp-content\/uploads\/2014\/08\/Atlas-de-repartition-des-mammiferes-dalsace-page-interieures-3.jpg?resize=250%2C186&amp;ssl=1 250w, https:\/\/i0.wp.com\/www.fannywalz.com\/fw\/wp-content\/uploads\/2014\/08\/Atlas-de-repartition-des-mammiferes-dalsace-page-interieures-3.jpg?resize=500%2C373&amp;ssl=1 500w, https:\/\/i0.wp.com\/www.fannywalz.com\/fw\/wp-content\/uploads\/2014\/08\/Atlas-de-repartition-des-mammiferes-dalsace-page-interieures-3.jpg?resize=700%2C522&amp;ssl=1 700w\" width=\"156\" height=\"116\" loading=\"lazy\" data-original-width=\"156\" data-original-height=\"116\" itemprop=\"http:\/\/schema.org\/image\" title=\"Atlas de repartition des mammiferes d&#039;alsace - page interieures 3\" alt=\"Atlas de repartition des mammiferes d&#039;alsace - page interieures 3\" style=\"width: 156px; height: 116px;\" \/> <\/a> <\/div> <div class=\"tiled-gallery-item tiled-gallery-item-small\" itemprop=\"associatedMedia\" itemscope itemtype=\"http:\/\/schema.org\/ImageObject\"> <a href=\"https:\/\/www.fannywalz.com\/fw\/portfolio\/edition-livre-atlas-repartition-mammiferes-alsace\/atlas-de-repartition-des-mammiferes-dalsace-page-interieures-4\/\" border=\"0\" itemprop=\"url\"> <meta itemprop=\"width\" content=\"156\"> <meta itemprop=\"height\" content=\"116\"> <img decoding=\"async\" class=\"\" data-attachment-id=\"2386\" data-orig-file=\"https:\/\/www.fannywalz.com\/fw\/wp-content\/uploads\/2014\/08\/Atlas-de-repartition-des-mammiferes-dalsace-page-interieures-4.jpg\" data-orig-size=\"738,550\" data-comments-opened=\"\" data-image-meta=\"{&quot;aperture&quot;:&quot;0&quot;,&quot;credit&quot;:&quot;&quot;,&quot;camera&quot;:&quot;&quot;,&quot;caption&quot;:&quot;&quot;,&quot;created_timestamp&quot;:&quot;0&quot;,&quot;copyright&quot;:&quot;&quot;,&quot;focal_length&quot;:&quot;0&quot;,&quot;iso&quot;:&quot;0&quot;,&quot;shutter_speed&quot;:&quot;0&quot;,&quot;title&quot;:&quot;&quot;,&quot;orientation&quot;:&quot;1&quot;}\" data-image-title=\"Atlas de repartition des mammiferes d&amp;rsquo;alsace &#8211; page interieures 4\" data-image-description=\"\" data-medium-file=\"https:\/\/i0.wp.com\/www.fannywalz.com\/fw\/wp-content\/uploads\/2014\/08\/Atlas-de-repartition-des-mammiferes-dalsace-page-interieures-4.jpg?fit=500%2C373&#038;ssl=1\" data-large-file=\"https:\/\/i0.wp.com\/www.fannywalz.com\/fw\/wp-content\/uploads\/2014\/08\/Atlas-de-repartition-des-mammiferes-dalsace-page-interieures-4.jpg?fit=480%2C358&#038;ssl=1\" src=\"https:\/\/i0.wp.com\/www.fannywalz.com\/fw\/wp-content\/uploads\/2014\/08\/Atlas-de-repartition-des-mammiferes-dalsace-page-interieures-4.jpg?w=156&#038;h=116&#038;ssl=1\" srcset=\"https:\/\/i0.wp.com\/www.fannywalz.com\/fw\/wp-content\/uploads\/2014\/08\/Atlas-de-repartition-des-mammiferes-dalsace-page-interieures-4.jpg?w=738&amp;ssl=1 738w, https:\/\/i0.wp.com\/www.fannywalz.com\/fw\/wp-content\/uploads\/2014\/08\/Atlas-de-repartition-des-mammiferes-dalsace-page-interieures-4.jpg?resize=250%2C186&amp;ssl=1 250w, https:\/\/i0.wp.com\/www.fannywalz.com\/fw\/wp-content\/uploads\/2014\/08\/Atlas-de-repartition-des-mammiferes-dalsace-page-interieures-4.jpg?resize=500%2C373&amp;ssl=1 500w, https:\/\/i0.wp.com\/www.fannywalz.com\/fw\/wp-content\/uploads\/2014\/08\/Atlas-de-repartition-des-mammiferes-dalsace-page-interieures-4.jpg?resize=700%2C522&amp;ssl=1 700w\" width=\"156\" height=\"116\" loading=\"lazy\" data-original-width=\"156\" data-original-height=\"116\" itemprop=\"http:\/\/schema.org\/image\" title=\"Atlas de repartition des mammiferes d&#039;alsace - page interieures 4\" alt=\"Atlas de repartition des mammiferes d&#039;alsace - page interieures 4\" style=\"width: 156px; height: 116px;\" \/> <\/a> <\/div> <\/div> <!-- close group --> <\/div> <!-- close row --> <div class=\"gallery-row\" style=\"width: 480px; height: 180px;\" data-original-width=\"480\" data-original-height=\"180\" > <div class=\"gallery-group images-1\" style=\"width: 240px; height: 180px;\" data-original-width=\"240\" data-original-height=\"180\" > <div class=\"tiled-gallery-item tiled-gallery-item-small\" itemprop=\"associatedMedia\" itemscope itemtype=\"http:\/\/schema.org\/ImageObject\"> <a href=\"https:\/\/www.fannywalz.com\/fw\/portfolio\/edition-livre-atlas-repartition-mammiferes-alsace\/atlas-de-repartition-des-mammiferes-dalsace-page-interieures-5\/\" border=\"0\" itemprop=\"url\"> <meta itemprop=\"width\" content=\"236\"> <meta itemprop=\"height\" content=\"176\"> <img decoding=\"async\" class=\"\" data-attachment-id=\"2387\" data-orig-file=\"https:\/\/www.fannywalz.com\/fw\/wp-content\/uploads\/2014\/08\/Atlas-de-repartition-des-mammiferes-dalsace-page-interieures-5.jpg\" data-orig-size=\"738,550\" data-comments-opened=\"\" data-image-meta=\"{&quot;aperture&quot;:&quot;0&quot;,&quot;credit&quot;:&quot;&quot;,&quot;camera&quot;:&quot;&quot;,&quot;caption&quot;:&quot;&quot;,&quot;created_timestamp&quot;:&quot;0&quot;,&quot;copyright&quot;:&quot;&quot;,&quot;focal_length&quot;:&quot;0&quot;,&quot;iso&quot;:&quot;0&quot;,&quot;shutter_speed&quot;:&quot;0&quot;,&quot;title&quot;:&quot;&quot;,&quot;orientation&quot;:&quot;1&quot;}\" data-image-title=\"Atlas de repartition des mammiferes d&amp;rsquo;alsace &#8211; page interieures 5\" data-image-description=\"\" data-medium-file=\"https:\/\/i0.wp.com\/www.fannywalz.com\/fw\/wp-content\/uploads\/2014\/08\/Atlas-de-repartition-des-mammiferes-dalsace-page-interieures-5.jpg?fit=500%2C373&#038;ssl=1\" data-large-file=\"https:\/\/i0.wp.com\/www.fannywalz.com\/fw\/wp-content\/uploads\/2014\/08\/Atlas-de-repartition-des-mammiferes-dalsace-page-interieures-5.jpg?fit=480%2C358&#038;ssl=1\" src=\"https:\/\/i0.wp.com\/www.fannywalz.com\/fw\/wp-content\/uploads\/2014\/08\/Atlas-de-repartition-des-mammiferes-dalsace-page-interieures-5.jpg?w=236&#038;h=176&#038;ssl=1\" srcset=\"https:\/\/i0.wp.com\/www.fannywalz.com\/fw\/wp-content\/uploads\/2014\/08\/Atlas-de-repartition-des-mammiferes-dalsace-page-interieures-5.jpg?w=738&amp;ssl=1 738w, https:\/\/i0.wp.com\/www.fannywalz.com\/fw\/wp-content\/uploads\/2014\/08\/Atlas-de-repartition-des-mammiferes-dalsace-page-interieures-5.jpg?resize=250%2C186&amp;ssl=1 250w, https:\/\/i0.wp.com\/www.fannywalz.com\/fw\/wp-content\/uploads\/2014\/08\/Atlas-de-repartition-des-mammiferes-dalsace-page-interieures-5.jpg?resize=500%2C373&amp;ssl=1 500w, https:\/\/i0.wp.com\/www.fannywalz.com\/fw\/wp-content\/uploads\/2014\/08\/Atlas-de-repartition-des-mammiferes-dalsace-page-interieures-5.jpg?resize=700%2C522&amp;ssl=1 700w\" width=\"236\" height=\"176\" loading=\"lazy\" data-original-width=\"236\" data-original-height=\"176\" itemprop=\"http:\/\/schema.org\/image\" title=\"Atlas de repartition des mammiferes d&#039;alsace - page interieures 5\" alt=\"Atlas de repartition des mammiferes d&#039;alsace - page interieures 5\" style=\"width: 236px; height: 176px;\" \/> <\/a> <\/div> <\/div> <!-- close group --> <div class=\"gallery-group images-1\" style=\"width: 240px; height: 180px;\" data-original-width=\"240\" data-original-height=\"180\" > <div class=\"tiled-gallery-item tiled-gallery-item-small\" itemprop=\"associatedMedia\" itemscope itemtype=\"http:\/\/schema.org\/ImageObject\"> <a href=\"https:\/\/www.fannywalz.com\/fw\/portfolio\/edition-livre-atlas-repartition-mammiferes-alsace\/atlas-de-repartition-des-mammiferes-dalsace-page-interieures-6\/\" border=\"0\" itemprop=\"url\"> <meta itemprop=\"width\" content=\"236\"> <meta itemprop=\"height\" content=\"176\"> <img decoding=\"async\" class=\"\" data-attachment-id=\"2388\" data-orig-file=\"https:\/\/www.fannywalz.com\/fw\/wp-content\/uploads\/2014\/08\/Atlas-de-repartition-des-mammiferes-dalsace-page-interieures-6.jpg\" data-orig-size=\"738,550\" data-comments-opened=\"\" data-image-meta=\"{&quot;aperture&quot;:&quot;0&quot;,&quot;credit&quot;:&quot;&quot;,&quot;camera&quot;:&quot;&quot;,&quot;caption&quot;:&quot;&quot;,&quot;created_timestamp&quot;:&quot;0&quot;,&quot;copyright&quot;:&quot;&quot;,&quot;focal_length&quot;:&quot;0&quot;,&quot;iso&quot;:&quot;0&quot;,&quot;shutter_speed&quot;:&quot;0&quot;,&quot;title&quot;:&quot;&quot;,&quot;orientation&quot;:&quot;1&quot;}\" data-image-title=\"Atlas de repartition des mammiferes d&amp;rsquo;alsace &#8211; page interieures 6\" data-image-description=\"\" data-medium-file=\"https:\/\/i0.wp.com\/www.fannywalz.com\/fw\/wp-content\/uploads\/2014\/08\/Atlas-de-repartition-des-mammiferes-dalsace-page-interieures-6.jpg?fit=500%2C373&#038;ssl=1\" data-large-file=\"https:\/\/i0.wp.com\/www.fannywalz.com\/fw\/wp-content\/uploads\/2014\/08\/Atlas-de-repartition-des-mammiferes-dalsace-page-interieures-6.jpg?fit=480%2C358&#038;ssl=1\" src=\"https:\/\/i0.wp.com\/www.fannywalz.com\/fw\/wp-content\/uploads\/2014\/08\/Atlas-de-repartition-des-mammiferes-dalsace-page-interieures-6.jpg?w=236&#038;h=176&#038;ssl=1\" srcset=\"https:\/\/i0.wp.com\/www.fannywalz.com\/fw\/wp-content\/uploads\/2014\/08\/Atlas-de-repartition-des-mammiferes-dalsace-page-interieures-6.jpg?w=738&amp;ssl=1 738w, https:\/\/i0.wp.com\/www.fannywalz.com\/fw\/wp-content\/uploads\/2014\/08\/Atlas-de-repartition-des-mammiferes-dalsace-page-interieures-6.jpg?resize=250%2C186&amp;ssl=1 250w, https:\/\/i0.wp.com\/www.fannywalz.com\/fw\/wp-content\/uploads\/2014\/08\/Atlas-de-repartition-des-mammiferes-dalsace-page-interieures-6.jpg?resize=500%2C373&amp;ssl=1 500w, https:\/\/i0.wp.com\/www.fannywalz.com\/fw\/wp-content\/uploads\/2014\/08\/Atlas-de-repartition-des-mammiferes-dalsace-page-interieures-6.jpg?resize=700%2C522&amp;ssl=1 700w\" width=\"236\" height=\"176\" loading=\"lazy\" data-original-width=\"236\" data-original-height=\"176\" itemprop=\"http:\/\/schema.org\/image\" title=\"Atlas de repartition des mammiferes d&#039;alsace - page interieures 6\" alt=\"Atlas de repartition des mammiferes d&#039;alsace - page interieures 6\" style=\"width: 236px; height: 176px;\" \/> <\/a> <\/div> <\/div> <!-- close group --> <\/div> <!-- close row --> <\/div>\n","protected":false},"excerpt":{"rendered":"<p>Cr\u00e9ation \u00e9ditoriale pour ce titre de la collection <i>Atlas de la Faune d\u2019Alsace<\/i> \u00e9dit\u00e9 par l\u2019association Gepma. R\u00e9pertoire de 76 esp\u00e8ces de mammif\u00e8res<br \/>\nqui vivent en Alsace.<\/p>\n<p class=\"detail-projet\">744 pages <br \/>\nFormat 165\u2009x\u2009240\u2009mm<\/p>\n<p><a href=\"http:\/\/gepma.org\/\" target=\"_blank\">Voir le site du GEPMA<\/a><br \/>\n<a href=\"http:\/\/www.fannywalz.com\/fw\/portfolio\/livre-rouge-des-especes-menacees-en-alsace\/\">Voir le projet du livre Odonat <i>Liste rouge des esp\u00e8ces menac\u00e9es en Alsace<\/i><\/a><\/p>\n","protected":false},"author":1,"featured_media":1425,"comment_status":"closed","ping_status":"open","template":"","meta":{"jetpack_post_was_ever_published":false,"footnotes":""},"portfolio-category":[24],"portfolio-tag":[],"yoast_head":"<!-- This site is optimized with the Yoast SEO plugin v24.4 - https:\/\/yoast.com\/wordpress\/plugins\/seo\/ -->\n<title>Atlas de r\u00e9partition des Mammif\u00e8res d\u2019Alsace - Fanny Walz<\/title>\n<meta name=\"description\" content=\"Cr\u00e9ation de la charte graphique \u00e9ditoriale de l&#039;Atlas des Mammif\u00e8res d&#039;Alsace, \u00e9dit\u00e9 par l&#039;association Gepma \u00e0 Strasbourg.\" \/>\n<meta name=\"robots\" content=\"index, follow, max-snippet:-1, max-image-preview:large, max-video-preview:-1\" \/>\n<link rel=\"canonical\" href=\"https:\/\/www.fannywalz.com\/fw\/portfolio\/edition-livre-atlas-repartition-mammiferes-alsace\/\" \/>\n<meta property=\"og:locale\" content=\"fr_FR\" \/>\n<meta property=\"og:type\" content=\"article\" \/>\n<meta property=\"og:title\" content=\"Atlas de r\u00e9partition des Mammif\u00e8res d\u2019Alsace - Fanny Walz\" \/>\n<meta property=\"og:description\" content=\"Cr\u00e9ation de la charte graphique \u00e9ditoriale de l&#039;Atlas des Mammif\u00e8res d&#039;Alsace, \u00e9dit\u00e9 par l&#039;association Gepma \u00e0 Strasbourg.\" \/>\n<meta property=\"og:url\" content=\"https:\/\/www.fannywalz.com\/fw\/portfolio\/edition-livre-atlas-repartition-mammiferes-alsace\/\" \/>\n<meta property=\"og:site_name\" content=\"Fanny Walz\" \/>\n<meta property=\"article:modified_time\" content=\"2018-06-05T09:41:38+00:00\" \/>\n<meta property=\"og:image\" content=\"https:\/\/i0.wp.com\/www.fannywalz.com\/fw\/wp-content\/uploads\/2016\/08\/gepma_thumb.jpg?fit=315%2C315&ssl=1\" \/>\n\t<meta property=\"og:image:width\" content=\"315\" \/>\n\t<meta property=\"og:image:height\" content=\"315\" \/>\n\t<meta property=\"og:image:type\" content=\"image\/jpeg\" \/>\n<meta name=\"twitter:card\" content=\"summary_large_image\" \/>\n<script type=\"application\/ld+json\" class=\"yoast-schema-graph\">{\"@context\":\"https:\/\/schema.org\",\"@graph\":[{\"@type\":\"WebPage\",\"@id\":\"https:\/\/www.fannywalz.com\/fw\/portfolio\/edition-livre-atlas-repartition-mammiferes-alsace\/\",\"url\":\"https:\/\/www.fannywalz.com\/fw\/portfolio\/edition-livre-atlas-repartition-mammiferes-alsace\/\",\"name\":\"Atlas de r\u00e9partition des Mammif\u00e8res d\u2019Alsace - Fanny Walz\",\"isPartOf\":{\"@id\":\"http:\/\/www.fannywalz.com\/fw\/#website\"},\"primaryImageOfPage\":{\"@id\":\"https:\/\/www.fannywalz.com\/fw\/portfolio\/edition-livre-atlas-repartition-mammiferes-alsace\/#primaryimage\"},\"image\":{\"@id\":\"https:\/\/www.fannywalz.com\/fw\/portfolio\/edition-livre-atlas-repartition-mammiferes-alsace\/#primaryimage\"},\"thumbnailUrl\":\"https:\/\/i0.wp.com\/www.fannywalz.com\/fw\/wp-content\/uploads\/2016\/08\/gepma_thumb.jpg?fit=315%2C315&ssl=1\",\"datePublished\":\"2014-08-03T19:28:20+00:00\",\"dateModified\":\"2018-06-05T09:41:38+00:00\",\"description\":\"Cr\u00e9ation de la charte graphique \u00e9ditoriale de l'Atlas des Mammif\u00e8res d'Alsace, \u00e9dit\u00e9 par l'association Gepma \u00e0 Strasbourg.\",\"breadcrumb\":{\"@id\":\"https:\/\/www.fannywalz.com\/fw\/portfolio\/edition-livre-atlas-repartition-mammiferes-alsace\/#breadcrumb\"},\"inLanguage\":\"fr-FR\",\"potentialAction\":[{\"@type\":\"ReadAction\",\"target\":[\"https:\/\/www.fannywalz.com\/fw\/portfolio\/edition-livre-atlas-repartition-mammiferes-alsace\/\"]}]},{\"@type\":\"ImageObject\",\"inLanguage\":\"fr-FR\",\"@id\":\"https:\/\/www.fannywalz.com\/fw\/portfolio\/edition-livre-atlas-repartition-mammiferes-alsace\/#primaryimage\",\"url\":\"https:\/\/i0.wp.com\/www.fannywalz.com\/fw\/wp-content\/uploads\/2016\/08\/gepma_thumb.jpg?fit=315%2C315&ssl=1\",\"contentUrl\":\"https:\/\/i0.wp.com\/www.fannywalz.com\/fw\/wp-content\/uploads\/2016\/08\/gepma_thumb.jpg?fit=315%2C315&ssl=1\",\"width\":315,\"height\":315,\"caption\":\"Atlas de r\u00e9partition des Mammif\u00e8res d\u2019Alsace\"},{\"@type\":\"BreadcrumbList\",\"@id\":\"https:\/\/www.fannywalz.com\/fw\/portfolio\/edition-livre-atlas-repartition-mammiferes-alsace\/#breadcrumb\",\"itemListElement\":[{\"@type\":\"ListItem\",\"position\":1,\"name\":\"Accueil\",\"item\":\"http:\/\/www.fannywalz.com\/fw\/\"},{\"@type\":\"ListItem\",\"position\":2,\"name\":\"Projects\",\"item\":\"http:\/\/www.fannywalz.com\/fw\/portfolio\/\"},{\"@type\":\"ListItem\",\"position\":3,\"name\":\"Atlas de r\u00e9partition des Mammif\u00e8res d\u2019Alsace\"}]},{\"@type\":\"WebSite\",\"@id\":\"http:\/\/www.fannywalz.com\/fw\/#website\",\"url\":\"http:\/\/www.fannywalz.com\/fw\/\",\"name\":\"Fanny Walz\",\"description\":\"Graphisme et cr\u00e9ations artisanales\",\"potentialAction\":[{\"@type\":\"SearchAction\",\"target\":{\"@type\":\"EntryPoint\",\"urlTemplate\":\"http:\/\/www.fannywalz.com\/fw\/?s={search_term_string}\"},\"query-input\":{\"@type\":\"PropertyValueSpecification\",\"valueRequired\":true,\"valueName\":\"search_term_string\"}}],\"inLanguage\":\"fr-FR\"}]}<\/script>\n<!-- \/ Yoast SEO plugin. -->","yoast_head_json":{"title":"Atlas de r\u00e9partition des Mammif\u00e8res d\u2019Alsace - Fanny Walz","description":"Cr\u00e9ation de la charte graphique \u00e9ditoriale de l'Atlas des Mammif\u00e8res d'Alsace, \u00e9dit\u00e9 par l'association Gepma \u00e0 Strasbourg.","robots":{"index":"index","follow":"follow","max-snippet":"max-snippet:-1","max-image-preview":"max-image-preview:large","max-video-preview":"max-video-preview:-1"},"canonical":"https:\/\/www.fannywalz.com\/fw\/portfolio\/edition-livre-atlas-repartition-mammiferes-alsace\/","og_locale":"fr_FR","og_type":"article","og_title":"Atlas de r\u00e9partition des Mammif\u00e8res d\u2019Alsace - Fanny Walz","og_description":"Cr\u00e9ation de la charte graphique \u00e9ditoriale de l'Atlas des Mammif\u00e8res d'Alsace, \u00e9dit\u00e9 par l'association Gepma \u00e0 Strasbourg.","og_url":"https:\/\/www.fannywalz.com\/fw\/portfolio\/edition-livre-atlas-repartition-mammiferes-alsace\/","og_site_name":"Fanny Walz","article_modified_time":"2018-06-05T09:41:38+00:00","og_image":[{"width":315,"height":315,"url":"https:\/\/i0.wp.com\/www.fannywalz.com\/fw\/wp-content\/uploads\/2016\/08\/gepma_thumb.jpg?fit=315%2C315&ssl=1","type":"image\/jpeg"}],"twitter_card":"summary_large_image","schema":{"@context":"https:\/\/schema.org","@graph":[{"@type":"WebPage","@id":"https:\/\/www.fannywalz.com\/fw\/portfolio\/edition-livre-atlas-repartition-mammiferes-alsace\/","url":"https:\/\/www.fannywalz.com\/fw\/portfolio\/edition-livre-atlas-repartition-mammiferes-alsace\/","name":"Atlas de r\u00e9partition des Mammif\u00e8res d\u2019Alsace - Fanny Walz","isPartOf":{"@id":"http:\/\/www.fannywalz.com\/fw\/#website"},"primaryImageOfPage":{"@id":"https:\/\/www.fannywalz.com\/fw\/portfolio\/edition-livre-atlas-repartition-mammiferes-alsace\/#primaryimage"},"image":{"@id":"https:\/\/www.fannywalz.com\/fw\/portfolio\/edition-livre-atlas-repartition-mammiferes-alsace\/#primaryimage"},"thumbnailUrl":"https:\/\/i0.wp.com\/www.fannywalz.com\/fw\/wp-content\/uploads\/2016\/08\/gepma_thumb.jpg?fit=315%2C315&ssl=1","datePublished":"2014-08-03T19:28:20+00:00","dateModified":"2018-06-05T09:41:38+00:00","description":"Cr\u00e9ation de la charte graphique \u00e9ditoriale de l'Atlas des Mammif\u00e8res d'Alsace, \u00e9dit\u00e9 par l'association Gepma \u00e0 Strasbourg.","breadcrumb":{"@id":"https:\/\/www.fannywalz.com\/fw\/portfolio\/edition-livre-atlas-repartition-mammiferes-alsace\/#breadcrumb"},"inLanguage":"fr-FR","potentialAction":[{"@type":"ReadAction","target":["https:\/\/www.fannywalz.com\/fw\/portfolio\/edition-livre-atlas-repartition-mammiferes-alsace\/"]}]},{"@type":"ImageObject","inLanguage":"fr-FR","@id":"https:\/\/www.fannywalz.com\/fw\/portfolio\/edition-livre-atlas-repartition-mammiferes-alsace\/#primaryimage","url":"https:\/\/i0.wp.com\/www.fannywalz.com\/fw\/wp-content\/uploads\/2016\/08\/gepma_thumb.jpg?fit=315%2C315&ssl=1","contentUrl":"https:\/\/i0.wp.com\/www.fannywalz.com\/fw\/wp-content\/uploads\/2016\/08\/gepma_thumb.jpg?fit=315%2C315&ssl=1","width":315,"height":315,"caption":"Atlas de r\u00e9partition des Mammif\u00e8res d\u2019Alsace"},{"@type":"BreadcrumbList","@id":"https:\/\/www.fannywalz.com\/fw\/portfolio\/edition-livre-atlas-repartition-mammiferes-alsace\/#breadcrumb","itemListElement":[{"@type":"ListItem","position":1,"name":"Accueil","item":"http:\/\/www.fannywalz.com\/fw\/"},{"@type":"ListItem","position":2,"name":"Projects","item":"http:\/\/www.fannywalz.com\/fw\/portfolio\/"},{"@type":"ListItem","position":3,"name":"Atlas de r\u00e9partition des Mammif\u00e8res d\u2019Alsace"}]},{"@type":"WebSite","@id":"http:\/\/www.fannywalz.com\/fw\/#website","url":"http:\/\/www.fannywalz.com\/fw\/","name":"Fanny Walz","description":"Graphisme et cr\u00e9ations artisanales","potentialAction":[{"@type":"SearchAction","target":{"@type":"EntryPoint","urlTemplate":"http:\/\/www.fannywalz.com\/fw\/?s={search_term_string}"},"query-input":{"@type":"PropertyValueSpecification","valueRequired":true,"valueName":"search_term_string"}}],"inLanguage":"fr-FR"}]}},"jetpack_sharing_enabled":true,"_links":{"self":[{"href":"https:\/\/www.fannywalz.com\/fw\/wp-json\/wp\/v2\/portfolio\/1422"}],"collection":[{"href":"https:\/\/www.fannywalz.com\/fw\/wp-json\/wp\/v2\/portfolio"}],"about":[{"href":"https:\/\/www.fannywalz.com\/fw\/wp-json\/wp\/v2\/types\/portfolio"}],"author":[{"embeddable":true,"href":"https:\/\/www.fannywalz.com\/fw\/wp-json\/wp\/v2\/users\/1"}],"replies":[{"embeddable":true,"href":"https:\/\/www.fannywalz.com\/fw\/wp-json\/wp\/v2\/comments?post=1422"}],"version-history":[{"count":16,"href":"https:\/\/www.fannywalz.com\/fw\/wp-json\/wp\/v2\/portfolio\/1422\/revisions"}],"predecessor-version":[{"id":3860,"href":"https:\/\/www.fannywalz.com\/fw\/wp-json\/wp\/v2\/portfolio\/1422\/revisions\/3860"}],"wp:featuredmedia":[{"embeddable":true,"href":"https:\/\/www.fannywalz.com\/fw\/wp-json\/wp\/v2\/media\/1425"}],"wp:attachment":[{"href":"https:\/\/www.fannywalz.com\/fw\/wp-json\/wp\/v2\/media?parent=1422"}],"wp:term":[{"taxonomy":"portfolio-category","embeddable":true,"href":"https:\/\/www.fannywalz.com\/fw\/wp-json\/wp\/v2\/portfolio-category?post=1422"},{"taxonomy":"portfolio-tag","embeddable":true,"href":"https:\/\/www.fannywalz.com\/fw\/wp-json\/wp\/v2\/portfolio-tag?post=1422"}],"curies":[{"name":"wp","href":"https:\/\/api.w.org\/{rel}","templated":true}]}}