{"id":1407,"date":"2015-05-03T21:12:42","date_gmt":"2015-05-03T19:12:42","guid":{"rendered":"http:\/\/www.fannywalz.com\/fw\/?post_type=portfolio&#038;p=1407"},"modified":"2018-06-05T11:42:34","modified_gmt":"2018-06-05T09:42:34","slug":"edition-livre-rouge-des-especes-menacees-en-alsace","status":"publish","type":"portfolio","link":"https:\/\/www.fannywalz.com\/fw\/portfolio\/edition-livre-rouge-des-especes-menacees-en-alsace\/","title":{"rendered":"Livre Rouge des Esp\u00e8ces menac\u00e9es en Alsace"},"content":{"rendered":"<div class=\"tiled-gallery type-rectangular tiled-gallery-unresized\" data-original-width=\"480\" data-carousel-extra='{&quot;blog_id&quot;:1,&quot;permalink&quot;:&quot;https:\\\/\\\/www.fannywalz.com\\\/fw\\\/portfolio\\\/edition-livre-rouge-des-especes-menacees-en-alsace\\\/&quot;,&quot;likes_blog_id&quot;:112652587}' itemscope itemtype=\"http:\/\/schema.org\/ImageGallery\" > <div class=\"gallery-row\" style=\"width: 480px; height: 247px;\" data-original-width=\"480\" data-original-height=\"247\" > <div class=\"gallery-group images-1\" style=\"width: 320px; height: 247px;\" data-original-width=\"320\" data-original-height=\"247\" > <div class=\"tiled-gallery-item tiled-gallery-item-large\" itemprop=\"associatedMedia\" itemscope itemtype=\"http:\/\/schema.org\/ImageObject\"> <a href=\"https:\/\/www.fannywalz.com\/fw\/portfolio\/edition-livre-rouge-des-especes-menacees-en-alsace\/odonat-livre-rouge-especes-menacees-alsace-1\/\" border=\"0\" itemprop=\"url\"> <meta itemprop=\"width\" content=\"316\"> <meta itemprop=\"height\" content=\"243\"> <img decoding=\"async\" class=\"\" data-attachment-id=\"1919\" data-orig-file=\"https:\/\/www.fannywalz.com\/fw\/wp-content\/uploads\/2015\/05\/Odonat-Livre-rouge-especes-menacees-alsace-1.jpg\" data-orig-size=\"971,745\" data-comments-opened=\"\" data-image-meta=\"{&quot;aperture&quot;:&quot;0&quot;,&quot;credit&quot;:&quot;&quot;,&quot;camera&quot;:&quot;&quot;,&quot;caption&quot;:&quot;&quot;,&quot;created_timestamp&quot;:&quot;0&quot;,&quot;copyright&quot;:&quot;&quot;,&quot;focal_length&quot;:&quot;0&quot;,&quot;iso&quot;:&quot;0&quot;,&quot;shutter_speed&quot;:&quot;0&quot;,&quot;title&quot;:&quot;&quot;,&quot;orientation&quot;:&quot;1&quot;}\" data-image-title=\"Odonat Livre rouge especes menacees alsace 1\" data-image-description=\"\" data-medium-file=\"https:\/\/i0.wp.com\/www.fannywalz.com\/fw\/wp-content\/uploads\/2015\/05\/Odonat-Livre-rouge-especes-menacees-alsace-1.jpg?fit=500%2C384&#038;ssl=1\" data-large-file=\"https:\/\/i0.wp.com\/www.fannywalz.com\/fw\/wp-content\/uploads\/2015\/05\/Odonat-Livre-rouge-especes-menacees-alsace-1.jpg?fit=480%2C368&#038;ssl=1\" src=\"https:\/\/i0.wp.com\/www.fannywalz.com\/fw\/wp-content\/uploads\/2015\/05\/Odonat-Livre-rouge-especes-menacees-alsace-1.jpg?w=316&#038;h=243&#038;ssl=1\" srcset=\"https:\/\/i0.wp.com\/www.fannywalz.com\/fw\/wp-content\/uploads\/2015\/05\/Odonat-Livre-rouge-especes-menacees-alsace-1.jpg?w=971&amp;ssl=1 971w, https:\/\/i0.wp.com\/www.fannywalz.com\/fw\/wp-content\/uploads\/2015\/05\/Odonat-Livre-rouge-especes-menacees-alsace-1.jpg?resize=250%2C192&amp;ssl=1 250w, https:\/\/i0.wp.com\/www.fannywalz.com\/fw\/wp-content\/uploads\/2015\/05\/Odonat-Livre-rouge-especes-menacees-alsace-1.jpg?resize=500%2C384&amp;ssl=1 500w, https:\/\/i0.wp.com\/www.fannywalz.com\/fw\/wp-content\/uploads\/2015\/05\/Odonat-Livre-rouge-especes-menacees-alsace-1.jpg?resize=700%2C537&amp;ssl=1 700w\" width=\"316\" height=\"243\" loading=\"lazy\" data-original-width=\"316\" data-original-height=\"243\" itemprop=\"http:\/\/schema.org\/image\" title=\"Odonat Livre rouge especes menacees alsace 1\" alt=\"Odonat Livre rouge especes menacees alsace 1\" style=\"width: 316px; height: 243px;\" \/> <\/a> <\/div> <\/div> <!-- close group --> <div class=\"gallery-group images-2\" style=\"width: 160px; height: 247px;\" data-original-width=\"160\" data-original-height=\"247\" > <div class=\"tiled-gallery-item tiled-gallery-item-small\" itemprop=\"associatedMedia\" itemscope itemtype=\"http:\/\/schema.org\/ImageObject\"> <a href=\"https:\/\/www.fannywalz.com\/fw\/portfolio\/edition-livre-rouge-des-especes-menacees-en-alsace\/odonat-livre-rouge-especes-menacees-alsace-6\/\" border=\"0\" itemprop=\"url\"> <meta itemprop=\"width\" content=\"156\"> <meta itemprop=\"height\" content=\"120\"> <img decoding=\"async\" class=\"\" data-attachment-id=\"1924\" data-orig-file=\"https:\/\/www.fannywalz.com\/fw\/wp-content\/uploads\/2015\/05\/Odonat-Livre-rouge-especes-menacees-alsace-6.jpg\" data-orig-size=\"971,745\" data-comments-opened=\"\" data-image-meta=\"{&quot;aperture&quot;:&quot;0&quot;,&quot;credit&quot;:&quot;&quot;,&quot;camera&quot;:&quot;&quot;,&quot;caption&quot;:&quot;&quot;,&quot;created_timestamp&quot;:&quot;0&quot;,&quot;copyright&quot;:&quot;&quot;,&quot;focal_length&quot;:&quot;0&quot;,&quot;iso&quot;:&quot;0&quot;,&quot;shutter_speed&quot;:&quot;0&quot;,&quot;title&quot;:&quot;&quot;,&quot;orientation&quot;:&quot;1&quot;}\" data-image-title=\"Odonat Livre rouge especes menacees alsace 6\" data-image-description=\"\" data-medium-file=\"https:\/\/i0.wp.com\/www.fannywalz.com\/fw\/wp-content\/uploads\/2015\/05\/Odonat-Livre-rouge-especes-menacees-alsace-6.jpg?fit=500%2C384&#038;ssl=1\" data-large-file=\"https:\/\/i0.wp.com\/www.fannywalz.com\/fw\/wp-content\/uploads\/2015\/05\/Odonat-Livre-rouge-especes-menacees-alsace-6.jpg?fit=480%2C368&#038;ssl=1\" src=\"https:\/\/i0.wp.com\/www.fannywalz.com\/fw\/wp-content\/uploads\/2015\/05\/Odonat-Livre-rouge-especes-menacees-alsace-6.jpg?w=156&#038;h=120&#038;ssl=1\" srcset=\"https:\/\/i0.wp.com\/www.fannywalz.com\/fw\/wp-content\/uploads\/2015\/05\/Odonat-Livre-rouge-especes-menacees-alsace-6.jpg?w=971&amp;ssl=1 971w, https:\/\/i0.wp.com\/www.fannywalz.com\/fw\/wp-content\/uploads\/2015\/05\/Odonat-Livre-rouge-especes-menacees-alsace-6.jpg?resize=250%2C192&amp;ssl=1 250w, https:\/\/i0.wp.com\/www.fannywalz.com\/fw\/wp-content\/uploads\/2015\/05\/Odonat-Livre-rouge-especes-menacees-alsace-6.jpg?resize=500%2C384&amp;ssl=1 500w, https:\/\/i0.wp.com\/www.fannywalz.com\/fw\/wp-content\/uploads\/2015\/05\/Odonat-Livre-rouge-especes-menacees-alsace-6.jpg?resize=700%2C537&amp;ssl=1 700w\" width=\"156\" height=\"120\" loading=\"lazy\" data-original-width=\"156\" data-original-height=\"120\" itemprop=\"http:\/\/schema.org\/image\" title=\"Odonat Livre rouge especes menacees alsace 6\" alt=\"Odonat Livre rouge especes menacees alsace 6\" style=\"width: 156px; height: 120px;\" \/> <\/a> <\/div> <div class=\"tiled-gallery-item tiled-gallery-item-small\" itemprop=\"associatedMedia\" itemscope itemtype=\"http:\/\/schema.org\/ImageObject\"> <a href=\"https:\/\/www.fannywalz.com\/fw\/portfolio\/edition-livre-rouge-des-especes-menacees-en-alsace\/odonat-livre-rouge-especes-menacees-alsace-8\/\" border=\"0\" itemprop=\"url\"> <meta itemprop=\"width\" content=\"156\"> <meta itemprop=\"height\" content=\"119\"> <img decoding=\"async\" class=\"\" data-attachment-id=\"1926\" data-orig-file=\"https:\/\/www.fannywalz.com\/fw\/wp-content\/uploads\/2015\/05\/Odonat-Livre-rouge-especes-menacees-alsace-8.jpg\" data-orig-size=\"971,745\" data-comments-opened=\"\" data-image-meta=\"{&quot;aperture&quot;:&quot;0&quot;,&quot;credit&quot;:&quot;&quot;,&quot;camera&quot;:&quot;&quot;,&quot;caption&quot;:&quot;&quot;,&quot;created_timestamp&quot;:&quot;0&quot;,&quot;copyright&quot;:&quot;&quot;,&quot;focal_length&quot;:&quot;0&quot;,&quot;iso&quot;:&quot;0&quot;,&quot;shutter_speed&quot;:&quot;0&quot;,&quot;title&quot;:&quot;&quot;,&quot;orientation&quot;:&quot;1&quot;}\" data-image-title=\"Odonat Livre rouge especes menacees alsace 8\" data-image-description=\"\" data-medium-file=\"https:\/\/i0.wp.com\/www.fannywalz.com\/fw\/wp-content\/uploads\/2015\/05\/Odonat-Livre-rouge-especes-menacees-alsace-8.jpg?fit=500%2C384&#038;ssl=1\" data-large-file=\"https:\/\/i0.wp.com\/www.fannywalz.com\/fw\/wp-content\/uploads\/2015\/05\/Odonat-Livre-rouge-especes-menacees-alsace-8.jpg?fit=480%2C368&#038;ssl=1\" src=\"https:\/\/i0.wp.com\/www.fannywalz.com\/fw\/wp-content\/uploads\/2015\/05\/Odonat-Livre-rouge-especes-menacees-alsace-8.jpg?w=156&#038;h=119&#038;ssl=1\" srcset=\"https:\/\/i0.wp.com\/www.fannywalz.com\/fw\/wp-content\/uploads\/2015\/05\/Odonat-Livre-rouge-especes-menacees-alsace-8.jpg?w=971&amp;ssl=1 971w, https:\/\/i0.wp.com\/www.fannywalz.com\/fw\/wp-content\/uploads\/2015\/05\/Odonat-Livre-rouge-especes-menacees-alsace-8.jpg?resize=250%2C192&amp;ssl=1 250w, https:\/\/i0.wp.com\/www.fannywalz.com\/fw\/wp-content\/uploads\/2015\/05\/Odonat-Livre-rouge-especes-menacees-alsace-8.jpg?resize=500%2C384&amp;ssl=1 500w, https:\/\/i0.wp.com\/www.fannywalz.com\/fw\/wp-content\/uploads\/2015\/05\/Odonat-Livre-rouge-especes-menacees-alsace-8.jpg?resize=700%2C537&amp;ssl=1 700w\" width=\"156\" height=\"119\" loading=\"lazy\" data-original-width=\"156\" data-original-height=\"119\" itemprop=\"http:\/\/schema.org\/image\" title=\"Odonat Livre rouge especes menacees alsace 8\" alt=\"Odonat Livre rouge especes menacees alsace 8\" style=\"width: 156px; height: 119px;\" \/> <\/a> <\/div> <\/div> <!-- close group --> <\/div> <!-- close row --> <div class=\"gallery-row\" style=\"width: 480px; height: 247px;\" data-original-width=\"480\" data-original-height=\"247\" > <div class=\"gallery-group images-2\" style=\"width: 160px; height: 247px;\" data-original-width=\"160\" data-original-height=\"247\" > <div class=\"tiled-gallery-item tiled-gallery-item-small\" itemprop=\"associatedMedia\" itemscope itemtype=\"http:\/\/schema.org\/ImageObject\"> <a href=\"https:\/\/www.fannywalz.com\/fw\/portfolio\/edition-livre-rouge-des-especes-menacees-en-alsace\/odonat-livre-rouge-especes-menacees-alsace-9\/\" border=\"0\" itemprop=\"url\"> <meta itemprop=\"width\" content=\"156\"> <meta itemprop=\"height\" content=\"120\"> <img decoding=\"async\" class=\"\" data-attachment-id=\"1927\" data-orig-file=\"https:\/\/www.fannywalz.com\/fw\/wp-content\/uploads\/2015\/05\/Odonat-Livre-rouge-especes-menacees-alsace-9.jpg\" data-orig-size=\"971,745\" data-comments-opened=\"\" data-image-meta=\"{&quot;aperture&quot;:&quot;0&quot;,&quot;credit&quot;:&quot;&quot;,&quot;camera&quot;:&quot;&quot;,&quot;caption&quot;:&quot;&quot;,&quot;created_timestamp&quot;:&quot;0&quot;,&quot;copyright&quot;:&quot;&quot;,&quot;focal_length&quot;:&quot;0&quot;,&quot;iso&quot;:&quot;0&quot;,&quot;shutter_speed&quot;:&quot;0&quot;,&quot;title&quot;:&quot;&quot;,&quot;orientation&quot;:&quot;1&quot;}\" data-image-title=\"Odonat Livre rouge especes menacees alsace 9\" data-image-description=\"\" data-medium-file=\"https:\/\/i0.wp.com\/www.fannywalz.com\/fw\/wp-content\/uploads\/2015\/05\/Odonat-Livre-rouge-especes-menacees-alsace-9.jpg?fit=500%2C384&#038;ssl=1\" data-large-file=\"https:\/\/i0.wp.com\/www.fannywalz.com\/fw\/wp-content\/uploads\/2015\/05\/Odonat-Livre-rouge-especes-menacees-alsace-9.jpg?fit=480%2C368&#038;ssl=1\" src=\"https:\/\/i0.wp.com\/www.fannywalz.com\/fw\/wp-content\/uploads\/2015\/05\/Odonat-Livre-rouge-especes-menacees-alsace-9.jpg?w=156&#038;h=120&#038;ssl=1\" srcset=\"https:\/\/i0.wp.com\/www.fannywalz.com\/fw\/wp-content\/uploads\/2015\/05\/Odonat-Livre-rouge-especes-menacees-alsace-9.jpg?w=971&amp;ssl=1 971w, https:\/\/i0.wp.com\/www.fannywalz.com\/fw\/wp-content\/uploads\/2015\/05\/Odonat-Livre-rouge-especes-menacees-alsace-9.jpg?resize=250%2C192&amp;ssl=1 250w, https:\/\/i0.wp.com\/www.fannywalz.com\/fw\/wp-content\/uploads\/2015\/05\/Odonat-Livre-rouge-especes-menacees-alsace-9.jpg?resize=500%2C384&amp;ssl=1 500w, https:\/\/i0.wp.com\/www.fannywalz.com\/fw\/wp-content\/uploads\/2015\/05\/Odonat-Livre-rouge-especes-menacees-alsace-9.jpg?resize=700%2C537&amp;ssl=1 700w\" width=\"156\" height=\"120\" loading=\"lazy\" data-original-width=\"156\" data-original-height=\"120\" itemprop=\"http:\/\/schema.org\/image\" title=\"Odonat Livre rouge especes menacees alsace 9\" alt=\"Odonat Livre rouge especes menacees alsace 9\" style=\"width: 156px; height: 120px;\" \/> <\/a> <\/div> <div class=\"tiled-gallery-item tiled-gallery-item-small\" itemprop=\"associatedMedia\" itemscope itemtype=\"http:\/\/schema.org\/ImageObject\"> <a href=\"https:\/\/www.fannywalz.com\/fw\/portfolio\/edition-livre-rouge-des-especes-menacees-en-alsace\/odonat-livre-rouge-especes-menacees-alsace-11\/\" border=\"0\" itemprop=\"url\"> <meta itemprop=\"width\" content=\"156\"> <meta itemprop=\"height\" content=\"119\"> <img decoding=\"async\" class=\"\" data-attachment-id=\"1929\" data-orig-file=\"https:\/\/www.fannywalz.com\/fw\/wp-content\/uploads\/2015\/05\/Odonat-Livre-rouge-especes-menacees-alsace-11.jpg\" data-orig-size=\"971,745\" data-comments-opened=\"\" data-image-meta=\"{&quot;aperture&quot;:&quot;0&quot;,&quot;credit&quot;:&quot;&quot;,&quot;camera&quot;:&quot;&quot;,&quot;caption&quot;:&quot;&quot;,&quot;created_timestamp&quot;:&quot;0&quot;,&quot;copyright&quot;:&quot;&quot;,&quot;focal_length&quot;:&quot;0&quot;,&quot;iso&quot;:&quot;0&quot;,&quot;shutter_speed&quot;:&quot;0&quot;,&quot;title&quot;:&quot;&quot;,&quot;orientation&quot;:&quot;1&quot;}\" data-image-title=\"Odonat Livre rouge especes menacees alsace 11\" data-image-description=\"\" data-medium-file=\"https:\/\/i0.wp.com\/www.fannywalz.com\/fw\/wp-content\/uploads\/2015\/05\/Odonat-Livre-rouge-especes-menacees-alsace-11.jpg?fit=500%2C384&#038;ssl=1\" data-large-file=\"https:\/\/i0.wp.com\/www.fannywalz.com\/fw\/wp-content\/uploads\/2015\/05\/Odonat-Livre-rouge-especes-menacees-alsace-11.jpg?fit=480%2C368&#038;ssl=1\" src=\"https:\/\/i0.wp.com\/www.fannywalz.com\/fw\/wp-content\/uploads\/2015\/05\/Odonat-Livre-rouge-especes-menacees-alsace-11.jpg?w=156&#038;h=119&#038;ssl=1\" srcset=\"https:\/\/i0.wp.com\/www.fannywalz.com\/fw\/wp-content\/uploads\/2015\/05\/Odonat-Livre-rouge-especes-menacees-alsace-11.jpg?w=971&amp;ssl=1 971w, https:\/\/i0.wp.com\/www.fannywalz.com\/fw\/wp-content\/uploads\/2015\/05\/Odonat-Livre-rouge-especes-menacees-alsace-11.jpg?resize=250%2C192&amp;ssl=1 250w, https:\/\/i0.wp.com\/www.fannywalz.com\/fw\/wp-content\/uploads\/2015\/05\/Odonat-Livre-rouge-especes-menacees-alsace-11.jpg?resize=500%2C384&amp;ssl=1 500w, https:\/\/i0.wp.com\/www.fannywalz.com\/fw\/wp-content\/uploads\/2015\/05\/Odonat-Livre-rouge-especes-menacees-alsace-11.jpg?resize=700%2C537&amp;ssl=1 700w\" width=\"156\" height=\"119\" loading=\"lazy\" data-original-width=\"156\" data-original-height=\"119\" itemprop=\"http:\/\/schema.org\/image\" title=\"Odonat Livre rouge especes menacees alsace 11\" alt=\"Odonat Livre rouge especes menacees alsace 11\" style=\"width: 156px; height: 119px;\" \/> <\/a> <\/div> <\/div> <!-- close group --> <div class=\"gallery-group images-1\" style=\"width: 320px; height: 247px;\" data-original-width=\"320\" data-original-height=\"247\" > <div class=\"tiled-gallery-item tiled-gallery-item-large\" itemprop=\"associatedMedia\" itemscope itemtype=\"http:\/\/schema.org\/ImageObject\"> <a href=\"https:\/\/www.fannywalz.com\/fw\/portfolio\/edition-livre-rouge-des-especes-menacees-en-alsace\/odonat-livre-rouge-especes-menacees-alsace-10\/\" border=\"0\" itemprop=\"url\"> <meta itemprop=\"width\" content=\"316\"> <meta itemprop=\"height\" content=\"243\"> <img decoding=\"async\" class=\"\" data-attachment-id=\"1928\" data-orig-file=\"https:\/\/www.fannywalz.com\/fw\/wp-content\/uploads\/2015\/05\/Odonat-Livre-rouge-especes-menacees-alsace-10.jpg\" data-orig-size=\"971,745\" data-comments-opened=\"\" data-image-meta=\"{&quot;aperture&quot;:&quot;0&quot;,&quot;credit&quot;:&quot;&quot;,&quot;camera&quot;:&quot;&quot;,&quot;caption&quot;:&quot;&quot;,&quot;created_timestamp&quot;:&quot;0&quot;,&quot;copyright&quot;:&quot;&quot;,&quot;focal_length&quot;:&quot;0&quot;,&quot;iso&quot;:&quot;0&quot;,&quot;shutter_speed&quot;:&quot;0&quot;,&quot;title&quot;:&quot;&quot;,&quot;orientation&quot;:&quot;1&quot;}\" data-image-title=\"Odonat Livre rouge especes menacees alsace 10\" data-image-description=\"\" data-medium-file=\"https:\/\/i0.wp.com\/www.fannywalz.com\/fw\/wp-content\/uploads\/2015\/05\/Odonat-Livre-rouge-especes-menacees-alsace-10.jpg?fit=500%2C384&#038;ssl=1\" data-large-file=\"https:\/\/i0.wp.com\/www.fannywalz.com\/fw\/wp-content\/uploads\/2015\/05\/Odonat-Livre-rouge-especes-menacees-alsace-10.jpg?fit=480%2C368&#038;ssl=1\" src=\"https:\/\/i0.wp.com\/www.fannywalz.com\/fw\/wp-content\/uploads\/2015\/05\/Odonat-Livre-rouge-especes-menacees-alsace-10.jpg?w=316&#038;h=243&#038;ssl=1\" srcset=\"https:\/\/i0.wp.com\/www.fannywalz.com\/fw\/wp-content\/uploads\/2015\/05\/Odonat-Livre-rouge-especes-menacees-alsace-10.jpg?w=971&amp;ssl=1 971w, https:\/\/i0.wp.com\/www.fannywalz.com\/fw\/wp-content\/uploads\/2015\/05\/Odonat-Livre-rouge-especes-menacees-alsace-10.jpg?resize=250%2C192&amp;ssl=1 250w, https:\/\/i0.wp.com\/www.fannywalz.com\/fw\/wp-content\/uploads\/2015\/05\/Odonat-Livre-rouge-especes-menacees-alsace-10.jpg?resize=500%2C384&amp;ssl=1 500w, https:\/\/i0.wp.com\/www.fannywalz.com\/fw\/wp-content\/uploads\/2015\/05\/Odonat-Livre-rouge-especes-menacees-alsace-10.jpg?resize=700%2C537&amp;ssl=1 700w\" width=\"316\" height=\"243\" loading=\"lazy\" data-original-width=\"316\" data-original-height=\"243\" itemprop=\"http:\/\/schema.org\/image\" title=\"Odonat Livre rouge especes menacees alsace 10\" alt=\"Odonat Livre rouge especes menacees alsace 10\" style=\"width: 316px; height: 243px;\" \/> <\/a> <\/div> <\/div> <!-- close group --> <\/div> <!-- close row --> <div class=\"gallery-row\" style=\"width: 480px; height: 124px;\" data-original-width=\"480\" data-original-height=\"124\" > <div class=\"gallery-group images-1\" style=\"width: 160px; height: 124px;\" data-original-width=\"160\" data-original-height=\"124\" > <div class=\"tiled-gallery-item tiled-gallery-item-small\" itemprop=\"associatedMedia\" itemscope itemtype=\"http:\/\/schema.org\/ImageObject\"> <a href=\"https:\/\/www.fannywalz.com\/fw\/portfolio\/edition-livre-rouge-des-especes-menacees-en-alsace\/odonat-livre-rouge-especes-menacees-alsace-12\/\" border=\"0\" itemprop=\"url\"> <meta itemprop=\"width\" content=\"156\"> <meta itemprop=\"height\" content=\"120\"> <img decoding=\"async\" class=\"\" data-attachment-id=\"1930\" data-orig-file=\"https:\/\/www.fannywalz.com\/fw\/wp-content\/uploads\/2015\/05\/Odonat-Livre-rouge-especes-menacees-alsace-12.jpg\" data-orig-size=\"971,745\" data-comments-opened=\"\" data-image-meta=\"{&quot;aperture&quot;:&quot;0&quot;,&quot;credit&quot;:&quot;&quot;,&quot;camera&quot;:&quot;&quot;,&quot;caption&quot;:&quot;&quot;,&quot;created_timestamp&quot;:&quot;0&quot;,&quot;copyright&quot;:&quot;&quot;,&quot;focal_length&quot;:&quot;0&quot;,&quot;iso&quot;:&quot;0&quot;,&quot;shutter_speed&quot;:&quot;0&quot;,&quot;title&quot;:&quot;&quot;,&quot;orientation&quot;:&quot;1&quot;}\" data-image-title=\"Odonat Livre rouge especes menacees alsace 12\" data-image-description=\"\" data-medium-file=\"https:\/\/i0.wp.com\/www.fannywalz.com\/fw\/wp-content\/uploads\/2015\/05\/Odonat-Livre-rouge-especes-menacees-alsace-12.jpg?fit=500%2C384&#038;ssl=1\" data-large-file=\"https:\/\/i0.wp.com\/www.fannywalz.com\/fw\/wp-content\/uploads\/2015\/05\/Odonat-Livre-rouge-especes-menacees-alsace-12.jpg?fit=480%2C368&#038;ssl=1\" src=\"https:\/\/i0.wp.com\/www.fannywalz.com\/fw\/wp-content\/uploads\/2015\/05\/Odonat-Livre-rouge-especes-menacees-alsace-12.jpg?w=156&#038;h=120&#038;ssl=1\" srcset=\"https:\/\/i0.wp.com\/www.fannywalz.com\/fw\/wp-content\/uploads\/2015\/05\/Odonat-Livre-rouge-especes-menacees-alsace-12.jpg?w=971&amp;ssl=1 971w, https:\/\/i0.wp.com\/www.fannywalz.com\/fw\/wp-content\/uploads\/2015\/05\/Odonat-Livre-rouge-especes-menacees-alsace-12.jpg?resize=250%2C192&amp;ssl=1 250w, https:\/\/i0.wp.com\/www.fannywalz.com\/fw\/wp-content\/uploads\/2015\/05\/Odonat-Livre-rouge-especes-menacees-alsace-12.jpg?resize=500%2C384&amp;ssl=1 500w, https:\/\/i0.wp.com\/www.fannywalz.com\/fw\/wp-content\/uploads\/2015\/05\/Odonat-Livre-rouge-especes-menacees-alsace-12.jpg?resize=700%2C537&amp;ssl=1 700w\" width=\"156\" height=\"120\" loading=\"lazy\" data-original-width=\"156\" data-original-height=\"120\" itemprop=\"http:\/\/schema.org\/image\" title=\"Odonat Livre rouge especes menacees alsace 12\" alt=\"Odonat Livre rouge especes menacees alsace 12\" style=\"width: 156px; height: 120px;\" \/> <\/a> <\/div> <\/div> <!-- close group --> <div class=\"gallery-group images-1\" style=\"width: 160px; height: 124px;\" data-original-width=\"160\" data-original-height=\"124\" > <div class=\"tiled-gallery-item tiled-gallery-item-small\" itemprop=\"associatedMedia\" itemscope itemtype=\"http:\/\/schema.org\/ImageObject\"> <a href=\"https:\/\/www.fannywalz.com\/fw\/portfolio\/edition-livre-rouge-des-especes-menacees-en-alsace\/odonat-livre-rouge-especes-menacees-alsace-13\/\" border=\"0\" itemprop=\"url\"> <meta itemprop=\"width\" content=\"156\"> <meta itemprop=\"height\" content=\"120\"> <img decoding=\"async\" class=\"\" data-attachment-id=\"1931\" data-orig-file=\"https:\/\/www.fannywalz.com\/fw\/wp-content\/uploads\/2015\/05\/Odonat-Livre-rouge-especes-menacees-alsace-13.jpg\" data-orig-size=\"971,745\" data-comments-opened=\"\" data-image-meta=\"{&quot;aperture&quot;:&quot;0&quot;,&quot;credit&quot;:&quot;&quot;,&quot;camera&quot;:&quot;&quot;,&quot;caption&quot;:&quot;&quot;,&quot;created_timestamp&quot;:&quot;0&quot;,&quot;copyright&quot;:&quot;&quot;,&quot;focal_length&quot;:&quot;0&quot;,&quot;iso&quot;:&quot;0&quot;,&quot;shutter_speed&quot;:&quot;0&quot;,&quot;title&quot;:&quot;&quot;,&quot;orientation&quot;:&quot;1&quot;}\" data-image-title=\"Odonat Livre rouge especes menacees alsace 13\" data-image-description=\"\" data-medium-file=\"https:\/\/i0.wp.com\/www.fannywalz.com\/fw\/wp-content\/uploads\/2015\/05\/Odonat-Livre-rouge-especes-menacees-alsace-13.jpg?fit=500%2C384&#038;ssl=1\" data-large-file=\"https:\/\/i0.wp.com\/www.fannywalz.com\/fw\/wp-content\/uploads\/2015\/05\/Odonat-Livre-rouge-especes-menacees-alsace-13.jpg?fit=480%2C368&#038;ssl=1\" src=\"https:\/\/i0.wp.com\/www.fannywalz.com\/fw\/wp-content\/uploads\/2015\/05\/Odonat-Livre-rouge-especes-menacees-alsace-13.jpg?w=156&#038;h=120&#038;ssl=1\" srcset=\"https:\/\/i0.wp.com\/www.fannywalz.com\/fw\/wp-content\/uploads\/2015\/05\/Odonat-Livre-rouge-especes-menacees-alsace-13.jpg?w=971&amp;ssl=1 971w, https:\/\/i0.wp.com\/www.fannywalz.com\/fw\/wp-content\/uploads\/2015\/05\/Odonat-Livre-rouge-especes-menacees-alsace-13.jpg?resize=250%2C192&amp;ssl=1 250w, https:\/\/i0.wp.com\/www.fannywalz.com\/fw\/wp-content\/uploads\/2015\/05\/Odonat-Livre-rouge-especes-menacees-alsace-13.jpg?resize=500%2C384&amp;ssl=1 500w, https:\/\/i0.wp.com\/www.fannywalz.com\/fw\/wp-content\/uploads\/2015\/05\/Odonat-Livre-rouge-especes-menacees-alsace-13.jpg?resize=700%2C537&amp;ssl=1 700w\" width=\"156\" height=\"120\" loading=\"lazy\" data-original-width=\"156\" data-original-height=\"120\" itemprop=\"http:\/\/schema.org\/image\" title=\"Odonat Livre rouge especes menacees alsace 13\" alt=\"Odonat Livre rouge especes menacees alsace 13\" style=\"width: 156px; height: 120px;\" \/> <\/a> <\/div> <\/div> <!-- close group --> <div class=\"gallery-group images-1\" style=\"width: 160px; height: 124px;\" data-original-width=\"160\" data-original-height=\"124\" > <div class=\"tiled-gallery-item tiled-gallery-item-small\" itemprop=\"associatedMedia\" itemscope itemtype=\"http:\/\/schema.org\/ImageObject\"> <a href=\"https:\/\/www.fannywalz.com\/fw\/portfolio\/edition-livre-rouge-des-especes-menacees-en-alsace\/odonat-livre-rouge-especes-menacees-alsace-14\/\" border=\"0\" itemprop=\"url\"> <meta itemprop=\"width\" content=\"156\"> <meta itemprop=\"height\" content=\"120\"> <img decoding=\"async\" class=\"\" data-attachment-id=\"1932\" data-orig-file=\"https:\/\/www.fannywalz.com\/fw\/wp-content\/uploads\/2015\/05\/Odonat-Livre-rouge-especes-menacees-alsace-14.jpg\" data-orig-size=\"971,745\" data-comments-opened=\"\" data-image-meta=\"{&quot;aperture&quot;:&quot;0&quot;,&quot;credit&quot;:&quot;&quot;,&quot;camera&quot;:&quot;&quot;,&quot;caption&quot;:&quot;&quot;,&quot;created_timestamp&quot;:&quot;0&quot;,&quot;copyright&quot;:&quot;&quot;,&quot;focal_length&quot;:&quot;0&quot;,&quot;iso&quot;:&quot;0&quot;,&quot;shutter_speed&quot;:&quot;0&quot;,&quot;title&quot;:&quot;&quot;,&quot;orientation&quot;:&quot;1&quot;}\" data-image-title=\"Odonat Livre rouge especes menacees alsace 14\" data-image-description=\"\" data-medium-file=\"https:\/\/i0.wp.com\/www.fannywalz.com\/fw\/wp-content\/uploads\/2015\/05\/Odonat-Livre-rouge-especes-menacees-alsace-14.jpg?fit=500%2C384&#038;ssl=1\" data-large-file=\"https:\/\/i0.wp.com\/www.fannywalz.com\/fw\/wp-content\/uploads\/2015\/05\/Odonat-Livre-rouge-especes-menacees-alsace-14.jpg?fit=480%2C368&#038;ssl=1\" src=\"https:\/\/i0.wp.com\/www.fannywalz.com\/fw\/wp-content\/uploads\/2015\/05\/Odonat-Livre-rouge-especes-menacees-alsace-14.jpg?w=156&#038;h=120&#038;ssl=1\" srcset=\"https:\/\/i0.wp.com\/www.fannywalz.com\/fw\/wp-content\/uploads\/2015\/05\/Odonat-Livre-rouge-especes-menacees-alsace-14.jpg?w=971&amp;ssl=1 971w, https:\/\/i0.wp.com\/www.fannywalz.com\/fw\/wp-content\/uploads\/2015\/05\/Odonat-Livre-rouge-especes-menacees-alsace-14.jpg?resize=250%2C192&amp;ssl=1 250w, https:\/\/i0.wp.com\/www.fannywalz.com\/fw\/wp-content\/uploads\/2015\/05\/Odonat-Livre-rouge-especes-menacees-alsace-14.jpg?resize=500%2C384&amp;ssl=1 500w, https:\/\/i0.wp.com\/www.fannywalz.com\/fw\/wp-content\/uploads\/2015\/05\/Odonat-Livre-rouge-especes-menacees-alsace-14.jpg?resize=700%2C537&amp;ssl=1 700w\" width=\"156\" height=\"120\" loading=\"lazy\" data-original-width=\"156\" data-original-height=\"120\" itemprop=\"http:\/\/schema.org\/image\" title=\"Odonat Livre rouge especes menacees alsace 14\" alt=\"Odonat Livre rouge especes menacees alsace 14\" style=\"width: 156px; height: 120px;\" \/> <\/a> <\/div> <\/div> <!-- close group --> <\/div> <!-- close row --> <\/div>\n<div class=\"tiled-gallery type-rectangular tiled-gallery-unresized\" data-original-width=\"480\" data-carousel-extra='{&quot;blog_id&quot;:1,&quot;permalink&quot;:&quot;https:\\\/\\\/www.fannywalz.com\\\/fw\\\/portfolio\\\/edition-livre-rouge-des-especes-menacees-en-alsace\\\/&quot;,&quot;likes_blog_id&quot;:112652587}' itemscope itemtype=\"http:\/\/schema.org\/ImageGallery\" > <div class=\"gallery-row\" style=\"width: 480px; height: 136px;\" data-original-width=\"480\" data-original-height=\"136\" > <div class=\"gallery-group images-1\" style=\"width: 240px; height: 136px;\" data-original-width=\"240\" data-original-height=\"136\" > <div class=\"tiled-gallery-item tiled-gallery-item-small\" itemprop=\"associatedMedia\" itemscope itemtype=\"http:\/\/schema.org\/ImageObject\"> <a href=\"https:\/\/www.fannywalz.com\/fw\/portfolio\/edition-livre-rouge-des-especes-menacees-en-alsace\/livre-rouge-odonat-fanny-walz-1-2\/\" border=\"0\" itemprop=\"url\"> <meta itemprop=\"width\" content=\"236\"> <meta itemprop=\"height\" content=\"132\"> <img decoding=\"async\" class=\"\" data-attachment-id=\"1409\" data-orig-file=\"https:\/\/www.fannywalz.com\/fw\/wp-content\/uploads\/2016\/08\/livre-rouge-ODONAT-Fanny-Walz-1.jpg\" data-orig-size=\"700,393\" data-comments-opened=\"\" data-image-meta=\"{&quot;aperture&quot;:&quot;4.5&quot;,&quot;credit&quot;:&quot;&quot;,&quot;camera&quot;:&quot;NEX-7&quot;,&quot;caption&quot;:&quot;&quot;,&quot;created_timestamp&quot;:&quot;1446648078&quot;,&quot;copyright&quot;:&quot;&quot;,&quot;focal_length&quot;:&quot;33&quot;,&quot;iso&quot;:&quot;400&quot;,&quot;shutter_speed&quot;:&quot;0.0166666666667&quot;,&quot;title&quot;:&quot;&quot;,&quot;orientation&quot;:&quot;1&quot;}\" data-image-title=\"livre rouge ODONAT &#8211; Fanny Walz &#8211; 1\" data-image-description=\"\" data-medium-file=\"https:\/\/i0.wp.com\/www.fannywalz.com\/fw\/wp-content\/uploads\/2016\/08\/livre-rouge-ODONAT-Fanny-Walz-1.jpg?fit=500%2C281&#038;ssl=1\" data-large-file=\"https:\/\/i0.wp.com\/www.fannywalz.com\/fw\/wp-content\/uploads\/2016\/08\/livre-rouge-ODONAT-Fanny-Walz-1.jpg?fit=480%2C269&#038;ssl=1\" src=\"https:\/\/i0.wp.com\/www.fannywalz.com\/fw\/wp-content\/uploads\/2016\/08\/livre-rouge-ODONAT-Fanny-Walz-1.jpg?w=236&#038;h=132&#038;ssl=1\" srcset=\"https:\/\/i0.wp.com\/www.fannywalz.com\/fw\/wp-content\/uploads\/2016\/08\/livre-rouge-ODONAT-Fanny-Walz-1.jpg?w=700&amp;ssl=1 700w, https:\/\/i0.wp.com\/www.fannywalz.com\/fw\/wp-content\/uploads\/2016\/08\/livre-rouge-ODONAT-Fanny-Walz-1.jpg?resize=250%2C140&amp;ssl=1 250w, https:\/\/i0.wp.com\/www.fannywalz.com\/fw\/wp-content\/uploads\/2016\/08\/livre-rouge-ODONAT-Fanny-Walz-1.jpg?resize=500%2C281&amp;ssl=1 500w\" width=\"236\" height=\"132\" loading=\"lazy\" data-original-width=\"236\" data-original-height=\"132\" itemprop=\"http:\/\/schema.org\/image\" title=\"livre rouge ODONAT - Fanny Walz - 1\" alt=\"Livre Rouge des Esp\u00e8ces menac\u00e9es en Alsace\" style=\"width: 236px; height: 132px;\" \/> <\/a> <\/div> <\/div> <!-- close group --> <div class=\"gallery-group images-1\" style=\"width: 240px; height: 136px;\" data-original-width=\"240\" data-original-height=\"136\" > <div class=\"tiled-gallery-item tiled-gallery-item-small\" itemprop=\"associatedMedia\" itemscope itemtype=\"http:\/\/schema.org\/ImageObject\"> <a href=\"https:\/\/www.fannywalz.com\/fw\/portfolio\/edition-livre-rouge-des-especes-menacees-en-alsace\/livre-rouge-odonat-fanny-walz-2-2\/\" border=\"0\" itemprop=\"url\"> <meta itemprop=\"width\" content=\"236\"> <meta itemprop=\"height\" content=\"132\"> <img decoding=\"async\" class=\"\" data-attachment-id=\"1410\" data-orig-file=\"https:\/\/www.fannywalz.com\/fw\/wp-content\/uploads\/2016\/08\/livre-rouge-ODONAT-Fanny-Walz-2.jpg\" data-orig-size=\"700,393\" data-comments-opened=\"\" data-image-meta=\"{&quot;aperture&quot;:&quot;4.5&quot;,&quot;credit&quot;:&quot;&quot;,&quot;camera&quot;:&quot;NEX-7&quot;,&quot;caption&quot;:&quot;&quot;,&quot;created_timestamp&quot;:&quot;1446648113&quot;,&quot;copyright&quot;:&quot;&quot;,&quot;focal_length&quot;:&quot;33&quot;,&quot;iso&quot;:&quot;500&quot;,&quot;shutter_speed&quot;:&quot;0.0166666666667&quot;,&quot;title&quot;:&quot;&quot;,&quot;orientation&quot;:&quot;1&quot;}\" data-image-title=\"livre rouge ODONAT &#8211; Fanny Walz &#8211; 2\" data-image-description=\"\" data-medium-file=\"https:\/\/i0.wp.com\/www.fannywalz.com\/fw\/wp-content\/uploads\/2016\/08\/livre-rouge-ODONAT-Fanny-Walz-2.jpg?fit=500%2C281&#038;ssl=1\" data-large-file=\"https:\/\/i0.wp.com\/www.fannywalz.com\/fw\/wp-content\/uploads\/2016\/08\/livre-rouge-ODONAT-Fanny-Walz-2.jpg?fit=480%2C269&#038;ssl=1\" src=\"https:\/\/i0.wp.com\/www.fannywalz.com\/fw\/wp-content\/uploads\/2016\/08\/livre-rouge-ODONAT-Fanny-Walz-2.jpg?w=236&#038;h=132&#038;ssl=1\" srcset=\"https:\/\/i0.wp.com\/www.fannywalz.com\/fw\/wp-content\/uploads\/2016\/08\/livre-rouge-ODONAT-Fanny-Walz-2.jpg?w=700&amp;ssl=1 700w, https:\/\/i0.wp.com\/www.fannywalz.com\/fw\/wp-content\/uploads\/2016\/08\/livre-rouge-ODONAT-Fanny-Walz-2.jpg?resize=250%2C140&amp;ssl=1 250w, https:\/\/i0.wp.com\/www.fannywalz.com\/fw\/wp-content\/uploads\/2016\/08\/livre-rouge-ODONAT-Fanny-Walz-2.jpg?resize=500%2C281&amp;ssl=1 500w\" width=\"236\" height=\"132\" loading=\"lazy\" data-original-width=\"236\" data-original-height=\"132\" itemprop=\"http:\/\/schema.org\/image\" title=\"livre rouge ODONAT - Fanny Walz - 2\" alt=\"Livre Rouge des Esp\u00e8ces menac\u00e9es en Alsace\" style=\"width: 236px; height: 132px;\" \/> <\/a> <\/div> <\/div> <!-- close group --> <\/div> <!-- close row --> <div class=\"gallery-row\" style=\"width: 480px; height: 136px;\" data-original-width=\"480\" data-original-height=\"136\" > <div class=\"gallery-group images-1\" style=\"width: 240px; height: 136px;\" data-original-width=\"240\" data-original-height=\"136\" > <div class=\"tiled-gallery-item tiled-gallery-item-small\" itemprop=\"associatedMedia\" itemscope itemtype=\"http:\/\/schema.org\/ImageObject\"> <a href=\"https:\/\/www.fannywalz.com\/fw\/portfolio\/edition-livre-rouge-des-especes-menacees-en-alsace\/livre-rouge-odonat-fanny-walz-3\/\" border=\"0\" itemprop=\"url\"> <meta itemprop=\"width\" content=\"236\"> <meta itemprop=\"height\" content=\"132\"> <img decoding=\"async\" class=\"\" data-attachment-id=\"1411\" data-orig-file=\"https:\/\/www.fannywalz.com\/fw\/wp-content\/uploads\/2016\/08\/livre-rouge-ODONAT-Fanny-Walz-3.jpg\" data-orig-size=\"700,393\" data-comments-opened=\"\" data-image-meta=\"{&quot;aperture&quot;:&quot;4.5&quot;,&quot;credit&quot;:&quot;&quot;,&quot;camera&quot;:&quot;NEX-7&quot;,&quot;caption&quot;:&quot;&quot;,&quot;created_timestamp&quot;:&quot;1446648183&quot;,&quot;copyright&quot;:&quot;&quot;,&quot;focal_length&quot;:&quot;33&quot;,&quot;iso&quot;:&quot;640&quot;,&quot;shutter_speed&quot;:&quot;0.0166666666667&quot;,&quot;title&quot;:&quot;&quot;,&quot;orientation&quot;:&quot;1&quot;}\" data-image-title=\"livre rouge ODONAT &#8211; Fanny Walz &#8211; 3\" data-image-description=\"\" data-medium-file=\"https:\/\/i0.wp.com\/www.fannywalz.com\/fw\/wp-content\/uploads\/2016\/08\/livre-rouge-ODONAT-Fanny-Walz-3.jpg?fit=500%2C281&#038;ssl=1\" data-large-file=\"https:\/\/i0.wp.com\/www.fannywalz.com\/fw\/wp-content\/uploads\/2016\/08\/livre-rouge-ODONAT-Fanny-Walz-3.jpg?fit=480%2C269&#038;ssl=1\" src=\"https:\/\/i0.wp.com\/www.fannywalz.com\/fw\/wp-content\/uploads\/2016\/08\/livre-rouge-ODONAT-Fanny-Walz-3.jpg?w=236&#038;h=132&#038;ssl=1\" srcset=\"https:\/\/i0.wp.com\/www.fannywalz.com\/fw\/wp-content\/uploads\/2016\/08\/livre-rouge-ODONAT-Fanny-Walz-3.jpg?w=700&amp;ssl=1 700w, https:\/\/i0.wp.com\/www.fannywalz.com\/fw\/wp-content\/uploads\/2016\/08\/livre-rouge-ODONAT-Fanny-Walz-3.jpg?resize=250%2C140&amp;ssl=1 250w, https:\/\/i0.wp.com\/www.fannywalz.com\/fw\/wp-content\/uploads\/2016\/08\/livre-rouge-ODONAT-Fanny-Walz-3.jpg?resize=500%2C281&amp;ssl=1 500w\" width=\"236\" height=\"132\" loading=\"lazy\" data-original-width=\"236\" data-original-height=\"132\" itemprop=\"http:\/\/schema.org\/image\" title=\"livre rouge ODONAT - Fanny Walz - 3\" alt=\"Livre Rouge des Esp\u00e8ces menac\u00e9es en Alsace\" style=\"width: 236px; height: 132px;\" \/> <\/a> <\/div> <\/div> <!-- close group --> <div class=\"gallery-group images-1\" style=\"width: 240px; height: 136px;\" data-original-width=\"240\" data-original-height=\"136\" > <div class=\"tiled-gallery-item tiled-gallery-item-small\" itemprop=\"associatedMedia\" itemscope itemtype=\"http:\/\/schema.org\/ImageObject\"> <a href=\"https:\/\/www.fannywalz.com\/fw\/portfolio\/edition-livre-rouge-des-especes-menacees-en-alsace\/livre-rouge-odonat-fanny-walz-4\/\" border=\"0\" itemprop=\"url\"> <meta itemprop=\"width\" content=\"236\"> <meta itemprop=\"height\" content=\"132\"> <img decoding=\"async\" class=\"\" data-attachment-id=\"1412\" data-orig-file=\"https:\/\/www.fannywalz.com\/fw\/wp-content\/uploads\/2016\/08\/livre-rouge-ODONAT-Fanny-Walz-4.jpg\" data-orig-size=\"700,393\" data-comments-opened=\"\" data-image-meta=\"{&quot;aperture&quot;:&quot;5&quot;,&quot;credit&quot;:&quot;&quot;,&quot;camera&quot;:&quot;NEX-7&quot;,&quot;caption&quot;:&quot;&quot;,&quot;created_timestamp&quot;:&quot;1446648229&quot;,&quot;copyright&quot;:&quot;&quot;,&quot;focal_length&quot;:&quot;47&quot;,&quot;iso&quot;:&quot;640&quot;,&quot;shutter_speed&quot;:&quot;0.0125&quot;,&quot;title&quot;:&quot;&quot;,&quot;orientation&quot;:&quot;1&quot;}\" data-image-title=\"livre rouge ODONAT &#8211; Fanny Walz &#8211; 4\" data-image-description=\"\" data-medium-file=\"https:\/\/i0.wp.com\/www.fannywalz.com\/fw\/wp-content\/uploads\/2016\/08\/livre-rouge-ODONAT-Fanny-Walz-4.jpg?fit=500%2C281&#038;ssl=1\" data-large-file=\"https:\/\/i0.wp.com\/www.fannywalz.com\/fw\/wp-content\/uploads\/2016\/08\/livre-rouge-ODONAT-Fanny-Walz-4.jpg?fit=480%2C269&#038;ssl=1\" src=\"https:\/\/i0.wp.com\/www.fannywalz.com\/fw\/wp-content\/uploads\/2016\/08\/livre-rouge-ODONAT-Fanny-Walz-4.jpg?w=236&#038;h=132&#038;ssl=1\" srcset=\"https:\/\/i0.wp.com\/www.fannywalz.com\/fw\/wp-content\/uploads\/2016\/08\/livre-rouge-ODONAT-Fanny-Walz-4.jpg?w=700&amp;ssl=1 700w, https:\/\/i0.wp.com\/www.fannywalz.com\/fw\/wp-content\/uploads\/2016\/08\/livre-rouge-ODONAT-Fanny-Walz-4.jpg?resize=250%2C140&amp;ssl=1 250w, https:\/\/i0.wp.com\/www.fannywalz.com\/fw\/wp-content\/uploads\/2016\/08\/livre-rouge-ODONAT-Fanny-Walz-4.jpg?resize=500%2C281&amp;ssl=1 500w\" width=\"236\" height=\"132\" loading=\"lazy\" data-original-width=\"236\" data-original-height=\"132\" itemprop=\"http:\/\/schema.org\/image\" title=\"livre rouge ODONAT - Fanny Walz - 4\" alt=\"Livre Rouge des Esp\u00e8ces menac\u00e9es en Alsace\" style=\"width: 236px; height: 132px;\" \/> <\/a> <\/div> <\/div> <!-- close group --> <\/div> <!-- close row --> <div class=\"gallery-row\" style=\"width: 480px; height: 136px;\" data-original-width=\"480\" data-original-height=\"136\" > <div class=\"gallery-group images-1\" style=\"width: 240px; height: 136px;\" data-original-width=\"240\" data-original-height=\"136\" > <div class=\"tiled-gallery-item tiled-gallery-item-small\" itemprop=\"associatedMedia\" itemscope itemtype=\"http:\/\/schema.org\/ImageObject\"> <a href=\"https:\/\/www.fannywalz.com\/fw\/portfolio\/edition-livre-rouge-des-especes-menacees-en-alsace\/livre-rouge-odonat-fanny-walz-5\/\" border=\"0\" itemprop=\"url\"> <meta itemprop=\"width\" content=\"236\"> <meta itemprop=\"height\" content=\"132\"> <img decoding=\"async\" class=\"\" data-attachment-id=\"1413\" data-orig-file=\"https:\/\/www.fannywalz.com\/fw\/wp-content\/uploads\/2016\/08\/livre-rouge-ODONAT-Fanny-Walz-5.jpg\" data-orig-size=\"700,393\" data-comments-opened=\"\" data-image-meta=\"{&quot;aperture&quot;:&quot;5&quot;,&quot;credit&quot;:&quot;&quot;,&quot;camera&quot;:&quot;NEX-7&quot;,&quot;caption&quot;:&quot;&quot;,&quot;created_timestamp&quot;:&quot;1446648242&quot;,&quot;copyright&quot;:&quot;&quot;,&quot;focal_length&quot;:&quot;47&quot;,&quot;iso&quot;:&quot;1250&quot;,&quot;shutter_speed&quot;:&quot;0.0125&quot;,&quot;title&quot;:&quot;&quot;,&quot;orientation&quot;:&quot;1&quot;}\" data-image-title=\"livre rouge ODONAT &#8211; Fanny Walz &#8211; 5\" data-image-description=\"\" data-medium-file=\"https:\/\/i0.wp.com\/www.fannywalz.com\/fw\/wp-content\/uploads\/2016\/08\/livre-rouge-ODONAT-Fanny-Walz-5.jpg?fit=500%2C281&#038;ssl=1\" data-large-file=\"https:\/\/i0.wp.com\/www.fannywalz.com\/fw\/wp-content\/uploads\/2016\/08\/livre-rouge-ODONAT-Fanny-Walz-5.jpg?fit=480%2C269&#038;ssl=1\" src=\"https:\/\/i0.wp.com\/www.fannywalz.com\/fw\/wp-content\/uploads\/2016\/08\/livre-rouge-ODONAT-Fanny-Walz-5.jpg?w=236&#038;h=132&#038;ssl=1\" srcset=\"https:\/\/i0.wp.com\/www.fannywalz.com\/fw\/wp-content\/uploads\/2016\/08\/livre-rouge-ODONAT-Fanny-Walz-5.jpg?w=700&amp;ssl=1 700w, https:\/\/i0.wp.com\/www.fannywalz.com\/fw\/wp-content\/uploads\/2016\/08\/livre-rouge-ODONAT-Fanny-Walz-5.jpg?resize=250%2C140&amp;ssl=1 250w, https:\/\/i0.wp.com\/www.fannywalz.com\/fw\/wp-content\/uploads\/2016\/08\/livre-rouge-ODONAT-Fanny-Walz-5.jpg?resize=500%2C281&amp;ssl=1 500w\" width=\"236\" height=\"132\" loading=\"lazy\" data-original-width=\"236\" data-original-height=\"132\" itemprop=\"http:\/\/schema.org\/image\" title=\"livre rouge ODONAT - Fanny Walz - 5\" alt=\"Livre Rouge des Esp\u00e8ces menac\u00e9es en Alsace\" style=\"width: 236px; height: 132px;\" \/> <\/a> <\/div> <\/div> <!-- close group --> <div class=\"gallery-group images-1\" style=\"width: 240px; height: 136px;\" data-original-width=\"240\" data-original-height=\"136\" > <div class=\"tiled-gallery-item tiled-gallery-item-small\" itemprop=\"associatedMedia\" itemscope itemtype=\"http:\/\/schema.org\/ImageObject\"> <a href=\"https:\/\/www.fannywalz.com\/fw\/portfolio\/edition-livre-rouge-des-especes-menacees-en-alsace\/livre-rouge-odonat-fanny-walz-6-2\/\" border=\"0\" itemprop=\"url\"> <meta itemprop=\"width\" content=\"236\"> <meta itemprop=\"height\" content=\"132\"> <img decoding=\"async\" class=\"\" data-attachment-id=\"1414\" data-orig-file=\"https:\/\/www.fannywalz.com\/fw\/wp-content\/uploads\/2016\/08\/livre-rouge-ODONAT-Fanny-Walz-6.jpg\" data-orig-size=\"700,393\" data-comments-opened=\"\" data-image-meta=\"{&quot;aperture&quot;:&quot;5&quot;,&quot;credit&quot;:&quot;&quot;,&quot;camera&quot;:&quot;NEX-7&quot;,&quot;caption&quot;:&quot;&quot;,&quot;created_timestamp&quot;:&quot;1446648264&quot;,&quot;copyright&quot;:&quot;&quot;,&quot;focal_length&quot;:&quot;47&quot;,&quot;iso&quot;:&quot;1600&quot;,&quot;shutter_speed&quot;:&quot;0.025&quot;,&quot;title&quot;:&quot;&quot;,&quot;orientation&quot;:&quot;1&quot;}\" data-image-title=\"livre rouge ODONAT &#8211; Fanny Walz &#8211; 6\" data-image-description=\"\" data-medium-file=\"https:\/\/i0.wp.com\/www.fannywalz.com\/fw\/wp-content\/uploads\/2016\/08\/livre-rouge-ODONAT-Fanny-Walz-6.jpg?fit=500%2C281&#038;ssl=1\" data-large-file=\"https:\/\/i0.wp.com\/www.fannywalz.com\/fw\/wp-content\/uploads\/2016\/08\/livre-rouge-ODONAT-Fanny-Walz-6.jpg?fit=480%2C269&#038;ssl=1\" src=\"https:\/\/i0.wp.com\/www.fannywalz.com\/fw\/wp-content\/uploads\/2016\/08\/livre-rouge-ODONAT-Fanny-Walz-6.jpg?w=236&#038;h=132&#038;ssl=1\" srcset=\"https:\/\/i0.wp.com\/www.fannywalz.com\/fw\/wp-content\/uploads\/2016\/08\/livre-rouge-ODONAT-Fanny-Walz-6.jpg?w=700&amp;ssl=1 700w, https:\/\/i0.wp.com\/www.fannywalz.com\/fw\/wp-content\/uploads\/2016\/08\/livre-rouge-ODONAT-Fanny-Walz-6.jpg?resize=250%2C140&amp;ssl=1 250w, https:\/\/i0.wp.com\/www.fannywalz.com\/fw\/wp-content\/uploads\/2016\/08\/livre-rouge-ODONAT-Fanny-Walz-6.jpg?resize=500%2C281&amp;ssl=1 500w\" width=\"236\" height=\"132\" loading=\"lazy\" data-original-width=\"236\" data-original-height=\"132\" itemprop=\"http:\/\/schema.org\/image\" title=\"livre rouge ODONAT - Fanny Walz - 6\" alt=\"Livre Rouge des Esp\u00e8ces menac\u00e9es en Alsace\" style=\"width: 236px; height: 132px;\" \/> <\/a> <\/div> <\/div> <!-- close group --> <\/div> <!-- close row --> <div class=\"gallery-row\" style=\"width: 480px; height: 136px;\" data-original-width=\"480\" data-original-height=\"136\" > <div class=\"gallery-group images-1\" style=\"width: 240px; height: 136px;\" data-original-width=\"240\" data-original-height=\"136\" > <div class=\"tiled-gallery-item tiled-gallery-item-small\" itemprop=\"associatedMedia\" itemscope itemtype=\"http:\/\/schema.org\/ImageObject\"> <a href=\"https:\/\/www.fannywalz.com\/fw\/portfolio\/edition-livre-rouge-des-especes-menacees-en-alsace\/livre-rouge-odonat-fanny-walz-7-2\/\" border=\"0\" itemprop=\"url\"> <meta itemprop=\"width\" content=\"236\"> <meta itemprop=\"height\" content=\"132\"> <img decoding=\"async\" class=\"\" data-attachment-id=\"1415\" data-orig-file=\"https:\/\/www.fannywalz.com\/fw\/wp-content\/uploads\/2016\/08\/livre-rouge-ODONAT-Fanny-Walz-7.jpg\" data-orig-size=\"700,393\" data-comments-opened=\"\" data-image-meta=\"{&quot;aperture&quot;:&quot;5&quot;,&quot;credit&quot;:&quot;&quot;,&quot;camera&quot;:&quot;NEX-7&quot;,&quot;caption&quot;:&quot;&quot;,&quot;created_timestamp&quot;:&quot;1446648303&quot;,&quot;copyright&quot;:&quot;&quot;,&quot;focal_length&quot;:&quot;47&quot;,&quot;iso&quot;:&quot;1250&quot;,&quot;shutter_speed&quot;:&quot;0.0125&quot;,&quot;title&quot;:&quot;&quot;,&quot;orientation&quot;:&quot;1&quot;}\" data-image-title=\"livre rouge ODONAT &#8211; Fanny Walz &#8211; 7\" data-image-description=\"\" data-medium-file=\"https:\/\/i0.wp.com\/www.fannywalz.com\/fw\/wp-content\/uploads\/2016\/08\/livre-rouge-ODONAT-Fanny-Walz-7.jpg?fit=500%2C281&#038;ssl=1\" data-large-file=\"https:\/\/i0.wp.com\/www.fannywalz.com\/fw\/wp-content\/uploads\/2016\/08\/livre-rouge-ODONAT-Fanny-Walz-7.jpg?fit=480%2C269&#038;ssl=1\" src=\"https:\/\/i0.wp.com\/www.fannywalz.com\/fw\/wp-content\/uploads\/2016\/08\/livre-rouge-ODONAT-Fanny-Walz-7.jpg?w=236&#038;h=132&#038;ssl=1\" srcset=\"https:\/\/i0.wp.com\/www.fannywalz.com\/fw\/wp-content\/uploads\/2016\/08\/livre-rouge-ODONAT-Fanny-Walz-7.jpg?w=700&amp;ssl=1 700w, https:\/\/i0.wp.com\/www.fannywalz.com\/fw\/wp-content\/uploads\/2016\/08\/livre-rouge-ODONAT-Fanny-Walz-7.jpg?resize=250%2C140&amp;ssl=1 250w, https:\/\/i0.wp.com\/www.fannywalz.com\/fw\/wp-content\/uploads\/2016\/08\/livre-rouge-ODONAT-Fanny-Walz-7.jpg?resize=500%2C281&amp;ssl=1 500w\" width=\"236\" height=\"132\" loading=\"lazy\" data-original-width=\"236\" data-original-height=\"132\" itemprop=\"http:\/\/schema.org\/image\" title=\"livre rouge ODONAT - Fanny Walz - 7\" alt=\"Livre Rouge des Esp\u00e8ces menac\u00e9es en Alsace\" style=\"width: 236px; height: 132px;\" \/> <\/a> <\/div> <\/div> <!-- close group --> <div class=\"gallery-group images-1\" style=\"width: 240px; height: 136px;\" data-original-width=\"240\" data-original-height=\"136\" > <div class=\"tiled-gallery-item tiled-gallery-item-small\" itemprop=\"associatedMedia\" itemscope itemtype=\"http:\/\/schema.org\/ImageObject\"> <a href=\"https:\/\/www.fannywalz.com\/fw\/portfolio\/edition-livre-rouge-des-especes-menacees-en-alsace\/livre-rouge-odonat-fanny-walz-8-2\/\" border=\"0\" itemprop=\"url\"> <meta itemprop=\"width\" content=\"236\"> <meta itemprop=\"height\" content=\"132\"> <img decoding=\"async\" class=\"\" data-attachment-id=\"1416\" data-orig-file=\"https:\/\/www.fannywalz.com\/fw\/wp-content\/uploads\/2016\/08\/livre-rouge-ODONAT-Fanny-Walz-8.jpg\" data-orig-size=\"700,393\" data-comments-opened=\"\" data-image-meta=\"{&quot;aperture&quot;:&quot;4.5&quot;,&quot;credit&quot;:&quot;&quot;,&quot;camera&quot;:&quot;NEX-7&quot;,&quot;caption&quot;:&quot;&quot;,&quot;created_timestamp&quot;:&quot;1446648327&quot;,&quot;copyright&quot;:&quot;&quot;,&quot;focal_length&quot;:&quot;44&quot;,&quot;iso&quot;:&quot;800&quot;,&quot;shutter_speed&quot;:&quot;0.0125&quot;,&quot;title&quot;:&quot;&quot;,&quot;orientation&quot;:&quot;1&quot;}\" data-image-title=\"livre rouge ODONAT &#8211; Fanny Walz &#8211; 8\" data-image-description=\"\" data-medium-file=\"https:\/\/i0.wp.com\/www.fannywalz.com\/fw\/wp-content\/uploads\/2016\/08\/livre-rouge-ODONAT-Fanny-Walz-8.jpg?fit=500%2C281&#038;ssl=1\" data-large-file=\"https:\/\/i0.wp.com\/www.fannywalz.com\/fw\/wp-content\/uploads\/2016\/08\/livre-rouge-ODONAT-Fanny-Walz-8.jpg?fit=480%2C269&#038;ssl=1\" src=\"https:\/\/i0.wp.com\/www.fannywalz.com\/fw\/wp-content\/uploads\/2016\/08\/livre-rouge-ODONAT-Fanny-Walz-8.jpg?w=236&#038;h=132&#038;ssl=1\" srcset=\"https:\/\/i0.wp.com\/www.fannywalz.com\/fw\/wp-content\/uploads\/2016\/08\/livre-rouge-ODONAT-Fanny-Walz-8.jpg?w=700&amp;ssl=1 700w, https:\/\/i0.wp.com\/www.fannywalz.com\/fw\/wp-content\/uploads\/2016\/08\/livre-rouge-ODONAT-Fanny-Walz-8.jpg?resize=250%2C140&amp;ssl=1 250w, https:\/\/i0.wp.com\/www.fannywalz.com\/fw\/wp-content\/uploads\/2016\/08\/livre-rouge-ODONAT-Fanny-Walz-8.jpg?resize=500%2C281&amp;ssl=1 500w\" width=\"236\" height=\"132\" loading=\"lazy\" data-original-width=\"236\" data-original-height=\"132\" itemprop=\"http:\/\/schema.org\/image\" title=\"livre rouge ODONAT - Fanny Walz - 8\" alt=\"Livre Rouge des Esp\u00e8ces menac\u00e9es en Alsace\" style=\"width: 236px; height: 132px;\" \/> <\/a> <\/div> <\/div> <!-- close group --> <\/div> <!-- close row --> <div class=\"gallery-row\" style=\"width: 480px; height: 136px;\" data-original-width=\"480\" data-original-height=\"136\" > <div class=\"gallery-group images-1\" style=\"width: 240px; height: 136px;\" data-original-width=\"240\" data-original-height=\"136\" > <div class=\"tiled-gallery-item tiled-gallery-item-small\" itemprop=\"associatedMedia\" itemscope itemtype=\"http:\/\/schema.org\/ImageObject\"> <a href=\"https:\/\/www.fannywalz.com\/fw\/portfolio\/edition-livre-rouge-des-especes-menacees-en-alsace\/livre-rouge-odonat-fanny-walz-9-2\/\" border=\"0\" itemprop=\"url\"> <meta itemprop=\"width\" content=\"236\"> <meta itemprop=\"height\" content=\"132\"> <img decoding=\"async\" class=\"\" data-attachment-id=\"1417\" data-orig-file=\"https:\/\/www.fannywalz.com\/fw\/wp-content\/uploads\/2016\/08\/livre-rouge-ODONAT-Fanny-Walz-9.jpg\" data-orig-size=\"700,393\" data-comments-opened=\"\" data-image-meta=\"{&quot;aperture&quot;:&quot;4.5&quot;,&quot;credit&quot;:&quot;&quot;,&quot;camera&quot;:&quot;NEX-7&quot;,&quot;caption&quot;:&quot;&quot;,&quot;created_timestamp&quot;:&quot;1446648460&quot;,&quot;copyright&quot;:&quot;&quot;,&quot;focal_length&quot;:&quot;36&quot;,&quot;iso&quot;:&quot;800&quot;,&quot;shutter_speed&quot;:&quot;0.0125&quot;,&quot;title&quot;:&quot;&quot;,&quot;orientation&quot;:&quot;1&quot;}\" data-image-title=\"livre rouge ODONAT &#8211; Fanny Walz &#8211; 9\" data-image-description=\"\" data-medium-file=\"https:\/\/i0.wp.com\/www.fannywalz.com\/fw\/wp-content\/uploads\/2016\/08\/livre-rouge-ODONAT-Fanny-Walz-9.jpg?fit=500%2C281&#038;ssl=1\" data-large-file=\"https:\/\/i0.wp.com\/www.fannywalz.com\/fw\/wp-content\/uploads\/2016\/08\/livre-rouge-ODONAT-Fanny-Walz-9.jpg?fit=480%2C269&#038;ssl=1\" src=\"https:\/\/i0.wp.com\/www.fannywalz.com\/fw\/wp-content\/uploads\/2016\/08\/livre-rouge-ODONAT-Fanny-Walz-9.jpg?w=236&#038;h=132&#038;ssl=1\" srcset=\"https:\/\/i0.wp.com\/www.fannywalz.com\/fw\/wp-content\/uploads\/2016\/08\/livre-rouge-ODONAT-Fanny-Walz-9.jpg?w=700&amp;ssl=1 700w, https:\/\/i0.wp.com\/www.fannywalz.com\/fw\/wp-content\/uploads\/2016\/08\/livre-rouge-ODONAT-Fanny-Walz-9.jpg?resize=250%2C140&amp;ssl=1 250w, https:\/\/i0.wp.com\/www.fannywalz.com\/fw\/wp-content\/uploads\/2016\/08\/livre-rouge-ODONAT-Fanny-Walz-9.jpg?resize=500%2C281&amp;ssl=1 500w\" width=\"236\" height=\"132\" loading=\"lazy\" data-original-width=\"236\" data-original-height=\"132\" itemprop=\"http:\/\/schema.org\/image\" title=\"livre rouge ODONAT - Fanny Walz - 9\" alt=\"Livre Rouge des Esp\u00e8ces menac\u00e9es en Alsace\" style=\"width: 236px; height: 132px;\" \/> <\/a> <\/div> <\/div> <!-- close group --> <div class=\"gallery-group images-1\" style=\"width: 240px; height: 136px;\" data-original-width=\"240\" data-original-height=\"136\" > <div class=\"tiled-gallery-item tiled-gallery-item-small\" itemprop=\"associatedMedia\" itemscope itemtype=\"http:\/\/schema.org\/ImageObject\"> <a href=\"https:\/\/www.fannywalz.com\/fw\/portfolio\/edition-livre-rouge-des-especes-menacees-en-alsace\/livre-rouge-odonat-fanny-walz-10-2\/\" border=\"0\" itemprop=\"url\"> <meta itemprop=\"width\" content=\"236\"> <meta itemprop=\"height\" content=\"132\"> <img decoding=\"async\" class=\"\" data-attachment-id=\"1418\" data-orig-file=\"https:\/\/www.fannywalz.com\/fw\/wp-content\/uploads\/2016\/08\/livre-rouge-ODONAT-Fanny-Walz-10.jpg\" data-orig-size=\"700,393\" data-comments-opened=\"\" data-image-meta=\"{&quot;aperture&quot;:&quot;4.5&quot;,&quot;credit&quot;:&quot;&quot;,&quot;camera&quot;:&quot;NEX-7&quot;,&quot;caption&quot;:&quot;&quot;,&quot;created_timestamp&quot;:&quot;1446648485&quot;,&quot;copyright&quot;:&quot;&quot;,&quot;focal_length&quot;:&quot;43&quot;,&quot;iso&quot;:&quot;200&quot;,&quot;shutter_speed&quot;:&quot;0.0125&quot;,&quot;title&quot;:&quot;&quot;,&quot;orientation&quot;:&quot;1&quot;}\" data-image-title=\"livre rouge ODONAT &#8211; Fanny Walz &#8211; 10\" data-image-description=\"\" data-medium-file=\"https:\/\/i0.wp.com\/www.fannywalz.com\/fw\/wp-content\/uploads\/2016\/08\/livre-rouge-ODONAT-Fanny-Walz-10.jpg?fit=500%2C281&#038;ssl=1\" data-large-file=\"https:\/\/i0.wp.com\/www.fannywalz.com\/fw\/wp-content\/uploads\/2016\/08\/livre-rouge-ODONAT-Fanny-Walz-10.jpg?fit=480%2C269&#038;ssl=1\" src=\"https:\/\/i0.wp.com\/www.fannywalz.com\/fw\/wp-content\/uploads\/2016\/08\/livre-rouge-ODONAT-Fanny-Walz-10.jpg?w=236&#038;h=132&#038;ssl=1\" srcset=\"https:\/\/i0.wp.com\/www.fannywalz.com\/fw\/wp-content\/uploads\/2016\/08\/livre-rouge-ODONAT-Fanny-Walz-10.jpg?w=700&amp;ssl=1 700w, https:\/\/i0.wp.com\/www.fannywalz.com\/fw\/wp-content\/uploads\/2016\/08\/livre-rouge-ODONAT-Fanny-Walz-10.jpg?resize=250%2C140&amp;ssl=1 250w, https:\/\/i0.wp.com\/www.fannywalz.com\/fw\/wp-content\/uploads\/2016\/08\/livre-rouge-ODONAT-Fanny-Walz-10.jpg?resize=500%2C281&amp;ssl=1 500w\" width=\"236\" height=\"132\" loading=\"lazy\" data-original-width=\"236\" data-original-height=\"132\" itemprop=\"http:\/\/schema.org\/image\" title=\"livre rouge ODONAT - Fanny Walz - 10\" alt=\"Livre Rouge des Esp\u00e8ces menac\u00e9es en Alsace\" style=\"width: 236px; height: 132px;\" \/> <\/a> <\/div> <\/div> <!-- close group --> <\/div> <!-- close row --> <div class=\"gallery-row\" style=\"width: 480px; height: 136px;\" data-original-width=\"480\" data-original-height=\"136\" > <div class=\"gallery-group images-1\" style=\"width: 240px; height: 136px;\" data-original-width=\"240\" data-original-height=\"136\" > <div class=\"tiled-gallery-item tiled-gallery-item-small\" itemprop=\"associatedMedia\" itemscope itemtype=\"http:\/\/schema.org\/ImageObject\"> <a href=\"https:\/\/www.fannywalz.com\/fw\/portfolio\/edition-livre-rouge-des-especes-menacees-en-alsace\/livre-rouge-odonat-fanny-walz-11-2\/\" border=\"0\" itemprop=\"url\"> <meta itemprop=\"width\" content=\"236\"> <meta itemprop=\"height\" content=\"132\"> <img decoding=\"async\" class=\"\" data-attachment-id=\"1419\" data-orig-file=\"https:\/\/www.fannywalz.com\/fw\/wp-content\/uploads\/2016\/08\/livre-rouge-ODONAT-Fanny-Walz-11.jpg\" data-orig-size=\"700,393\" data-comments-opened=\"\" data-image-meta=\"{&quot;aperture&quot;:&quot;4.5&quot;,&quot;credit&quot;:&quot;&quot;,&quot;camera&quot;:&quot;NEX-7&quot;,&quot;caption&quot;:&quot;&quot;,&quot;created_timestamp&quot;:&quot;1446648479&quot;,&quot;copyright&quot;:&quot;&quot;,&quot;focal_length&quot;:&quot;43&quot;,&quot;iso&quot;:&quot;400&quot;,&quot;shutter_speed&quot;:&quot;0.0125&quot;,&quot;title&quot;:&quot;&quot;,&quot;orientation&quot;:&quot;1&quot;}\" data-image-title=\"livre rouge ODONAT &#8211; Fanny Walz &#8211; 11\" data-image-description=\"\" data-medium-file=\"https:\/\/i0.wp.com\/www.fannywalz.com\/fw\/wp-content\/uploads\/2016\/08\/livre-rouge-ODONAT-Fanny-Walz-11.jpg?fit=500%2C281&#038;ssl=1\" data-large-file=\"https:\/\/i0.wp.com\/www.fannywalz.com\/fw\/wp-content\/uploads\/2016\/08\/livre-rouge-ODONAT-Fanny-Walz-11.jpg?fit=480%2C269&#038;ssl=1\" src=\"https:\/\/i0.wp.com\/www.fannywalz.com\/fw\/wp-content\/uploads\/2016\/08\/livre-rouge-ODONAT-Fanny-Walz-11.jpg?w=236&#038;h=132&#038;ssl=1\" srcset=\"https:\/\/i0.wp.com\/www.fannywalz.com\/fw\/wp-content\/uploads\/2016\/08\/livre-rouge-ODONAT-Fanny-Walz-11.jpg?w=700&amp;ssl=1 700w, https:\/\/i0.wp.com\/www.fannywalz.com\/fw\/wp-content\/uploads\/2016\/08\/livre-rouge-ODONAT-Fanny-Walz-11.jpg?resize=250%2C140&amp;ssl=1 250w, https:\/\/i0.wp.com\/www.fannywalz.com\/fw\/wp-content\/uploads\/2016\/08\/livre-rouge-ODONAT-Fanny-Walz-11.jpg?resize=500%2C281&amp;ssl=1 500w\" width=\"236\" height=\"132\" loading=\"lazy\" data-original-width=\"236\" data-original-height=\"132\" itemprop=\"http:\/\/schema.org\/image\" title=\"livre rouge ODONAT - Fanny Walz - 11\" alt=\"Livre Rouge des Esp\u00e8ces menac\u00e9es en Alsace\" style=\"width: 236px; height: 132px;\" \/> <\/a> <\/div> <\/div> <!-- close group --> <div class=\"gallery-group images-1\" style=\"width: 240px; height: 136px;\" data-original-width=\"240\" data-original-height=\"136\" > <div class=\"tiled-gallery-item tiled-gallery-item-small\" itemprop=\"associatedMedia\" itemscope itemtype=\"http:\/\/schema.org\/ImageObject\"> <a href=\"https:\/\/www.fannywalz.com\/fw\/portfolio\/edition-livre-rouge-des-especes-menacees-en-alsace\/livre-rouge-odonat-fanny-walz-12\/\" border=\"0\" itemprop=\"url\"> <meta itemprop=\"width\" content=\"236\"> <meta itemprop=\"height\" content=\"132\"> <img decoding=\"async\" class=\"\" data-attachment-id=\"1420\" data-orig-file=\"https:\/\/www.fannywalz.com\/fw\/wp-content\/uploads\/2016\/08\/livre-rouge-ODONAT-Fanny-Walz-12.jpg\" data-orig-size=\"700,393\" data-comments-opened=\"\" data-image-meta=\"{&quot;aperture&quot;:&quot;4.5&quot;,&quot;credit&quot;:&quot;&quot;,&quot;camera&quot;:&quot;NEX-7&quot;,&quot;caption&quot;:&quot;&quot;,&quot;created_timestamp&quot;:&quot;1446648565&quot;,&quot;copyright&quot;:&quot;&quot;,&quot;focal_length&quot;:&quot;42&quot;,&quot;iso&quot;:&quot;800&quot;,&quot;shutter_speed&quot;:&quot;0.0125&quot;,&quot;title&quot;:&quot;&quot;,&quot;orientation&quot;:&quot;1&quot;}\" data-image-title=\"livre rouge ODONAT &#8211; Fanny Walz &#8211; 12\" data-image-description=\"\" data-medium-file=\"https:\/\/i0.wp.com\/www.fannywalz.com\/fw\/wp-content\/uploads\/2016\/08\/livre-rouge-ODONAT-Fanny-Walz-12.jpg?fit=500%2C281&#038;ssl=1\" data-large-file=\"https:\/\/i0.wp.com\/www.fannywalz.com\/fw\/wp-content\/uploads\/2016\/08\/livre-rouge-ODONAT-Fanny-Walz-12.jpg?fit=480%2C269&#038;ssl=1\" src=\"https:\/\/i0.wp.com\/www.fannywalz.com\/fw\/wp-content\/uploads\/2016\/08\/livre-rouge-ODONAT-Fanny-Walz-12.jpg?w=236&#038;h=132&#038;ssl=1\" srcset=\"https:\/\/i0.wp.com\/www.fannywalz.com\/fw\/wp-content\/uploads\/2016\/08\/livre-rouge-ODONAT-Fanny-Walz-12.jpg?w=700&amp;ssl=1 700w, https:\/\/i0.wp.com\/www.fannywalz.com\/fw\/wp-content\/uploads\/2016\/08\/livre-rouge-ODONAT-Fanny-Walz-12.jpg?resize=250%2C140&amp;ssl=1 250w, https:\/\/i0.wp.com\/www.fannywalz.com\/fw\/wp-content\/uploads\/2016\/08\/livre-rouge-ODONAT-Fanny-Walz-12.jpg?resize=500%2C281&amp;ssl=1 500w\" width=\"236\" height=\"132\" loading=\"lazy\" data-original-width=\"236\" data-original-height=\"132\" itemprop=\"http:\/\/schema.org\/image\" title=\"livre rouge ODONAT - Fanny Walz - 12\" alt=\"Livre Rouge des Esp\u00e8ces menac\u00e9es en Alsace\" style=\"width: 236px; height: 132px;\" \/> <\/a> <\/div> <\/div> <!-- close group --> <\/div> <!-- close row --> <\/div>\n","protected":false},"excerpt":{"rendered":"<p>Cr\u00e9ation \u00e9ditoriale du <i>Livre rouge des esp\u00e8ces menac\u00e9es en Alsace,<\/i> titre de la collection <i>Conservation Alsace<\/i> \u00e9dit\u00e9 par l\u2019association ODONAT. <\/p>\n<p class=\"detail-projet\">512 pages <br \/>\nFormat 165\u2009x\u2009240\u2009mm<\/p>\n<p><a href=\"https:\/\/www.odonat-grandest.fr\" target=\"_blank\">Voir le site Odonat<\/a><br \/>\n<br \/>\n<a href=\"http:\/\/www.fannywalz.com\/fw\/portfolio\/atlas-repartition-mammiferes-alsace\/\">Voir le projet du livre du Gepma : <i>Atlas de r\u00e9partition des Mammif\u00e8res d\u2019Alsace<\/i><\/a><\/p>\n","protected":false},"author":1,"featured_media":1408,"comment_status":"closed","ping_status":"open","template":"","meta":{"jetpack_post_was_ever_published":false,"footnotes":""},"portfolio-category":[24],"portfolio-tag":[],"yoast_head":"<!-- This site is optimized with the Yoast SEO plugin v24.4 - https:\/\/yoast.com\/wordpress\/plugins\/seo\/ -->\n<title>Livre Rouge des Esp\u00e8ces menac\u00e9es en Alsace - Fanny Walz<\/title>\n<meta name=\"description\" content=\"Cr\u00e9ation de la charte graphique \u00e9ditoriale du Livre Rouge des Esp\u00e8ces menac\u00e9es en Alsace, \u00e9dit\u00e9 par l&#039;association Odonat \u00e0 Strasbourg.\" \/>\n<meta name=\"robots\" content=\"index, follow, max-snippet:-1, max-image-preview:large, max-video-preview:-1\" \/>\n<link rel=\"canonical\" href=\"http:\/\/www.fannywalz.com\/fw\/portfolio\/edition-livre-rouge-des-especes-menacees-en-alsace\/\" \/>\n<meta property=\"og:locale\" content=\"fr_FR\" \/>\n<meta property=\"og:type\" content=\"article\" \/>\n<meta property=\"og:title\" content=\"Livre Rouge des Esp\u00e8ces menac\u00e9es en Alsace - Fanny Walz\" \/>\n<meta property=\"og:description\" content=\"Cr\u00e9ation de la charte graphique \u00e9ditoriale du Livre Rouge des Esp\u00e8ces menac\u00e9es en Alsace, \u00e9dit\u00e9 par l&#039;association Odonat \u00e0 Strasbourg.\" \/>\n<meta property=\"og:url\" content=\"http:\/\/www.fannywalz.com\/fw\/portfolio\/edition-livre-rouge-des-especes-menacees-en-alsace\/\" \/>\n<meta property=\"og:site_name\" content=\"Fanny Walz\" \/>\n<meta property=\"article:modified_time\" content=\"2018-06-05T09:42:34+00:00\" \/>\n<meta property=\"og:image\" content=\"https:\/\/i0.wp.com\/www.fannywalz.com\/fw\/wp-content\/uploads\/2016\/08\/odonat_thumb.jpg?fit=315%2C315\" \/>\n\t<meta property=\"og:image:width\" content=\"315\" \/>\n\t<meta property=\"og:image:height\" content=\"315\" \/>\n\t<meta property=\"og:image:type\" content=\"image\/jpeg\" \/>\n<meta name=\"twitter:card\" content=\"summary_large_image\" \/>\n<script type=\"application\/ld+json\" class=\"yoast-schema-graph\">{\"@context\":\"https:\/\/schema.org\",\"@graph\":[{\"@type\":\"WebPage\",\"@id\":\"http:\/\/www.fannywalz.com\/fw\/portfolio\/edition-livre-rouge-des-especes-menacees-en-alsace\/\",\"url\":\"http:\/\/www.fannywalz.com\/fw\/portfolio\/edition-livre-rouge-des-especes-menacees-en-alsace\/\",\"name\":\"Livre Rouge des Esp\u00e8ces menac\u00e9es en Alsace - Fanny Walz\",\"isPartOf\":{\"@id\":\"http:\/\/www.fannywalz.com\/fw\/#website\"},\"primaryImageOfPage\":{\"@id\":\"http:\/\/www.fannywalz.com\/fw\/portfolio\/edition-livre-rouge-des-especes-menacees-en-alsace\/#primaryimage\"},\"image\":{\"@id\":\"http:\/\/www.fannywalz.com\/fw\/portfolio\/edition-livre-rouge-des-especes-menacees-en-alsace\/#primaryimage\"},\"thumbnailUrl\":\"https:\/\/i0.wp.com\/www.fannywalz.com\/fw\/wp-content\/uploads\/2016\/08\/odonat_thumb.jpg?fit=315%2C315&ssl=1\",\"datePublished\":\"2015-05-03T19:12:42+00:00\",\"dateModified\":\"2018-06-05T09:42:34+00:00\",\"description\":\"Cr\u00e9ation de la charte graphique \u00e9ditoriale du Livre Rouge des Esp\u00e8ces menac\u00e9es en Alsace, \u00e9dit\u00e9 par l'association Odonat \u00e0 Strasbourg.\",\"breadcrumb\":{\"@id\":\"http:\/\/www.fannywalz.com\/fw\/portfolio\/edition-livre-rouge-des-especes-menacees-en-alsace\/#breadcrumb\"},\"inLanguage\":\"fr-FR\",\"potentialAction\":[{\"@type\":\"ReadAction\",\"target\":[\"http:\/\/www.fannywalz.com\/fw\/portfolio\/edition-livre-rouge-des-especes-menacees-en-alsace\/\"]}]},{\"@type\":\"ImageObject\",\"inLanguage\":\"fr-FR\",\"@id\":\"http:\/\/www.fannywalz.com\/fw\/portfolio\/edition-livre-rouge-des-especes-menacees-en-alsace\/#primaryimage\",\"url\":\"https:\/\/i0.wp.com\/www.fannywalz.com\/fw\/wp-content\/uploads\/2016\/08\/odonat_thumb.jpg?fit=315%2C315&ssl=1\",\"contentUrl\":\"https:\/\/i0.wp.com\/www.fannywalz.com\/fw\/wp-content\/uploads\/2016\/08\/odonat_thumb.jpg?fit=315%2C315&ssl=1\",\"width\":315,\"height\":315,\"caption\":\"Livre rouge des esp\u00e8ces menac\u00e9es en Alsace\"},{\"@type\":\"BreadcrumbList\",\"@id\":\"http:\/\/www.fannywalz.com\/fw\/portfolio\/edition-livre-rouge-des-especes-menacees-en-alsace\/#breadcrumb\",\"itemListElement\":[{\"@type\":\"ListItem\",\"position\":1,\"name\":\"Accueil\",\"item\":\"http:\/\/www.fannywalz.com\/fw\/\"},{\"@type\":\"ListItem\",\"position\":2,\"name\":\"Projects\",\"item\":\"http:\/\/www.fannywalz.com\/fw\/portfolio\/\"},{\"@type\":\"ListItem\",\"position\":3,\"name\":\"Livre Rouge des Esp\u00e8ces menac\u00e9es en Alsace\"}]},{\"@type\":\"WebSite\",\"@id\":\"http:\/\/www.fannywalz.com\/fw\/#website\",\"url\":\"http:\/\/www.fannywalz.com\/fw\/\",\"name\":\"Fanny Walz\",\"description\":\"Graphisme et cr\u00e9ations artisanales\",\"potentialAction\":[{\"@type\":\"SearchAction\",\"target\":{\"@type\":\"EntryPoint\",\"urlTemplate\":\"http:\/\/www.fannywalz.com\/fw\/?s={search_term_string}\"},\"query-input\":{\"@type\":\"PropertyValueSpecification\",\"valueRequired\":true,\"valueName\":\"search_term_string\"}}],\"inLanguage\":\"fr-FR\"}]}<\/script>\n<!-- \/ Yoast SEO plugin. -->","yoast_head_json":{"title":"Livre Rouge des Esp\u00e8ces menac\u00e9es en Alsace - Fanny Walz","description":"Cr\u00e9ation de la charte graphique \u00e9ditoriale du Livre Rouge des Esp\u00e8ces menac\u00e9es en Alsace, \u00e9dit\u00e9 par l'association Odonat \u00e0 Strasbourg.","robots":{"index":"index","follow":"follow","max-snippet":"max-snippet:-1","max-image-preview":"max-image-preview:large","max-video-preview":"max-video-preview:-1"},"canonical":"http:\/\/www.fannywalz.com\/fw\/portfolio\/edition-livre-rouge-des-especes-menacees-en-alsace\/","og_locale":"fr_FR","og_type":"article","og_title":"Livre Rouge des Esp\u00e8ces menac\u00e9es en Alsace - Fanny Walz","og_description":"Cr\u00e9ation de la charte graphique \u00e9ditoriale du Livre Rouge des Esp\u00e8ces menac\u00e9es en Alsace, \u00e9dit\u00e9 par l'association Odonat \u00e0 Strasbourg.","og_url":"http:\/\/www.fannywalz.com\/fw\/portfolio\/edition-livre-rouge-des-especes-menacees-en-alsace\/","og_site_name":"Fanny Walz","article_modified_time":"2018-06-05T09:42:34+00:00","og_image":[{"width":315,"height":315,"url":"https:\/\/i0.wp.com\/www.fannywalz.com\/fw\/wp-content\/uploads\/2016\/08\/odonat_thumb.jpg?fit=315%2C315","type":"image\/jpeg"}],"twitter_card":"summary_large_image","schema":{"@context":"https:\/\/schema.org","@graph":[{"@type":"WebPage","@id":"http:\/\/www.fannywalz.com\/fw\/portfolio\/edition-livre-rouge-des-especes-menacees-en-alsace\/","url":"http:\/\/www.fannywalz.com\/fw\/portfolio\/edition-livre-rouge-des-especes-menacees-en-alsace\/","name":"Livre Rouge des Esp\u00e8ces menac\u00e9es en Alsace - Fanny Walz","isPartOf":{"@id":"http:\/\/www.fannywalz.com\/fw\/#website"},"primaryImageOfPage":{"@id":"http:\/\/www.fannywalz.com\/fw\/portfolio\/edition-livre-rouge-des-especes-menacees-en-alsace\/#primaryimage"},"image":{"@id":"http:\/\/www.fannywalz.com\/fw\/portfolio\/edition-livre-rouge-des-especes-menacees-en-alsace\/#primaryimage"},"thumbnailUrl":"https:\/\/i0.wp.com\/www.fannywalz.com\/fw\/wp-content\/uploads\/2016\/08\/odonat_thumb.jpg?fit=315%2C315&ssl=1","datePublished":"2015-05-03T19:12:42+00:00","dateModified":"2018-06-05T09:42:34+00:00","description":"Cr\u00e9ation de la charte graphique \u00e9ditoriale du Livre Rouge des Esp\u00e8ces menac\u00e9es en Alsace, \u00e9dit\u00e9 par l'association Odonat \u00e0 Strasbourg.","breadcrumb":{"@id":"http:\/\/www.fannywalz.com\/fw\/portfolio\/edition-livre-rouge-des-especes-menacees-en-alsace\/#breadcrumb"},"inLanguage":"fr-FR","potentialAction":[{"@type":"ReadAction","target":["http:\/\/www.fannywalz.com\/fw\/portfolio\/edition-livre-rouge-des-especes-menacees-en-alsace\/"]}]},{"@type":"ImageObject","inLanguage":"fr-FR","@id":"http:\/\/www.fannywalz.com\/fw\/portfolio\/edition-livre-rouge-des-especes-menacees-en-alsace\/#primaryimage","url":"https:\/\/i0.wp.com\/www.fannywalz.com\/fw\/wp-content\/uploads\/2016\/08\/odonat_thumb.jpg?fit=315%2C315&ssl=1","contentUrl":"https:\/\/i0.wp.com\/www.fannywalz.com\/fw\/wp-content\/uploads\/2016\/08\/odonat_thumb.jpg?fit=315%2C315&ssl=1","width":315,"height":315,"caption":"Livre rouge des esp\u00e8ces menac\u00e9es en Alsace"},{"@type":"BreadcrumbList","@id":"http:\/\/www.fannywalz.com\/fw\/portfolio\/edition-livre-rouge-des-especes-menacees-en-alsace\/#breadcrumb","itemListElement":[{"@type":"ListItem","position":1,"name":"Accueil","item":"http:\/\/www.fannywalz.com\/fw\/"},{"@type":"ListItem","position":2,"name":"Projects","item":"http:\/\/www.fannywalz.com\/fw\/portfolio\/"},{"@type":"ListItem","position":3,"name":"Livre Rouge des Esp\u00e8ces menac\u00e9es en Alsace"}]},{"@type":"WebSite","@id":"http:\/\/www.fannywalz.com\/fw\/#website","url":"http:\/\/www.fannywalz.com\/fw\/","name":"Fanny Walz","description":"Graphisme et cr\u00e9ations artisanales","potentialAction":[{"@type":"SearchAction","target":{"@type":"EntryPoint","urlTemplate":"http:\/\/www.fannywalz.com\/fw\/?s={search_term_string}"},"query-input":{"@type":"PropertyValueSpecification","valueRequired":true,"valueName":"search_term_string"}}],"inLanguage":"fr-FR"}]}},"jetpack_sharing_enabled":true,"_links":{"self":[{"href":"https:\/\/www.fannywalz.com\/fw\/wp-json\/wp\/v2\/portfolio\/1407"}],"collection":[{"href":"https:\/\/www.fannywalz.com\/fw\/wp-json\/wp\/v2\/portfolio"}],"about":[{"href":"https:\/\/www.fannywalz.com\/fw\/wp-json\/wp\/v2\/types\/portfolio"}],"author":[{"embeddable":true,"href":"https:\/\/www.fannywalz.com\/fw\/wp-json\/wp\/v2\/users\/1"}],"replies":[{"embeddable":true,"href":"https:\/\/www.fannywalz.com\/fw\/wp-json\/wp\/v2\/comments?post=1407"}],"version-history":[{"count":17,"href":"https:\/\/www.fannywalz.com\/fw\/wp-json\/wp\/v2\/portfolio\/1407\/revisions"}],"predecessor-version":[{"id":3861,"href":"https:\/\/www.fannywalz.com\/fw\/wp-json\/wp\/v2\/portfolio\/1407\/revisions\/3861"}],"wp:featuredmedia":[{"embeddable":true,"href":"https:\/\/www.fannywalz.com\/fw\/wp-json\/wp\/v2\/media\/1408"}],"wp:attachment":[{"href":"https:\/\/www.fannywalz.com\/fw\/wp-json\/wp\/v2\/media?parent=1407"}],"wp:term":[{"taxonomy":"portfolio-category","embeddable":true,"href":"https:\/\/www.fannywalz.com\/fw\/wp-json\/wp\/v2\/portfolio-category?post=1407"},{"taxonomy":"portfolio-tag","embeddable":true,"href":"https:\/\/www.fannywalz.com\/fw\/wp-json\/wp\/v2\/portfolio-tag?post=1407"}],"curies":[{"name":"wp","href":"https:\/\/api.w.org\/{rel}","templated":true}]}}