{"id":1401,"date":"2011-05-03T21:07:52","date_gmt":"2011-05-03T19:07:52","guid":{"rendered":"http:\/\/www.fannywalz.com\/fw\/?post_type=portfolio&#038;p=1401"},"modified":"2016-09-01T21:32:10","modified_gmt":"2016-09-01T19:32:10","slug":"edition-magazine-le-genou-de-peter-knapp","status":"publish","type":"portfolio","link":"https:\/\/www.fannywalz.com\/fw\/portfolio\/edition-magazine-le-genou-de-peter-knapp\/","title":{"rendered":"Le genou de Peter"},"content":{"rendered":"<div class=\"tiled-gallery type-rectangular tiled-gallery-unresized\" data-original-width=\"480\" data-carousel-extra='{&quot;blog_id&quot;:1,&quot;permalink&quot;:&quot;https:\\\/\\\/www.fannywalz.com\\\/fw\\\/portfolio\\\/edition-magazine-le-genou-de-peter-knapp\\\/&quot;,&quot;likes_blog_id&quot;:112652587}' itemscope itemtype=\"http:\/\/schema.org\/ImageGallery\" > <div class=\"gallery-row\" style=\"width: 480px; height: 210px;\" data-original-width=\"480\" data-original-height=\"210\" > <div class=\"gallery-group images-1\" style=\"width: 321px; height: 210px;\" data-original-width=\"321\" data-original-height=\"210\" > <div class=\"tiled-gallery-item tiled-gallery-item-large\" itemprop=\"associatedMedia\" itemscope itemtype=\"http:\/\/schema.org\/ImageObject\"> <a href=\"https:\/\/www.fannywalz.com\/fw\/portfolio\/edition-magazine-le-genou-de-peter-knapp\/novo-knapp-01\/\" border=\"0\" itemprop=\"url\"> <meta itemprop=\"width\" content=\"317\"> <meta itemprop=\"height\" content=\"206\"> <img decoding=\"async\" class=\"\" data-attachment-id=\"1403\" data-orig-file=\"https:\/\/www.fannywalz.com\/fw\/wp-content\/uploads\/2016\/08\/novo-knapp-01.jpg\" data-orig-size=\"700,455\" data-comments-opened=\"\" data-image-meta=\"{&quot;aperture&quot;:&quot;0&quot;,&quot;credit&quot;:&quot;&quot;,&quot;camera&quot;:&quot;&quot;,&quot;caption&quot;:&quot;&quot;,&quot;created_timestamp&quot;:&quot;0&quot;,&quot;copyright&quot;:&quot;&quot;,&quot;focal_length&quot;:&quot;0&quot;,&quot;iso&quot;:&quot;0&quot;,&quot;shutter_speed&quot;:&quot;0&quot;,&quot;title&quot;:&quot;&quot;,&quot;orientation&quot;:&quot;1&quot;}\" data-image-title=\"novo-knapp-01\" data-image-description=\"\" data-medium-file=\"https:\/\/i0.wp.com\/www.fannywalz.com\/fw\/wp-content\/uploads\/2016\/08\/novo-knapp-01.jpg?fit=500%2C325&#038;ssl=1\" data-large-file=\"https:\/\/i0.wp.com\/www.fannywalz.com\/fw\/wp-content\/uploads\/2016\/08\/novo-knapp-01.jpg?fit=480%2C312&#038;ssl=1\" src=\"https:\/\/i0.wp.com\/www.fannywalz.com\/fw\/wp-content\/uploads\/2016\/08\/novo-knapp-01.jpg?w=317&#038;h=206&#038;ssl=1\" srcset=\"https:\/\/i0.wp.com\/www.fannywalz.com\/fw\/wp-content\/uploads\/2016\/08\/novo-knapp-01.jpg?w=700&amp;ssl=1 700w, https:\/\/i0.wp.com\/www.fannywalz.com\/fw\/wp-content\/uploads\/2016\/08\/novo-knapp-01.jpg?resize=250%2C163&amp;ssl=1 250w, https:\/\/i0.wp.com\/www.fannywalz.com\/fw\/wp-content\/uploads\/2016\/08\/novo-knapp-01.jpg?resize=500%2C325&amp;ssl=1 500w\" width=\"317\" height=\"206\" loading=\"lazy\" data-original-width=\"317\" data-original-height=\"206\" itemprop=\"http:\/\/schema.org\/image\" title=\"novo-knapp-01\" alt=\"Pages int\u00e9rieures Hors s\u00e9rie Peter Knapp\" style=\"width: 317px; height: 206px;\" \/> <\/a> <\/div> <\/div> <!-- close group --> <div class=\"gallery-group images-2\" style=\"width: 159px; height: 210px;\" data-original-width=\"159\" data-original-height=\"210\" > <div class=\"tiled-gallery-item tiled-gallery-item-small\" itemprop=\"associatedMedia\" itemscope itemtype=\"http:\/\/schema.org\/ImageObject\"> <a href=\"https:\/\/www.fannywalz.com\/fw\/portfolio\/edition-magazine-le-genou-de-peter-knapp\/novo-knapp-02\/\" border=\"0\" itemprop=\"url\"> <meta itemprop=\"width\" content=\"155\"> <meta itemprop=\"height\" content=\"101\"> <img decoding=\"async\" class=\"\" data-attachment-id=\"1404\" data-orig-file=\"https:\/\/www.fannywalz.com\/fw\/wp-content\/uploads\/2016\/08\/novo-knapp-02.jpg\" data-orig-size=\"700,455\" data-comments-opened=\"\" data-image-meta=\"{&quot;aperture&quot;:&quot;0&quot;,&quot;credit&quot;:&quot;&quot;,&quot;camera&quot;:&quot;&quot;,&quot;caption&quot;:&quot;&quot;,&quot;created_timestamp&quot;:&quot;0&quot;,&quot;copyright&quot;:&quot;&quot;,&quot;focal_length&quot;:&quot;0&quot;,&quot;iso&quot;:&quot;0&quot;,&quot;shutter_speed&quot;:&quot;0&quot;,&quot;title&quot;:&quot;&quot;,&quot;orientation&quot;:&quot;1&quot;}\" data-image-title=\"novo-knapp-02\" data-image-description=\"\" data-medium-file=\"https:\/\/i0.wp.com\/www.fannywalz.com\/fw\/wp-content\/uploads\/2016\/08\/novo-knapp-02.jpg?fit=500%2C325&#038;ssl=1\" data-large-file=\"https:\/\/i0.wp.com\/www.fannywalz.com\/fw\/wp-content\/uploads\/2016\/08\/novo-knapp-02.jpg?fit=480%2C312&#038;ssl=1\" src=\"https:\/\/i0.wp.com\/www.fannywalz.com\/fw\/wp-content\/uploads\/2016\/08\/novo-knapp-02.jpg?w=155&#038;h=101&#038;ssl=1\" srcset=\"https:\/\/i0.wp.com\/www.fannywalz.com\/fw\/wp-content\/uploads\/2016\/08\/novo-knapp-02.jpg?w=700&amp;ssl=1 700w, https:\/\/i0.wp.com\/www.fannywalz.com\/fw\/wp-content\/uploads\/2016\/08\/novo-knapp-02.jpg?resize=250%2C163&amp;ssl=1 250w, https:\/\/i0.wp.com\/www.fannywalz.com\/fw\/wp-content\/uploads\/2016\/08\/novo-knapp-02.jpg?resize=500%2C325&amp;ssl=1 500w\" width=\"155\" height=\"101\" loading=\"lazy\" data-original-width=\"155\" data-original-height=\"101\" itemprop=\"http:\/\/schema.org\/image\" title=\"novo-knapp-02\" alt=\"Pages int\u00e9rieures Hors s\u00e9rie Peter Knapp\" style=\"width: 155px; height: 101px;\" \/> <\/a> <\/div> <div class=\"tiled-gallery-item tiled-gallery-item-small\" itemprop=\"associatedMedia\" itemscope itemtype=\"http:\/\/schema.org\/ImageObject\"> <a href=\"https:\/\/www.fannywalz.com\/fw\/portfolio\/edition-magazine-le-genou-de-peter-knapp\/novo-knapp-03\/\" border=\"0\" itemprop=\"url\"> <meta itemprop=\"width\" content=\"155\"> <meta itemprop=\"height\" content=\"101\"> <img decoding=\"async\" class=\"\" data-attachment-id=\"1405\" data-orig-file=\"https:\/\/www.fannywalz.com\/fw\/wp-content\/uploads\/2016\/08\/novo-knapp-03.jpg\" data-orig-size=\"700,455\" data-comments-opened=\"\" data-image-meta=\"{&quot;aperture&quot;:&quot;0&quot;,&quot;credit&quot;:&quot;&quot;,&quot;camera&quot;:&quot;&quot;,&quot;caption&quot;:&quot;&quot;,&quot;created_timestamp&quot;:&quot;0&quot;,&quot;copyright&quot;:&quot;&quot;,&quot;focal_length&quot;:&quot;0&quot;,&quot;iso&quot;:&quot;0&quot;,&quot;shutter_speed&quot;:&quot;0&quot;,&quot;title&quot;:&quot;&quot;,&quot;orientation&quot;:&quot;1&quot;}\" data-image-title=\"novo-knapp-03\" data-image-description=\"\" data-medium-file=\"https:\/\/i0.wp.com\/www.fannywalz.com\/fw\/wp-content\/uploads\/2016\/08\/novo-knapp-03.jpg?fit=500%2C325&#038;ssl=1\" data-large-file=\"https:\/\/i0.wp.com\/www.fannywalz.com\/fw\/wp-content\/uploads\/2016\/08\/novo-knapp-03.jpg?fit=480%2C312&#038;ssl=1\" src=\"https:\/\/i0.wp.com\/www.fannywalz.com\/fw\/wp-content\/uploads\/2016\/08\/novo-knapp-03.jpg?w=155&#038;h=101&#038;ssl=1\" srcset=\"https:\/\/i0.wp.com\/www.fannywalz.com\/fw\/wp-content\/uploads\/2016\/08\/novo-knapp-03.jpg?w=700&amp;ssl=1 700w, https:\/\/i0.wp.com\/www.fannywalz.com\/fw\/wp-content\/uploads\/2016\/08\/novo-knapp-03.jpg?resize=250%2C163&amp;ssl=1 250w, https:\/\/i0.wp.com\/www.fannywalz.com\/fw\/wp-content\/uploads\/2016\/08\/novo-knapp-03.jpg?resize=500%2C325&amp;ssl=1 500w\" width=\"155\" height=\"101\" loading=\"lazy\" data-original-width=\"155\" data-original-height=\"101\" itemprop=\"http:\/\/schema.org\/image\" title=\"novo-knapp-03\" alt=\"Pages int\u00e9rieures Hors s\u00e9rie Peter Knapp\" style=\"width: 155px; height: 101px;\" \/> <\/a> <\/div> <\/div> <!-- close group --> <\/div> <!-- close row --> <\/div>\n","protected":false},"excerpt":{"rendered":"<p>Carte blanche pour la composition de six pages d\u2019un num\u00e9ro hors-s\u00e9rie du magazine Novo \u00e9dit\u00e9 \u00e0 l\u2019occasion de l\u2019exposition de photographies de Peter Knapp \u00e0 la galerie Stimultania \u00e0 Strasbourg.<\/p>\n<p class=\"detail-projet\">Format 200\u2009x\u2009260\u2009mm<\/p>\n<p><a href=\"http:\/\/www.novomag.fr\/\" target=\"_blank\">Voir le site du magazine Novo<\/a><\/p>\n","protected":false},"author":1,"featured_media":1402,"comment_status":"closed","ping_status":"open","template":"","meta":{"jetpack_post_was_ever_published":false,"footnotes":""},"portfolio-category":[24],"portfolio-tag":[],"yoast_head":"<!-- This site is optimized with the Yoast SEO plugin v24.4 - https:\/\/yoast.com\/wordpress\/plugins\/seo\/ -->\n<title>Le genou de Peter - Fanny Walz<\/title>\n<meta name=\"description\" content=\"Cr\u00e9ation d&#039;une composition pour six pages du magazine hors-s\u00e9rie Novo sur Peter Knapp.\" \/>\n<meta name=\"robots\" content=\"index, follow, max-snippet:-1, max-image-preview:large, max-video-preview:-1\" \/>\n<link rel=\"canonical\" href=\"http:\/\/www.fannywalz.com\/fw\/portfolio\/edition-magazine-le-genou-de-peter-knapp\/\" \/>\n<meta property=\"og:locale\" content=\"fr_FR\" \/>\n<meta property=\"og:type\" content=\"article\" \/>\n<meta property=\"og:title\" content=\"Le genou de Peter - Fanny Walz\" \/>\n<meta property=\"og:description\" content=\"Cr\u00e9ation d&#039;une composition pour six pages du magazine hors-s\u00e9rie Novo sur Peter Knapp.\" \/>\n<meta property=\"og:url\" content=\"http:\/\/www.fannywalz.com\/fw\/portfolio\/edition-magazine-le-genou-de-peter-knapp\/\" \/>\n<meta property=\"og:site_name\" content=\"Fanny Walz\" \/>\n<meta property=\"article:modified_time\" content=\"2016-09-01T19:32:10+00:00\" \/>\n<meta property=\"og:image\" content=\"https:\/\/i0.wp.com\/www.fannywalz.com\/fw\/wp-content\/uploads\/2016\/08\/peter-novo_thumb.jpg?fit=315%2C315\" \/>\n\t<meta property=\"og:image:width\" content=\"315\" \/>\n\t<meta property=\"og:image:height\" content=\"315\" \/>\n\t<meta property=\"og:image:type\" content=\"image\/jpeg\" \/>\n<meta name=\"twitter:card\" content=\"summary_large_image\" \/>\n<script type=\"application\/ld+json\" class=\"yoast-schema-graph\">{\"@context\":\"https:\/\/schema.org\",\"@graph\":[{\"@type\":\"WebPage\",\"@id\":\"http:\/\/www.fannywalz.com\/fw\/portfolio\/edition-magazine-le-genou-de-peter-knapp\/\",\"url\":\"http:\/\/www.fannywalz.com\/fw\/portfolio\/edition-magazine-le-genou-de-peter-knapp\/\",\"name\":\"Le genou de Peter - Fanny Walz\",\"isPartOf\":{\"@id\":\"http:\/\/www.fannywalz.com\/fw\/#website\"},\"primaryImageOfPage\":{\"@id\":\"http:\/\/www.fannywalz.com\/fw\/portfolio\/edition-magazine-le-genou-de-peter-knapp\/#primaryimage\"},\"image\":{\"@id\":\"http:\/\/www.fannywalz.com\/fw\/portfolio\/edition-magazine-le-genou-de-peter-knapp\/#primaryimage\"},\"thumbnailUrl\":\"https:\/\/i0.wp.com\/www.fannywalz.com\/fw\/wp-content\/uploads\/2016\/08\/peter-novo_thumb.jpg?fit=315%2C315&ssl=1\",\"datePublished\":\"2011-05-03T19:07:52+00:00\",\"dateModified\":\"2016-09-01T19:32:10+00:00\",\"description\":\"Cr\u00e9ation d'une composition pour six pages du magazine hors-s\u00e9rie Novo sur Peter Knapp.\",\"breadcrumb\":{\"@id\":\"http:\/\/www.fannywalz.com\/fw\/portfolio\/edition-magazine-le-genou-de-peter-knapp\/#breadcrumb\"},\"inLanguage\":\"fr-FR\",\"potentialAction\":[{\"@type\":\"ReadAction\",\"target\":[\"http:\/\/www.fannywalz.com\/fw\/portfolio\/edition-magazine-le-genou-de-peter-knapp\/\"]}]},{\"@type\":\"ImageObject\",\"inLanguage\":\"fr-FR\",\"@id\":\"http:\/\/www.fannywalz.com\/fw\/portfolio\/edition-magazine-le-genou-de-peter-knapp\/#primaryimage\",\"url\":\"https:\/\/i0.wp.com\/www.fannywalz.com\/fw\/wp-content\/uploads\/2016\/08\/peter-novo_thumb.jpg?fit=315%2C315&ssl=1\",\"contentUrl\":\"https:\/\/i0.wp.com\/www.fannywalz.com\/fw\/wp-content\/uploads\/2016\/08\/peter-novo_thumb.jpg?fit=315%2C315&ssl=1\",\"width\":315,\"height\":315,\"caption\":\"Le genou de Peter\"},{\"@type\":\"BreadcrumbList\",\"@id\":\"http:\/\/www.fannywalz.com\/fw\/portfolio\/edition-magazine-le-genou-de-peter-knapp\/#breadcrumb\",\"itemListElement\":[{\"@type\":\"ListItem\",\"position\":1,\"name\":\"Accueil\",\"item\":\"http:\/\/www.fannywalz.com\/fw\/\"},{\"@type\":\"ListItem\",\"position\":2,\"name\":\"Projects\",\"item\":\"http:\/\/www.fannywalz.com\/fw\/portfolio\/\"},{\"@type\":\"ListItem\",\"position\":3,\"name\":\"Le genou de Peter\"}]},{\"@type\":\"WebSite\",\"@id\":\"http:\/\/www.fannywalz.com\/fw\/#website\",\"url\":\"http:\/\/www.fannywalz.com\/fw\/\",\"name\":\"Fanny Walz\",\"description\":\"Graphisme et cr\u00e9ations artisanales\",\"potentialAction\":[{\"@type\":\"SearchAction\",\"target\":{\"@type\":\"EntryPoint\",\"urlTemplate\":\"http:\/\/www.fannywalz.com\/fw\/?s={search_term_string}\"},\"query-input\":{\"@type\":\"PropertyValueSpecification\",\"valueRequired\":true,\"valueName\":\"search_term_string\"}}],\"inLanguage\":\"fr-FR\"}]}<\/script>\n<!-- \/ Yoast SEO plugin. -->","yoast_head_json":{"title":"Le genou de Peter - Fanny Walz","description":"Cr\u00e9ation d'une composition pour six pages du magazine hors-s\u00e9rie Novo sur Peter Knapp.","robots":{"index":"index","follow":"follow","max-snippet":"max-snippet:-1","max-image-preview":"max-image-preview:large","max-video-preview":"max-video-preview:-1"},"canonical":"http:\/\/www.fannywalz.com\/fw\/portfolio\/edition-magazine-le-genou-de-peter-knapp\/","og_locale":"fr_FR","og_type":"article","og_title":"Le genou de Peter - Fanny Walz","og_description":"Cr\u00e9ation d'une composition pour six pages du magazine hors-s\u00e9rie Novo sur Peter Knapp.","og_url":"http:\/\/www.fannywalz.com\/fw\/portfolio\/edition-magazine-le-genou-de-peter-knapp\/","og_site_name":"Fanny Walz","article_modified_time":"2016-09-01T19:32:10+00:00","og_image":[{"width":315,"height":315,"url":"https:\/\/i0.wp.com\/www.fannywalz.com\/fw\/wp-content\/uploads\/2016\/08\/peter-novo_thumb.jpg?fit=315%2C315","type":"image\/jpeg"}],"twitter_card":"summary_large_image","schema":{"@context":"https:\/\/schema.org","@graph":[{"@type":"WebPage","@id":"http:\/\/www.fannywalz.com\/fw\/portfolio\/edition-magazine-le-genou-de-peter-knapp\/","url":"http:\/\/www.fannywalz.com\/fw\/portfolio\/edition-magazine-le-genou-de-peter-knapp\/","name":"Le genou de Peter - Fanny Walz","isPartOf":{"@id":"http:\/\/www.fannywalz.com\/fw\/#website"},"primaryImageOfPage":{"@id":"http:\/\/www.fannywalz.com\/fw\/portfolio\/edition-magazine-le-genou-de-peter-knapp\/#primaryimage"},"image":{"@id":"http:\/\/www.fannywalz.com\/fw\/portfolio\/edition-magazine-le-genou-de-peter-knapp\/#primaryimage"},"thumbnailUrl":"https:\/\/i0.wp.com\/www.fannywalz.com\/fw\/wp-content\/uploads\/2016\/08\/peter-novo_thumb.jpg?fit=315%2C315&ssl=1","datePublished":"2011-05-03T19:07:52+00:00","dateModified":"2016-09-01T19:32:10+00:00","description":"Cr\u00e9ation d'une composition pour six pages du magazine hors-s\u00e9rie Novo sur Peter Knapp.","breadcrumb":{"@id":"http:\/\/www.fannywalz.com\/fw\/portfolio\/edition-magazine-le-genou-de-peter-knapp\/#breadcrumb"},"inLanguage":"fr-FR","potentialAction":[{"@type":"ReadAction","target":["http:\/\/www.fannywalz.com\/fw\/portfolio\/edition-magazine-le-genou-de-peter-knapp\/"]}]},{"@type":"ImageObject","inLanguage":"fr-FR","@id":"http:\/\/www.fannywalz.com\/fw\/portfolio\/edition-magazine-le-genou-de-peter-knapp\/#primaryimage","url":"https:\/\/i0.wp.com\/www.fannywalz.com\/fw\/wp-content\/uploads\/2016\/08\/peter-novo_thumb.jpg?fit=315%2C315&ssl=1","contentUrl":"https:\/\/i0.wp.com\/www.fannywalz.com\/fw\/wp-content\/uploads\/2016\/08\/peter-novo_thumb.jpg?fit=315%2C315&ssl=1","width":315,"height":315,"caption":"Le genou de Peter"},{"@type":"BreadcrumbList","@id":"http:\/\/www.fannywalz.com\/fw\/portfolio\/edition-magazine-le-genou-de-peter-knapp\/#breadcrumb","itemListElement":[{"@type":"ListItem","position":1,"name":"Accueil","item":"http:\/\/www.fannywalz.com\/fw\/"},{"@type":"ListItem","position":2,"name":"Projects","item":"http:\/\/www.fannywalz.com\/fw\/portfolio\/"},{"@type":"ListItem","position":3,"name":"Le genou de Peter"}]},{"@type":"WebSite","@id":"http:\/\/www.fannywalz.com\/fw\/#website","url":"http:\/\/www.fannywalz.com\/fw\/","name":"Fanny Walz","description":"Graphisme et cr\u00e9ations artisanales","potentialAction":[{"@type":"SearchAction","target":{"@type":"EntryPoint","urlTemplate":"http:\/\/www.fannywalz.com\/fw\/?s={search_term_string}"},"query-input":{"@type":"PropertyValueSpecification","valueRequired":true,"valueName":"search_term_string"}}],"inLanguage":"fr-FR"}]}},"jetpack_sharing_enabled":true,"_links":{"self":[{"href":"https:\/\/www.fannywalz.com\/fw\/wp-json\/wp\/v2\/portfolio\/1401"}],"collection":[{"href":"https:\/\/www.fannywalz.com\/fw\/wp-json\/wp\/v2\/portfolio"}],"about":[{"href":"https:\/\/www.fannywalz.com\/fw\/wp-json\/wp\/v2\/types\/portfolio"}],"author":[{"embeddable":true,"href":"https:\/\/www.fannywalz.com\/fw\/wp-json\/wp\/v2\/users\/1"}],"replies":[{"embeddable":true,"href":"https:\/\/www.fannywalz.com\/fw\/wp-json\/wp\/v2\/comments?post=1401"}],"version-history":[{"count":4,"href":"https:\/\/www.fannywalz.com\/fw\/wp-json\/wp\/v2\/portfolio\/1401\/revisions"}],"predecessor-version":[{"id":2663,"href":"https:\/\/www.fannywalz.com\/fw\/wp-json\/wp\/v2\/portfolio\/1401\/revisions\/2663"}],"wp:featuredmedia":[{"embeddable":true,"href":"https:\/\/www.fannywalz.com\/fw\/wp-json\/wp\/v2\/media\/1402"}],"wp:attachment":[{"href":"https:\/\/www.fannywalz.com\/fw\/wp-json\/wp\/v2\/media?parent=1401"}],"wp:term":[{"taxonomy":"portfolio-category","embeddable":true,"href":"https:\/\/www.fannywalz.com\/fw\/wp-json\/wp\/v2\/portfolio-category?post=1401"},{"taxonomy":"portfolio-tag","embeddable":true,"href":"https:\/\/www.fannywalz.com\/fw\/wp-json\/wp\/v2\/portfolio-tag?post=1401"}],"curies":[{"name":"wp","href":"https:\/\/api.w.org\/{rel}","templated":true}]}}