{"id":1339,"date":"2016-08-02T17:13:10","date_gmt":"2016-08-02T15:13:10","guid":{"rendered":"http:\/\/www.fannywalz.com\/fw\/?post_type=portfolio&#038;p=1339"},"modified":"2024-05-16T17:18:51","modified_gmt":"2024-05-16T15:18:51","slug":"creation-graphique-faire-part-mariage-eliane-claude-coeur","status":"publish","type":"portfolio","link":"https:\/\/www.fannywalz.com\/fw\/portfolio\/creation-graphique-faire-part-mariage-eliane-claude-coeur\/","title":{"rendered":"Mariage \u00c9liane et Claude"},"content":{"rendered":"<div class=\"tiled-gallery type-rectangular tiled-gallery-unresized\" data-original-width=\"480\" data-carousel-extra='{&quot;blog_id&quot;:1,&quot;permalink&quot;:&quot;https:\\\/\\\/www.fannywalz.com\\\/fw\\\/portfolio\\\/creation-graphique-faire-part-mariage-eliane-claude-coeur\\\/&quot;,&quot;likes_blog_id&quot;:112652587}' itemscope itemtype=\"http:\/\/schema.org\/ImageGallery\" > <div class=\"gallery-row\" style=\"width: 480px; height: 215px;\" data-original-width=\"480\" data-original-height=\"215\" > <div class=\"gallery-group images-1\" style=\"width: 321px; height: 215px;\" data-original-width=\"321\" data-original-height=\"215\" > <div class=\"tiled-gallery-item tiled-gallery-item-large\" itemprop=\"associatedMedia\" itemscope itemtype=\"http:\/\/schema.org\/ImageObject\"> <a href=\"https:\/\/www.fannywalz.com\/fw\/portfolio\/creation-graphique-faire-part-mariage-eliane-claude-coeur\/faire-part-mariage-dsc04721\/\" border=\"0\" itemprop=\"url\"> <meta itemprop=\"width\" content=\"317\"> <meta itemprop=\"height\" content=\"211\"> <img decoding=\"async\" class=\"\" data-attachment-id=\"1349\" data-orig-file=\"https:\/\/www.fannywalz.com\/fw\/wp-content\/uploads\/2016\/08\/Faire-part-Mariage-DSC04721.jpg\" data-orig-size=\"1000,667\" data-comments-opened=\"\" data-image-meta=\"{&quot;aperture&quot;:&quot;6.3&quot;,&quot;credit&quot;:&quot;&quot;,&quot;camera&quot;:&quot;NEX-7&quot;,&quot;caption&quot;:&quot;&quot;,&quot;created_timestamp&quot;:&quot;1463128173&quot;,&quot;copyright&quot;:&quot;&quot;,&quot;focal_length&quot;:&quot;42&quot;,&quot;iso&quot;:&quot;1600&quot;,&quot;shutter_speed&quot;:&quot;0.0015625&quot;,&quot;title&quot;:&quot;&quot;,&quot;orientation&quot;:&quot;1&quot;}\" data-image-title=\"Faire part Mariage DSC04721\" data-image-description=\"\" data-medium-file=\"https:\/\/i0.wp.com\/www.fannywalz.com\/fw\/wp-content\/uploads\/2016\/08\/Faire-part-Mariage-DSC04721.jpg?fit=500%2C334&#038;ssl=1\" data-large-file=\"https:\/\/i0.wp.com\/www.fannywalz.com\/fw\/wp-content\/uploads\/2016\/08\/Faire-part-Mariage-DSC04721.jpg?fit=480%2C320&#038;ssl=1\" src=\"https:\/\/i0.wp.com\/www.fannywalz.com\/fw\/wp-content\/uploads\/2016\/08\/Faire-part-Mariage-DSC04721.jpg?w=317&#038;h=211&#038;ssl=1\" srcset=\"https:\/\/i0.wp.com\/www.fannywalz.com\/fw\/wp-content\/uploads\/2016\/08\/Faire-part-Mariage-DSC04721.jpg?w=1000&amp;ssl=1 1000w, https:\/\/i0.wp.com\/www.fannywalz.com\/fw\/wp-content\/uploads\/2016\/08\/Faire-part-Mariage-DSC04721.jpg?resize=250%2C167&amp;ssl=1 250w, https:\/\/i0.wp.com\/www.fannywalz.com\/fw\/wp-content\/uploads\/2016\/08\/Faire-part-Mariage-DSC04721.jpg?resize=500%2C334&amp;ssl=1 500w, https:\/\/i0.wp.com\/www.fannywalz.com\/fw\/wp-content\/uploads\/2016\/08\/Faire-part-Mariage-DSC04721.jpg?resize=700%2C467&amp;ssl=1 700w\" width=\"317\" height=\"211\" loading=\"lazy\" data-original-width=\"317\" data-original-height=\"211\" itemprop=\"http:\/\/schema.org\/image\" title=\"Faire part Mariage DSC04721\" alt=\"Faire part mariage motif C\u0153ur\" style=\"width: 317px; height: 211px;\" \/> <\/a> <\/div> <\/div> <!-- close group --> <div class=\"gallery-group images-2\" style=\"width: 159px; height: 215px;\" data-original-width=\"159\" data-original-height=\"215\" > <div class=\"tiled-gallery-item tiled-gallery-item-small\" itemprop=\"associatedMedia\" itemscope itemtype=\"http:\/\/schema.org\/ImageObject\"> <a href=\"https:\/\/www.fannywalz.com\/fw\/portfolio\/creation-graphique-faire-part-mariage-eliane-claude-coeur\/faire-part-mariage-dsc04722\/\" border=\"0\" itemprop=\"url\"> <meta itemprop=\"width\" content=\"155\"> <meta itemprop=\"height\" content=\"104\"> <img decoding=\"async\" class=\"\" data-attachment-id=\"1350\" data-orig-file=\"https:\/\/www.fannywalz.com\/fw\/wp-content\/uploads\/2016\/08\/Faire-part-Mariage-DSC04722.jpg\" data-orig-size=\"1000,667\" data-comments-opened=\"\" data-image-meta=\"{&quot;aperture&quot;:&quot;6.3&quot;,&quot;credit&quot;:&quot;&quot;,&quot;camera&quot;:&quot;NEX-7&quot;,&quot;caption&quot;:&quot;&quot;,&quot;created_timestamp&quot;:&quot;1463128188&quot;,&quot;copyright&quot;:&quot;&quot;,&quot;focal_length&quot;:&quot;42&quot;,&quot;iso&quot;:&quot;1600&quot;,&quot;shutter_speed&quot;:&quot;0.00125&quot;,&quot;title&quot;:&quot;&quot;,&quot;orientation&quot;:&quot;1&quot;}\" data-image-title=\"Faire part Mariage DSC04722\" data-image-description=\"\" data-medium-file=\"https:\/\/i0.wp.com\/www.fannywalz.com\/fw\/wp-content\/uploads\/2016\/08\/Faire-part-Mariage-DSC04722.jpg?fit=500%2C334&#038;ssl=1\" data-large-file=\"https:\/\/i0.wp.com\/www.fannywalz.com\/fw\/wp-content\/uploads\/2016\/08\/Faire-part-Mariage-DSC04722.jpg?fit=480%2C320&#038;ssl=1\" src=\"https:\/\/i0.wp.com\/www.fannywalz.com\/fw\/wp-content\/uploads\/2016\/08\/Faire-part-Mariage-DSC04722.jpg?w=155&#038;h=104&#038;ssl=1\" srcset=\"https:\/\/i0.wp.com\/www.fannywalz.com\/fw\/wp-content\/uploads\/2016\/08\/Faire-part-Mariage-DSC04722.jpg?w=1000&amp;ssl=1 1000w, https:\/\/i0.wp.com\/www.fannywalz.com\/fw\/wp-content\/uploads\/2016\/08\/Faire-part-Mariage-DSC04722.jpg?resize=250%2C167&amp;ssl=1 250w, https:\/\/i0.wp.com\/www.fannywalz.com\/fw\/wp-content\/uploads\/2016\/08\/Faire-part-Mariage-DSC04722.jpg?resize=500%2C334&amp;ssl=1 500w, https:\/\/i0.wp.com\/www.fannywalz.com\/fw\/wp-content\/uploads\/2016\/08\/Faire-part-Mariage-DSC04722.jpg?resize=700%2C467&amp;ssl=1 700w\" width=\"155\" height=\"104\" loading=\"lazy\" data-original-width=\"155\" data-original-height=\"104\" itemprop=\"http:\/\/schema.org\/image\" title=\"Faire part Mariage DSC04722\" alt=\"Faire part mariage motif C\u0153ur\" style=\"width: 155px; height: 104px;\" \/> <\/a> <\/div> <div class=\"tiled-gallery-item tiled-gallery-item-small\" itemprop=\"associatedMedia\" itemscope itemtype=\"http:\/\/schema.org\/ImageObject\"> <a href=\"https:\/\/www.fannywalz.com\/fw\/portfolio\/creation-graphique-faire-part-mariage-eliane-claude-coeur\/panneau-mariage-eliane-et-claude-dsc05294\/\" border=\"0\" itemprop=\"url\"> <meta itemprop=\"width\" content=\"155\"> <meta itemprop=\"height\" content=\"103\"> <img decoding=\"async\" class=\"\" data-attachment-id=\"1345\" data-orig-file=\"https:\/\/www.fannywalz.com\/fw\/wp-content\/uploads\/2016\/08\/Panneau-mariage-Eliane-et-Claude-DSC05294.jpg\" data-orig-size=\"1000,667\" data-comments-opened=\"\" data-image-meta=\"{&quot;aperture&quot;:&quot;5&quot;,&quot;credit&quot;:&quot;&quot;,&quot;camera&quot;:&quot;NEX-7&quot;,&quot;caption&quot;:&quot;&quot;,&quot;created_timestamp&quot;:&quot;1468234479&quot;,&quot;copyright&quot;:&quot;&quot;,&quot;focal_length&quot;:&quot;46&quot;,&quot;iso&quot;:&quot;1600&quot;,&quot;shutter_speed&quot;:&quot;0.02&quot;,&quot;title&quot;:&quot;&quot;,&quot;orientation&quot;:&quot;1&quot;}\" data-image-title=\"Panneau mariage Eliane et Claude DSC05294\" data-image-description=\"\" data-medium-file=\"https:\/\/i0.wp.com\/www.fannywalz.com\/fw\/wp-content\/uploads\/2016\/08\/Panneau-mariage-Eliane-et-Claude-DSC05294.jpg?fit=500%2C334&#038;ssl=1\" data-large-file=\"https:\/\/i0.wp.com\/www.fannywalz.com\/fw\/wp-content\/uploads\/2016\/08\/Panneau-mariage-Eliane-et-Claude-DSC05294.jpg?fit=480%2C320&#038;ssl=1\" src=\"https:\/\/i0.wp.com\/www.fannywalz.com\/fw\/wp-content\/uploads\/2016\/08\/Panneau-mariage-Eliane-et-Claude-DSC05294.jpg?w=155&#038;h=103&#038;ssl=1\" srcset=\"https:\/\/i0.wp.com\/www.fannywalz.com\/fw\/wp-content\/uploads\/2016\/08\/Panneau-mariage-Eliane-et-Claude-DSC05294.jpg?w=1000&amp;ssl=1 1000w, https:\/\/i0.wp.com\/www.fannywalz.com\/fw\/wp-content\/uploads\/2016\/08\/Panneau-mariage-Eliane-et-Claude-DSC05294.jpg?resize=250%2C167&amp;ssl=1 250w, https:\/\/i0.wp.com\/www.fannywalz.com\/fw\/wp-content\/uploads\/2016\/08\/Panneau-mariage-Eliane-et-Claude-DSC05294.jpg?resize=500%2C334&amp;ssl=1 500w, https:\/\/i0.wp.com\/www.fannywalz.com\/fw\/wp-content\/uploads\/2016\/08\/Panneau-mariage-Eliane-et-Claude-DSC05294.jpg?resize=700%2C467&amp;ssl=1 700w\" width=\"155\" height=\"103\" loading=\"lazy\" data-original-width=\"155\" data-original-height=\"103\" itemprop=\"http:\/\/schema.org\/image\" title=\"Panneau mariage Eliane et Claude DSC05294\" alt=\"Panneau motif C\u0153ur\" style=\"width: 155px; height: 103px;\" \/> <\/a> <\/div> <\/div> <!-- close group --> <\/div> <!-- close row --> <div class=\"gallery-row\" style=\"width: 480px; height: 88px;\" data-original-width=\"480\" data-original-height=\"88\" > <div class=\"gallery-group images-1\" style=\"width: 131px; height: 88px;\" data-original-width=\"131\" data-original-height=\"88\" > <div class=\"tiled-gallery-item tiled-gallery-item-small\" itemprop=\"associatedMedia\" itemscope itemtype=\"http:\/\/schema.org\/ImageObject\"> <a href=\"https:\/\/www.fannywalz.com\/fw\/portfolio\/creation-graphique-faire-part-mariage-eliane-claude-coeur\/panneau-mariage-eliane-et-claude-dsc05295\/\" border=\"0\" itemprop=\"url\"> <meta itemprop=\"width\" content=\"127\"> <meta itemprop=\"height\" content=\"84\"> <img decoding=\"async\" class=\"\" data-attachment-id=\"1346\" data-orig-file=\"https:\/\/www.fannywalz.com\/fw\/wp-content\/uploads\/2016\/08\/Panneau-mariage-Eliane-et-Claude-DSC05295.jpg\" data-orig-size=\"1000,667\" data-comments-opened=\"\" data-image-meta=\"{&quot;aperture&quot;:&quot;4&quot;,&quot;credit&quot;:&quot;&quot;,&quot;camera&quot;:&quot;NEX-7&quot;,&quot;caption&quot;:&quot;&quot;,&quot;created_timestamp&quot;:&quot;1468259655&quot;,&quot;copyright&quot;:&quot;&quot;,&quot;focal_length&quot;:&quot;27&quot;,&quot;iso&quot;:&quot;1600&quot;,&quot;shutter_speed&quot;:&quot;0.0166666666667&quot;,&quot;title&quot;:&quot;&quot;,&quot;orientation&quot;:&quot;1&quot;}\" data-image-title=\"Panneau mariage Eliane et Claude DSC05295\" data-image-description=\"\" data-medium-file=\"https:\/\/i0.wp.com\/www.fannywalz.com\/fw\/wp-content\/uploads\/2016\/08\/Panneau-mariage-Eliane-et-Claude-DSC05295.jpg?fit=500%2C334&#038;ssl=1\" data-large-file=\"https:\/\/i0.wp.com\/www.fannywalz.com\/fw\/wp-content\/uploads\/2016\/08\/Panneau-mariage-Eliane-et-Claude-DSC05295.jpg?fit=480%2C320&#038;ssl=1\" src=\"https:\/\/i0.wp.com\/www.fannywalz.com\/fw\/wp-content\/uploads\/2016\/08\/Panneau-mariage-Eliane-et-Claude-DSC05295.jpg?w=127&#038;h=84&#038;ssl=1\" srcset=\"https:\/\/i0.wp.com\/www.fannywalz.com\/fw\/wp-content\/uploads\/2016\/08\/Panneau-mariage-Eliane-et-Claude-DSC05295.jpg?w=1000&amp;ssl=1 1000w, https:\/\/i0.wp.com\/www.fannywalz.com\/fw\/wp-content\/uploads\/2016\/08\/Panneau-mariage-Eliane-et-Claude-DSC05295.jpg?resize=250%2C167&amp;ssl=1 250w, https:\/\/i0.wp.com\/www.fannywalz.com\/fw\/wp-content\/uploads\/2016\/08\/Panneau-mariage-Eliane-et-Claude-DSC05295.jpg?resize=500%2C334&amp;ssl=1 500w, https:\/\/i0.wp.com\/www.fannywalz.com\/fw\/wp-content\/uploads\/2016\/08\/Panneau-mariage-Eliane-et-Claude-DSC05295.jpg?resize=700%2C467&amp;ssl=1 700w\" width=\"127\" height=\"84\" loading=\"lazy\" data-original-width=\"127\" data-original-height=\"84\" itemprop=\"http:\/\/schema.org\/image\" title=\"Panneau mariage Eliane et Claude DSC05295\" alt=\"Panneau motif C\u0153ur\" style=\"width: 127px; height: 84px;\" \/> <\/a> <\/div> <\/div> <!-- close group --> <div class=\"gallery-group images-1\" style=\"width: 130px; height: 88px;\" data-original-width=\"130\" data-original-height=\"88\" > <div class=\"tiled-gallery-item tiled-gallery-item-small\" itemprop=\"associatedMedia\" itemscope itemtype=\"http:\/\/schema.org\/ImageObject\"> <a href=\"https:\/\/www.fannywalz.com\/fw\/portfolio\/creation-graphique-faire-part-mariage-eliane-claude-coeur\/panneau-mariage-eliane-et-claude-dsc05592\/\" border=\"0\" itemprop=\"url\"> <meta itemprop=\"width\" content=\"126\"> <meta itemprop=\"height\" content=\"84\"> <img decoding=\"async\" class=\"\" data-attachment-id=\"1348\" data-orig-file=\"https:\/\/www.fannywalz.com\/fw\/wp-content\/uploads\/2016\/08\/Panneau-mariage-Eliane-et-Claude-DSC05592.jpg\" data-orig-size=\"1000,667\" data-comments-opened=\"\" data-image-meta=\"{&quot;aperture&quot;:&quot;4&quot;,&quot;credit&quot;:&quot;&quot;,&quot;camera&quot;:&quot;NEX-7&quot;,&quot;caption&quot;:&quot;&quot;,&quot;created_timestamp&quot;:&quot;1469295556&quot;,&quot;copyright&quot;:&quot;&quot;,&quot;focal_length&quot;:&quot;22&quot;,&quot;iso&quot;:&quot;1600&quot;,&quot;shutter_speed&quot;:&quot;0.00625&quot;,&quot;title&quot;:&quot;&quot;,&quot;orientation&quot;:&quot;1&quot;}\" data-image-title=\"Panneau mariage Eliane et Claude DSC05592\" data-image-description=\"\" data-medium-file=\"https:\/\/i0.wp.com\/www.fannywalz.com\/fw\/wp-content\/uploads\/2016\/08\/Panneau-mariage-Eliane-et-Claude-DSC05592.jpg?fit=500%2C334&#038;ssl=1\" data-large-file=\"https:\/\/i0.wp.com\/www.fannywalz.com\/fw\/wp-content\/uploads\/2016\/08\/Panneau-mariage-Eliane-et-Claude-DSC05592.jpg?fit=480%2C320&#038;ssl=1\" src=\"https:\/\/i0.wp.com\/www.fannywalz.com\/fw\/wp-content\/uploads\/2016\/08\/Panneau-mariage-Eliane-et-Claude-DSC05592.jpg?w=126&#038;h=84&#038;ssl=1\" srcset=\"https:\/\/i0.wp.com\/www.fannywalz.com\/fw\/wp-content\/uploads\/2016\/08\/Panneau-mariage-Eliane-et-Claude-DSC05592.jpg?w=1000&amp;ssl=1 1000w, https:\/\/i0.wp.com\/www.fannywalz.com\/fw\/wp-content\/uploads\/2016\/08\/Panneau-mariage-Eliane-et-Claude-DSC05592.jpg?resize=250%2C167&amp;ssl=1 250w, https:\/\/i0.wp.com\/www.fannywalz.com\/fw\/wp-content\/uploads\/2016\/08\/Panneau-mariage-Eliane-et-Claude-DSC05592.jpg?resize=500%2C334&amp;ssl=1 500w, https:\/\/i0.wp.com\/www.fannywalz.com\/fw\/wp-content\/uploads\/2016\/08\/Panneau-mariage-Eliane-et-Claude-DSC05592.jpg?resize=700%2C467&amp;ssl=1 700w\" width=\"126\" height=\"84\" loading=\"lazy\" data-original-width=\"126\" data-original-height=\"84\" itemprop=\"http:\/\/schema.org\/image\" title=\"Panneau mariage Eliane et Claude DSC05592\" alt=\"Panneau motif C\u0153ur\" style=\"width: 126px; height: 84px;\" \/> <\/a> <\/div> <\/div> <!-- close group --> <div class=\"gallery-group images-1\" style=\"width: 88px; height: 88px;\" data-original-width=\"88\" data-original-height=\"88\" > <div class=\"tiled-gallery-item tiled-gallery-item-small\" itemprop=\"associatedMedia\" itemscope itemtype=\"http:\/\/schema.org\/ImageObject\"> <a href=\"https:\/\/www.fannywalz.com\/fw\/portfolio\/creation-graphique-faire-part-mariage-eliane-claude-coeur\/panneau-mariage-eliane-et-claude-dsc05591\/\" border=\"0\" itemprop=\"url\"> <meta itemprop=\"width\" content=\"84\"> <meta itemprop=\"height\" content=\"84\"> <img decoding=\"async\" class=\"\" data-attachment-id=\"1347\" data-orig-file=\"https:\/\/www.fannywalz.com\/fw\/wp-content\/uploads\/2016\/08\/Panneau-mariage-Eliane-et-Claude-DSC05591.jpg\" data-orig-size=\"823,823\" data-comments-opened=\"\" data-image-meta=\"{&quot;aperture&quot;:&quot;4&quot;,&quot;credit&quot;:&quot;&quot;,&quot;camera&quot;:&quot;NEX-7&quot;,&quot;caption&quot;:&quot;&quot;,&quot;created_timestamp&quot;:&quot;1469295540&quot;,&quot;copyright&quot;:&quot;&quot;,&quot;focal_length&quot;:&quot;18&quot;,&quot;iso&quot;:&quot;1000&quot;,&quot;shutter_speed&quot;:&quot;0.00625&quot;,&quot;title&quot;:&quot;&quot;,&quot;orientation&quot;:&quot;1&quot;}\" data-image-title=\"Panneau mariage Eliane et Claude DSC05591\" data-image-description=\"\" data-medium-file=\"https:\/\/i0.wp.com\/www.fannywalz.com\/fw\/wp-content\/uploads\/2016\/08\/Panneau-mariage-Eliane-et-Claude-DSC05591.jpg?fit=500%2C500&#038;ssl=1\" data-large-file=\"https:\/\/i0.wp.com\/www.fannywalz.com\/fw\/wp-content\/uploads\/2016\/08\/Panneau-mariage-Eliane-et-Claude-DSC05591.jpg?fit=480%2C480&#038;ssl=1\" src=\"https:\/\/i0.wp.com\/www.fannywalz.com\/fw\/wp-content\/uploads\/2016\/08\/Panneau-mariage-Eliane-et-Claude-DSC05591.jpg?w=84&#038;h=84&#038;crop=1&#038;ssl=1\" srcset=\"https:\/\/i0.wp.com\/www.fannywalz.com\/fw\/wp-content\/uploads\/2016\/08\/Panneau-mariage-Eliane-et-Claude-DSC05591.jpg?w=823&amp;ssl=1 823w, https:\/\/i0.wp.com\/www.fannywalz.com\/fw\/wp-content\/uploads\/2016\/08\/Panneau-mariage-Eliane-et-Claude-DSC05591.jpg?resize=250%2C250&amp;ssl=1 250w, https:\/\/i0.wp.com\/www.fannywalz.com\/fw\/wp-content\/uploads\/2016\/08\/Panneau-mariage-Eliane-et-Claude-DSC05591.jpg?resize=500%2C500&amp;ssl=1 500w, https:\/\/i0.wp.com\/www.fannywalz.com\/fw\/wp-content\/uploads\/2016\/08\/Panneau-mariage-Eliane-et-Claude-DSC05591.jpg?resize=700%2C700&amp;ssl=1 700w, https:\/\/i0.wp.com\/www.fannywalz.com\/fw\/wp-content\/uploads\/2016\/08\/Panneau-mariage-Eliane-et-Claude-DSC05591.jpg?resize=100%2C100&amp;ssl=1 100w, https:\/\/i0.wp.com\/www.fannywalz.com\/fw\/wp-content\/uploads\/2016\/08\/Panneau-mariage-Eliane-et-Claude-DSC05591.jpg?resize=480%2C480&amp;ssl=1 480w\" width=\"84\" height=\"84\" loading=\"lazy\" data-original-width=\"84\" data-original-height=\"84\" itemprop=\"http:\/\/schema.org\/image\" title=\"Panneau mariage Eliane et Claude DSC05591\" alt=\"Panneau motif C\u0153ur\" style=\"width: 84px; height: 84px;\" \/> <\/a> <\/div> <\/div> <!-- close group --> <div class=\"gallery-group images-1\" style=\"width: 131px; height: 88px;\" data-original-width=\"131\" data-original-height=\"88\" > <div class=\"tiled-gallery-item tiled-gallery-item-small\" itemprop=\"associatedMedia\" itemscope itemtype=\"http:\/\/schema.org\/ImageObject\"> <a href=\"https:\/\/www.fannywalz.com\/fw\/portfolio\/creation-graphique-faire-part-mariage-eliane-claude-coeur\/tshirt-eliane\/\" border=\"0\" itemprop=\"url\"> <meta itemprop=\"width\" content=\"127\"> <meta itemprop=\"height\" content=\"84\"> <img decoding=\"async\" class=\"\" data-attachment-id=\"1344\" data-orig-file=\"https:\/\/www.fannywalz.com\/fw\/wp-content\/uploads\/2016\/08\/Tshirt-Eliane.jpg\" data-orig-size=\"1000,666\" data-comments-opened=\"\" data-image-meta=\"{&quot;aperture&quot;:&quot;5.6&quot;,&quot;credit&quot;:&quot;&quot;,&quot;camera&quot;:&quot;NEX-7&quot;,&quot;caption&quot;:&quot;&quot;,&quot;created_timestamp&quot;:&quot;1468153640&quot;,&quot;copyright&quot;:&quot;&quot;,&quot;focal_length&quot;:&quot;55&quot;,&quot;iso&quot;:&quot;1600&quot;,&quot;shutter_speed&quot;:&quot;0.0125&quot;,&quot;title&quot;:&quot;&quot;,&quot;orientation&quot;:&quot;1&quot;}\" data-image-title=\"Tshirt Eliane\" data-image-description=\"\" data-medium-file=\"https:\/\/i0.wp.com\/www.fannywalz.com\/fw\/wp-content\/uploads\/2016\/08\/Tshirt-Eliane.jpg?fit=500%2C333&#038;ssl=1\" data-large-file=\"https:\/\/i0.wp.com\/www.fannywalz.com\/fw\/wp-content\/uploads\/2016\/08\/Tshirt-Eliane.jpg?fit=480%2C320&#038;ssl=1\" src=\"https:\/\/i0.wp.com\/www.fannywalz.com\/fw\/wp-content\/uploads\/2016\/08\/Tshirt-Eliane.jpg?w=127&#038;h=84&#038;ssl=1\" srcset=\"https:\/\/i0.wp.com\/www.fannywalz.com\/fw\/wp-content\/uploads\/2016\/08\/Tshirt-Eliane.jpg?w=1000&amp;ssl=1 1000w, https:\/\/i0.wp.com\/www.fannywalz.com\/fw\/wp-content\/uploads\/2016\/08\/Tshirt-Eliane.jpg?resize=250%2C167&amp;ssl=1 250w, https:\/\/i0.wp.com\/www.fannywalz.com\/fw\/wp-content\/uploads\/2016\/08\/Tshirt-Eliane.jpg?resize=500%2C333&amp;ssl=1 500w, https:\/\/i0.wp.com\/www.fannywalz.com\/fw\/wp-content\/uploads\/2016\/08\/Tshirt-Eliane.jpg?resize=700%2C466&amp;ssl=1 700w\" width=\"127\" height=\"84\" loading=\"lazy\" data-original-width=\"127\" data-original-height=\"84\" itemprop=\"http:\/\/schema.org\/image\" title=\"Tshirt Eliane\" alt=\"T shirt motif C\u0153ur\" style=\"width: 127px; height: 84px;\" \/> <\/a> <\/div> <\/div> <!-- close group --> <\/div> <!-- close row --> <\/div>\n","protected":false},"excerpt":{"rendered":"<p>Cr\u00e9ation graphique du faire part de mariage \u00e0 partir d&rsquo;un motif alsacien dessin\u00e9 au tampon.<br \/>\nCe motif est issu de la s\u00e9rie <a href=\"http:\/\/www.fannywalz.com\/creation\/coeurs-brodes-alsaciens\/\" target=\"_blank\" rel=\"noopener\"><i>C\u0153urs brod\u00e9s<\/i><\/a>, il est r\u00e9alis\u00e9 avec un tampon carr\u00e9 de 4 mm.<br \/>\nR\u00e9alisation d&rsquo;un panneau d\u00e9coratif et personnalisation d&rsquo;un t-shirt pour la mari\u00e9e.<\/p>\n","protected":false},"author":1,"featured_media":1352,"comment_status":"closed","ping_status":"closed","template":"","meta":{"jetpack_post_was_ever_published":false,"footnotes":""},"portfolio-category":[23],"portfolio-tag":[],"yoast_head":"<!-- This site is optimized with the Yoast SEO plugin v24.4 - https:\/\/yoast.com\/wordpress\/plugins\/seo\/ -->\n<title>Faire part de mariage avec un motif c\u0153ur - Fanny Walz<\/title>\n<meta name=\"description\" content=\"Cr\u00e9ation graphique d&#039;un faire-part de mariage, illustr\u00e9 avec un motif c\u0153ur dessin\u00e9 au tampon, extrait d&#039;un recueil de broderie alsacienne.\" \/>\n<meta name=\"robots\" content=\"index, follow, max-snippet:-1, max-image-preview:large, max-video-preview:-1\" \/>\n<link rel=\"canonical\" href=\"http:\/\/www.fannywalz.com\/fw\/portfolio\/creation-graphique-faire-part-mariage-eliane-claude-coeur\/\" \/>\n<meta property=\"og:locale\" content=\"fr_FR\" \/>\n<meta property=\"og:type\" content=\"article\" \/>\n<meta property=\"og:title\" content=\"Faire part de mariage avec un motif c\u0153ur - Fanny Walz\" \/>\n<meta property=\"og:description\" content=\"Cr\u00e9ation graphique d&#039;un faire-part de mariage, illustr\u00e9 avec un motif c\u0153ur dessin\u00e9 au tampon, extrait d&#039;un recueil de broderie alsacienne.\" \/>\n<meta property=\"og:url\" content=\"http:\/\/www.fannywalz.com\/fw\/portfolio\/creation-graphique-faire-part-mariage-eliane-claude-coeur\/\" \/>\n<meta property=\"og:site_name\" content=\"Fanny Walz\" \/>\n<meta property=\"article:modified_time\" content=\"2024-05-16T15:18:51+00:00\" \/>\n<meta property=\"og:image\" content=\"https:\/\/i0.wp.com\/www.fannywalz.com\/fw\/wp-content\/uploads\/2016\/08\/mariage_thumb-1.jpg?fit=315%2C315\" \/>\n\t<meta property=\"og:image:width\" content=\"315\" \/>\n\t<meta property=\"og:image:height\" content=\"315\" \/>\n\t<meta property=\"og:image:type\" content=\"image\/jpeg\" \/>\n<meta name=\"twitter:card\" content=\"summary_large_image\" \/>\n<meta name=\"twitter:label1\" content=\"Dur\u00e9e de lecture estim\u00e9e\" \/>\n\t<meta name=\"twitter:data1\" content=\"1 minute\" \/>\n<script type=\"application\/ld+json\" class=\"yoast-schema-graph\">{\"@context\":\"https:\/\/schema.org\",\"@graph\":[{\"@type\":\"WebPage\",\"@id\":\"http:\/\/www.fannywalz.com\/fw\/portfolio\/creation-graphique-faire-part-mariage-eliane-claude-coeur\/\",\"url\":\"http:\/\/www.fannywalz.com\/fw\/portfolio\/creation-graphique-faire-part-mariage-eliane-claude-coeur\/\",\"name\":\"Faire part de mariage avec un motif c\u0153ur - Fanny Walz\",\"isPartOf\":{\"@id\":\"http:\/\/www.fannywalz.com\/fw\/#website\"},\"primaryImageOfPage\":{\"@id\":\"http:\/\/www.fannywalz.com\/fw\/portfolio\/creation-graphique-faire-part-mariage-eliane-claude-coeur\/#primaryimage\"},\"image\":{\"@id\":\"http:\/\/www.fannywalz.com\/fw\/portfolio\/creation-graphique-faire-part-mariage-eliane-claude-coeur\/#primaryimage\"},\"thumbnailUrl\":\"https:\/\/i0.wp.com\/www.fannywalz.com\/fw\/wp-content\/uploads\/2016\/08\/mariage_thumb-1.jpg?fit=315%2C315&ssl=1\",\"datePublished\":\"2016-08-02T15:13:10+00:00\",\"dateModified\":\"2024-05-16T15:18:51+00:00\",\"description\":\"Cr\u00e9ation graphique d'un faire-part de mariage, illustr\u00e9 avec un motif c\u0153ur dessin\u00e9 au tampon, extrait d'un recueil de broderie alsacienne.\",\"breadcrumb\":{\"@id\":\"http:\/\/www.fannywalz.com\/fw\/portfolio\/creation-graphique-faire-part-mariage-eliane-claude-coeur\/#breadcrumb\"},\"inLanguage\":\"fr-FR\",\"potentialAction\":[{\"@type\":\"ReadAction\",\"target\":[\"http:\/\/www.fannywalz.com\/fw\/portfolio\/creation-graphique-faire-part-mariage-eliane-claude-coeur\/\"]}]},{\"@type\":\"ImageObject\",\"inLanguage\":\"fr-FR\",\"@id\":\"http:\/\/www.fannywalz.com\/fw\/portfolio\/creation-graphique-faire-part-mariage-eliane-claude-coeur\/#primaryimage\",\"url\":\"https:\/\/i0.wp.com\/www.fannywalz.com\/fw\/wp-content\/uploads\/2016\/08\/mariage_thumb-1.jpg?fit=315%2C315&ssl=1\",\"contentUrl\":\"https:\/\/i0.wp.com\/www.fannywalz.com\/fw\/wp-content\/uploads\/2016\/08\/mariage_thumb-1.jpg?fit=315%2C315&ssl=1\",\"width\":315,\"height\":315,\"caption\":\"Mariage \u00c9liane et Claude\"},{\"@type\":\"BreadcrumbList\",\"@id\":\"http:\/\/www.fannywalz.com\/fw\/portfolio\/creation-graphique-faire-part-mariage-eliane-claude-coeur\/#breadcrumb\",\"itemListElement\":[{\"@type\":\"ListItem\",\"position\":1,\"name\":\"Accueil\",\"item\":\"http:\/\/www.fannywalz.com\/fw\/\"},{\"@type\":\"ListItem\",\"position\":2,\"name\":\"Projects\",\"item\":\"http:\/\/www.fannywalz.com\/fw\/portfolio\/\"},{\"@type\":\"ListItem\",\"position\":3,\"name\":\"Mariage \u00c9liane et Claude\"}]},{\"@type\":\"WebSite\",\"@id\":\"http:\/\/www.fannywalz.com\/fw\/#website\",\"url\":\"http:\/\/www.fannywalz.com\/fw\/\",\"name\":\"Fanny Walz\",\"description\":\"Graphisme et cr\u00e9ations artisanales\",\"potentialAction\":[{\"@type\":\"SearchAction\",\"target\":{\"@type\":\"EntryPoint\",\"urlTemplate\":\"http:\/\/www.fannywalz.com\/fw\/?s={search_term_string}\"},\"query-input\":{\"@type\":\"PropertyValueSpecification\",\"valueRequired\":true,\"valueName\":\"search_term_string\"}}],\"inLanguage\":\"fr-FR\"}]}<\/script>\n<!-- \/ Yoast SEO plugin. -->","yoast_head_json":{"title":"Faire part de mariage avec un motif c\u0153ur - Fanny Walz","description":"Cr\u00e9ation graphique d'un faire-part de mariage, illustr\u00e9 avec un motif c\u0153ur dessin\u00e9 au tampon, extrait d'un recueil de broderie alsacienne.","robots":{"index":"index","follow":"follow","max-snippet":"max-snippet:-1","max-image-preview":"max-image-preview:large","max-video-preview":"max-video-preview:-1"},"canonical":"http:\/\/www.fannywalz.com\/fw\/portfolio\/creation-graphique-faire-part-mariage-eliane-claude-coeur\/","og_locale":"fr_FR","og_type":"article","og_title":"Faire part de mariage avec un motif c\u0153ur - Fanny Walz","og_description":"Cr\u00e9ation graphique d'un faire-part de mariage, illustr\u00e9 avec un motif c\u0153ur dessin\u00e9 au tampon, extrait d'un recueil de broderie alsacienne.","og_url":"http:\/\/www.fannywalz.com\/fw\/portfolio\/creation-graphique-faire-part-mariage-eliane-claude-coeur\/","og_site_name":"Fanny Walz","article_modified_time":"2024-05-16T15:18:51+00:00","og_image":[{"width":315,"height":315,"url":"https:\/\/i0.wp.com\/www.fannywalz.com\/fw\/wp-content\/uploads\/2016\/08\/mariage_thumb-1.jpg?fit=315%2C315","type":"image\/jpeg"}],"twitter_card":"summary_large_image","twitter_misc":{"Dur\u00e9e de lecture estim\u00e9e":"1 minute"},"schema":{"@context":"https:\/\/schema.org","@graph":[{"@type":"WebPage","@id":"http:\/\/www.fannywalz.com\/fw\/portfolio\/creation-graphique-faire-part-mariage-eliane-claude-coeur\/","url":"http:\/\/www.fannywalz.com\/fw\/portfolio\/creation-graphique-faire-part-mariage-eliane-claude-coeur\/","name":"Faire part de mariage avec un motif c\u0153ur - Fanny Walz","isPartOf":{"@id":"http:\/\/www.fannywalz.com\/fw\/#website"},"primaryImageOfPage":{"@id":"http:\/\/www.fannywalz.com\/fw\/portfolio\/creation-graphique-faire-part-mariage-eliane-claude-coeur\/#primaryimage"},"image":{"@id":"http:\/\/www.fannywalz.com\/fw\/portfolio\/creation-graphique-faire-part-mariage-eliane-claude-coeur\/#primaryimage"},"thumbnailUrl":"https:\/\/i0.wp.com\/www.fannywalz.com\/fw\/wp-content\/uploads\/2016\/08\/mariage_thumb-1.jpg?fit=315%2C315&ssl=1","datePublished":"2016-08-02T15:13:10+00:00","dateModified":"2024-05-16T15:18:51+00:00","description":"Cr\u00e9ation graphique d'un faire-part de mariage, illustr\u00e9 avec un motif c\u0153ur dessin\u00e9 au tampon, extrait d'un recueil de broderie alsacienne.","breadcrumb":{"@id":"http:\/\/www.fannywalz.com\/fw\/portfolio\/creation-graphique-faire-part-mariage-eliane-claude-coeur\/#breadcrumb"},"inLanguage":"fr-FR","potentialAction":[{"@type":"ReadAction","target":["http:\/\/www.fannywalz.com\/fw\/portfolio\/creation-graphique-faire-part-mariage-eliane-claude-coeur\/"]}]},{"@type":"ImageObject","inLanguage":"fr-FR","@id":"http:\/\/www.fannywalz.com\/fw\/portfolio\/creation-graphique-faire-part-mariage-eliane-claude-coeur\/#primaryimage","url":"https:\/\/i0.wp.com\/www.fannywalz.com\/fw\/wp-content\/uploads\/2016\/08\/mariage_thumb-1.jpg?fit=315%2C315&ssl=1","contentUrl":"https:\/\/i0.wp.com\/www.fannywalz.com\/fw\/wp-content\/uploads\/2016\/08\/mariage_thumb-1.jpg?fit=315%2C315&ssl=1","width":315,"height":315,"caption":"Mariage \u00c9liane et Claude"},{"@type":"BreadcrumbList","@id":"http:\/\/www.fannywalz.com\/fw\/portfolio\/creation-graphique-faire-part-mariage-eliane-claude-coeur\/#breadcrumb","itemListElement":[{"@type":"ListItem","position":1,"name":"Accueil","item":"http:\/\/www.fannywalz.com\/fw\/"},{"@type":"ListItem","position":2,"name":"Projects","item":"http:\/\/www.fannywalz.com\/fw\/portfolio\/"},{"@type":"ListItem","position":3,"name":"Mariage \u00c9liane et Claude"}]},{"@type":"WebSite","@id":"http:\/\/www.fannywalz.com\/fw\/#website","url":"http:\/\/www.fannywalz.com\/fw\/","name":"Fanny Walz","description":"Graphisme et cr\u00e9ations artisanales","potentialAction":[{"@type":"SearchAction","target":{"@type":"EntryPoint","urlTemplate":"http:\/\/www.fannywalz.com\/fw\/?s={search_term_string}"},"query-input":{"@type":"PropertyValueSpecification","valueRequired":true,"valueName":"search_term_string"}}],"inLanguage":"fr-FR"}]}},"jetpack_sharing_enabled":true,"_links":{"self":[{"href":"https:\/\/www.fannywalz.com\/fw\/wp-json\/wp\/v2\/portfolio\/1339"}],"collection":[{"href":"https:\/\/www.fannywalz.com\/fw\/wp-json\/wp\/v2\/portfolio"}],"about":[{"href":"https:\/\/www.fannywalz.com\/fw\/wp-json\/wp\/v2\/types\/portfolio"}],"author":[{"embeddable":true,"href":"https:\/\/www.fannywalz.com\/fw\/wp-json\/wp\/v2\/users\/1"}],"replies":[{"embeddable":true,"href":"https:\/\/www.fannywalz.com\/fw\/wp-json\/wp\/v2\/comments?post=1339"}],"version-history":[{"count":11,"href":"https:\/\/www.fannywalz.com\/fw\/wp-json\/wp\/v2\/portfolio\/1339\/revisions"}],"predecessor-version":[{"id":17939,"href":"https:\/\/www.fannywalz.com\/fw\/wp-json\/wp\/v2\/portfolio\/1339\/revisions\/17939"}],"wp:featuredmedia":[{"embeddable":true,"href":"https:\/\/www.fannywalz.com\/fw\/wp-json\/wp\/v2\/media\/1352"}],"wp:attachment":[{"href":"https:\/\/www.fannywalz.com\/fw\/wp-json\/wp\/v2\/media?parent=1339"}],"wp:term":[{"taxonomy":"portfolio-category","embeddable":true,"href":"https:\/\/www.fannywalz.com\/fw\/wp-json\/wp\/v2\/portfolio-category?post=1339"},{"taxonomy":"portfolio-tag","embeddable":true,"href":"https:\/\/www.fannywalz.com\/fw\/wp-json\/wp\/v2\/portfolio-tag?post=1339"}],"curies":[{"name":"wp","href":"https:\/\/api.w.org\/{rel}","templated":true}]}}